{"id":75,"date":"2011-01-10T21:37:06","date_gmt":"2011-01-10T21:37:06","guid":{"rendered":"http:\/\/www.muzaffertekin.com.tr\/?page_id=75"},"modified":"2022-06-20T17:27:11","modified_gmt":"2022-06-20T14:27:11","slug":"hakkinda-2","status":"publish","type":"page","link":"https:\/\/www.muzaffertekin.com.tr\/?page_id=75","title":{"rendered":"Hakk\u0131nda"},"content":{"rendered":"<p>Muzaffer Tekin, 28&nbsp;Ekim 1950 tarihinde &nbsp;babas\u0131n\u0131n&nbsp;subay olarak g\u00f6rev yapt\u0131\u011f\u0131 \u00c7ank\u0131r\u0131 ilinde &nbsp;d\u00fcnyaya gelmi\u015ftir. Annesi rahmetli Handan Tekin han\u0131mefendi, Rumeli\u2019 den 1924 y\u0131l\u0131nda Ak\u015fehir\u2019e yerle\u015fmi\u015f olan k\u00f6kl\u00fc bir evlad-\u0131 fatihan&nbsp;aileye mensuptur. Baba taraf\u0131 ise yedi g\u00f6bek asker &nbsp;bir aileden m\u00fcte\u015fekkildir.&nbsp;Merhum babas\u0131,&nbsp;Salih Raci Tekin Kocamustafapa\u015fal\u0131 olup P.Kd. Alb. r\u00fctbesiyle ordudan emekli olmu\u015ftur. Baba Salih Raci Tekin \u00fcst\u00fcn karakter ve mesleki ba\u015far\u0131lar\u0131ndan \u00f6t\u00fcr\u00fc \u00e7evresinde derin izler b\u0131rakm\u0131\u015f, y\u0131llar ge\u00e7mesine ra\u011fmen halen sayg\u0131 ile y\u00e2d edilen bir isimdir. Dede, Kaymakam (Yarbay) Ahmet R\u0131za Bey, Atat\u00fcrk\u2019 \u00fcn s\u0131n\u0131f ve silah arkada\u015f\u0131d\u0131r. An\u0131lar\u0131nda, 57 muharebe ve m\u00fcsademeye girdi\u011fi yer almaktad\u0131r. I.D\u00fcnya sava\u015f\u0131nda ordumuz, Kanal Harek\u00e2t\u0131nda \u0130ngilizlere esir d\u00fc\u015f\u00fcnce Hindi\u00e7in\u2019e esarete g\u00f6nderilmi\u015f ve&nbsp;alt\u0131 y\u0131ll\u0131k esaretin ard\u0131ndan \u0130stanbul\u2019a d\u00f6nm\u00fc\u015ft\u00fcr. Ahmet R\u0131za Bey\u2019in babas\u0131 da tarihe ad\u0131n\u0131 alt\u0131n harflerle yazd\u0131rm\u0131\u015f&nbsp;\u00c7anakkale bo\u011faz komutan\u0131 Cevat Pa\u015fad\u0131r. Cevat Pa\u015fan\u0131n babas\u0131 Gelibolu Sancak Bey\u2019i Ali Na\u015fit Beydir. Onunda babas\u0131 Yeni\u00e7eri A\u011fas\u0131, \u00d6rneksiz Mustafa A\u011fad\u0131r.<\/p>\n<p style=\"text-align: left;\"><a href=\"https:\/\/www.muzaffertekin.com.tr\/wp-content\/uploads\/2011\/01\/Muzaffer-Tekin.jpg\"><img loading=\"lazy\" decoding=\"async\" class=\"aligncenter wp-image-2240 size-medium\" src=\"https:\/\/www.muzaffertekin.com.tr\/wp-content\/uploads\/2011\/01\/Muzaffer-Tekin-300x300.jpg\" alt=\"\" width=\"300\" height=\"300\" srcset=\"https:\/\/www.muzaffertekin.com.tr\/wp-content\/uploads\/2011\/01\/Muzaffer-Tekin-300x300.jpg 300w, https:\/\/www.muzaffertekin.com.tr\/wp-content\/uploads\/2011\/01\/Muzaffer-Tekin-150x150.jpg 150w, https:\/\/www.muzaffertekin.com.tr\/wp-content\/uploads\/2011\/01\/Muzaffer-Tekin.jpg 384w\" sizes=\"auto, (max-width: 300px) 100vw, 300px\" \/><\/a><\/p>\n<p>\u0130lk\u00f6\u011frenimini Bahariye \u0130lkokulunda, orta \u00f6\u011frenimini Kad\u0131k\u00f6y Ortaokulunda tamamlayan Muzaffer Tekin, 1969 y\u0131l\u0131nda Kuleli Askeri Lisesinden ve 1972 y\u0131l\u0131nda da Kara Harp Okulundan P.T\u011fm. r\u00fctbesiyle mezun olarak \u00e7ocuklu\u011fundan beri hayalini kurdu\u011fu askerlik mesle\u011fine ad\u0131m\u0131n\u0131 atm\u0131\u015ft\u0131r.<\/p>\n<p>\u0130lk g\u00f6rev yeri olan Bolu Komando Tugay\u0131nda&nbsp;bir y\u0131l s\u00fcren k\u0131ta hayat\u0131n\u0131n ard\u0131ndan K\u0131br\u0131s Bar\u0131\u015f Harek\u00e2t\u0131na kat\u0131lm\u0131\u015ft\u0131r. Harek\u00e2tta en \u00e7ok muharebeye giren tak\u0131m\u0131n komutan\u0131 olan Muzaffer Tekin,&nbsp;<em><strong>\u00dcst\u00fcn cesaret ve feragat alt\u0131n madalyas\u0131&nbsp;<\/strong><\/em>ile&nbsp;taltif edilmi\u015ftir. Ba\u015fta, Bolu Komando Tugay\u0131n\u0131n efsane komutan\u0131 Sabri Demirba\u011f olmak \u00fczere, harek\u00e2t\u0131n kurmaylar\u0131 taraf\u0131ndan; Te\u011fmen r\u00fctbesiyle K\u0131br\u0131s Bar\u0131\u015f Harek\u00e2t\u0131n\u0131n seyrini de\u011fi\u015ftiren subay olarak nitelendirilmi\u015ftir. Yavru vatanda, bir kadir\u015finasl\u0131k \u00f6rne\u011fi olarak muharebelerin ge\u00e7ti\u011fi bir tepeye onun ismini vermi\u015ftir.<\/p>\n<p>K\u0131br\u0131s ta bir y\u0131l\u0131 a\u015fk\u0131n s\u00fcre g\u00f6rev yapt\u0131ktan sonra &nbsp;T\u00fcrkiye\u2019 ye d\u00f6nen Muzaffer Tekin 1975-1978 y\u0131llar\u0131 aras\u0131nda Bolu Komando Tugay\u0131nda g\u00f6rev yapm\u0131\u015ft\u0131r. Bu g\u00f6revi esnas\u0131nda 1975 y\u0131l\u0131nda&nbsp;M\u00fcge han\u0131mefendiyle evlenmi\u015f ve bu birliktelikten k\u0131zlar\u0131 \u00d6zge d\u00fcnyaya gelmi\u015ftir.<\/p>\n<p>1978 y\u0131l\u0131nda mecburi \u015fark hizmeti i\u00e7in atanm\u0131\u015f oldu\u011fu A\u011fr\u0131n\u0131n Patnos il\u00e7esinde g\u00f6reve ba\u015flayan Muzaffer Tekin 1982 y\u0131l\u0131na kadar b\u00f6l\u00fck komutanl\u0131\u011f\u0131 ve merkez komutanl\u0131\u011f\u0131 g\u00f6revlerinde bulunmu\u015ftur. G\u00f6rev s\u00fcresi i\u00e7erisinde ba\u011fl\u0131 bulundu\u011fu taburu ile 1980 y\u0131l\u0131nda i\u00e7 g\u00fcvenlik harek\u00e2t\u0131nda g\u00f6rev yapmak \u00fczere Tunceli\u2019 ye intikal etmi\u015f ve burada da Merkez B\u00f6l\u00fck Komutanl\u0131\u011f\u0131 g\u00f6reviyle son derece \u00e7etin \u015fartlarda \u00fcst\u00fcn hizmetlerde bulunmu\u015ftur.<\/p>\n<p>1982 y\u0131l\u0131nda tayin oldu\u011fu Tuzla Piyade Okulu \u00d6\u011frenci Alay Komutanl\u0131\u011f\u0131 emrinde Sb. Astsb. Kurs Bl. K.l\u0131\u011f\u0131, \u00d6zel \u00c7avu\u015f Kurs Bl. K.l\u0131\u011f\u0131 ve Yd. Sb. Bl. K.l\u0131\u011f\u0131 g\u00f6revlerinde bulunmu\u015ftur. \u00d6zellikle son g\u00f6rev yapt\u0131\u011f\u0131 8.Yd. Sb. Bl. K.l\u0131\u011f\u0131 g\u00f6revinde yeti\u015ftirdi\u011fi \u00f6\u011frenciler k\u0131l\u0131k, k\u0131yafet ve y\u00fcr\u00fcy\u00fc\u015flerinden ay\u0131rt edilmi\u015fler, ald\u0131klar\u0131 s\u0131k\u0131 e\u011fitim sayesinde, k\u0131talar\u0131nda muvazzaf subaylar kadar ba\u015far\u0131l\u0131 olmu\u015flard\u0131r.<\/p>\n<p>Askerlik mesle\u011fine tutkuyla ba\u011fl\u0131 olan Muzaffer Tekin i\u00e7in Alay N\u00f6bet\u00e7i Amiri oldu\u011fu 18 Mart 1985 tarihi hayat\u0131n\u0131n seyrini b\u00fct\u00fcn\u00fcyle de\u011fi\u015ftirmi\u015ftir. Bu tarihten&nbsp;\u00fc\u00e7 ya da&nbsp;d\u00f6rt g\u00fcn \u00f6nce Tuzlada bulunan bir gazinoda&nbsp;d\u00f6rt te\u011fmen, te\u011fmen olduklar\u0131 bilinerek gazino sahipleri taraf\u0131ndan darp edilmi\u015ftir. Tekin\u2019 in n\u00f6bet\u00e7i oldu\u011fu gece ise s\u00f6z konusu gazinoda ger\u00e7ekle\u015fmi\u015f olan bask\u0131n neticesinde hasar ve darp olay\u0131 meydana gelmi\u015ftir. Bilahare bu olayla ili\u015fkilendirilen Muzaffer Tekin toplu \u0131zrar ve azmettirmek iddias\u0131yla askeri mahkemeye sevk edilmi\u015f, fakat olay\u0131 yapan tek bir te\u011fmen tespit edilememi\u015ftir ve buna m\u00fcteakip mahkeme s\u00fcreci devam etti\u011fi halde g\u00f6revine iade edilmi\u015ftir. Akabinde ise Askeri \u015eura karar\u0131 ile mahkemenin neticesi beklenilmeden, tamam\u0131yla sicil y\u00f6netmeli\u011fine ayk\u0131r\u0131 uygulamalar ile m\u00fcmtazen terfi durumunda olmas\u0131na kar\u015f\u0131n, mesle\u011finin zirvesinde re\u2019sen emekliye sevk edilmi\u015ftir. Sivil mahkemeye intikal etmi\u015f hukuki s\u00fcrecin sonunda ise Yzb. Muzaffer TEK\u0130N kendisinin Y\u00fcksek Askeri \u015eura kararlar\u0131 sonucu T\u00fcrk Silahl\u0131 Kuvvetlerinden ili\u015fi\u011finin kesilmesine neden olan bu olaydan beraat etmi\u015ftir.<\/p>\n<p>Silahl\u0131 kuvvetlerden bu \u015fekilde kopar\u0131lmas\u0131 o d\u00f6nem kendisini tan\u0131yan, tan\u0131mayan b\u00fcy\u00fck bir kitleyi teess\u00fcre itmi\u015ftir. G\u00f6rev yapt\u0131\u011f\u0131 s\u00fcre boyunca kurum i\u00e7erisinde \u00f6yle derin izler b\u0131rakm\u0131\u015ft\u0131r ki, sonraki y\u0131llarda makam ve memuriyeti olmamas\u0131na ra\u011fmen g\u00f6revdeki bir insan\u0131n bile nadir g\u00f6rebilece\u011fi sayg\u0131, sevgi ve ilgiye mazhar olmu\u015ftur. En az g\u00f6revdeki bir insan kadar, ayr\u0131ld\u0131\u011f\u0131 kuruma vefa, sadakat ve muhabbet duygular\u0131 her daim devam etmi\u015ftir.<\/p>\n<p>1985 y\u0131l\u0131nda ordudan ayr\u0131lmas\u0131yla ba\u015flayan s\u00fcre\u00e7te 21 y\u0131l m\u00fctevaz\u0131 bir hayat s\u00fcren Muzaffer Tekin 2006 y\u0131l\u0131nda ger\u00e7ekle\u015ftirilen ve 2. Daire \u00dcyesi Y\u00fccel \u00d6zbilgin\u2019 in \u015fehit edildi\u011fi menfur Dan\u0131\u015ftay suikast\u0131yla ilintilendirilerek g\u00f6zalt\u0131na al\u0131nm\u0131\u015ft\u0131r.<\/p>\n<p>Bu g\u00f6zalt\u0131 s\u00fcreci \u00fclkemizde sonraki y\u0131llarda \u00f6rne\u011fini s\u0131k\u00e7a ya\u015fayaca\u011f\u0131m\u0131z tertiplerin i\u015faret fi\u015fe\u011fi olma niteli\u011fi ta\u015f\u0131maktad\u0131r. Muzaffer Tekin, ortada en ufak delil, bulgu, kesinle\u015fmi\u015f yarg\u0131 karar\u0131 yokken g\u00f6rsel ve yaz\u0131l\u0131 bas\u0131nda menfur Dan\u0131\u015ftay suikast\u0131n\u0131n kilit ismi, azmettiricisi olarak T\u00fcrkiye\u2019nin g\u00fcndemine oturtulmu\u015ftur. Y\u0131llar \u00f6nce emekli olmas\u0131na ra\u011fmen medyada asker kimli\u011finin s\u00fcrekli g\u00fcndeme getirilmesi \u00fczerine ayr\u0131ld\u0131\u011f\u0131 kuruma zarar vermemek amac\u0131yla intihar giri\u015fiminde bulunmu\u015ftur.<\/p>\n<p>Muzaffer Tekin, d\u00f6rt g\u00fcn s\u00fcren g\u00f6zalt\u0131 sorgu s\u00fcresinin ard\u0131ndan savc\u0131l\u0131k\u00e7a serbest b\u0131rak\u0131lm\u0131\u015f, haz\u0131rlanan iddianamede, ad\u0131n\u0131n dahi ge\u00e7mesine l\u00fczum g\u00f6r\u00fclmeyerek aklanm\u0131\u015ft\u0131r. Bu olayda ba\u011f\u0131ms\u0131z y\u00fcce yarg\u0131, medya destekli yo\u011fun siyasal bask\u0131 alt\u0131nda olmas\u0131na ra\u011fmen adaletten \u00f6d\u00fcn vermemi\u015ftir.<\/p>\n<p>Menfur sald\u0131r\u0131dan yakla\u015f\u0131k&nbsp;bir y\u0131l sonra Haziran 2007 tarihinde \u00dcmraniye?de bir gecekonduda ele ge\u00e7irilen el bombalar\u0131yla ilgili soru\u015fturma \u00e7er\u00e7evesinde ba\u015flayan g\u00f6zalt\u0131lar da t\u0131pk\u0131 bir y\u0131l \u00f6nce oldu\u011fu gibi yine hedefte o vard\u0131r. Bomban\u0131n sahibi oldu\u011fu iddia edilen ki\u015fi unutulup kilit isim yine Muzaffer Tekin olacakt\u0131r. Yay\u0131n yasa\u011f\u0131 olmas\u0131na ra\u011fmen, hukuk yok say\u0131larak, bas\u0131n Dan\u0131\u015ftay olay\u0131n\u0131n kilit ismi, azmettiricisi olarak onu takdim etmi\u015ftir.Malum medya provokatif yay\u0131nlar\u0131nda ba\u015far\u0131l\u0131 olmu\u015f, neden ve nas\u0131l oldu\u011funu anlamadan tutuklanarak cezaevine konulmu\u015ftur. Tutukland\u0131ktan sonra da, Dan\u0131\u015ftay sald\u0131r\u0131s\u0131nda oldu\u011fu gibi, \u00e7irkin, yanl\u0131 ve amaca hizmet eden haber kirlili\u011fi maalesef devam etmi\u015ftir.<\/p>\n<p>Muzaffer Tekin neden ve nas\u0131llar\u0131na cevap ararken, tutuklulu\u011funun yedinci ay\u0131nda 22 Ocak 2008 de \u00fclke yeni bir operasyon haberiyle \u00e7alkalanm\u0131\u015ft\u0131r. Gece sabaha kar\u015f\u0131 g\u00f6zalt\u0131lar ba\u015flam\u0131\u015f, resmi a\u011f\u0131zlardan yap\u0131lan a\u00e7\u0131klamalarda 12 Haziran 2007 de \u00dcmraniye de ele ge\u00e7irilen el bombalar\u0131yla ilgili soru\u015fturman\u0131n devam\u0131 niteli\u011finde oldu\u011fu ifade edilmi\u015ftir. \u015eok g\u00f6zalt\u0131lar la soru\u015fturma yeni bir boyut kazanarak devletin i\u00e7inde \u201cErgenekon\u201d isimli bir \u00f6rg\u00fct bulundu\u011fu, bunun da \u201cderin devlet\u201din temelini olu\u015fturdu\u011fu iddialar\u0131 \u00fclke g\u00fcndemine damgas\u0131n\u0131 vurmu\u015ftur.<\/p>\n<p><strong>\u00dclkede ya\u015fanan ideolojik de\u011fi\u015fimin ilk kurban\u0131 olan Muzaffer Tekin y\u00f6neticisi olmakla su\u00e7land\u0131\u011f\u0131 \u00f6rg\u00fct\u00fcn ad\u0131ndan ilk kez bu d\u00f6nemde haberdar olmu\u015ftur.<\/strong><\/p>\n<p>M\u00fcteakip aylarda da dalga dalga g\u00f6zalt\u0131lar ve tutuklamalar devam etmi\u015f, hedefte hep, ulusal devlete sahip \u00e7\u0131kan TSK, yarg\u0131, \u00fcniversiteler ve vatanseverler olmu\u015ftur.<\/p>\n<p>\u0130ddianamede, s\u00f6zde \u00f6rg\u00fct, Cumhuriyet gazetesine bomba at\u0131lmas\u0131 olay\u0131 ve Dan\u0131\u015ftay suikast\u0131yla su\u00e7lanm\u0131\u015ft\u0131r. T\u00fcrk hukuk tarihine kara bir leke olarak ge\u00e7ecek olan iddianamenin dayand\u0131\u011f\u0131 ana unsurlar; d\u00fczmece belgeler, gizli tan\u0131klar olmu\u015ftur.<\/p>\n<p>20 Ekim 2008 de Silivri Ceza \u0130nfaz Kurumlar\u0131 Yerle\u015fkesindeki mahkeme salonunda, 13. A\u011f\u0131r Ceza Mahkemesi marifeti ile y\u00fcr\u00fct\u00fclen s\u00f6zde yarg\u0131lamalarda, siyasal iktidar\u0131n \u201cd\u00fc\u015fman\u201d ilan etti\u011fi san\u0131klara \u201cd\u00fc\u015fman hukuku\u201d uygulanm\u0131\u015ft\u0131r.&nbsp;<\/p>\n<p>Be\u015f y\u0131l boyunca s\u00fcren s\u00f6zde yarg\u0131lamalar, 5 A\u011fustos 2013 tarihinde ger\u00e7ekle\u015fen karar duru\u015fmas\u0131 ile sonland\u0131r\u0131lm\u0131\u015ft\u0131r. 242 mahkumiyet karar\u0131n\u0131n verildi\u011fi duru\u015fmada en y\u00fcksek ceza; &nbsp;2 kez a\u011f\u0131rla\u015ft\u0131r\u0131lm\u0131\u015f m\u00fcebbet ve 117 y\u0131l 10 ayl\u0131k hapis cezas\u0131 olarak Muzaffer Tekin\u2019e verilmi\u015ftir.<\/p>\n<p>Y\u0131llar boyu \u00e7ekti\u011fi ruhsal ve bedensel tahribatlar sonucu, 2013 Eyl\u00fcl de, sa\u011fl\u0131k problemleri ya\u015famaya ba\u015flam\u0131\u015f, v\u00fccudu h\u0131zla kilo kaybetmeye ba\u015flam\u0131\u015ft\u0131r. Son derece \u00f6l\u00fcmc\u00fcl bir hastal\u0131\u011f\u0131n pen\u00e7esine d\u00fc\u015fen Muzaffer Tekin, kendisine y\u00f6nelik uygulanan \u201cd\u00fc\u015fman hukukunun\u201d ikinci defa kurban\u0131 olmu\u015ftur.<\/p>\n<p>Hastal\u0131k belirtileri ba\u015f g\u00f6sterdikten itibaren, \u00e7\u0131km\u0131\u015f oldu\u011fu hastane sevklerinde, cemaat doktorlar\u0131n\u0131n gereksiz ve ilgisiz bir\u00e7ok t\u0131bbi m\u00fcdahalesine maruz b\u0131rak\u0131lm\u0131\u015ft\u0131r! Bunun sonucu olarak hem b\u00fcy\u00fck ac\u0131lar \u00e7ekerek bedeni h\u0131rpalanm\u0131\u015f hem de sinsi hastal\u0131k b\u00fct\u00fcn v\u00fccuduna yay\u0131lm\u0131\u015ft\u0131r. 4,5 ay boyunca k\u00e2bus gibi ge\u00e7en s\u00fcre\u00e7ten sonra nihayet b\u00fcy\u00fck m\u00fccadelelerle 11 \u015eubat 2014 de \u00c7apa T\u0131p Fak\u00fcltesi, Onkoloji Servisine yat\u0131r\u0131larak maalesef gecikmi\u015f olan tedavisine ba\u015flanm\u0131\u015ft\u0131r. Talimat ve bask\u0131 alt\u0131nda olan hastane y\u00f6netimi, \u00f6l\u00fcmc\u00fcl bir hastay\u0131 kabul etmemekte direnerek gayriinsani bir tutum sergilemi\u015ftir. Say\u0131n Zeynep K\u00fc\u00e7\u00fck han\u0131mefendinin b\u00fcy\u00fck gayretleri sonucunda yat\u0131\u015f ger\u00e7ekle\u015fmi\u015ftir.&nbsp;<\/p>\n<p>Ayn\u0131 d\u00f6nem de rejimin iki orta\u011f\u0131 aras\u0131nda ya\u015fanan \u00e7at\u0131\u015fmalar g\u00fcn y\u00fcz\u00fcne \u00e7\u0131km\u0131\u015f, iki taraf art\u0131k geri d\u00f6n\u00fc\u015f\u00fc olmayan bir vesayet kavgas\u0131na tutu\u015fmu\u015ftur. AKP ile Cemaat aras\u0131nda \u00e7\u0131kan bu kavga da ortaya d\u00f6k\u00fclen kirli \u00e7ama\u015f\u0131rlar, Ergenekon ve di\u011fer ba\u011fl\u0131 davalar\u0131n, bir tertip ve yalanlar \u00fczerine kurulmu\u015f oldu\u011funu g\u00f6zler \u00f6n\u00fcne sermi\u015ftir. Su\u00e7suzlu\u011fu geni\u015f halk kitlelerince kabul edilmi\u015f, y\u00fczlerce insan\u0131n, y\u0131llarca ma\u011fdur edilerek \u00f6zg\u00fcrl\u00fcklerinin elinden al\u0131nd\u0131\u011f\u0131 bu tertibin siyasi sorumlusu, \u201ckand\u0131r\u0131ld\u0131\u011f\u0131n\u0131\u201d ifade ederek s\u0131yr\u0131lma \u00e7abas\u0131 i\u00e7erisine girmi\u015ftir. B\u00fct\u00fcn bu geli\u015fmelerin \u0131\u015f\u0131\u011f\u0131n da 5 y\u0131ll\u0131k tutukluluklar\u0131 g\u00f6z \u00f6n\u00fcnde bulundurularak Ergenekon san\u0131klar\u0131 tahliye edilmi\u015ftir.<\/p>\n<p>Muzaffer Tekin, metanetle hastal\u0131\u011f\u0131yla m\u00fccadele etmi\u015f olup, sava\u015f\u00e7\u0131 karakterinin bir g\u00f6stergesi olarak umudunu hi\u00e7 kaybetmemi\u015ftir. Gerek g\u00f6revdeyken gerekse sivil olarak adaletsizli\u011fin kadrine u\u011frayarak telafisi olmayan ma\u011fduriyetler ya\u015famas\u0131na ra\u011fmen devletine ve TSK ya olan ba\u011fl\u0131l\u0131\u011f\u0131 bir nebze de olsa azalmam\u0131\u015ft\u0131r.&nbsp; 20 \u015eubat 2015 tarihin de durumunun a\u011f\u0131rla\u015fmas\u0131 ile GATA ya yat\u0131r\u0131larak hastal\u0131\u011f\u0131n\u0131n son safhas\u0131n\u0131 burada ge\u00e7iren Muzaffer Tekin, 1 Nisan 2015 tarihinde pankreas kanserinden kaynakl\u0131, hayata g\u00f6zlerini yummu\u015ftur. 3 Nisan 2015 de \u00dcsk\u00fcdar Selimiye Camiinden kalkan naa\u015f\u0131, askeri t\u00f6ren yap\u0131larak b\u00fcy\u00fck bir kalabal\u0131k e\u015fli\u011finde Karacaahmet Mezarl\u0131\u011f\u0131na(\u0131-88) defnedilmi\u015ftir.<\/p>\n<p>Ruhu \u015fad olsun\u2026<\/p>\n<p><a href=\"https:\/\/www.muzaffertekin.com.tr\/wp-content\/uploads\/2022\/06\/MTcenaze1-e1655734617836.jpg\"><img loading=\"lazy\" decoding=\"async\" class=\"alignleft wp-image-3407\" src=\"https:\/\/www.muzaffertekin.com.tr\/wp-content\/uploads\/2022\/06\/MTcenaze1-e1655734617836-300x200.jpg\" alt=\"\" width=\"327\" height=\"218\" srcset=\"https:\/\/www.muzaffertekin.com.tr\/wp-content\/uploads\/2022\/06\/MTcenaze1-e1655734617836-300x200.jpg 300w, https:\/\/www.muzaffertekin.com.tr\/wp-content\/uploads\/2022\/06\/MTcenaze1-e1655734617836-768x512.jpg 768w, https:\/\/www.muzaffertekin.com.tr\/wp-content\/uploads\/2022\/06\/MTcenaze1-e1655734617836.jpg 1024w\" sizes=\"auto, (max-width: 327px) 100vw, 327px\" \/><\/a><\/p>\n<p>&nbsp;<\/p>\n<p><a href=\"https:\/\/www.muzaffertekin.com.tr\/wp-content\/uploads\/2022\/06\/MTcenaze.jpg\"><img loading=\"lazy\" decoding=\"async\" class=\"alignright wp-image-3406\" src=\"https:\/\/www.muzaffertekin.com.tr\/wp-content\/uploads\/2022\/06\/MTcenaze-300x218.jpg\" alt=\"\" width=\"300\" height=\"218\" srcset=\"https:\/\/www.muzaffertekin.com.tr\/wp-content\/uploads\/2022\/06\/MTcenaze-300x218.jpg 300w, https:\/\/www.muzaffertekin.com.tr\/wp-content\/uploads\/2022\/06\/MTcenaze.jpg 500w\" sizes=\"auto, (max-width: 300px) 100vw, 300px\" \/><\/a><\/p>\n<p>&nbsp;<\/p>\n<p>&nbsp;<\/p>\n<p>&nbsp;<\/p>\n<p>&nbsp;<\/p>\n<p>&nbsp;<\/p>\n<p>&nbsp;<\/p>\n<p>&nbsp;<\/p>\n<p style=\"text-align: justify;\"><!-- index.php -->\n<div\n\tclass=\"ngg-galleryoverview\n\t ngg-ajax-pagination-none\t\"\n\tid=\"ngg-gallery-024de35290dd5815d14841746f100c35-1\">\n\n\t\t\t<!-- Thumbnails -->\n\t\t\t\t<div id=\"ngg-image-0\" class=\"ngg-gallery-thumbnail-box\" \n\t\t\t\t\t\t\t\t\t\t\t>\n\t\t\t\t\t\t<div class=\"ngg-gallery-thumbnail\">\n\t\t\t<a href=\"https:\/\/www.muzaffertekin.com.tr\/wp-content\/gallery\/dede-ahmet-riza-tekin\/Ahmet-R%C4%B1za-Efendi-1.jpg\"\n\t\t\t\ttitle=\"\"\n\t\t\t\tdata-src=\"https:\/\/www.muzaffertekin.com.tr\/wp-content\/gallery\/dede-ahmet-riza-tekin\/Ahmet-R%C4%B1za-Efendi-1.jpg\"\n\t\t\t\tdata-thumbnail=\"https:\/\/www.muzaffertekin.com.tr\/wp-content\/gallery\/dede-ahmet-riza-tekin\/thumbs\/thumbs_Ahmet-R%C4%B1za-Efendi-1.jpg\"\n\t\t\t\tdata-image-id=\"13\"\n\t\t\t\tdata-title=\"Ahmet R\u0131za Efendi 1\"\n\t\t\t\tdata-description=\"\"\n\t\t\t\tdata-image-slug=\"ahmet-riza-efendi-1-18\"\n\t\t\t\tclass=\"ngg-fancybox\" rel=\"024de35290dd5815d14841746f100c35\">\n\t\t\t\t<img\n\t\t\t\t\ttitle=\"Ahmet R\u0131za Efendi 1\"\n\t\t\t\t\talt=\"Ahmet R\u0131za Efendi 1\"\n\t\t\t\t\tsrc=\"https:\/\/www.muzaffertekin.com.tr\/wp-content\/gallery\/dede-ahmet-riza-tekin\/cache\/Ahmet-R%C4%B1za-Efendi-1.jpg-nggid0213-ngg0dyn-120x200x100-00f0w010c011r110f110r010t010.jpg\"\n\t\t\t\t\twidth=\"120\"\n\t\t\t\t\theight=\"200\"\n\t\t\t\t\tstyle=\"max-width:100%;\"\n\t\t\t\t\/>\n\t\t\t<\/a>\n\t\t<\/div>\n\t\t\t\t\t\t\t<\/div> \n\t\t\t\n\t\t\n\t\t\t\t<div id=\"ngg-image-1\" class=\"ngg-gallery-thumbnail-box\" \n\t\t\t\t\t\t\t\t\t\t\t>\n\t\t\t\t\t\t<div class=\"ngg-gallery-thumbnail\">\n\t\t\t<a href=\"https:\/\/www.muzaffertekin.com.tr\/wp-content\/gallery\/dede-ahmet-riza-tekin\/Ahmet-R%C4%B1za-Efendi-2.jpg\"\n\t\t\t\ttitle=\"\"\n\t\t\t\tdata-src=\"https:\/\/www.muzaffertekin.com.tr\/wp-content\/gallery\/dede-ahmet-riza-tekin\/Ahmet-R%C4%B1za-Efendi-2.jpg\"\n\t\t\t\tdata-thumbnail=\"https:\/\/www.muzaffertekin.com.tr\/wp-content\/gallery\/dede-ahmet-riza-tekin\/thumbs\/thumbs_Ahmet-R%C4%B1za-Efendi-2.jpg\"\n\t\t\t\tdata-image-id=\"14\"\n\t\t\t\tdata-title=\"Ahmet R\u0131za Efendi 2\"\n\t\t\t\tdata-description=\"\"\n\t\t\t\tdata-image-slug=\"ahmet-riza-efendi-2-18\"\n\t\t\t\tclass=\"ngg-fancybox\" rel=\"024de35290dd5815d14841746f100c35\">\n\t\t\t\t<img\n\t\t\t\t\ttitle=\"Ahmet R\u0131za Efendi 2\"\n\t\t\t\t\talt=\"Ahmet R\u0131za Efendi 2\"\n\t\t\t\t\tsrc=\"https:\/\/www.muzaffertekin.com.tr\/wp-content\/gallery\/dede-ahmet-riza-tekin\/cache\/Ahmet-R%C4%B1za-Efendi-2.jpg-nggid0214-ngg0dyn-120x200x100-00f0w010c011r110f110r010t010.jpg\"\n\t\t\t\t\twidth=\"120\"\n\t\t\t\t\theight=\"200\"\n\t\t\t\t\tstyle=\"max-width:100%;\"\n\t\t\t\t\/>\n\t\t\t<\/a>\n\t\t<\/div>\n\t\t\t\t\t\t\t<\/div> \n\t\t\t\n\t\t\n\t\t\t\t<div id=\"ngg-image-2\" class=\"ngg-gallery-thumbnail-box\" \n\t\t\t\t\t\t\t\t\t\t\t>\n\t\t\t\t\t\t<div class=\"ngg-gallery-thumbnail\">\n\t\t\t<a href=\"https:\/\/www.muzaffertekin.com.tr\/wp-content\/gallery\/dede-ahmet-riza-tekin\/Ahmet-R%C4%B1za-Efendi-Diploma.jpg\"\n\t\t\t\ttitle=\"\"\n\t\t\t\tdata-src=\"https:\/\/www.muzaffertekin.com.tr\/wp-content\/gallery\/dede-ahmet-riza-tekin\/Ahmet-R%C4%B1za-Efendi-Diploma.jpg\"\n\t\t\t\tdata-thumbnail=\"https:\/\/www.muzaffertekin.com.tr\/wp-content\/gallery\/dede-ahmet-riza-tekin\/thumbs\/thumbs_Ahmet-R%C4%B1za-Efendi-Diploma.jpg\"\n\t\t\t\tdata-image-id=\"15\"\n\t\t\t\tdata-title=\"Ahmet R\u0131za Efendi  Diploma\"\n\t\t\t\tdata-description=\"\"\n\t\t\t\tdata-image-slug=\"ahmet-riza-efendi-diploma-18\"\n\t\t\t\tclass=\"ngg-fancybox\" rel=\"024de35290dd5815d14841746f100c35\">\n\t\t\t\t<img\n\t\t\t\t\ttitle=\"Ahmet R\u0131za Efendi  Diploma\"\n\t\t\t\t\talt=\"Ahmet R\u0131za Efendi  Diploma\"\n\t\t\t\t\tsrc=\"https:\/\/www.muzaffertekin.com.tr\/wp-content\/gallery\/dede-ahmet-riza-tekin\/cache\/Ahmet-R%C4%B1za-Efendi-Diploma.jpg-nggid0215-ngg0dyn-120x200x100-00f0w010c011r110f110r010t010.jpg\"\n\t\t\t\t\twidth=\"120\"\n\t\t\t\t\theight=\"200\"\n\t\t\t\t\tstyle=\"max-width:100%;\"\n\t\t\t\t\/>\n\t\t\t<\/a>\n\t\t<\/div>\n\t\t\t\t\t\t\t<\/div> \n\t\t\t\n\t\t\n\t\t\t\t<div id=\"ngg-image-3\" class=\"ngg-gallery-thumbnail-box\" \n\t\t\t\t\t\t\t\t\t\t\t>\n\t\t\t\t\t\t<div class=\"ngg-gallery-thumbnail\">\n\t\t\t<a href=\"https:\/\/www.muzaffertekin.com.tr\/wp-content\/gallery\/dede-ahmet-riza-tekin\/Ahmet-R%C4%B1za-Efendi-%C4%B0stiklal-Madalyas%C4%B1.jpg\"\n\t\t\t\ttitle=\"\"\n\t\t\t\tdata-src=\"https:\/\/www.muzaffertekin.com.tr\/wp-content\/gallery\/dede-ahmet-riza-tekin\/Ahmet-R%C4%B1za-Efendi-%C4%B0stiklal-Madalyas%C4%B1.jpg\"\n\t\t\t\tdata-thumbnail=\"https:\/\/www.muzaffertekin.com.tr\/wp-content\/gallery\/dede-ahmet-riza-tekin\/thumbs\/thumbs_Ahmet-R%C4%B1za-Efendi-%C4%B0stiklal-Madalyas%C4%B1.jpg\"\n\t\t\t\tdata-image-id=\"16\"\n\t\t\t\tdata-title=\"Ahmet R\u0131za Efendi \u0130stiklal Madalyas\u0131\"\n\t\t\t\tdata-description=\"\"\n\t\t\t\tdata-image-slug=\"ahmet-riza-efendi-istiklal-madalyasi-18\"\n\t\t\t\tclass=\"ngg-fancybox\" rel=\"024de35290dd5815d14841746f100c35\">\n\t\t\t\t<img\n\t\t\t\t\ttitle=\"Ahmet R\u0131za Efendi \u0130stiklal Madalyas\u0131\"\n\t\t\t\t\talt=\"Ahmet R\u0131za Efendi \u0130stiklal Madalyas\u0131\"\n\t\t\t\t\tsrc=\"https:\/\/www.muzaffertekin.com.tr\/wp-content\/gallery\/dede-ahmet-riza-tekin\/cache\/Ahmet-R%C4%B1za-Efendi-%C4%B0stiklal-Madalyas%C4%B1.jpg-nggid0216-ngg0dyn-120x200x100-00f0w010c011r110f110r010t010.jpg\"\n\t\t\t\t\twidth=\"120\"\n\t\t\t\t\theight=\"200\"\n\t\t\t\t\tstyle=\"max-width:100%;\"\n\t\t\t\t\/>\n\t\t\t<\/a>\n\t\t<\/div>\n\t\t\t\t\t\t\t<\/div> \n\t\t\t\n\t\t\n\t\t\n\t\t<!-- Pagination -->\n\t\t<div class='ngg-clear'><\/div>\t<\/div>\n<\/p>\n<p style=\"text-align: justify;\">Not: Yukar\u0131da yer alan foto\u011fraflar Muzaffer Tekin&#8217;in dedesi Ahmet R\u0131za Efendiye aittir. Resimde g\u00f6r\u00fclen&nbsp;belgeler ise; Askeri okulda Atat\u00fcrk&#8217;le ayn\u0131 s\u0131n\u0131f\u0131 payla\u015fan Ahmet R\u0131za Efendinin diplomas\u0131 ve \u0130stiklal Madalyas\u0131 berat\u0131d\u0131r.<\/p>\n<p style=\"text-align: center;\"><strong>&#8212;&#8212;&#8212;&#8212;&#8212;&#8212;&#8212;&#8212;&#8212;\u00ba\u00ba\u00b0\u00ba\u00ba&#8212;&#8212;&#8212;&#8212;&#8212;&#8212;&#8212;&#8212;&#8212;-<\/strong><\/p>\n<h2 style=\"text-align: center;\"><span style=\"text-decoration: underline;\"><strong>Ergenekon davas\u0131 san\u0131klar\u0131ndan olan, s\u0131n\u0131f arkada\u015f\u0131 Rafet Arslan&#8217;\u0131n savunmas\u0131nda Muzaffer Tekin:<\/strong><\/span><\/h2>\n<p style=\"text-align: justify;\">&#8220;&#8230;evet ben Muzaffer Tekin?in dostuyum, karde\u015fiyim. Bundan da b\u00fcy\u00fck bir onur duyuyorum. Muzaffer benim mahallemde \u00e7elik \u00e7omak oynarken tan\u0131\u015ft\u0131\u011f\u0131m biri de\u011fildir. 40 k\u00fcsur y\u0131l evvel bu \u00fclkeyi cumhuriyeti can bedel korumaya omuz omuza yemin etti\u011fim devre arkada\u015f\u0131md\u0131r. Silah arkada\u015f\u0131md\u0131r, karde\u015fimdir. Bulundu\u011fumuz ortamlarda, bizim i\u00e7in hayat denen askerlik mesle\u011finde temay\u00fcz etmi\u015f bir insand\u0131r. Her meslekte sayg\u0131nl\u0131\u011f\u0131 hak etmi\u015f insanlar vard\u0131r. Bir icad\u0131 ger\u00e7ekle\u015ftiren fizik\u00e7i kimyac\u0131 mucit, i\u00e7ti hat olu\u015fturacak bir karar\u0131 ger\u00e7ekle\u015ftirmi\u015f hukuk\u00e7u, yeni bir ameliyat ve tedavi y\u00f6ntemi ger\u00e7ekle\u015ftirmi\u015f hekim nas\u0131l meslekta\u015flar\u0131 aras\u0131nda sayg\u0131n, \u00fcst\u00fcn ve ayr\u0131cal\u0131kl\u0131 bir yer ediniyorsa, askerlik mesle\u011finde de sava\u015f kahramanlar\u0131 gaziler, yi\u011fitler, alperen ruhlu sava\u015f\u00e7\u0131lar ayr\u0131 \u00f6zel m\u00fcstesna bir yere sahiptirler. Muzaffer Tekin de bir sava\u015f kahraman\u0131d\u0131r. Makam ve mans\u0131p m\u00fccadelesinde kelepir sevdas\u0131ndan uzak, kendisini \u00e7evresine g\u00f6re, sevgiye g\u00f6re ayarlam\u0131\u015f bir muhabbet fedaisidir. S\u0131rf bu d\u00fc\u015f\u00fcncelerle 375 te\u011fmenin istikbali i\u00e7in can\u0131ndan \u00e7ok sevdi\u011fi mesle\u011fini bir g\u00fcnde feda edebilmi\u015ftir. Bu nedenle sadece benim de\u011fil b\u00fct\u00fcn arkada\u015flar\u0131n\u0131n ast \u00fcst b\u00fct\u00fcn g\u00f6rev yapt\u0131\u011f\u0131 ki\u015filerin sevgi sayg\u0131 ve muhabbetini hak eden biridir. Fazilet ve haysiyet kavramlar\u0131na dost, g\u00f6nl\u00fcn\u00fc hep iyilik yapma d\u00fc\u015f\u00fcncesine g\u00f6re akort etmi\u015f birisidir. Ba\u015f\u0131na gelen musibetlerin sebebi de budur. Bu nedenle sevilir say\u0131l\u0131r. \u00c7\u00fcnk\u00fc yi\u011fittir mukaddes bildi\u011fi \u015feylerin ufkunda \u015eehbal a\u00e7man\u0131n delisidir e elbette ki b\u00f6yle bir dostun hastanede, hapishanede, kara g\u00fcn\u00fcnde, dar g\u00fcn\u00fcnde yan\u0131nda olaca\u011f\u0131m bunu da b\u00fcy\u00fck bir zevkle ve gururla yapmaya devam edece\u011fim. \u0130li\u015fkilerinde aldatma, ibadetinde g\u00f6steri\u015f g\u00f6nl\u00fcnde garez ve kin olmayan bir dostu elbette ki hak \u00f6l\u00e7\u00fcleri i\u00e7erisinde sevmek ve ona kar\u015f\u0131 bu m\u00fcr\u00fcvvetten ayr\u0131lmamak her onurlu insan\u0131n \u015fiar\u0131 olmal\u0131d\u0131r. B\u00f6yle oldu\u011fum ve b\u00f6yle bir dosta sahip oldu\u011fum i\u00e7in kendimi bahtiyar addediyorum. &nbsp;&nbsp;Muzaffer Tekin bu \u00f6zelliklerinden dolay\u0131 izzet ve itibar g\u00f6rd\u00fc\u011f\u00fc kurumun y\u0131prat\u0131lmas\u0131 projesinde ilk hedef se\u00e7ilmi\u015f medya destekli siyasi bir komplonun oda\u011f\u0131na konulmu\u015ftur. Sadece hayal ve kanaat plan\u0131nda tahakkuk ettirilen bu iftira ve itibar lin\u00e7i seyr\u00fc seyahati ilhat ve inkar hesab\u0131na kapkara bir \u015fartlanm\u0131\u015fl\u0131k i\u00e7erisinde yap\u0131lm\u0131\u015ft\u0131r. B\u00f6ylesi bir zulme muhatap olmu\u015f dostumun yan\u0131nda olmam yard\u0131m\u0131na ko\u015fmam onu savunmam ise bug\u00fcn buralarda olmamla noktalanm\u0131\u015ft\u0131r.&#8221; &nbsp; (80.celse, 05.04.2009)<\/p>\n<p><strong>MUZAFFER TEK\u0130N \u0130\u00c7\u0130N<\/strong><\/p>\n<p>Ey Asakir-i berriye-i \u015eah-\u0131 merdan.<br \/>\nEy bu vatan i\u00e7in feda-i can.<br \/>\nFitne fesat kumpaslar\u0131n kurban\u0131.<br \/>\nSava\u015f\u0131n kartal\u0131,e\u015fsiz kumandan.<\/p>\n<p>Miralay Salihten gelmekte huyun.<br \/>\nAhmet R\u0131za, \u00d6rneksiz Mustafa&#8217;dand\u0131r soyun.<br \/>\nSecereni tarih yazm\u0131\u015f hakk\u0131yla.<br \/>\nSecaat timsali ashab\u0131n,boyun<\/p>\n<p>Adaya ilk inen bayraktar o dur.<br \/>\n\u015eahadet murad eden dual\u0131 \u015fuur.<br \/>\nEy g\u00fcne\u015ften k\u0131v\u0131lc\u0131mlar \u00e7akan namlular.<br \/>\nEy meydan-\u0131 gaza, tarihe yepyeni bir Zafer duyur.<\/p>\n<p>Yer, g\u00f6k toz duman,d\u00fc\u015fman amans\u0131z.<br \/>\nTepede mitralyoz,\u00f6l\u00fcm kusar insafs\u0131z.<br \/>\nTam siper her taraf, \u00f6l\u00fcm mukadder.<br \/>\n\u015eim\u015fekler \u00e7akt\u0131 g\u00f6zleri, h\u00fccum dedi, apans\u0131z.<\/p>\n<p>Allah, Allah nidalar\u0131yla inledi asuman.<br \/>\nSanki bir taburdu h\u00fccuma kalkan.<br \/>\nUrum \u015fa\u015ft\u0131, bu imkans\u0131z taarruza.<br \/>\nZafer istedi asker, Zafer verdi yaradan.<\/p>\n<p>E\u011fildi be\u015f parmaklar,ihtiramda da\u011flar.<br \/>\nSelam durdu kar\u015f\u0131dan Alada\u011flar, Toroslar.<br \/>\nHala o tepededir zafer bayra\u011f\u0131n.<br \/>\nHep seni arar, hep seni sorar,sesini duymaz zindanlar.<\/p>\n<p>Sava\u015f\u0131n kartal\u0131n\u0131 zindanlara koydular.<br \/>\nYalan yanl\u0131\u015f iftirayla; Osmanlar\u0131 buldular.<br \/>\nHak bilir, birg\u00fcn ger\u00e7ek elbet \u00e7\u0131kar ortaya.<br \/>\nY\u0131k\u0131l\u0131r zindanlar g\u00fcmb\u00fcrt\u00fcs\u00fc ar\u015ftan duyulur.<\/p>\n<p>Yok \u00f6tesi tarumar oldu vatan.<br \/>\n\u015e\u00fcheda a\u011fl\u0131yor, yok kabrinde rahat yatan.<br \/>\nLalezar bozuldu, g\u00fcller d\u00f6k\u00fcld\u00fc.<br \/>\nG\u00fcya itibar y\u00fckl\u00fcd\u00fcr o hain-i vatan.<\/p>\n<p>Ahde vefa kalmam\u0131\u015f, anlar\u0131m.<br \/>\n\u0130hanet m\u00fcltezem, hakk\u0131 arar\u0131m.<br \/>\nKara bir kinle husumet niye?<br \/>\nBen vicdan ile h\u00fckm\u00fc; adalet sayar\u0131m.<\/p>\n<p>\u015eimdi ol kubbede hazan mevsimi.<br \/>\nTad\u0131 yok,yerin g\u00f6\u011f\u00fcn; b\u00f6yle bilsin Nesimi.<br \/>\nAslanlar\u0131 \u00e7akal bo\u011fsa ne ola?<br \/>\nBir \u00f6l\u00fcr, bin do\u011far\u0131z. K\u0131samazlar sesimi.<\/p>\n<p>Saltuko\u011flu Rafet bunu b\u00f6yle eyledi.<br \/>\nNe bir fazla,pek \u00e7o\u011funu eksik bile s\u00f6yledi.<br \/>\n\u0130ftiran\u0131n g\u00fcnah\u0131ndan korksunlar.<br \/>\n\u00d6te yandan hesap a\u011f\u0131r olsada,bu d\u00fcnyada hesap bitsin istedi.<\/p>\n<p>El Safiu&#8217;dan niyaz edip diledim.<br \/>\nKarda\u015f\u0131ma, sa\u011fl\u0131k, s\u0131hhat istedim.<br \/>\nPek yak\u0131nd\u0131r, bahar a\u00e7ar burada.<br \/>\nKorkan korktu; ben hep bildi\u011fimi s\u00f6yledim.<\/p>\n<p><strong>Mustafa Rafet Saltuko\u011flu<\/strong><\/p>\n<p style=\"text-align: center;\"><strong>&#8212;&#8212;&#8212;&#8212;&#8212;&#8212;&#8212;&#8212;&#8212;\u00ba\u00ba\u00b0\u00ba\u00ba&#8212;&#8212;&#8212;&#8212;&#8212;&#8212;&#8212;&#8212;&#8212;-<\/strong><\/p>\n<h2 style=\"text-align: center;\"><span style=\"text-decoration: underline;\"><strong>Balyoz davas\u0131 san\u0131klar\u0131ndan, J.Kurmay Albay Mustafa \u00d6nsel&#8217;in &#8220;<em>Be\u015fikta\u015f&#8217;ta S\u0131rtlan Pusu&#8217;su<\/em>&#8221; adl\u0131 kitab\u0131nda &nbsp;Muzaffer Tekin:<\/strong><\/span><\/h2>\n<p style=\"text-align: left;\" align=\"center\">&#8220;<b>Zafer tepe&#8221; ismi nereden gelir bilir misiniz?<\/b><b><\/b><\/p>\n<p style=\"text-align: justify;\">S\u00f6z konusu olayda bir isim daha \u00f6ne \u00e7\u0131k\u0131yordu; Muzaffer Tekin. Piyade okulunda bir aste\u011fmen b\u00f6l\u00fc\u011f\u00fcn\u00fcn B\u00f6l\u00fck Komutan\u0131 olarak g\u00f6rev yap\u0131yordu o zamanlar. R\u00fctbesi y\u00fczba\u015f\u0131yd\u0131.<\/p>\n<p style=\"text-align: justify;\">Ast\u0131, \u00fcst\u00fc herkes ondan kahraman diye bahsediyordu. Sadece astlar\u0131 de\u011fil, \u00fcstleri de kendisine sayg\u0131 duyuyordu. K\u0131br\u0131s sava\u015f\u0131nda yapt\u0131klar\u0131n\u0131 kendisinden de\u011fil, arkada\u015flar\u0131ndan, ders hocalar\u0131m\u0131zdan dinliyor, kendisine i\u00e7ten i\u00e7e hayranl\u0131k duyuyorduk.<\/p>\n<p style=\"text-align: justify;\">Y\u00fcr\u00fcy\u00fc\u015f\u00fcyle, duru\u015fuyla emsallerinden farkl\u0131 bir subayd\u0131 Y\u00fczba\u015f\u0131 Tekin. K\u0131\u015flada pek \u00e7ok b\u00f6l\u00fck vard\u0131 ama en olumsuz hava \u015fartlar\u0131nda bile e\u011fitim yapan bir tek b\u00f6l\u00fck olurdu. O da Muzaffer Tekin&#8217;in b\u00f6l\u00fc\u011f\u00fc.<\/p>\n<p style=\"text-align: justify;\">K\u0131br\u0131s sava\u015f\u0131na te\u011fmen olarak kat\u0131lm\u0131\u015f, g\u00f6sterdi\u011fi \u00fcst\u00fcn cesaret ve feragat nedeniyle bu r\u00fctbede alt\u0131n madalyal\u0131 tek subay olarak tarihe ge\u00e7mi\u015fti.<\/p>\n<p style=\"text-align: justify;\">K\u0131br\u0131s ta cephe taarruzu ile ele ge\u00e7irdi\u011fi tepeye ismini vermi\u015flerdi: &#8220;<i>Zafer tepe&#8221;&nbsp;<\/i>Asker olsun diye yarat\u0131lm\u0131\u015f birisiydi g\u00f6z\u00fcm\u00fczde o zamanlar Muzaffer Tekin.<\/p>\n<p style=\"text-align: justify;\">Lokantada kavga oldu\u011fu g\u00fcn, Piyade Okulunun N\u00f6bet\u00e7i Amiri Muzaffer Tekin idi. Olay ile ilgili sorgular sonucu Selimiye?de lokanta sahibi ve \u00e7al\u0131\u015fanlar\u0131n\u0131n kar\u015f\u0131s\u0131nda \u00e7\u0131kart\u0131larak y\u00fczle\u015ftirildik. Y\u00fczle\u015fmede kimse te\u015fhis edilmedi. Ama mutlaka bir su\u00e7lu bulunmal\u0131yd\u0131.<\/p>\n<p style=\"text-align: justify;\">Bu olay i\u00e7 kamuoyunda fazla yank\u0131 bulmam\u0131\u015ft\u0131 ama d\u0131\u015f bas\u0131n olay\u0131 \u00e7arp\u0131tarak vermi\u015f ve d\u0131\u015f kamuoyunda b\u00fcy\u00fck yank\u0131 uyand\u0131rm\u0131\u015ft\u0131.<\/p>\n<p style=\"text-align: justify;\">S\u00f6ylenenlere g\u00f6re; yabanc\u0131 bas\u0131n, \u00f6rg\u00fctlerin ter\u00f6r\u00fcn\u00fcn askerlerce engelledi\u011fini, \u015fimdi ise askerlerin mafya usul\u00fc sald\u0131r\u0131lar yaparak hara\u00e7 vermeyenlere kar\u015f\u0131 ter\u00f6r estirdiklerini belirterek, &#8220;bu ter\u00f6re kim dur diyecek&#8221; \u015feklinde yay\u0131n yap\u0131yorlarm\u0131\u015f. H\u00e2lbuki ortada m\u00fcnferit bir olay vard\u0131 ve ba\u015fka bir olay da vuku bulmam\u0131\u015ft\u0131. Ama kime anlatacaks\u0131n?<\/p>\n<p style=\"text-align: justify;\">Bundan o zamanki yetkililer \u00e7ok etkilenmi\u015fti haliyle. Buna sebep olanlar\u0131 mutlaka cezaland\u0131rmak niyetinde olduklar\u0131 anla\u015f\u0131l\u0131yordu. \u00c7\u00fcnk\u00fc sans\u00fcrleme imk\u00e2n\u0131 bulamad\u0131klar\u0131 Avrupa bas\u0131n\u0131 kendi halk\u0131ndan, kendi bas\u0131n\u0131ndan kendi Ordu mensuplar\u0131ndan ve ger\u00e7eklerden \u00e7ok daha \u00f6nemliydi onlar i\u00e7in. Olay sonras\u0131 okula pe\u015f pe\u015fe komutanlar geldi.<\/p>\n<p style=\"text-align: justify;\">En son d\u00f6nemin Kara Kuvvetleri Komutan\u0131n\u0131n geldi\u011fini hat\u0131rl\u0131yorum. Her gelen gerginlik yarat\u0131yor, ba\u011f\u0131r\u0131p \u00e7a\u011f\u0131r\u0131p gidiyordu. Amac\u0131n &#8220;ba\u011fc\u0131y\u0131 d\u00f6vmek&#8221; oldu\u011funu anlayacak ya\u015ftayd\u0131k.<\/p>\n<p style=\"text-align: justify;\">Sonu\u00e7ta dayak yiyen d\u00f6rt arkada\u015f\u0131m\u0131z (dayak yedikleri i\u00e7in olsa gerek) ile Muzaffer Tekin&#8217; in, bana g\u00f6re haks\u0131z ve hukuksuz bir \u015fekilde TSK ile ili\u015fi\u011fini kestiler.<\/p>\n<p style=\"text-align: justify;\">Muzaffer Tekin, N\u00f6bet\u00e7i Amiri olarak b\u00fct\u00fcn sorumlulu\u011fu \u00fczerine alm\u0131\u015f, herhangi bir arkada\u015f\u0131m\u0131za zarar gelmemesi i\u00e7in kendi gelece\u011fini hi\u00e7e sayan bir asil duru\u015f sergilemi\u015fti. Bu asil durumun kar\u015f\u0131l\u0131\u011f\u0131, TSK&#8217; dan at\u0131lmak oldu.<\/p>\n<p style=\"text-align: justify;\">Ama o bu davran\u0131\u015f\u0131n\u0131 ile orada bulunan yakla\u015f\u0131k 350 te\u011fmenin g\u00f6nl\u00fcndeki edebi yerini ald\u0131&#8230;<\/p>\n<p style=\"text-align: justify;\">Yirmi alt\u0131 y\u0131l sonra Muzaffer Tekin, &#8220;<i>Ergenekon&#8221;<\/i>&nbsp;isimli davadan, iftiralarla, yine haks\u0131z hukuksuz bi\u00e7imde bu sefer cezaevine t\u0131k\u0131lacakt\u0131. Ben de benzer \u015fekilde haks\u0131z hukuksuz bir \u015fekilde &#8220;<i>Balyoz&#8221;&nbsp;<\/i>davas\u0131ndan tutuklanacakt\u0131m. O zamanlar nereden bilebilirdim yolumun, 26 y\u0131l sonra Muzaffer Tekin ile bu sefer cezaevinde kesi\u015fece\u011fini?<\/p>\n<p style=\"text-align: justify;\">Muzaffer Tekin cezaevindeyken, d\u00fczenlenen bir kanunla beraber haklar\u0131 iade edilecek, kendisine emekli ayl\u0131\u011f\u0131 ba\u011flanacak ve emekli Albay kimli\u011fi verilecekti. O da bana bu kimli\u011fin renkli fotokopisini g\u00f6ndererek, sevincini payla\u015fmam\u0131 sa\u011flayacakt\u0131.<\/p>\n<p style=\"text-align: justify;\">Daha nelerle, kimlerle kesi\u015fecekti kaderimiz? Onu da ilerleyen sat\u0131rlarda anlataca\u011f\u0131m.<\/p>\n<p style=\"text-align: justify;\">&#8220;Ergenekon&#8221; davas\u0131 denince akl\u0131ma bir ki\u015fi daha geldi. S\u00f6z konusu ki\u015fi, bu dava kapsam\u0131nda ilk tutuklanan emekli General Veli K\u00fc\u00e7\u00fck&#8217; t\u00fcr&#8230;?<\/p>\n<p style=\"text-align: justify;\">(Be\u015fikta\u015f&#8217;ta S\u0131rtlan Pusu&#8217;su, Mustafa \u00d6nsel, sayfa:87-88)<\/p>\n<p style=\"text-align: center;\">&nbsp;&nbsp;&nbsp;&nbsp;&nbsp;<strong>&#8212;&#8212;&#8212;&#8212;&#8212;&#8212;&#8212;&#8212;&#8212;\u00ba\u00ba\u00b0\u00ba\u00ba&#8212;&#8212;&#8212;&#8212;&#8212;&#8212;&#8212;&#8212;&#8212;-<\/strong><\/p>\n","protected":false},"excerpt":{"rendered":"<p>Muzaffer Tekin, 28&nbsp;Ekim 1950 tarihinde &nbsp;babas\u0131n\u0131n&nbsp;subay olarak g\u00f6rev yapt\u0131\u011f\u0131 \u00c7ank\u0131r\u0131 ilinde &nbsp;d\u00fcnyaya gelmi\u015ftir. Annesi rahmetli Handan Tekin han\u0131mefendi, Rumeli\u2019 den 1924 y\u0131l\u0131nda Ak\u015fehir\u2019e yerle\u015fmi\u015f olan k\u00f6kl\u00fc bir evlad-\u0131 fatihan&nbsp;aileye mensuptur. Baba taraf\u0131 ise yedi g\u00f6bek asker &nbsp;bir aileden m\u00fcte\u015fekkildir.&nbsp;Merhum babas\u0131,&nbsp;Salih Raci Tekin Kocamustafapa\u015fal\u0131 olup P.Kd. Alb. r\u00fctbesiyle ordudan emekli olmu\u015ftur. Baba Salih Raci Tekin \u00fcst\u00fcn [&hellip;]<\/p>\n","protected":false},"author":1,"featured_media":0,"parent":0,"menu_order":6,"comment_status":"open","ping_status":"open","template":"","meta":{"ngg_post_thumbnail":0,"footnotes":""},"class_list":["post-75","page","type-page","status-publish","hentry"],"aioseo_notices":[],"_links":{"self":[{"href":"https:\/\/www.muzaffertekin.com.tr\/index.php?rest_route=\/wp\/v2\/pages\/75","targetHints":{"allow":["GET"]}}],"collection":[{"href":"https:\/\/www.muzaffertekin.com.tr\/index.php?rest_route=\/wp\/v2\/pages"}],"about":[{"href":"https:\/\/www.muzaffertekin.com.tr\/index.php?rest_route=\/wp\/v2\/types\/page"}],"author":[{"embeddable":true,"href":"https:\/\/www.muzaffertekin.com.tr\/index.php?rest_route=\/wp\/v2\/users\/1"}],"replies":[{"embeddable":true,"href":"https:\/\/www.muzaffertekin.com.tr\/index.php?rest_route=%2Fwp%2Fv2%2Fcomments&post=75"}],"version-history":[{"count":67,"href":"https:\/\/www.muzaffertekin.com.tr\/index.php?rest_route=\/wp\/v2\/pages\/75\/revisions"}],"predecessor-version":[{"id":3408,"href":"https:\/\/www.muzaffertekin.com.tr\/index.php?rest_route=\/wp\/v2\/pages\/75\/revisions\/3408"}],"wp:attachment":[{"href":"https:\/\/www.muzaffertekin.com.tr\/index.php?rest_route=%2Fwp%2Fv2%2Fmedia&parent=75"}],"curies":[{"name":"wp","href":"https:\/\/api.w.org\/{rel}","templated":true}]}}