{"id":589,"date":"2011-03-29T12:41:09","date_gmt":"2011-03-29T12:41:09","guid":{"rendered":"http:\/\/www.muzaffertekin.com.tr\/?page_id=589"},"modified":"2014-11-21T23:57:17","modified_gmt":"2014-11-21T21:57:17","slug":"tskdan-ayrilisi","status":"publish","type":"page","link":"https:\/\/www.muzaffertekin.com.tr\/?page_id=589","title":{"rendered":"TSK&#8217;dan ay(\u0131)r\u0131l\u0131\u015f nedeni"},"content":{"rendered":"<h2 style=\"text-align: left;\"><\/h2>\n<h2 style=\"text-align: left;\"><img loading=\"lazy\" decoding=\"async\" class=\"aligncenter  wp-image-2663\" src=\"http:\/\/www.muzaffertekin.com.tr\/wp-content\/uploads\/2011\/03\/0011-1024x864.jpg\" alt=\"001\" width=\"590\" height=\"498\" srcset=\"https:\/\/www.muzaffertekin.com.tr\/wp-content\/uploads\/2011\/03\/0011-1024x864.jpg 1024w, https:\/\/www.muzaffertekin.com.tr\/wp-content\/uploads\/2011\/03\/0011-300x253.jpg 300w\" sizes=\"auto, (max-width: 590px) 100vw, 590px\" \/><\/h2>\n<p style=\"text-align: justify;\">Tarih 18 Mart 1985,<\/p>\n<p style=\"text-align: justify;\">Tuzla Piyade Okul Komutanl\u0131\u011f\u0131?nda g\u00f6revli 1984 Kara Harp Okulu mezunu\u00a0P.T\u011fm. Adnan \u00d6LMEZ,\u00a0J.T\u011fm. Ahmet AKDO\u011eANLAR,\u00a0J.T\u011fm. Ercan BAYDO\u011eAN,\u00a0J.T\u011fm. Ercan DURGUN izin d\u00f6n\u00fc\u015f\u00fcne yak\u0131n u\u011frad\u0131klar\u0131 bir gazinoda bir \u015feyler i\u00e7erler ve hesab\u0131 isterler. Gelen hesap astronomik denecek derecede y\u00fcksektir, itiraz ederler ve d\u00fczeltilmesini isterler. Ancak, hesab\u0131n d\u00fczeltilmesi bir yana etraflar\u0131 gazinonun g\u00f6revlileri, fedaileri, garsonlar\u0131 taraf\u0131ndan sar\u0131l\u0131r.<\/p>\n<p style=\"text-align: justify;\">19 ki\u015fiye kar\u015f\u0131l\u0131k 4 te\u011fmen, \u00f6ld\u00fcresiye darp edilirler.<\/p>\n<p style=\"text-align: justify;\">Onlar\u0131 bu darp olay\u0131na azmettiren, asl\u0131nda paravan olan ve \u00fczerinden uyu\u015fturucu, kad\u0131n ticareti ve tefecilik yap\u0131lan, paray\u0131 bir g\u00fcn geciktirenleri infaz ettiren bu tesisin sorumlu m\u00fcd\u00fcr\u00fc E.Org. N.\u00dc.n\u00fcn (O zaman\u0131n Genelkurmay Ba\u015fkan\u0131) mutemedi durumunda olan emekli bir astsubayd\u0131r.<\/p>\n<p style=\"text-align: justify;\">Te\u011fmenler, \u00f6nce bir eczaneye u\u011frarlar ard\u0131ndan da Tuzla Piyade Okulu&#8217;na gitmek \u00fczere yola \u00e7\u0131karlar. Yolda ve tugayda te\u011fmenlerin durumunu g\u00f6ren arkada\u015flar\u0131 kendi aralar\u0131nda temasa ge\u00e7erler ve ertesi g\u00fcn\u00fc yakla\u015f\u0131k iki y\u00fcz&#8217; e yak\u0131n te\u011fmen ile arkada\u015flar\u0131n\u0131 darp eden gazinoya giderler. Darp&#8217;\u0131n intikam\u0131n\u0131, gazinoyu darmada\u011f\u0131n ederek verirler. Ard\u0131ndan onlar da Tuzla Piyade Okul Komutanl\u0131\u011f\u0131&#8217;na d\u00f6nerler. Olaylar tamamen Tuzla Piyade Okulu s\u0131n\u0131rlar\u0131 d\u0131\u015f\u0131nda olmu\u015ftur. D\u00f6rt te\u011fmeni \u00f6ld\u00fcresiye darp eden gazino elemanlar\u0131n\u0131n ba\u015f\u0131nda bulunan azmettirici emekli astsubay, konuyu direkt olarak sevgili komutan\u0131 Genelkurmay Ba\u015fkan\u0131 Orgeneral N.\u00dc. ye\u00a0ihbar eder. Gazinonun ortaklar\u0131ndan biri 1984 y\u0131l\u0131nda ANAP&#8217;\u0131n Genel Ba\u015fkan Yard\u0131mc\u0131lar\u0131ndan biridir. Bu genel ba\u015fkan yard\u0131mc\u0131s\u0131 ayn\u0131 zamanda, g\u00fcya Orgeneral N. \u00dc. hakk\u0131nda merhum Turgut \u00d6ZAL nezdinde Cumhurba\u015fkan\u0131 Kenan EVREN sonras\u0131 Cumhurba\u015fkanl\u0131\u011f\u0131 i\u00e7in lobi faaliyeti y\u00fcr\u00fctmektedir. Orgeneral N.\u00dc.y\u00fc mutemet astsubay\u0131ndan hemen sonra bir de bu genel ba\u015fkan yard\u0131mc\u0131s\u0131 arar ve &#8220;<em>Konuyu Say\u0131n Ba\u015fbakan\u0131ma ilettim. \u00c7ok k\u0131zd\u0131. Sizi kendisi aramaktansa ?\u015eimdi g\u00f6nl\u00fcn\u00fc k\u0131rar\u0131m, sen ara?<\/em> dedi.&#8221; diyerek daha da tedirgin eder. Ve gere\u011finin \u015fiddetle yap\u0131lmas\u0131n\u0131 Ba\u015fbakan\u0131m emretti diyerek telefonu kapat\u0131r.<\/p>\n<p style=\"text-align: justify;\">Olay\u0131n oldu\u011fu g\u00fcn, yani gazinonun darmada\u011f\u0131n edildi\u011fi g\u00fcn Tuzla Piyade Okul Komutanl\u0131\u011f\u0131&#8217;nda Alay N\u00f6bet\u00e7i Amiri Y\u00fczba\u015f\u0131 Muzaffer TEK\u0130N, Alay N\u00f6bet\u00e7i Subay\u0131 \u00dcste\u011fmen Talat KURDO\u011eLU, Nizam Karakol N\u00f6bet\u00e7i Subay\u0131 \u00dcste\u011fmen Nuri AVCI d\u0131r.<\/p>\n<p style=\"text-align: justify;\">Orgeneral N.\u00dc. olay\u0131 derhal Tuzla Piyade Okul Komutan\u0131 Tu\u011fgeneral \u015e.\u00d6. ye iletir. Verdi\u011fi talimat a\u00e7\u0131kt\u0131r;<br \/>\n<em>&#8220;Olaya kar\u0131\u015fanlar\u0131n tamam\u0131n\u0131n gerekli i\u015flemlerini T\u00fcrk Silahl\u0131 Kuvvetleri?nden at\u0131lmak \u00fczere tekemm\u00fcl ettirin. Olaylarda en az\u00a0ikiy\u00fcz te\u011fmen rol alm\u0131\u015f, ona g\u00f6re ara\u015ft\u0131rman\u0131z\u0131 ve soru\u015fturman\u0131z\u0131 yap\u0131n.&#8221;<br \/>\n<\/em><\/p>\n<p style=\"text-align: justify;\">Tu\u011fgeneral \u015e.\u00d6. n\u00fcn o an yapmas\u0131 gereken Tugay\u0131n b\u00fct\u00fcn n\u00f6bet\u00e7i ekibini huzuruna \u00e7a\u011f\u0131r\u0131p bilgi almak ve ger\u00e7eklere ula\u015fmak olmas\u0131 gerekirken, bunu yapmam\u0131\u015f ve hangi ama\u00e7la hareket ettiyse Kara Kuvvetleri Komutanl\u0131\u011f\u0131&#8217;na mesaj g\u00f6ndererek, olay\u0131 kursiyer te\u011fmenlerin yapt\u0131\u011f\u0131n\u0131 pe\u015finen \u00fcstlenmi\u015ftir. Ard\u0131ndan da, daha do\u011frusu gece yar\u0131s\u0131ndan sonra Alay N\u00f6bet\u00e7i Amiri Y\u00fczba\u015f\u0131 Muzaffer TEK\u0130N&#8217;i odas\u0131na \u00e7a\u011f\u0131rm\u0131\u015ft\u0131r. Yzb. Muzaffer TEK\u0130N&#8217;e;<br \/>\n<em>&#8220;&#8230;Gazinosunu basarak tahrip eden ve say\u0131lar\u0131n\u0131n 130-150 aras\u0131nda oldu\u011funu \u00f6\u011frendi\u011fim kursiyer te\u011fmenlerin isimlerini belirleyip hemen bana getirin!&#8221;<\/em>\u00a0emrini vermi\u015ftir.<br \/>\nY\u00fczba\u015f\u0131 Muzaffer TEK\u0130N, Tu\u011fgeneral \u015e.\u00d6.ye;<br \/>\n<strong><em>&#8220;N\u00f6betimde benim bilgim ve duyumum d\u00e2hilinde hi\u00e7bir te\u011fmen olay yerine gitmemi\u015ftir!&#8221;<\/em><\/strong>\u00a0deyince Tu\u011fgeneral k\u0131z\u0131lca k\u0131yameti kopar\u0131r. Yzb. Muzaffer TEK\u0130N&#8217;e;<br \/>\n<em>&#8220;O zaman sen ve ekibin yanars\u0131n\u0131z!&#8221;<\/em>\u00a0der. Yzb Muzaffer TEK\u0130N&#8217;in kendisine cevab\u0131 nettir;<\/p>\n<div style=\"text-align: justify;\"><strong>&#8220;<em>Yap\u0131l\u0131p yap\u0131lmayan her \u015feyden komutan sorumludur! Her hangi bir kusurum varsa cezama raz\u0131y\u0131m. N\u00f6bet\u00e7i heyetinin ba\u015f\u0131nda ben varsam, bu sorumlulu\u011fu da tek ba\u015f\u0131ma \u00fcstlenirim. Di\u011ferlerinin bu olayda her hangi bir kusuru ve sorumlulu\u011fu olamaz!&#8221;<\/em><\/strong><\/div>\n<div style=\"text-align: justify;\">Olaya askeri savc\u0131l\u0131k el koyar. T\u00fcrk Silahl\u0131 Kuvvetleri&#8217;nin gelece\u011fi olan\u00a0be\u015fy\u00fcz civar\u0131nda te\u011fmen tek s\u0131ra halinde dizilir ve gazinoculuktan ba\u015fka her t\u00fcrl\u00fc pis i\u015fi yapan ancak y\u00f6neticisi Org. N.\u00dc.n\u00fcn mutemedi emekli astsubay olan yasad\u0131\u015f\u0131 i\u015fler ekibi, g\u00fcya olaya kar\u0131\u015fan te\u011fmenleri tespit eder.<\/div>\n<div style=\"text-align: justify;\">Sadece bir hafta s\u00fcren soru\u015fturma sonucunda n\u00f6bet\u00e7i heyeti 1nci Ordu Komutanl\u0131\u011f\u0131 Askeri Mahkemesi&#8217;nde &#8220;<em>Toplu \u0131zrar ve azmettirmek&#8221;<\/em>\u00a0ile su\u00e7lan\u0131rlar. H\u00e2lbuki n\u00f6bet\u00e7i heyeti, n\u00f6bet defterine &#8220;<em>vukuat vard\u0131r&#8221;\u00a0<\/em>notu dahi d\u00fc\u015fmemi\u015flerdir! Askeri mahkeme, n\u00f6bet\u00e7i heyetini g\u00f6reve iade eder ve dosyay\u0131 &#8220;G\u00f6revsizlik&#8221; karar\u0131 ile Kartal 1nci Asliye Ceza Mahkemesi&#8217;ne g\u00f6nderir.<\/div>\n<div style=\"text-align: justify;\">\u0130\u015fin en ac\u0131 taraf\u0131 \u015fudur;<\/div>\n<div style=\"text-align: justify;\">Olaylar kar\u015f\u0131s\u0131nda Okul Komutan\u0131 Tu\u011fgeneral \u015e.\u00d6. ile Alay Komutan\u0131 Albay E.H. ilgisiz kalm\u0131\u015flar, yakla\u015f\u0131k d\u00f6rt g\u00fcn s\u00fcre ile te\u011fmenler polisin elinde oradan oraya s\u00fcr\u00fcklenmi\u015flerdir. As\u0131l su\u00e7lu olan gazinocular &#8220;m\u00fc\u015fteki&#8221;, m\u00fc\u015fteki olan te\u011fmenler ise &#8220;san\u0131k&#8221; durumuna d\u00fc\u015f\u00fcr\u00fclm\u00fc\u015flerdir. Nas\u0131l m\u0131? D\u00f6nemin \u0130stanbul Emniyet M\u00fcd\u00fcr\u00fc vas\u0131tas\u0131yla.<\/div>\n<div style=\"text-align: justify;\">Asl\u0131nda Okul Komutan\u0131 ile Alay Komutan\u0131&#8217;n\u0131n yapmas\u0131 gereken herkesi bir araya toplamak, olay\u0131 astlar\u0131 ile payla\u015fmakt\u0131r.<\/div>\n<div style=\"text-align: justify;\">\u00c7\u00fcnk\u00fc gazinoda d\u00f6rt te\u011fmenin darp edilmesi konusu, olaydan hemen sonra biri taraf\u0131ndan Okul Komutan\u0131&#8217;na duyurulmu\u015ftur. Okul Komutan\u0131 bu duyumu al\u0131r almaz yapaca\u011f\u0131 toplant\u0131da;<\/div>\n<div style=\"text-align: justify;\"><em>&#8220;Arkada\u015flar, istenmeyen bir olay meydana geldi. Bizler konuya el att\u0131k. M\u00fcsebbipler hakk\u0131nda gereken taraf\u0131m\u0131zdan yap\u0131lacakt\u0131r. Sizler sak\u0131n kendi ba\u015f\u0131n\u0131za i\u015flere kalk\u0131\u015fmay\u0131n. Yoksa sizin de defterinizi d\u00fcrerim?<\/em> dese, olaylar muhtemelen asla bu seviyeye gelmezdi. Ama Okul Komutan\u0131, gazinodakilere i\u015flem yapt\u0131rmaya kalksa kar\u015f\u0131s\u0131nda Org. N. \u00dc.y\u00fc bulaca\u011f\u0131n\u0131 biliyorsa, b\u00f6yle bir i\u015fe kalk\u0131\u015f\u0131r m\u0131? Asl\u0131nda bir T\u00fcrk Generali&#8217;nin yapmas\u0131 gereken de budur ama o buna kalk\u0131\u015fmam\u0131\u015ft\u0131r bile.<\/div>\n<div style=\"text-align: justify;\">Tabans\u0131z y\u00f6neticilerin kendilerine hedef olarak se\u00e7tikleri ilk ki\u015fi, b\u00fcy\u00fck \u00f6vg\u00fclerle Yedek Subay B\u00f6l\u00fck Komutanl\u0131\u011f\u0131&#8217;ndan Subay Temel B\u00f6l\u00fck Komutanl\u0131\u011f\u0131&#8217;na atamas\u0131n\u0131 \u00e7\u0131kartt\u0131klar\u0131 Yzb. Muzaffer TEK\u0130N&#8217;den ba\u015fkas\u0131 de\u011fildir.<\/div>\n<div style=\"text-align: justify;\">Ayn\u0131 okul komutan\u0131 olaylar \u00f6ncesi Yzb. Muzaffer TEK\u0130N&#8217;in sorumlulu\u011fundaki yedek subaylar\u0131n at\u0131\u015f alan\u0131na gelmi\u015f ve g\u00f6rd\u00fc\u011f\u00fc manzara kar\u015f\u0131s\u0131nda;<\/div>\n<div style=\"text-align: justify;\"><strong>&#8220;<em>Ben bu r\u00fctbeye geldim, Bu kadar k\u0131sa s\u00fcrede b\u00f6yle birlik yeti\u015ftirildi\u011fine \u015fahit olmad\u0131n. Tebrik ederim seni y\u00fczba\u015f\u0131m!&#8221;<\/em><\/strong>\u00a0ifadesini kullanm\u0131\u015ft\u0131r. Y\u00fczba\u015f\u0131 Muzaffer TEK\u0130N&#8217;e baz\u0131 sorular sorup, cevab\u0131n\u0131 alm\u0131\u015f ard\u0131ndan da Subay Temel B\u00f6l\u00fck komutan\u0131na da ayn\u0131 sorular\u0131 y\u00f6neltmi\u015f ve\u00a0ald\u0131\u011f\u0131 cevaplar kar\u015f\u0131s\u0131nda \u015foke olmu\u015ftur.<\/div>\n<div style=\"text-align: justify;\">Yzb. Muzaffer TEK\u0130N&#8217;in Subay Temel B\u00f6l\u00fck Komutanl\u0131\u011f\u0131&#8217;na atanmas\u0131n\u0131n yolunu da bu olaylar zinciri a\u00e7m\u0131\u015ft\u0131r.<\/div>\n<div style=\"text-align: justify;\"><strong>Bu atama, piyade okulu tarihinde bir ilktir, o g\u00fcne kadar b\u00f6yle bir atama daha ya\u015fanmam\u0131\u015ft\u0131r.<\/strong><\/div>\n<p style=\"text-align: justify;\">Olay\u0131n savc\u0131s\u0131yla konu ile ilgili g\u00f6r\u00fc\u015fme yapan bir ki\u015fi a\u015fa\u011f\u0131daki ifadelerde bulunmu\u015ftur;<\/p>\n<div style=\"text-align: justify;\"><em>Bu olay\u0131n savc\u0131s\u0131 ile y\u0131llar sonra kar\u015f\u0131la\u015ft\u0131m ve &#8220;Siz Muzaffer Tekin&#8217;in o olay\u0131 ne maksatla ger\u00e7ekle\u015ftirdi\u011fini biliyor musunuz? Muzaffer Tekin kadar d\u00fcr\u00fcst, mert, g\u00f6revini en iyi yapan cesur bir ki\u015finin niye bu olay\u0131n \u00f6nc\u00fcs\u00fc oldu\u011funu hi\u00e7 d\u00fc\u015f\u00fcnd\u00fcn\u00fcz m\u00fc? Lokanta sahiplerinin ve \u00e7al\u0131\u015fanlar\u0131n\u0131n ki\u015filiklerini hi\u00e7 mi hesaba katmad\u0131n\u0131z&#8221;? diye sordum. Bana \u015fu cevab\u0131 verdi: &#8220;Bizler, olay\u0131n saikleri ile ilgilenmeyiz. Sonuca bakar\u0131z. Benim yapt\u0131\u011f\u0131m ke\u015fifte, o lokantadan kalan en b\u00fcy\u00fck par\u00e7a, ser\u00e7e parma\u011f\u0131m kadard\u0131&#8221; dedi. &#8220;San\u0131\u011f\u0131n ki\u015fili\u011fi hakk\u0131nda s\u00f6yledikleriniz do\u011fru olabilir. Ama somut olay \u00fczerinden de\u011ferlendirme yap\u0131l\u0131r&#8221; diye a\u00e7\u0131klad\u0131.<\/em><\/div>\n<div style=\"text-align: justify;\">Yani. Askeri bir savc\u0131, kendi g\u00f6r\u00fc\u015flerine g\u00f6re, &#8220;hukukun \u00fcst\u00fcnl\u00fc\u011f\u00fcn\u00fc&#8221; korudu\u011funa inand\u0131\u011f\u0131 i\u00e7in hislerini kontrol alt\u0131na ald\u0131\u011f\u0131 izlenimini veriyordu.<\/div>\n<div style=\"text-align: justify;\">&#8220;Ergenekon&#8221; tertibini halka yutturmak i\u00e7in, askeri mahkemenin karar\u0131n\u0131 ge\u00e7erli saymayan\u00a0zevata duyurulur.<\/div>\n<p style=\"text-align: justify;\"><strong>Hukuk herkes i\u00e7in gereklidir!<\/strong><\/p>\n<p style=\"text-align: justify;\">Okul Komutan\u0131 Tu\u011fgeneral \u015e.\u00d6. Yzb. Muzaffer TEK\u0130N&#8217;in o y\u0131l m\u00fcmtazen terfi (erken terfi) s\u0131ras\u0131nda olmas\u0131na ra\u011fmen, makam\u0131n\u0131 k\u00f6t\u00fcye kullanarak Yzb. Muzaffer TEK\u0130N&#8217;e disiplin cezalar\u0131 vermi\u015ftir. Ancak T\u00fcrk Silahl\u0131 Kuvvetleri&#8217;nin t\u00fcm personelinin tabi oldu\u011fu \u0130\u00e7 Hizmet Kanunu ve \u0130\u00e7 Hizmet Y\u00f6netmeli\u011fi h\u00fck\u00fcmleri ve i\u00e7tihatlar\u0131 bu uygulamay\u0131 gayri hukuki olarak tan\u0131mlamaktad\u0131r.\u00a0Fakat maalesef\u00a0general i\u00e7in \u00f6nemli olan &#8220;amirlerinin&#8221; kendisine verdikleri yasad\u0131\u015f\u0131 da olsa emri yerine getirmek i\u015fg\u00fczarl\u0131\u011f\u0131d\u0131r. \u00c7\u00fcnk\u00fc bu i\u015fin ucunda T\u00fcmgeneralli\u011fi s\u00f6z konusudur.<\/p>\n<p style=\"text-align: justify;\">Do\u011fal olarak okul komutan\u0131 Tu\u011fgeneral \u015e.\u00d6. &#8220;sonradan g\u00f6rme&#8221; amirlerin s\u0131k\u00e7a ba\u015fvurduklar\u0131 y\u00f6ntemlerden biri olan ve bir personelin &#8220;disiplinsizlik&#8221; nedeniyle T\u00fcrk Silahl\u0131 Kuvvetleri?nden ihrac\u0131 i\u00e7in gerekli olan <strong>sicil bozdurma<\/strong> ahlaks\u0131zl\u0131\u011f\u0131na da ba\u015fvurur.<\/p>\n<p style=\"text-align: justify;\">Yzb. Muzaffer TEK\u0130N&#8217;in s\u0131ral\u0131 sicil amirlerine yasad\u0131\u015f\u0131 emir verir ve &#8220;sicilini bozun&#8221; der. Sicil bozulmal\u0131d\u0131r ki, Yzb Muzaffer TEK\u0130N en az\u0131ndan Y\u00fcksek Askeri \u015eura \u00f6n\u00fcne bir &#8220;su\u00e7lu&#8221; olarak \u00e7\u0131kabilsin.<\/p>\n<p style=\"text-align: justify;\">Tabiidir ki T\u00fcrk Silahl\u0131 Kuvvetleri&#8217;nde her kesimde oldu\u011fu oranda \u00e7\u00fcr\u00fck insan, yine her kesimde oldu\u011fu oranda da yi\u011fit insan bar\u0131nd\u0131rmaktad\u0131r.<\/p>\n<p style=\"text-align: justify;\">Bu yi\u011fit insanlardan biri de Yzb. Muzaffer TEK\u0130N&#8217;in Birinci Sicil Amiri&#8217;dir; Piyade Yarbay Feridun ELVANO\u011eLU.<\/p>\n<p style=\"text-align: justify;\">Okul komutan\u0131na, komutan\u0131n verdi\u011fi bu yasad\u0131\u015f\u0131 emir kar\u015f\u0131s\u0131nda \u015funlar\u0131 s\u00f6yler;<br \/>\n<strong><em>&#8220;Ne vicdanen, ne de hukuken hi\u00e7bir g\u00fc\u00e7 bana Yzb. Muzaffer TEK\u0130N&#8217;e &#8220;Silahl\u0131 Kuvvetlerde Kalamaz&#8221; sicili verdiremez!&#8221;<\/em><\/strong>\u00a0der ve asla &#8220;yasad\u0131\u015f\u0131&#8221; emri yerine getirmez.<\/p>\n<p style=\"text-align: justify;\">Ancak bildi\u011finiz gibi kahpelik s\u0131n\u0131r tan\u0131maz. Bu kez Okul Komutan\u0131 ve yardak\u00e7\u0131lar\u0131 bir ba\u015fka oyuna y\u00f6nelirler. Yzb. Muzaffer TEK\u0130N&#8217;i Yd.Sb.Bl.K.l\u0131\u011f\u0131&#8217;ndan, Sb.Tml.Bl.K.l\u0131\u011f\u0131na atam\u0131\u015flard\u0131r. \u00d6yleyse oradaki birinci sicil amiri devreye sokulmal\u0131d\u0131r.<\/p>\n<p style=\"text-align: justify;\">H\u00e2lbuki Yzb. Muzaffer TEK\u0130N?in Sb.Tml.Bl.K.l\u0131\u011f\u0131nda g\u00f6reve ba\u015flamas\u0131 bile m\u00fcmk\u00fcn olmam\u0131\u015ft\u0131r. \u00c7\u00fcnk\u00fc Alay Komutan\u0131 E.H. nin o\u011flu da kurstad\u0131r. O\u011ful H. de olduk\u00e7a ha\u015far\u0131d\u0131r, disiplinsizdir. Yzb. Muzaffer TEK\u0130N?in o\u011ful H. ye\u00a0g\u00f6z yummayaca\u011f\u0131 d\u00fc\u015f\u00fcn\u00fclerek bir t\u00fcrl\u00fc atand\u0131\u011f\u0131 yere g\u00f6nderilmemi\u015ftir.(<strong><em>Yzb. Muzaffer TEK\u0130N T\u00fcrk Silahl\u0131 Kuvvetleri&#8217;nde hala &#8220;kimseye ayr\u0131cal\u0131k yapmayan, kimseyi kay\u0131rmayan bir subay olarak bilinmektedir. Bu y\u00f6n\u00fc ile de hala bir sembol durumundad\u0131r.)<\/em><\/strong><\/p>\n<p style=\"text-align: justify;\">Ancak, oyun i\u00e7inde oyun devam etmektedir. Sb. Tml. Tabur Komutan\u0131 Bnb. Muammer \u00dcNAL o s\u0131rada kurstad\u0131r. Kursta olmasa o da ayn\u0131 \u015fekilde, bu yasad\u0131\u015f\u0131 emri yerine getirmeyecek kadar onurlu bir subayd\u0131r.<\/p>\n<p style=\"text-align: justify;\">Bunun \u00fczerine Tabura vek\u00e2let eden ve asli g\u00f6revi Destek K\u0131talar Komutan\u0131 olan <strong>Piyade Yarbay L.S. ye\u00a0ba\u015fvurulur.<br \/>\nBir \u015fekilde (!) bu yarbay, ?menfi sicil? vermesi konusunda raz\u0131 edilir.<\/strong><\/p>\n<p style=\"text-align: justify;\">Fakat sorunun (!) \u00e7\u00f6z\u00fcm\u00fc o kadar da kolay de\u011fildir. \u00c7\u00fcnk\u00fc Yzb. Muzaffer TEK\u0130N?e bu zat-\u0131 muhteremin sicil verebilmesi i\u00e7in mahiyetinde en az, kesintisiz \u00fc\u00e7 ay \u00e7al\u0131\u015fmas\u0131 gerekmektedir. Ama, ?ilahlar\u0131n ilah\u0131? kurban istemi\u015ftir.<\/p>\n<p style=\"text-align: justify;\">Yasan\u0131n Genelkurmay Ba\u015fkan\u0131 Org. N.\u00dc. yan\u0131nda laf\u0131 m\u0131 olur?<br \/>\n<strong>Haz\u0131rl\u0131klar, seviyesiz, \u015fahsiyetsiz ya da kumar borcu olanlar\u0131n kat\u0131l\u0131m\u0131 ile tamamlan\u0131r.<\/strong><\/p>\n<p style=\"text-align: justify;\">B\u00fct\u00fcn i\u015flemler adeta y\u0131ld\u0131r\u0131m s\u00fcrati ile tamamlan\u0131r. 18 Mart 1985 g\u00fcn\u00fc meydana gelen olay, Nisan ay\u0131 ba\u015f\u0131ndaki Y\u00fcksek Askeri \u015eura toplant\u0131s\u0131na yeti\u015ftirilir.<\/p>\n<p style=\"text-align: justify;\"><strong>H\u00e2lbuki konu Sivil Yarg\u0131?ya intikal etmi\u015ftir ve dava hen\u00fcz sonu\u00e7lanmam\u0131\u015ft\u0131r. <\/strong><\/p>\n<div style=\"text-align: justify;\"><strong>Yzb. Muzaffer TEK\u0130N ile gazinoda darp edilen\u00a0d\u00f6rt te\u011fmen Y\u00fcksek Askeri \u015eura?ya sevk edilir.<br \/>\n<\/strong><\/div>\n<p style=\"text-align: justify;\">Konu Y\u00fcksek Askeri \u015eura&#8217;n\u0131n 11 Nisan 1985 g\u00fcnl\u00fc toplant\u0131s\u0131n\u0131n da g\u00fcndemine al\u0131n\u0131r. Dosya a\u00e7\u0131l\u0131r ve Genelkurmay Ba\u015fkan\u0131 Yzb. Muzaffer TEK\u0130N ile\u00a0d\u00f6rt te\u011fmenin ordudan at\u0131lmas\u0131 i\u00e7in t\u00fcm Y\u00fcksek Askeri \u015eura \u00fcyelerine adeta talimat verir.<\/p>\n<p style=\"text-align: justify;\">Konu g\u00f6r\u00fc\u015f\u00fcl\u00fcrken Y\u00fcksek Askeri \u015eura?da Merhum Cumhurba\u015fkan\u0131 Turgut \u00d6ZAL, Ba\u015fbakan olarak bulunmaktad\u0131r.<\/p>\n<p style=\"text-align: justify;\">Elinde kalemi ile konu ile ilgili a\u00e7\u0131klamalar\u0131 can kula\u011f\u0131 ile dinlemektedir.<\/p>\n<p style=\"text-align: justify;\">Tam o s\u0131rada Orgeneral <strong>Adnan DO\u011eU<\/strong> s\u00f6z al\u0131r ve;<strong><br \/>\n<\/strong><\/p>\n<p style=\"text-align: justify;\"><strong><em>?Yzb. Muzaffer TEK\u0130N bu ordunun yeti\u015ftirdi\u011fi en se\u00e7kin subaylardand\u0131r. Onun yeti\u015ftirdi\u011fi birlikler de s\u0131ra d\u0131\u015f\u0131d\u0131r. K\u0131talarda her komutan onun e\u011fitti\u011fi personel ile \u00e7al\u0131\u015fmak i\u00e7in adeta birbirleri ile yar\u0131\u015f\u0131rlar. Dahas\u0131, Yzb. Muzaffer TEK\u0130N, Te\u011fmen r\u00fctbesinde K\u0131br\u0131s Harek\u00e2t\u0131?n\u0131n seyrini de\u011fi\u015ftiren bir subayd\u0131r. K\u0131br\u0131s?tan madalyal\u0131d\u0131r??<\/em><\/strong><\/p>\n<p style=\"text-align: justify;\"><strong>Orgeneral Adnan DO\u011eU konu\u015fmas\u0131n\u0131 s\u00fcrd\u00fcr\u00fcrken Merhum Turgut \u00d6ZAL ani bir tepki g\u00f6stererek elindeki kalemi masan\u0131n \u00fczerine f\u0131rlat\u0131r ve s\u00f6ze girer;<\/strong><\/p>\n<p style=\"text-align: justify;\"><strong><em>?Muhterem Komutanlar, bu hayati \u00f6nemi haiz bir konu. B\u00f6ylesi bir te\u011fmenin T\u00fcrk Silahl\u0131 Kuvvetleri?nden ili\u015fi\u011finin kesilmesine benim bile g\u00f6nl\u00fcm raz\u0131 de\u011fil. Konuyu iyi tetkik edip kar\u015f\u0131m\u0131za \u00f6yle getirin?<\/em><\/strong><\/p>\n<p style=\"text-align: justify;\"><strong>Ancak Genelkurmay Ba\u015fkan\u0131 Orgeneral N.\u00a0\u00dc. m\u00fcdahale ederek;<\/strong><br \/>\n<strong><span style=\"text-decoration: underline;\"><em>?Olay\u0131 bizzat ben tetkik ettim, Y\u00fczba\u015f\u0131 su\u00e7ludur?<\/em> deyince o y\u0131l daha \u00fcst makamlar\u0131 bekleyen baz\u0131 orgeneraller ak\u0131llar\u0131ndaki oylar\u0131n rengini de\u011fi\u015ftirirler ve oylama\u00a0be\u015f Orgeneral?in ?RED? karar\u0131na ra\u011fmen, Genelkurmay Ba\u015fkan\u0131?n\u0131n manevi bask\u0131s\u0131, ihsas-\u0131 reyi ile sonu\u00e7land\u0131r\u0131l\u0131r<\/span>.<\/strong><\/p>\n<p style=\"text-align: justify;\"><strong>Yzb. Muzaffer TEK\u0130N ve d\u00f6rt te\u011fmen T\u00fcrk Silahl\u0131 Kuvvetleri?nden YA\u015e karar\u0131 ile emekli edilirler.<\/strong><\/p>\n<p style=\"text-align: justify;\"><strong><span style=\"text-decoration: underline;\">Yani, Yzb. Muzaffer TEK\u0130N ve d\u00f6rt te\u011fmen, \u00e7ukur medya organlar\u0131n\u0131n iddia etti\u011fi gibi ?Disiplinsizlik ve serke\u015flikten de\u011fil; <\/span><\/strong><\/p>\n<p style=\"text-align: justify;\"><strong><span style=\"text-decoration: underline;\">Delikanl\u0131l\u0131\u011f\u0131ndan \u00f6t\u00fcr\u00fc T\u00fcrk Silahl\u0131 Kuvvetleri?nden YA\u015e karar\u0131 ile uzakla\u015ft\u0131r\u0131lm\u0131\u015ft\u0131r.<\/span><\/strong><\/p>\n<div style=\"text-align: justify;\"><strong>O g\u00fcnden bu yana\u00a0 Y\u00fcksek Askeri \u015eura&#8217;da hi\u00e7 bir\u00a0\u00a0oylama b\u00f6ylesine \u00e7eki\u015fmeli ge\u00e7memi\u015ftir. <\/strong><\/div>\n<div style=\"text-align: justify;\"><strong>Bu ilktir ve sondur!<\/strong><\/div>\n<h2 style=\"text-align: justify;\"><strong><span style=\"text-decoration: underline;\">S\u0130V\u0130L MAHKEMEN\u0130N BERAAT KARARINA KAR\u015eI, GER\u0130 D\u00d6N\u00dcLMEYEN B\u0130R YOL<\/span><\/strong><\/h2>\n<p style=\"text-align: justify;\">Sivil mahkemeye intikal etmi\u015f hukuki s\u00fcrecin sonunda ise Yzb. Muzaffer TEK\u0130N ve 11 arkada\u015f\u0131\u00a0kendisinin Y\u00fcksek Askeri \u015eura kararlar\u0131 sonucu T\u00fcrk Silahl\u0131 Kuvvetleri?nden ili\u015fi\u011finin kesilmesine neden olan bu olaydan beraat etmi\u015ftir. A\u015fa\u011f\u0131da mahkeme ve yarg\u0131tay kararlar\u0131 yer almaktad\u0131r.<img loading=\"lazy\" decoding=\"async\" class=\"aligncenter\" title=\"MT 101\" src=\"http:\/\/www.muzaffertekin.com.tr\/wp-content\/uploads\/2011\/03\/MT-101-744x1024.jpg\" alt=\"\" width=\"744\" height=\"1024\" \/><\/p>\n<p style=\"text-align: justify;\"><strong><img loading=\"lazy\" decoding=\"async\" title=\"MT 102\" src=\"http:\/\/www.muzaffertekin.com.tr\/wp-content\/uploads\/2011\/03\/MT-102-744x1024.jpg\" alt=\"\" width=\"744\" height=\"1024\" \/><\/strong><\/p>\n<p style=\"text-align: justify;\"><strong><img loading=\"lazy\" decoding=\"async\" class=\"aligncenter\" title=\"MT 103\" src=\"http:\/\/www.muzaffertekin.com.tr\/wp-content\/uploads\/2011\/03\/MT-103-744x1024.jpg\" alt=\"\" width=\"744\" height=\"1024\" \/><\/strong><\/p>\n<p style=\"text-align: justify;\">\u0130lerleyen g\u00fcnlerde, Muzaffer Tekin\u00a0tan\u0131nm\u0131\u015f hukuk\u00e7ulardan olan Avukat Burhan Apayd\u0131n ile biraraya gelir. Apayd\u0131n,\u00a0dava dosyas\u0131n\u0131 inceledikten sonra bu y\u0131l\u0131n davas\u0131 olacak\u00a0der\u00a0ve evraklar\u0131 elinde sallayarak ben bu kuvveti b\u00f6yle sallayaca\u011f\u0131m, gerekirse Avrupa \u0130nsan Haklar\u0131 Mahkemesine g\u00f6t\u00fcrerek bu olay\u0131 \u00e7\u00f6zece\u011fim ve b\u00fct\u00fcn haklar\u0131n\u0131 alaca\u011f\u0131m \u015feklinde bir beyanda\u00a0bulununca Muzaffer Tekin tecr\u00fcbeli hukuk\u00e7uya \u015fu cevab\u0131 verir;<\/p>\n<p style=\"text-align: justify;\"><strong><em>&#8220;Ben bir araca bindim, ara\u00e7 hedefe giderken yolda lasti\u011fi patlad\u0131. Ama\u00e7 \u00fclkeye hizmet etmek,\u00a0seferberlik oldu\u011fu zamanda biz g\u00f6revimize talip oluruz ben kendi\u00a0 \u015fahsi olay\u0131mla ilgili Silahl\u0131 Kuvvetlerin manevi \u015fahsiyetini tahkir ettirmem!&#8221; <\/em><\/strong><\/p>\n<p style=\"text-align: justify;\">Mesle\u011finin en verimli zaman\u0131nda kurban edilen Muzaffer Tekin, ayr\u0131ld\u0131\u011f\u0131 kuruma kar\u015f\u0131 en az g\u00f6revdeki bir\u00a0subay kadar\u00a0vefa sadakat ve muhabbet duygular\u0131 beslemi\u015ftir. Buna mukabil kurum i\u00e7erisinde bir muvazzaf subay\u0131n dahi nadir g\u00f6rebilece\u011fi sayg\u0131, sevgi ve ilgiye mazhar olmu\u015ftur.<\/p>\n<p style=\"text-align: justify;\">Askerlikle \u00f6ylesine \u00f6zde\u015fle\u015ftirilmi\u015ftir ki\u00a0ba\u015f\u0131na gelen\u00a0\u00a0bu ayr\u0131l\u0131ktan sonra\u00a0kendisini tan\u0131yanlar da bu duruma dayanamayaca\u011f\u0131, ya\u015fayamayaca\u011f\u0131 d\u00fc\u015f\u00fcncesi\u00a0 hakimdir.\u00a0 Bu yersiz\u00a0 bir d\u00fc\u015f\u00fcnce de de\u011fildir.<\/p>\n<p style=\"text-align: justify;\">Bir g\u00fcnde giydirildi\u011fi sivil elbiseye\u00a0al\u0131\u015famam\u0131\u015ft\u0131r hi\u00e7 bir zaman.<\/p>\n<p style=\"text-align: justify;\">O a\u011flaya a\u011flaya ay\u0131r\u0131ld\u0131\u011f\u0131 asker oca\u011f\u0131ndan asl\u0131nda zahirde ayr\u0131d\u0131r.<\/p>\n<p style=\"text-align: justify;\">Y\u00fcre\u011fi, her dem\u00a0k\u0131tadad\u0131r, muharebe meydan\u0131ndad\u0131r. Muzaffer Tekin her gece d\u00fc\u015f\u00fcn de, tepeler almadad\u0131r!<\/p>\n<p style=\"text-align: justify;\"><strong><em>&#8220;Baz\u0131lar\u0131 makamlar\u0131n\u0131 aile \u015ferefleri ile \u015fereflendirirler, baz\u0131lar\u0131 da makamlar\u0131ndan \u015fereflenirler. Makamlar\u0131ndan \u015feref alanlar sonradan g\u00f6rmeler, makamlar\u0131na aile \u015fereflerini ta\u015f\u0131yanlar k\u00f6kten g\u00f6rmelerdir&#8221;<\/em> <\/strong>tespitlerinin hakl\u0131l\u0131\u011f\u0131 bu olayda bir kez daha kan\u0131tlanm\u0131\u015ft\u0131r.<\/p>\n<h3 style=\"text-align: justify;\"><strong>Bir yanda\u00a0y\u00fczlerce te\u011fmenin g\u00f6z g\u00f6re g\u00f6re ve haks\u0131z yere bi\u00e7ilmesine m\u00fcsaade etmedi\u011fi i\u00e7in kendini feda eden onurlu bir Y\u00fczba\u015f\u0131 Muzaffer TEK\u0130N, di\u011fer tarafta Cumhurba\u015fkanl\u0131\u011f\u0131 hayaline kap\u0131lm\u0131\u015f, y\u00fczlerce te\u011fmenin gelece\u011fini \u00e7\u00f6pe atabilecek tiynette bir genelkurmay ba\u015fkan\u0131 ve onlara yaranmaya \u00e7al\u0131\u015fan, \u015fereflenecekleri makam d\u00fc\u015fk\u00fcn\u00fc r\u00fctbe budalalar\u0131?<\/strong><\/h3>\n<h3 style=\"text-align: justify;\"><strong><em>E.Y\u00fczba\u015f\u0131 Muzaffer TEK\u0130N bir gazidir.<br \/>\nE.Y\u00fczba\u015f\u0131 Muzaffer TEK\u0130N, i\u015fini namusu kabul etmi\u015f, ME\u00c7HUL ASKERLERDEN biridir.<\/em><\/strong><\/h3>\n<h2 style=\"text-align: justify;\"><span style=\"text-decoration: underline;\"><strong>\u0130T\u0130RAFLAR<\/strong><\/span><\/h2>\n<p style=\"text-align: justify;\"><strong>H.\u015e. ve B. Sahibi A.A.?n\u0131n \u015fahitli\u011fi: <\/strong><\/p>\n<p style=\"text-align: justify;\"><em>?E.Yzb. Muzaffer TEK\u0130N ile E.Org. N.\u00dc. sahibi oldu\u011fum \u015firketin tertip etti\u011fi bir a\u00e7\u0131l\u0131\u015fta kar\u015f\u0131 kar\u015f\u0131ya geldiler. E.Yzb. TEK\u0130N, E.Org. N.\u00dc. y\u00fc\u00a0fark edince yan\u0131na gitti, sayg\u0131 ve muhabbetle kendisini tan\u0131tt\u0131. Ba\u015fkaca bir \u015fey s\u00f6ylemedi. Yzb. Muzaffer TEK\u0130N ismi E.Org. N.\u00dc. n\u00fcn beyninde \u00f6yle bir yer edinmi\u015f ki k\u0131sa s\u00fcrede Yzb. TEK\u0130N?in kim oldu\u011funu hat\u0131rlad\u0131 ve E.Yzb. TEK\u0130N?e herkesin de duyabilece\u011fi kadar bir ses d\u00fczeyi ile;<\/em><\/p>\n<p style=\"text-align: justify;\"><strong><em>?Evlad\u0131m, senin olay\u0131n\u0131 hat\u0131rl\u0131yorum. O d\u00f6nemde bana \u00f6ylesine yanl\u0131 ve k\u0131s\u0131tl\u0131 bilgiler geldi ki konuyu tam olarak anlayamad\u0131m ve kavrayamad\u0131m. Senin emeklili\u011fin konusundaki \u0131srar\u0131m ve elde etti\u011fim sonu\u00e7 askerlik hayat\u0131m boyunca yapt\u0131\u011f\u0131m en b\u00fcy\u00fck hatad\u0131r. \u0130yi ki seni g\u00f6rd\u00fcm ve bu itiraf\u0131m\u0131 birka\u00e7 ki\u015finin huzurunda da olsa sana kar\u015f\u0131 yapabildim??<\/em> demi\u015ftir. <\/strong><\/p>\n<p style=\"text-align: justify;\"><em>Daha sonra sarf etti\u011fi s\u00f6zleri bir E.Orgeneral?in dahas\u0131 bir emekli genelkurmay ba\u015fkan\u0131n\u0131n d\u00fc\u015ft\u00fc\u011f\u00fc durumu afi\u015fe etmemek i\u00e7in s\u00f6ylemek istemiyorum. \u00c7\u00fcnk\u00fc \u00f6ylesi bir stat\u00fcye eri\u015fmi\u015f bir ki\u015finin, o g\u00fcnlerde mahiyeti olan bir ki\u015fi kar\u015f\u0131s\u0131nda bu itiraflarda bulunmas\u0131 ve pi\u015fmanl\u0131\u011f\u0131n\u0131 dile getirmesi bizim \u00fclkemizde s\u0131k\u00e7a ya\u015fanan bir durum de\u011fildir.?<\/em><\/p>\n<p style=\"text-align: justify;\">Bir di\u011fer itiraf da, H\u00e2kim Albay Nihat G\u00dcNER?in 1nci Ordu Askeri Mahkemesi?nde yarg\u0131lama esnas\u0131nda sarf etti\u011fi, kay\u0131tlara ge\u00e7meyen ancak izleyici bir ki\u015fi taraf\u0131ndan al\u0131nan bir nottan. <em>(Bu notu alan \u015fu anda \u00fcst d\u00fczeyde bir generaldir)<\/em> H\u00e2kim Albay G\u00dcNER herkesin huzurunda Yzb. Muzaffer TEK\u0130N?e s\u00f6yl\u00fcyor;<\/p>\n<p style=\"text-align: justify;\"><strong> <em>?Y\u00fczba\u015f\u0131m, ben askerlik hayat\u0131mda y\u00fczba\u015f\u0131 r\u00fctbesine kadar bu kadar ba\u015far\u0131l\u0131 bir ba\u015fka safahat g\u00f6rmedim. Sizin kar\u015f\u0131mda san\u0131k durumunda olman\u0131z beni \u00e7ok \u00fcz\u00fcyor ama biliyorum ki sizin gibi bir subay b\u00fct\u00fcn sorular\u0131ma do\u011fru cevaplar\u0131 verecek ve itidalini asla kaybetmeyecektir?<\/em><\/strong><\/p>\n<p style=\"text-align: justify;\">Yine vefas\u0131ndan bir \u015fey yitirmemi\u015f bir T\u00fcrk Subay\u0131 olarak E.Yzb. Muzaffer TEK\u0130N, sivil elbiseleri ile Hakim Albay Nihat G\u00dcNER?i ziyaret eder. Albay Nihat G\u00dcNER;<\/p>\n<div style=\"text-align: justify;\"><strong><em>?O\u011flum huzura dimdik geldin, dimdik gittin. \u015eunu a\u00e7\u0131k\u00e7a s\u00f6ylemeliyim ki davan s\u00fcresince sana \u015fahsen bir muhabbet duymad\u0131m de\u011fil. Fakat bu \u015fahsi duygular\u0131m benim hi\u00e7 bir zaman g\u00f6revimi engellemez. Zira ben sorumluluk sahibi \u015ferefli bir T\u00fcrk Subay\u0131?y\u0131m. Beni de ancak senin gibi sorumluluk sahibi, \u015ferefli bir T\u00fcrk Subay\u0131 anlayabilir. Ben 1980?li y\u0131llarda, a\u011flaya a\u011flaya, g\u00f6zya\u015flar\u0131m\u0131 i\u00e7ime ak\u0131ta ak\u0131ta y\u00fczlerce subay\u0131 ordudan uzakla\u015ft\u0131rd\u0131m. Kar\u015f\u0131ma pek \u00e7ok san\u0131k \u00e7\u0131kt\u0131 bu g\u00fcne kadar ben diyeyim y\u00fcz, sen de bin? \u00c7ok az\u0131 senin kadar vakur, ba\u015f\u0131 dik ve ne yapt\u0131\u011f\u0131n\u0131n fark\u0131nda olarak mahkemeyi terk edebildi. Sen, hukukun de\u011fil, hukuksuzlu\u011fun gadrine u\u011frad\u0131n??<\/em><\/strong><\/div>\n<div style=\"text-align: justify;\">Ayr\u0131 bir \u00f6rnekte \u00fcste\u011fmen Kurdo\u011flundan; Okul Komutan\u0131 General \u015e.\u00d6. Yzb. Muzaffer TEK\u0130N?in o g\u00fcnk\u00fc n\u00f6bet\u00e7i heyetinde bulunan Piyade \u00dcste\u011fmen Talat KURDO\u011eLU?nu odas\u0131na \u00e7a\u011f\u0131r\u0131p TEHD\u0130T ediyor. Yzb. Muzaffer TEK\u0130N?in aleyhinde uydurma da olsa bir \u015feyler elde etmek i\u00e7in stat\u00fcs\u00fcn\u00fc ve rol\u00fcn\u00fc kullanmaktan ka\u00e7\u0131nm\u0131yor. P.\u00dct\u011fm. Talat KURDO\u011eLU?na;<\/div>\n<div style=\"text-align: justify;\"><strong><em><\/em><em>?Onun n\u00f6betinde ondan habersiz ku\u015f u\u00e7maz, yaprak k\u0131p\u0131rdayamaz. Bu olay\u0131 bizzat ondan ba\u015fkas\u0131 yapm\u0131\u015f olamaz. Bu olaylar\u0131n as\u0131l sorumlusu odur. Sizler benim belirtti\u011fim bu do\u011frular\u0131 s\u00f6ylemezseniz sizin de defterinizi d\u00fcrece\u011fim, sizleri emekli edece\u011fim.?<\/em><\/strong><\/div>\n<h2 style=\"text-align: justify;\"><span style=\"text-decoration: underline;\"><strong>\u0130BRETLER, \u0130BRET ALAB\u0130LENLERE<\/strong><\/span><\/h2>\n<div style=\"text-align: justify;\"><strong>Bu s\u00fcre\u00e7te rol alanlardan;<\/strong><\/div>\n<p style=\"text-align: justify;\"><strong>?Yzb. Muzaffer TEK\u0130N?e ?yasad\u0131\u015f\u0131 emir? ile OLUMSUZ sicil veren Piyade Yarbay L.S.; ahlaks\u0131zca ve haks\u0131z yere sicil d\u00fczenledikten yakla\u015f\u0131k 6,5 ay sonra y\u00fcz k\u0131zart\u0131c\u0131 bir ili\u015fki esnas\u0131nda yakalanm\u0131\u015ft\u0131r.<\/strong><\/p>\n<p style=\"text-align: justify;\"><strong>?Me\u015fhur Okul Komutan\u0131, Genelkurmay Ba\u015fkan\u0131?n\u0131n ?yasad\u0131\u015f\u0131? emirlerini yerine getirdi\u011fi i\u00e7in \u00e7ok sevilmi\u015f (!), bir ba\u015fka birli\u011fe tayin edilmi\u015f, gitti\u011fi birlikte kayak yaparken d\u00fc\u015f\u00fcp kal\u00e7a kemi\u011fini k\u0131rm\u0131\u015f,\u00a0\u00a0 d\u00fczelme imk\u00e2n\u0131 olmad\u0131\u011f\u0131ndan emekli edilmi\u015ftir.<\/strong><\/p>\n<p style=\"text-align: justify;\"><strong>?Org. N.\u00dc. olaydan 6,5 ay sonra 42 ya\u015f\u0131ndaki o\u011flunu ?kalp krizi? neticesinde yitirmi\u015ftir.<\/strong><\/p>\n<p style=\"text-align: justify;\"><strong>? Alay Komutan\u0131 E.H. nin\u00a0o\u011flu \u00dcste\u011fmen olduktan k\u0131sa bir sure sonra ?habercisi? (postas\u0131) taraf\u0131ndan \u00f6ld\u00fcr\u00fclm\u00fc\u015ft\u00fcr.<\/strong><\/p>\n<h1 style=\"text-align: center;\"><strong>?\u00a0\u00a0\u00a0\u00a0 ?\u00a0\u00a0\u00a0\u00a0 ? <\/strong><\/h1>\n<h2 style=\"text-align: justify;\"><span style=\"text-decoration: underline;\"><strong>YEDEKSUBAY \u00d6\u011eRENC\u0130S\u0130 N.O. NUN MUZAFFER TEK\u0130N&#8217;E \u0130THAFEN YAZMI\u015e OLDU\u011eU \u015e\u0130\u0130R\u0130<\/strong><\/span><\/h2>\n<h2 style=\"text-align: justify;\"><\/h2>\n<p style=\"text-align: justify;\"><em>A\u015fa\u011f\u0131daki\u00a0\u015fiiri, unutulmaz insan, dost komutan; P.\u00d6nYzb. Muzaffer Tekin&#8217;e olan i\u00e7ten sevgi ve sayg\u0131 duygular\u0131 ile yazd\u0131m.<\/em><\/p>\n<p style=\"text-align: justify;\"><em>\u0130nan, Y\u00fczba\u015f\u0131 Tekin sen bizim g\u00f6nl\u00fcm\u00fczde her zaman generaldin. Bunu \u00f6v\u00fcnerek yaz\u0131yorum. Komando camias\u0131n\u0131n pir&#8217;i Tu\u011fgeneral \u015eadi \u00c7etinkaya, \u00fc\u00e7 alay komutan\u0131 yan\u0131n da, sizin selam\u0131n\u0131z\u0131 iletip elini \u00f6p\u00fcnce, isminizi duyar duymaz aya\u011fa kalkt\u0131 ve bana selam durdu, yan\u0131n da bulunan albaylar da ayakta onu selamlad\u0131, g\u00f6zleri ya\u015fl\u0131 a\u011flayarak \u015f\u00f6yle dedi; <\/em><\/p>\n<p style=\"text-align: justify;\"><em><strong>&#8220;Arkada\u015flar T\u00fcrkiye&#8217;nin, Atat\u00fcrk hari\u00e7 \u00a0gelmi\u015f ge\u00e7mi\u015f ilk on subay\u0131n dan biridir! <\/strong><\/em><\/p>\n<p style=\"text-align: justify;\"><em><strong>Yediler&#8230;!!! y\u00fczba\u015f\u0131&#8217;y\u0131&#8221;<\/strong> <\/em><\/p>\n<p style=\"text-align: justify;\"><em>Ben bu olay\u0131n bizzat canl\u0131 \u015fahidiyim. <\/em><\/p>\n<p style=\"text-align: justify;\"><em>N.O.<\/em><\/p>\n<h2 style=\"text-align: justify;\"><\/h2>\n<h2 style=\"text-align: center;\"><strong>Seksend\u00f6rt&#8217;\u00fcn k\u0131\u015f ay\u0131n\u0131<\/strong><\/h2>\n<h2 style=\"text-align: center;\"><strong>Tuzla asker oca\u011f\u0131n\u0131<\/strong><\/h2>\n<h2 style=\"text-align: center;\"><strong>Ya\u015f\u0131n verimli \u00e7a\u011f\u0131n\u0131<\/strong><\/h2>\n<h2 style=\"text-align: center;\"><strong> \u00d6zledim be Muzaffer&#8217;im<\/strong><\/h2>\n<h2 style=\"text-align: center;\">&amp;<\/h2>\n<h2 style=\"text-align: center;\">\u00a0<strong>Seni delice \u00f6zledim<\/strong><\/h2>\n<h2 style=\"text-align: center;\"><strong>Yollar\u0131n\u0131 \u00e7ok g\u00f6zledim<\/strong><\/h2>\n<h2 style=\"text-align: center;\"><strong>Bekledim de gelmedin<\/strong><\/h2>\n<h2 style=\"text-align: center;\"><strong>\u00d6zledim be Muzaffer&#8217;im<\/strong><\/h2>\n<h2 style=\"text-align: center;\"><strong>&amp;<\/strong><\/h2>\n<h2 style=\"text-align: center;\"><strong>Sar\u0131 sa\u00e7\u0131n, kahve g\u00f6z\u00fcn<\/strong><\/h2>\n<h2 style=\"text-align: center;\"><strong>Mert&#8217;e mertti senin s\u00f6z\u00fcn<\/strong><\/h2>\n<h2 style=\"text-align: center;\"><strong>Taht&#8217;\u0131 oldun g\u00f6nl\u00fcm\u00fcz\u00fcn<\/strong><\/h2>\n<h2 style=\"text-align: center;\"><strong>\u00d6zledim be Muzaffer&#8217;im<\/strong><\/h2>\n<h2 style=\"text-align: center;\"><strong>&amp;<\/strong><\/h2>\n<h2 style=\"text-align: center;\">\u00a0<strong>Son d\u00f6nemin askeriyim<\/strong><\/h2>\n<h2 style=\"text-align: center;\"><strong>Muzaffer&#8217;in neferiyim<\/strong><\/h2>\n<h2 style=\"text-align: center;\"><strong>Sanki burada seferiyim<\/strong><\/h2>\n<h2 style=\"text-align: center;\"><strong>\u00d6zledim be Muzaffer&#8217;im<\/strong><\/h2>\n<h2 style=\"text-align: center;\"><strong>&amp;<\/strong><\/h2>\n<h2 style=\"text-align: center;\">\u00a0<strong>V\u00fccut, \u015fekil verdin bize<\/strong><\/h2>\n<h2 style=\"text-align: center;\"><strong>\u00d6m\u00fcr katt\u0131n \u00f6mr\u00fcm\u00fcze<\/strong><\/h2>\n<h2 style=\"text-align: center;\"><strong>\u00d6rnek oldun hepimize<\/strong><\/h2>\n<h2 style=\"text-align: center;\"><strong>\u00d6zledim be Muzaffer&#8217;im<\/strong><\/h2>\n<h2 style=\"text-align: center;\"><strong>&amp;<\/strong><\/h2>\n<h2 style=\"text-align: center;\"><strong>Herkesten a\u00e7\u0131kt\u0131 fark\u0131n<\/strong><\/h2>\n<h2 style=\"text-align: center;\"><strong>\u00c7arpt\u0131 felek durdu \u00e7ark&#8217;\u0131n<\/strong><\/h2>\n<h2 style=\"text-align: center;\"><strong>\u0130mtihan\u0131 bunlar hakk&#8217;\u0131n<\/strong><\/h2>\n<h2 style=\"text-align: center;\"><strong>\u00d6zledim be Muzaffer&#8217;im<\/strong><\/h2>\n<h2 style=\"text-align: center;\"><strong>&amp;<\/strong><\/h2>\n<h2 style=\"text-align: center;\"><strong>D\u00f6rt te\u011fmen yara ald\u0131 diye<\/strong><\/h2>\n<h2 style=\"text-align: center;\"><strong>Oldun kurt&#8217;lara hediye<\/strong><\/h2>\n<h2 style=\"text-align: center;\"><strong>Durmad\u0131lar bir saniye<\/strong><\/h2>\n<h2 style=\"text-align: center;\"><strong>\u00d6zledim be Muzaffer&#8217;im<\/strong><\/h2>\n<h2 style=\"text-align: center;\"><strong>&amp;<\/strong><\/h2>\n<h2 style=\"text-align: center;\"><strong>Asker varsa, vard\u0131 Tuzla<\/strong><\/h2>\n<h2 style=\"text-align: center;\"><strong>Etmeyelim s\u00f6z\u00fc fazla<\/strong><\/h2>\n<h2 style=\"text-align: center;\"><strong>Bu i\u015f olmazd\u0131 ikazla<\/strong><\/h2>\n<h2 style=\"text-align: center;\"><strong>\u00d6zledim be Muzaffer&#8217;im<\/strong><\/h2>\n<h2 style=\"text-align: center;\"><strong>&amp;<\/strong><\/h2>\n<h2 style=\"text-align: center;\"><strong>Sen davanda hakl\u0131s\u0131n<\/strong><\/h2>\n<h2 style=\"text-align: center;\"><strong>\u00c7\u0131narlar kadar k\u00f6kl\u00fcs\u00fcn<\/strong><\/h2>\n<h2 style=\"text-align: center;\"><strong>Hak vermeyen halt yesin<\/strong><\/h2>\n<h2 style=\"text-align: center;\"><strong>\u00d6zledim be Muzaffer&#8217;im<\/strong><\/h2>\n<h2 style=\"text-align: center;\"><strong>&amp;<\/strong><\/h2>\n<h2 style=\"text-align: center;\"><strong>D\u00f6rty\u00fcz te\u011fmen bayrak a\u00e7t\u0131<\/strong><\/h2>\n<h2 style=\"text-align: center;\"><strong>Muzaffer&#8217;le bayrakla\u015ft\u0131<\/strong><\/h2>\n<h2 style=\"text-align: center;\"><strong>\u00d6l\u00fcm\u00fcne kucakla\u015ft\u0131<\/strong><\/h2>\n<h2 style=\"text-align: center;\"><strong>\u00d6zledim be Muzaffer&#8217;im<\/strong><\/h2>\n<h2 style=\"text-align: center;\"><strong>&amp;<\/strong><\/h2>\n<h2 style=\"text-align: center;\"><strong>Ya\u015fanmad\u0131 b\u00f6yle sevgi<\/strong><\/h2>\n<h2 style=\"text-align: center;\"><strong>Yazmazd\u0131 gazte dergi<\/strong><\/h2>\n<h2 style=\"text-align: center;\"><strong>Bu sana Allah&#8217;tan vergi<\/strong><\/h2>\n<h2 style=\"text-align: center;\"><strong>\u00d6zledim be Muzaffer&#8221;im<\/strong><\/h2>\n<h2 style=\"text-align: center;\"><strong>&amp;<\/strong><\/h2>\n<h2 style=\"text-align: center;\"><strong>\u015e.\u00d6 Pa\u015fa, E.H Albay<\/strong><\/h2>\n<h2 style=\"text-align: center;\"><strong>Aya\u011f\u0131na olmaz postal<\/strong><\/h2>\n<h2 style=\"text-align: center;\"><strong>Sen ger\u00e7eksin, onlar pastel<\/strong><\/h2>\n<h2 style=\"text-align: center;\"><strong>\u00d6zledim be Muzaffer&#8217;im<\/strong><\/h2>\n<h2 style=\"text-align: center;\"><strong>&amp;<\/strong><\/h2>\n<h2 style=\"text-align: center;\"><strong>Tarih bunlar\u0131 yazacak<\/strong><\/h2>\n<h2 style=\"text-align: center;\"><strong>Ah&#8217;lar yerde kalmayacak<\/strong><\/h2>\n<h2 style=\"text-align: center;\"><strong>Selam olsun kucak kucak<\/strong><\/h2>\n<h2 style=\"text-align: center;\"><strong>\u00d6zledim be Muzaffer&#8217;im<\/strong><\/h2>\n<h2 style=\"text-align: center;\"><strong>&amp;<\/strong><\/h2>\n<h2 style=\"text-align: center;\"><strong>Sen Tuzla&#8217;ya damga vurdun<\/strong><\/h2>\n<h2 style=\"text-align: center;\"><strong>G\u00f6n\u00fcller de tahtlar kurdun<\/strong><\/h2>\n<h2 style=\"text-align: center;\"><strong>Bizi de yakt\u0131n kavurdun<\/strong><\/h2>\n<h2 style=\"text-align: center;\"><strong>\u00d6zledim be Muzaffer&#8217;im<\/strong><\/h2>\n<h2 style=\"text-align: center;\"><strong>&amp;<\/strong><\/h2>\n<h2 style=\"text-align: center;\"><strong>Canavarla nam sald\u0131n sen<\/strong><\/h2>\n<h2 style=\"text-align: center;\"><strong>Tam bir asker, hamald\u0131n sen<\/strong><\/h2>\n<h2 style=\"text-align: center;\"><strong>Kola\u011fas\u0131 Kemal&#8217;din sen<\/strong><\/h2>\n<h2 style=\"text-align: center;\"><strong>\u00c7ok \u00f6zledim Muzaffer&#8217;im<\/strong><\/h2>\n<h2 style=\"text-align: center;\"><strong>&amp;<\/strong><\/h2>\n<h2 style=\"text-align: center;\"><strong>Tebess\u00fcm d\u00fc hep g\u00fcl\u00fc\u015f\u00fcn<\/strong><\/h2>\n<h2 style=\"text-align: center;\"><strong>Tam isabetti g\u00f6r\u00fc\u015f\u00fcn<\/strong><\/h2>\n<h2 style=\"text-align: center;\"><strong>Atat\u00fcrk&#8217;t\u00fc y\u00fcr\u00fcy\u00fc\u015f\u00fcn<\/strong><\/h2>\n<h2 style=\"text-align: center;\"><strong>\u00c7ok \u00f6zledim Muzaffer&#8217;im<\/strong><\/h2>\n<h2 style=\"text-align: center;\"><strong>&amp;<\/strong><\/h2>\n<h2 style=\"text-align: center;\"><strong>General \u015eadi senin i\u00e7in<\/strong><\/h2>\n<h2 style=\"text-align: center;\"><strong>G\u00f6rd\u00fcm, inler i\u00e7in i\u00e7in<\/strong><\/h2>\n<h2 style=\"text-align: center;\"><strong>Ya\u015f ak\u0131tt\u0131 sicim sicim<\/strong><\/h2>\n<h2 style=\"text-align: center;\"><strong>\u00c7ok \u00f6zledim Muzaffer&#8217;im<\/strong><\/h2>\n<h2 style=\"text-align: center;\"><strong>&amp;<\/strong><\/h2>\n<h2 style=\"text-align: center;\"><strong>Girerdi koluna \u00fcst&#8217;\u00fcn<\/strong><\/h2>\n<h2 style=\"text-align: center;\"><strong>\u00c7\u00fcnk\u00fc bilgin ondan \u00fcst\u00fcn<\/strong><\/h2>\n<h2 style=\"text-align: center;\"><strong>Dikilse yeridir b\u00fcst&#8217;\u00fcn<\/strong><\/h2>\n<h2 style=\"text-align: center;\"><strong>\u00d6zledim be Muzaffer&#8217;im<\/strong><\/h2>\n<h2 style=\"text-align: center;\"><strong>&amp;<\/strong><\/h2>\n<h2 style=\"text-align: center;\"><strong>Kula\u011f\u0131mda kutlu sesin<\/strong><\/h2>\n<h2 style=\"text-align: center;\"><strong>Eksilmesin, hep g\u00fcrlesin<\/strong><\/h2>\n<h2 style=\"text-align: center;\"><strong>Unutmad\u0131m sen nerdesin<\/strong><\/h2>\n<h2 style=\"text-align: center;\"><strong>\u00d6zledim be Muzaffer&#8217;im<\/strong><\/h2>\n<h2 style=\"text-align: center;\"><strong>&amp;<\/strong><\/h2>\n<h2 style=\"text-align: center;\"><strong>Minettard\u0131r vatan sana<\/strong><\/h2>\n<h2 style=\"text-align: center;\"><strong>M\u00fcte\u015fekkir; yatan, sana<\/strong><\/h2>\n<h2 style=\"text-align: center;\"><strong>Yaz\u0131landan anlasana<\/strong><\/h2>\n<h2 style=\"text-align: center;\"><strong>\u00d6zledim be Muzaffer&#8217;im<\/strong><\/h2>\n<h2 style=\"text-align: center;\"><strong>&amp;<\/strong><\/h2>\n<h2 style=\"text-align: center;\"><strong>Seni do\u011furan ana&#8217;y\u0131<\/strong><\/h2>\n<h2 style=\"text-align: center;\"><strong>Muhte\u015fem Raci baba&#8217;y\u0131<\/strong><\/h2>\n<h2 style=\"text-align: center;\"><strong>Senin gibi mert bala&#8217;y\u0131<\/strong><\/h2>\n<h2 style=\"text-align: center;\"><strong>\u00d6zledim be Muzaffer&#8217;im<\/strong><\/h2>\n<h2 style=\"text-align: center;\"><strong>&amp;<\/strong><\/h2>\n<h2 style=\"text-align: center;\"><strong>Cennet olsun yatt\u0131klar\u0131<\/strong><\/h2>\n<h2 style=\"text-align: center;\"><strong>M\u00fckafatt\u0131r yapt\u0131klar\u0131<\/strong><\/h2>\n<h2 style=\"text-align: center;\"><strong>\u00c7\u00fcnk\u00fc Allah, tapt\u0131klar\u0131<\/strong><\/h2>\n<h2 style=\"text-align: center;\"><strong>Duac\u0131y\u0131m Muzaffer&#8217;im<\/strong><\/h2>\n<h2 style=\"text-align: center;\"><strong>&amp;<\/strong><\/h2>\n<h2 style=\"text-align: center;\"><strong>Evlerin de yatt\u0131m ya ben<\/strong><\/h2>\n<h2 style=\"text-align: center;\"><strong>Ellerini \u00f6pt\u00fcm ya ben<\/strong><\/h2>\n<h2 style=\"text-align: center;\"><strong>Nas\u0131l mutluyum, bir bilsen<\/strong><\/h2>\n<h2 style=\"text-align: center;\"><strong>\u00dcz\u00fclme be Muzaffer&#8217;im<\/strong><\/h2>\n<h2 style=\"text-align: center;\"><strong>&amp;<\/strong><\/h2>\n<h2 style=\"text-align: center;\"><strong>Her derste mutlaka sen vars\u0131n<\/strong><\/h2>\n<h2 style=\"text-align: center;\"><strong>Anlat, anlat sen s\u0131\u011fmazs\u0131n<\/strong><\/h2>\n<h2 style=\"text-align: center;\"><strong>\u00d6\u011frencime yadigars\u0131n<\/strong><\/h2>\n<h2 style=\"text-align: center;\"><strong>\u00d6zledim be Muzaffer&#8217;im<\/strong><\/h2>\n<h2 style=\"text-align: center;\"><strong>&amp;<\/strong><\/h2>\n<h2 style=\"text-align: center;\"><strong>Yirmi k\u00fcs\u00fcr sene yazd\u0131m<\/strong><\/h2>\n<h2 style=\"text-align: center;\"><strong>G\u00f6n\u00fcllerde seni kazd\u0131m<\/strong><\/h2>\n<h2 style=\"text-align: center;\"><strong>Yoksa \u015fair olamazd\u0131m<\/strong><\/h2>\n<h2 style=\"text-align: center;\"><strong>\u00d6zledim be Muzaffer&#8217;im<\/strong><\/h2>\n<h2 style=\"text-align: center;\"><strong>&amp;<\/strong><\/h2>\n<h2 style=\"text-align: center;\"><strong>\u0130nan destan yazsam bitmez<\/strong><\/h2>\n<h2 style=\"text-align: center;\"><strong>Bu hasretlik b\u00f6yle gitmez<\/strong><\/h2>\n<h2 style=\"text-align: center;\"><strong>Ben ne desem \u00e7are etmez<\/strong><\/h2>\n<h2 style=\"text-align: center;\"><strong>\u00d6zledim be Muzaffer&#8217;im<\/strong><\/h2>\n<h2 style=\"text-align: center;\"><strong>&amp;<\/strong><\/h2>\n<h2 style=\"text-align: center;\"><strong>\u00d6vg\u00fclere sen de\u011fersin<\/strong><\/h2>\n<h2 style=\"text-align: center;\"><strong>Ya\u011f \u00e7ekene, Allah versin<\/strong><\/h2>\n<h2 style=\"text-align: center;\"><strong>Yalan diyen bize gelsin<\/strong><\/h2>\n<h2 style=\"text-align: center;\"><strong>\u00d6zledim be Muzaffer&#8217;im<\/strong><\/h2>\n<h2 style=\"text-align: center;\"><strong>&amp;<\/strong><\/h2>\n<h2 style=\"text-align: center;\"><strong>Dinleyenler emin olsun<\/strong><\/h2>\n<h2 style=\"text-align: center;\"><strong>Asl\u0131 budur yemin olsun<\/strong><\/h2>\n<h2 style=\"text-align: center;\"><strong>Kefen, toprak benim olsun<\/strong><\/h2>\n<h2 style=\"text-align: center;\"><strong>\u00c7ok \u00f6zledim Muzaffer&#8217;im<\/strong><\/h2>\n<h2 style=\"text-align: center;\"><strong>&amp;<\/strong><\/h2>\n<h2 style=\"text-align: center;\"><strong>N&#8230; der yeter gayri<\/strong><\/h2>\n<h2 style=\"text-align: center;\"><strong>Yaza yaza oldum sayri<\/strong><\/h2>\n<h2 style=\"text-align: center;\"><strong>\u0130kimiz de d\u00fc\u015ft\u00fck ayr\u0131<\/strong><\/h2>\n<h2 style=\"text-align: center;\"><strong>\u00d6zledim be Muzaffer&#8217;im<\/strong><\/h2>\n","protected":false},"excerpt":{"rendered":"<p>Tarih 18 Mart 1985, Tuzla Piyade Okul Komutanl\u0131\u011f\u0131?nda g\u00f6revli 1984 Kara Harp Okulu mezunu\u00a0P.T\u011fm. Adnan \u00d6LMEZ,\u00a0J.T\u011fm. Ahmet AKDO\u011eANLAR,\u00a0J.T\u011fm. Ercan BAYDO\u011eAN,\u00a0J.T\u011fm. Ercan DURGUN izin d\u00f6n\u00fc\u015f\u00fcne yak\u0131n u\u011frad\u0131klar\u0131 bir gazinoda bir \u015feyler i\u00e7erler ve hesab\u0131 isterler. Gelen hesap astronomik denecek derecede y\u00fcksektir, itiraz ederler ve d\u00fczeltilmesini isterler. Ancak, hesab\u0131n d\u00fczeltilmesi bir yana etraflar\u0131 gazinonun g\u00f6revlileri, fedaileri, garsonlar\u0131 [&hellip;]<\/p>\n","protected":false},"author":1,"featured_media":0,"parent":476,"menu_order":1,"comment_status":"open","ping_status":"open","template":"","meta":{"ngg_post_thumbnail":0,"footnotes":""},"class_list":["post-589","page","type-page","status-publish","hentry"],"aioseo_notices":[],"_links":{"self":[{"href":"https:\/\/www.muzaffertekin.com.tr\/index.php?rest_route=\/wp\/v2\/pages\/589","targetHints":{"allow":["GET"]}}],"collection":[{"href":"https:\/\/www.muzaffertekin.com.tr\/index.php?rest_route=\/wp\/v2\/pages"}],"about":[{"href":"https:\/\/www.muzaffertekin.com.tr\/index.php?rest_route=\/wp\/v2\/types\/page"}],"author":[{"embeddable":true,"href":"https:\/\/www.muzaffertekin.com.tr\/index.php?rest_route=\/wp\/v2\/users\/1"}],"replies":[{"embeddable":true,"href":"https:\/\/www.muzaffertekin.com.tr\/index.php?rest_route=%2Fwp%2Fv2%2Fcomments&post=589"}],"version-history":[{"count":61,"href":"https:\/\/www.muzaffertekin.com.tr\/index.php?rest_route=\/wp\/v2\/pages\/589\/revisions"}],"predecessor-version":[{"id":3057,"href":"https:\/\/www.muzaffertekin.com.tr\/index.php?rest_route=\/wp\/v2\/pages\/589\/revisions\/3057"}],"up":[{"embeddable":true,"href":"https:\/\/www.muzaffertekin.com.tr\/index.php?rest_route=\/wp\/v2\/pages\/476"}],"wp:attachment":[{"href":"https:\/\/www.muzaffertekin.com.tr\/index.php?rest_route=%2Fwp%2Fv2%2Fmedia&parent=589"}],"curies":[{"name":"wp","href":"https:\/\/api.w.org\/{rel}","templated":true}]}}