{"id":151,"date":"2011-03-03T11:12:47","date_gmt":"2011-03-03T11:12:47","guid":{"rendered":"http:\/\/www.muzaffertekin.com.tr\/?page_id=151"},"modified":"2014-06-07T21:29:31","modified_gmt":"2014-06-07T18:29:31","slug":"ek-klasorler","status":"publish","type":"page","link":"https:\/\/www.muzaffertekin.com.tr\/?page_id=151","title":{"rendered":"Ek klas\u00f6rler"},"content":{"rendered":"<h1 style=\"text-align: center;\">EK-1<\/h1>\n<p><strong>Osman YILDIRIM, 30 Mart 2007 tarihinde Ankara 11.A\u011f\u0131r Ceza Mahkemesine kendi el yaz\u0131s\u0131 ile verdi\u011fi dilek\u00e7ede &#8220;<span style=\"text-decoration: underline;\">Ben MUZAFFER TEK\u0130N&#8217;i TANIMIYORUM&#8221;<\/span>\u00a0demesine ra\u011fmen, ald\u0131\u011f\u0131 cezadan kurtulmak i\u00e7in\u00a0 yapm\u0131\u015f oldu\u011fu ATF-I C\u00dcR\u00dcMLER\u0130, iddia makam\u0131 hi\u00e7 sorgulamadan, b\u00fcy\u00fck bir acelecilikle,\u00a0 bizleri potansiyel su\u00e7lu ilan etmi\u015ftir!<\/strong> <img loading=\"lazy\" decoding=\"async\" class=\"aligncenter size-large wp-image-161\" title=\"MT 006\" src=\"http:\/\/www.muzaffertekin.com.tr\/wp-content\/uploads\/2011\/02\/MT-0066-744x1024.jpg\" alt=\"\" width=\"744\" height=\"1024\" srcset=\"https:\/\/www.muzaffertekin.com.tr\/wp-content\/uploads\/2011\/02\/MT-0066-744x1024.jpg 744w, https:\/\/www.muzaffertekin.com.tr\/wp-content\/uploads\/2011\/02\/MT-0066-218x300.jpg 218w\" sizes=\"auto, (max-width: 744px) 100vw, 744px\" \/><\/p>\n<h1 style=\"text-align: center;\"><a href=\"http:\/\/www.muzaffertekin.com.tr\/wp-content\/uploads\/2011\/03\/001.jpg\"><img loading=\"lazy\" decoding=\"async\" class=\"aligncenter size-large wp-image-2582\" src=\"http:\/\/www.muzaffertekin.com.tr\/wp-content\/uploads\/2011\/03\/001-743x1024.jpg\" alt=\"001\" width=\"743\" height=\"1024\" srcset=\"https:\/\/www.muzaffertekin.com.tr\/wp-content\/uploads\/2011\/03\/001-743x1024.jpg 743w, https:\/\/www.muzaffertekin.com.tr\/wp-content\/uploads\/2011\/03\/001-217x300.jpg 217w\" sizes=\"auto, (max-width: 743px) 100vw, 743px\" \/><\/a><a href=\"http:\/\/www.muzaffertekin.com.tr\/wp-content\/uploads\/2011\/03\/002.jpg\"><img loading=\"lazy\" decoding=\"async\" class=\"aligncenter size-large wp-image-2583\" src=\"http:\/\/www.muzaffertekin.com.tr\/wp-content\/uploads\/2011\/03\/002-1024x723.jpg\" alt=\"002\" width=\"1024\" height=\"723\" srcset=\"https:\/\/www.muzaffertekin.com.tr\/wp-content\/uploads\/2011\/03\/002-1024x723.jpg 1024w, https:\/\/www.muzaffertekin.com.tr\/wp-content\/uploads\/2011\/03\/002-300x211.jpg 300w\" sizes=\"auto, (max-width: 1024px) 100vw, 1024px\" \/><\/a>EK-2<\/h1>\n<p><strong>1-) <\/strong><strong><span style=\"text-decoration: underline;\">EL BOMBALARI EL KOYMA VE \u0130MHA KARARI:<\/span><\/strong> Asr\u0131n davas\u0131n\u0131n en \u00f6nemli delili i\u00e7in ele ge\u00e7irildikten bir g\u00fcn sonra 13.06.2007 tarihinde imha karar\u0131 al\u0131nm\u0131\u015f olup 26.06.2007 g\u00fcn\u00fc imha ger\u00e7ekle\u015fmi\u015ftir. \u00a0 \u00a0 <strong><img loading=\"lazy\" decoding=\"async\" class=\"aligncenter size-large wp-image-164\" title=\"MT 007\" src=\"http:\/\/www.muzaffertekin.com.tr\/wp-content\/uploads\/2011\/02\/MT-007-744x1024.jpg\" alt=\"\" width=\"744\" height=\"1024\" srcset=\"https:\/\/www.muzaffertekin.com.tr\/wp-content\/uploads\/2011\/02\/MT-007-744x1024.jpg 744w, https:\/\/www.muzaffertekin.com.tr\/wp-content\/uploads\/2011\/02\/MT-007-218x300.jpg 218w\" sizes=\"auto, (max-width: 744px) 100vw, 744px\" \/><\/strong> \u00a0 \u00a0 <strong>2-) <\/strong><strong><span style=\"text-decoration: underline;\">BOMBA B\u0130LG\u0130 MERKEZ\u0130 \u0130RT\u0130BAT RAPORU:<\/span><\/strong> Bu raporda; \u00dcmraniye?de ele ge\u00e7irilen bombalar\u0131n kafile numaras\u0131:\u00a0\u00a0 <strong>M 204 A2 MKE 169-5-85<\/strong> Cumhuriyet gazetesine at\u0131lan bombalar\u0131n kafile numaras\u0131:\u00a0\u00a0 <strong>M 204 A2 MKE 173-9-85 <\/strong>olarak belirtilmesine ra\u011fmen, raporun sonu\u00e7 b\u00f6l\u00fcm\u00fcnde \u00dcmraniye de ele ge\u00e7irilen bombalar\u0131n 13 ayr\u0131 olayda kullan\u0131ld\u0131\u011f\u0131 ifadesi ile bir hinlik yap\u0131lm\u0131\u015f, bu ifade ile de \u00dcmraniye de ele ge\u00e7irilen el bombalar\u0131 ile Cumhuriyet gazetesine at\u0131lan el bombalar\u0131n\u0131n <strong>AYNI KAF\u0130LE NUMARASINDAN OLDU\u011eU \u0130NT\u0130BA\u011eI B\u0130L\u0130N\u00c7L\u0130 OLARAK YARATILMI\u015eTIR! <\/strong> <strong><a href=\"http:\/\/www.muzaffertekin.com.tr\/wp-content\/uploads\/2011\/02\/MT-008.jpg\"><img loading=\"lazy\" decoding=\"async\" class=\"aligncenter size-large wp-image-165\" title=\"MT 008\" src=\"http:\/\/www.muzaffertekin.com.tr\/wp-content\/uploads\/2011\/02\/MT-008-744x1024.jpg\" alt=\"\" width=\"744\" height=\"1024\" srcset=\"https:\/\/www.muzaffertekin.com.tr\/wp-content\/uploads\/2011\/02\/MT-008-744x1024.jpg 744w, https:\/\/www.muzaffertekin.com.tr\/wp-content\/uploads\/2011\/02\/MT-008-218x300.jpg 218w\" sizes=\"auto, (max-width: 744px) 100vw, 744px\" \/><\/a><\/strong> \u00a0 <strong>3-) <\/strong><strong><span style=\"text-decoration: underline;\">MENFUR DANI\u015eTAY SALDIRISINDAN SONRA B\u00dcROMDA EL KONULAN &#8220;S\u00dcS BOMBALARININ&#8221; TUTANA\u011eI:<\/span><\/strong> Savc\u0131, bir demir y\u0131\u011f\u0131n\u0131 olan bu malzemelerden medet umarak, uydurma Ergenekon soru\u015fturmas\u0131nda bunlar\u0131 \u00f6rg\u00fct\u00fcn bombalar\u0131 olarak ifade edebilmi\u015ftir. <strong>Genelkurmay Ba\u015fkanl\u0131\u011f\u0131?ndan gelen yaz\u0131 bunlar\u0131n bir patlay\u0131c\u0131 \u00f6zelli\u011fi olmad\u0131\u011f\u0131n\u0131 net olarak ortaya koymu\u015ftur.<\/strong> <strong><a href=\"http:\/\/www.muzaffertekin.com.tr\/wp-content\/uploads\/2011\/02\/MT-009.jpg\"><img loading=\"lazy\" decoding=\"async\" class=\"aligncenter size-large wp-image-166\" title=\"MT 009\" src=\"http:\/\/www.muzaffertekin.com.tr\/wp-content\/uploads\/2011\/02\/MT-009-744x1024.jpg\" alt=\"\" width=\"744\" height=\"1024\" srcset=\"https:\/\/www.muzaffertekin.com.tr\/wp-content\/uploads\/2011\/02\/MT-009-744x1024.jpg 744w, https:\/\/www.muzaffertekin.com.tr\/wp-content\/uploads\/2011\/02\/MT-009-218x300.jpg 218w\" sizes=\"auto, (max-width: 744px) 100vw, 744px\" \/><\/a><\/strong> \u00a0 <strong>4-) <\/strong><strong><span style=\"text-decoration: underline;\">GENELKURMAY BA\u015eKANLI\u011eI&#8217;NIN BOMBALAR \u0130LE \u0130LG\u0130L\u0130 B\u0130LG\u0130LEND\u0130RME YAZISI:<\/span><\/strong> <strong><a href=\"http:\/\/www.muzaffertekin.com.tr\/wp-content\/uploads\/2011\/02\/MT-010.jpg\"><img loading=\"lazy\" decoding=\"async\" class=\"aligncenter size-large wp-image-167\" title=\"MT 010\" src=\"http:\/\/www.muzaffertekin.com.tr\/wp-content\/uploads\/2011\/02\/MT-010-744x1024.jpg\" alt=\"\" width=\"744\" height=\"1024\" srcset=\"https:\/\/www.muzaffertekin.com.tr\/wp-content\/uploads\/2011\/02\/MT-010-744x1024.jpg 744w, https:\/\/www.muzaffertekin.com.tr\/wp-content\/uploads\/2011\/02\/MT-010-218x300.jpg 218w\" sizes=\"auto, (max-width: 744px) 100vw, 744px\" \/><\/a><\/strong><strong>5-) <\/strong><strong><span style=\"text-decoration: underline;\">BOMBA KAF\u0130LE NUMARALARI \u0130LE \u0130LG\u0130L\u0130 MEDYADA YER ALAN YAZILAR:<\/span><\/strong> <img loading=\"lazy\" decoding=\"async\" class=\"aligncenter size-large wp-image-168\" title=\"MT 011\" src=\"http:\/\/www.muzaffertekin.com.tr\/wp-content\/uploads\/2011\/02\/MT-011-744x1024.jpg\" alt=\"\" width=\"744\" height=\"1024\" srcset=\"https:\/\/www.muzaffertekin.com.tr\/wp-content\/uploads\/2011\/02\/MT-011-744x1024.jpg 744w, https:\/\/www.muzaffertekin.com.tr\/wp-content\/uploads\/2011\/02\/MT-011-218x300.jpg 218w\" sizes=\"auto, (max-width: 744px) 100vw, 744px\" \/><a href=\"http:\/\/www.muzaffertekin.com.tr\/wp-content\/uploads\/2011\/02\/MT-012.jpg\"><img loading=\"lazy\" decoding=\"async\" class=\"aligncenter size-large wp-image-169\" title=\"MT 012\" src=\"http:\/\/www.muzaffertekin.com.tr\/wp-content\/uploads\/2011\/02\/MT-012-744x1024.jpg\" alt=\"\" width=\"744\" height=\"1024\" srcset=\"https:\/\/www.muzaffertekin.com.tr\/wp-content\/uploads\/2011\/02\/MT-012-744x1024.jpg 744w, https:\/\/www.muzaffertekin.com.tr\/wp-content\/uploads\/2011\/02\/MT-012-218x300.jpg 218w\" sizes=\"auto, (max-width: 744px) 100vw, 744px\" \/><\/a> <strong><a href=\"http:\/\/www.muzaffertekin.com.tr\/wp-content\/uploads\/2011\/02\/MT-0133.jpg\"><img loading=\"lazy\" decoding=\"async\" class=\"aligncenter size-large wp-image-174\" title=\"MT 013\" src=\"http:\/\/www.muzaffertekin.com.tr\/wp-content\/uploads\/2011\/02\/MT-0133-744x1024.jpg\" alt=\"\" width=\"744\" height=\"1024\" srcset=\"https:\/\/www.muzaffertekin.com.tr\/wp-content\/uploads\/2011\/02\/MT-0133-744x1024.jpg 744w, https:\/\/www.muzaffertekin.com.tr\/wp-content\/uploads\/2011\/02\/MT-0133-218x300.jpg 218w\" sizes=\"auto, (max-width: 744px) 100vw, 744px\" \/><\/a><\/strong> <a href=\"http:\/\/www.muzaffertekin.com.tr\/wp-content\/uploads\/2011\/02\/MT-014.jpg\"><img loading=\"lazy\" decoding=\"async\" class=\"aligncenter size-large wp-image-177\" title=\"MT 014\" src=\"http:\/\/www.muzaffertekin.com.tr\/wp-content\/uploads\/2011\/02\/MT-014-744x1024.jpg\" alt=\"\" width=\"744\" height=\"1024\" srcset=\"https:\/\/www.muzaffertekin.com.tr\/wp-content\/uploads\/2011\/02\/MT-014-744x1024.jpg 744w, https:\/\/www.muzaffertekin.com.tr\/wp-content\/uploads\/2011\/02\/MT-014-218x300.jpg 218w\" sizes=\"auto, (max-width: 744px) 100vw, 744px\" \/><\/a><a href=\"http:\/\/www.muzaffertekin.com.tr\/wp-content\/uploads\/2011\/02\/MT-0151.jpg\"><img loading=\"lazy\" decoding=\"async\" class=\"aligncenter size-large wp-image-176\" title=\"MT 015\" src=\"http:\/\/www.muzaffertekin.com.tr\/wp-content\/uploads\/2011\/02\/MT-0151-744x1024.jpg\" alt=\"\" width=\"744\" height=\"1024\" srcset=\"https:\/\/www.muzaffertekin.com.tr\/wp-content\/uploads\/2011\/02\/MT-0151-744x1024.jpg 744w, https:\/\/www.muzaffertekin.com.tr\/wp-content\/uploads\/2011\/02\/MT-0151-218x300.jpg 218w\" sizes=\"auto, (max-width: 744px) 100vw, 744px\" \/><\/a> \u00a0 <strong><img loading=\"lazy\" decoding=\"async\" class=\"aligncenter size-large wp-image-178\" title=\"MT 016\" src=\"http:\/\/www.muzaffertekin.com.tr\/wp-content\/uploads\/2011\/02\/MT-016-744x1024.jpg\" alt=\"\" width=\"744\" height=\"1024\" srcset=\"https:\/\/www.muzaffertekin.com.tr\/wp-content\/uploads\/2011\/02\/MT-016-744x1024.jpg 744w, https:\/\/www.muzaffertekin.com.tr\/wp-content\/uploads\/2011\/02\/MT-016-218x300.jpg 218w\" sizes=\"auto, (max-width: 744px) 100vw, 744px\" \/><\/strong><\/p>\n<h1 style=\"text-align: center;\">EK-3<\/h1>\n<p><strong>OSMAN YILDIRIM&#8217;IN ATA\u015eEH\u0130R&#8217;DE TOPLANTI YAPILDI \u0130FT\u0130RASINI \u00c7\u00dcR\u00dcTEN GSM BAZ \u0130STASYON RAPORLARI:<\/strong> Savc\u0131, Osman YILDIRIM&#8217; \u0131n g\u00fcvenilmez, tutars\u0131z, s\u00fcrekli yalan s\u00f6yleyen ve alm\u0131\u015f oldu\u011fu cezalardan kurtulmak i\u00e7in insanlara \u0130FT\u0130RA atan bir ki\u015filikte oldu\u011funu bilmesine ra\u011fmen ki bu husus Ankara 11.A\u011f\u0131r Ceza Mahkeme Ba\u015fkan\u0131 Sn. Orhan KARADEN\u0130Z taraf\u0131ndan da \u00f6zellikle vurgulanm\u0131\u015ft\u0131r, maalesef savc\u0131 b\u00fct\u00fcn bunlar\u0131 yok sayarak ve hi\u00e7bir maddi delile ula\u015famadan iddianamesini Osman YILDIRIM&#8217; \u0131n \u0130FT\u0130RALARI \u00fczerine kurgulam\u0131\u015ft\u0131r!<a href=\"http:\/\/www.muzaffertekin.com.tr\/wp-content\/uploads\/2011\/02\/MT-017.jpg\"><img loading=\"lazy\" decoding=\"async\" class=\"aligncenter size-large wp-image-180\" title=\"MT 017\" src=\"http:\/\/www.muzaffertekin.com.tr\/wp-content\/uploads\/2011\/02\/MT-017-744x1024.jpg\" alt=\"\" width=\"744\" height=\"1024\" srcset=\"https:\/\/www.muzaffertekin.com.tr\/wp-content\/uploads\/2011\/02\/MT-017-744x1024.jpg 744w, https:\/\/www.muzaffertekin.com.tr\/wp-content\/uploads\/2011\/02\/MT-017-218x300.jpg 218w\" sizes=\"auto, (max-width: 744px) 100vw, 744px\" \/><\/a><a href=\"http:\/\/www.muzaffertekin.com.tr\/wp-content\/uploads\/2011\/02\/MT-0181.jpg\"><img loading=\"lazy\" decoding=\"async\" class=\"aligncenter size-large wp-image-184\" title=\"MT 018\" src=\"http:\/\/www.muzaffertekin.com.tr\/wp-content\/uploads\/2011\/02\/MT-0181-744x1024.jpg\" alt=\"\" width=\"744\" height=\"1024\" srcset=\"https:\/\/www.muzaffertekin.com.tr\/wp-content\/uploads\/2011\/02\/MT-0181-744x1024.jpg 744w, https:\/\/www.muzaffertekin.com.tr\/wp-content\/uploads\/2011\/02\/MT-0181-218x300.jpg 218w\" sizes=\"auto, (max-width: 744px) 100vw, 744px\" \/><\/a><a href=\"http:\/\/www.muzaffertekin.com.tr\/wp-content\/uploads\/2011\/02\/MT-0191.jpg\"><img loading=\"lazy\" decoding=\"async\" class=\"aligncenter size-large wp-image-188\" title=\"MT 019\" src=\"http:\/\/www.muzaffertekin.com.tr\/wp-content\/uploads\/2011\/02\/MT-0191-1024x744.jpg\" alt=\"\" width=\"1024\" height=\"744\" srcset=\"https:\/\/www.muzaffertekin.com.tr\/wp-content\/uploads\/2011\/02\/MT-0191-1024x744.jpg 1024w, https:\/\/www.muzaffertekin.com.tr\/wp-content\/uploads\/2011\/02\/MT-0191-300x218.jpg 300w\" sizes=\"auto, (max-width: 1024px) 100vw, 1024px\" \/><\/a> <a href=\"http:\/\/www.muzaffertekin.com.tr\/wp-content\/uploads\/2011\/02\/MT-0231.jpg\"><img loading=\"lazy\" decoding=\"async\" class=\"aligncenter size-large wp-image-195\" title=\"MT 023\" src=\"http:\/\/www.muzaffertekin.com.tr\/wp-content\/uploads\/2011\/02\/MT-0231-1024x744.jpg\" alt=\"\" width=\"1024\" height=\"744\" srcset=\"https:\/\/www.muzaffertekin.com.tr\/wp-content\/uploads\/2011\/02\/MT-0231-1024x744.jpg 1024w, https:\/\/www.muzaffertekin.com.tr\/wp-content\/uploads\/2011\/02\/MT-0231-300x218.jpg 300w\" sizes=\"auto, (max-width: 1024px) 100vw, 1024px\" \/><\/a> <a href=\"http:\/\/www.muzaffertekin.com.tr\/wp-content\/uploads\/2011\/02\/MT-0241.jpg\"><img loading=\"lazy\" decoding=\"async\" class=\"aligncenter size-large wp-image-196\" title=\"MT 024\" src=\"http:\/\/www.muzaffertekin.com.tr\/wp-content\/uploads\/2011\/02\/MT-0241-744x1024.jpg\" alt=\"\" width=\"744\" height=\"1024\" srcset=\"https:\/\/www.muzaffertekin.com.tr\/wp-content\/uploads\/2011\/02\/MT-0241-744x1024.jpg 744w, https:\/\/www.muzaffertekin.com.tr\/wp-content\/uploads\/2011\/02\/MT-0241-218x300.jpg 218w\" sizes=\"auto, (max-width: 744px) 100vw, 744px\" \/><\/a><\/p>\n<h1 style=\"text-align: center;\">EK-4<\/h1>\n<p><strong>1-<\/strong><strong><span style=\"text-decoration: underline;\">ERGENEKON LOB\u0130 D\u00d6K\u00dcMANININ \u0130NTERNET&#8217;TE DOLA\u015eTI\u011eININ M\u0130T RAPORU \u0130LE TEY\u0130D\u0130:<\/span><\/strong> <a href=\"http:\/\/www.muzaffertekin.com.tr\/wp-content\/uploads\/2011\/02\/MT-027.jpg\"><img loading=\"lazy\" decoding=\"async\" class=\"aligncenter size-large wp-image-202\" title=\"MT 027\" src=\"http:\/\/www.muzaffertekin.com.tr\/wp-content\/uploads\/2011\/02\/MT-027-744x1024.jpg\" alt=\"\" width=\"744\" height=\"1024\" srcset=\"https:\/\/www.muzaffertekin.com.tr\/wp-content\/uploads\/2011\/02\/MT-027-744x1024.jpg 744w, https:\/\/www.muzaffertekin.com.tr\/wp-content\/uploads\/2011\/02\/MT-027-218x300.jpg 218w\" sizes=\"auto, (max-width: 744px) 100vw, 744px\" \/><\/a> \u00a0 <a href=\"http:\/\/www.muzaffertekin.com.tr\/wp-content\/uploads\/2011\/02\/MT-028.jpg\"><img loading=\"lazy\" decoding=\"async\" class=\"aligncenter size-large wp-image-203\" title=\"MT 028\" src=\"http:\/\/www.muzaffertekin.com.tr\/wp-content\/uploads\/2011\/02\/MT-028-744x1024.jpg\" alt=\"\" width=\"744\" height=\"1024\" srcset=\"https:\/\/www.muzaffertekin.com.tr\/wp-content\/uploads\/2011\/02\/MT-028-744x1024.jpg 744w, https:\/\/www.muzaffertekin.com.tr\/wp-content\/uploads\/2011\/02\/MT-028-218x300.jpg 218w\" sizes=\"auto, (max-width: 744px) 100vw, 744px\" \/><\/a> <a href=\"http:\/\/www.muzaffertekin.com.tr\/wp-content\/uploads\/2011\/02\/MT-029.jpg\"><img loading=\"lazy\" decoding=\"async\" class=\"aligncenter size-large wp-image-204\" title=\"MT 029\" src=\"http:\/\/www.muzaffertekin.com.tr\/wp-content\/uploads\/2011\/02\/MT-029-743x1024.jpg\" alt=\"\" width=\"743\" height=\"1024\" srcset=\"https:\/\/www.muzaffertekin.com.tr\/wp-content\/uploads\/2011\/02\/MT-029-743x1024.jpg 743w, https:\/\/www.muzaffertekin.com.tr\/wp-content\/uploads\/2011\/02\/MT-029-217x300.jpg 217w\" sizes=\"auto, (max-width: 743px) 100vw, 743px\" \/><\/a> \u00a0 <a href=\"http:\/\/www.muzaffertekin.com.tr\/wp-content\/uploads\/2011\/02\/MT-030.jpg\"><img loading=\"lazy\" decoding=\"async\" class=\"aligncenter size-large wp-image-205\" title=\"MT 030\" src=\"http:\/\/www.muzaffertekin.com.tr\/wp-content\/uploads\/2011\/02\/MT-030-744x1024.jpg\" alt=\"\" width=\"744\" height=\"1024\" srcset=\"https:\/\/www.muzaffertekin.com.tr\/wp-content\/uploads\/2011\/02\/MT-030-744x1024.jpg 744w, https:\/\/www.muzaffertekin.com.tr\/wp-content\/uploads\/2011\/02\/MT-030-218x300.jpg 218w\" sizes=\"auto, (max-width: 744px) 100vw, 744px\" \/><\/a> \u00a0 <strong>2- <\/strong><strong><span style=\"text-decoration: underline;\">\u015eAHSIMDA MGK TUTANAKLARININ BULUNMADI\u011eINA DA\u0130R GAZETEDE \u00c7IKAN HABER:<\/span><\/strong> <a href=\"http:\/\/www.muzaffertekin.com.tr\/wp-content\/uploads\/2011\/02\/MT-031.jpg\"><img loading=\"lazy\" decoding=\"async\" class=\"aligncenter size-large wp-image-206\" title=\"MT 031\" src=\"http:\/\/www.muzaffertekin.com.tr\/wp-content\/uploads\/2011\/02\/MT-031-744x1024.jpg\" alt=\"\" width=\"744\" height=\"1024\" srcset=\"https:\/\/www.muzaffertekin.com.tr\/wp-content\/uploads\/2011\/02\/MT-031-744x1024.jpg 744w, https:\/\/www.muzaffertekin.com.tr\/wp-content\/uploads\/2011\/02\/MT-031-218x300.jpg 218w\" sizes=\"auto, (max-width: 744px) 100vw, 744px\" \/><\/a> \u00a0 <strong>3-<span style=\"text-decoration: underline;\">\u015eAHSIMDA BULUNAN BELGEN\u0130N<\/span><\/strong><span style=\"text-decoration: underline;\"> <strong>?DEVLET\u0130N G\u00dcVENL\u0130\u011e\u0130, \u0130\u00c7 VE DI\u015e S\u0130YAS\u0130 YARARLARI BAKIMINDAN N\u0130TEL\u0130\u011e\u0130 \u0130T\u0130BARIYLA G\u0130ZL\u0130 KALMASI GEREKEN B\u0130LG\u0130LER KAPSAMINDA OLMADI\u011eINI? BEL\u0130RTEN GENELKURMAY BA\u015eKANLI\u011eI YAZISI:<\/strong><\/span> <a href=\"http:\/\/www.muzaffertekin.com.tr\/wp-content\/uploads\/2011\/02\/MT-032.jpg\"><img loading=\"lazy\" decoding=\"async\" class=\"aligncenter size-large wp-image-207\" title=\"MT 032\" src=\"http:\/\/www.muzaffertekin.com.tr\/wp-content\/uploads\/2011\/02\/MT-032-744x1024.jpg\" alt=\"\" width=\"744\" height=\"1024\" srcset=\"https:\/\/www.muzaffertekin.com.tr\/wp-content\/uploads\/2011\/02\/MT-032-744x1024.jpg 744w, https:\/\/www.muzaffertekin.com.tr\/wp-content\/uploads\/2011\/02\/MT-032-218x300.jpg 218w\" sizes=\"auto, (max-width: 744px) 100vw, 744px\" \/><\/a> \u00a0 <a href=\"http:\/\/www.muzaffertekin.com.tr\/wp-content\/uploads\/2011\/02\/MT-033.jpg\"><img loading=\"lazy\" decoding=\"async\" class=\"aligncenter size-large wp-image-210\" title=\"MT 033\" src=\"http:\/\/www.muzaffertekin.com.tr\/wp-content\/uploads\/2011\/02\/MT-033-744x1024.jpg\" alt=\"\" width=\"744\" height=\"1024\" srcset=\"https:\/\/www.muzaffertekin.com.tr\/wp-content\/uploads\/2011\/02\/MT-033-744x1024.jpg 744w, https:\/\/www.muzaffertekin.com.tr\/wp-content\/uploads\/2011\/02\/MT-033-218x300.jpg 218w\" sizes=\"auto, (max-width: 744px) 100vw, 744px\" \/><\/a> \u00a0 <a href=\"http:\/\/www.muzaffertekin.com.tr\/wp-content\/uploads\/2011\/02\/MT-0341.jpg\"><img loading=\"lazy\" decoding=\"async\" class=\"aligncenter size-large wp-image-212\" title=\"MT 034\" src=\"http:\/\/www.muzaffertekin.com.tr\/wp-content\/uploads\/2011\/02\/MT-0341-744x1024.jpg\" alt=\"\" width=\"744\" height=\"1024\" srcset=\"https:\/\/www.muzaffertekin.com.tr\/wp-content\/uploads\/2011\/02\/MT-0341-744x1024.jpg 744w, https:\/\/www.muzaffertekin.com.tr\/wp-content\/uploads\/2011\/02\/MT-0341-218x300.jpg 218w\" sizes=\"auto, (max-width: 744px) 100vw, 744px\" \/><\/a> \u00a0 \u00a0 <a href=\"http:\/\/www.muzaffertekin.com.tr\/wp-content\/uploads\/2011\/02\/MT-035.jpg\"><img loading=\"lazy\" decoding=\"async\" class=\"aligncenter size-large wp-image-213\" title=\"MT 035\" src=\"http:\/\/www.muzaffertekin.com.tr\/wp-content\/uploads\/2011\/02\/MT-035-744x1024.jpg\" alt=\"\" width=\"744\" height=\"1024\" srcset=\"https:\/\/www.muzaffertekin.com.tr\/wp-content\/uploads\/2011\/02\/MT-035-744x1024.jpg 744w, https:\/\/www.muzaffertekin.com.tr\/wp-content\/uploads\/2011\/02\/MT-035-218x300.jpg 218w\" sizes=\"auto, (max-width: 744px) 100vw, 744px\" \/><\/a> <a href=\"http:\/\/www.muzaffertekin.com.tr\/wp-content\/uploads\/2011\/02\/MT-036.jpg\"><img loading=\"lazy\" decoding=\"async\" class=\"aligncenter size-large wp-image-214\" title=\"MT 036\" src=\"http:\/\/www.muzaffertekin.com.tr\/wp-content\/uploads\/2011\/02\/MT-036-744x1024.jpg\" alt=\"\" width=\"744\" height=\"1024\" srcset=\"https:\/\/www.muzaffertekin.com.tr\/wp-content\/uploads\/2011\/02\/MT-036-744x1024.jpg 744w, https:\/\/www.muzaffertekin.com.tr\/wp-content\/uploads\/2011\/02\/MT-036-218x300.jpg 218w\" sizes=\"auto, (max-width: 744px) 100vw, 744px\" \/><\/a><\/p>\n<h1 style=\"text-align: center;\">EK-5<\/h1>\n<p><strong><span style=\"text-decoration: underline;\">ALPARSLAN ARSLAN \u0130LE 2004-2006 YILLARI ARASINDA\u00a0 YAPTI\u011eIM TELEFON G\u00d6R\u00dc\u015eMELER\u0130N\u0130N GSM BAZ \u0130STASYON RAPORU:<\/span><\/strong> <strong>1- <\/strong><strong>Alparslan ARSLAN <span style=\"text-decoration: underline;\">2004<\/span> y\u0131l\u0131nda;<\/strong> 17 defa beni ar\u0131yor. 1 \u00e7a\u011fr\u0131s\u0131n\u0131 yan\u0131tlam\u0131yorum, toplam g\u00f6r\u00fc\u015fme say\u0131s\u0131 16 bu g\u00f6r\u00fc\u015fmelerin toplam s\u00fcresi ise 9 dakika 04 saniye. <strong>2- <\/strong><strong>Alparslan ARSLAN <span style=\"text-decoration: underline;\">2005<\/span> y\u0131l\u0131nda;<\/strong> 8 defa beni ar\u0131yor. Bir y\u0131lda yap\u0131lan toplam g\u00f6r\u00fc\u015fme s\u00fcresi 5 dakika 09 saniye. <strong>3- <\/strong><strong>Muzaffer TEK\u0130N <span style=\"text-decoration: underline;\">2004<\/span> y\u0131l\u0131nda;<\/strong> Ben, Alparslan ARSLAN?\u0131 bir y\u0131lda 3 defa ar\u0131yorum. Bu g\u00f6r\u00fc\u015fmelerin toplam s\u00fcresi 1 dakika 29 saniye. \u00a0 <strong>4- <\/strong><strong>Muzaffer TEK\u0130N <span style=\"text-decoration: underline;\">2005-2006<\/span> y\u0131l\u0131nda;<\/strong> Ben, Alparslan ARSLAN?\u0131 hi\u00e7 aram\u0131yorum. <strong>5- <\/strong><strong><span style=\"text-decoration: underline;\">Menfur Dan\u0131\u015ftay Sald\u0131r\u0131s\u0131n\u0131n oldu\u011fu 2006 y\u0131l\u0131nda Alparslan ARSLAN ile bir tek g\u00f6r\u00fc\u015fmem yoktur.<\/span><\/strong> <strong><a href=\"http:\/\/www.muzaffertekin.com.tr\/wp-content\/uploads\/2011\/02\/MT-037.jpg\"><img loading=\"lazy\" decoding=\"async\" class=\"aligncenter size-large wp-image-215\" title=\"MT 037\" src=\"http:\/\/www.muzaffertekin.com.tr\/wp-content\/uploads\/2011\/02\/MT-037-1024x744.jpg\" alt=\"\" width=\"1024\" height=\"744\" srcset=\"https:\/\/www.muzaffertekin.com.tr\/wp-content\/uploads\/2011\/02\/MT-037-1024x744.jpg 1024w, https:\/\/www.muzaffertekin.com.tr\/wp-content\/uploads\/2011\/02\/MT-037-300x218.jpg 300w\" sizes=\"auto, (max-width: 1024px) 100vw, 1024px\" \/><\/a> <\/strong> \u00a0 <a href=\"http:\/\/www.muzaffertekin.com.tr\/wp-content\/uploads\/2011\/02\/MT-0384.jpg\"><img loading=\"lazy\" decoding=\"async\" class=\"aligncenter size-large wp-image-220\" title=\"MT 038\" src=\"http:\/\/www.muzaffertekin.com.tr\/wp-content\/uploads\/2011\/02\/MT-0384-1024x744.jpg\" alt=\"\" width=\"1024\" height=\"744\" srcset=\"https:\/\/www.muzaffertekin.com.tr\/wp-content\/uploads\/2011\/02\/MT-0384-1024x744.jpg 1024w, https:\/\/www.muzaffertekin.com.tr\/wp-content\/uploads\/2011\/02\/MT-0384-300x218.jpg 300w\" sizes=\"auto, (max-width: 1024px) 100vw, 1024px\" \/><\/a><\/p>\n<h1 style=\"text-align: center;\">EK-6<\/h1>\n<p><strong><span style=\"text-decoration: underline;\">OSMAN YILDIRIM?IN, CUMHUR\u0130YET GAZETES\u0130?NE YAPILAN SALDIRIDA PATLAYAN, 3.EL BOMBASININ ATILMASINDA OLAY MAHALL\u0130NDE OLDU\u011eUNU G\u00d6STER\u0130R GSM BAZ \u0130STASYON RAPORU<\/span><\/strong> Savc\u0131 taraf\u0131ndan buhusus hi\u00e7 sorgulanmam\u0131\u015f, aksine Osman YILDIRIM?\u0131n 3.el bombas\u0131 at\u0131lmas\u0131 ve menfur Dan\u0131\u015ftay sald\u0131r\u0131s\u0131ndan aklanmas\u0131 konusunda b\u00fcy\u00fck bir gayret i\u00e7erisine girilmi\u015ftir.<a href=\"http:\/\/www.muzaffertekin.com.tr\/wp-content\/uploads\/2011\/02\/MT-0392.jpg\"><img loading=\"lazy\" decoding=\"async\" class=\"aligncenter size-large wp-image-225\" title=\"MT 039\" src=\"http:\/\/www.muzaffertekin.com.tr\/wp-content\/uploads\/2011\/02\/MT-0392-1024x744.jpg\" alt=\"\" width=\"1024\" height=\"744\" srcset=\"https:\/\/www.muzaffertekin.com.tr\/wp-content\/uploads\/2011\/02\/MT-0392-1024x744.jpg 1024w, https:\/\/www.muzaffertekin.com.tr\/wp-content\/uploads\/2011\/02\/MT-0392-300x218.jpg 300w\" sizes=\"auto, (max-width: 1024px) 100vw, 1024px\" \/><\/a> <img loading=\"lazy\" decoding=\"async\" class=\"aligncenter size-large wp-image-226\" title=\"MT 040\" src=\"http:\/\/www.muzaffertekin.com.tr\/wp-content\/uploads\/2011\/02\/MT-0401-1024x744.jpg\" alt=\"\" width=\"1024\" height=\"744\" srcset=\"https:\/\/www.muzaffertekin.com.tr\/wp-content\/uploads\/2011\/02\/MT-0401-1024x744.jpg 1024w, https:\/\/www.muzaffertekin.com.tr\/wp-content\/uploads\/2011\/02\/MT-0401-300x218.jpg 300w\" sizes=\"auto, (max-width: 1024px) 100vw, 1024px\" \/> <a href=\"http:\/\/www.muzaffertekin.com.tr\/wp-content\/uploads\/2011\/02\/MT-0416.jpg\"><img loading=\"lazy\" decoding=\"async\" class=\"aligncenter size-large wp-image-233\" title=\"MT 041\" src=\"http:\/\/www.muzaffertekin.com.tr\/wp-content\/uploads\/2011\/02\/MT-0416-744x1024.jpg\" alt=\"\" width=\"744\" height=\"1024\" srcset=\"https:\/\/www.muzaffertekin.com.tr\/wp-content\/uploads\/2011\/02\/MT-0416-744x1024.jpg 744w, https:\/\/www.muzaffertekin.com.tr\/wp-content\/uploads\/2011\/02\/MT-0416-218x300.jpg 218w\" sizes=\"auto, (max-width: 744px) 100vw, 744px\" \/><\/a><\/p>\n<h1 style=\"text-align: center;\">EK-7<\/h1>\n<p><strong><span style=\"text-decoration: underline;\">KOD ADIMIN ?ZAFER? OLMADI\u011eINI \u0130SPATLAYAN BELGELER<\/span><\/strong> \u00a0 <strong>1- <\/strong>K\u0131br\u0131s Bar\u0131\u015f Harek\u00e2t\u0131?ndan sonra \u015fahs\u0131mla ilgili bir gazete haberinde ?<strong>Zafer<\/strong>? olarak ismimin ge\u00e7mesi, savc\u0131n\u0131n hayal mahsul\u00fc ithamlar\u0131n\u0131 \u00e7\u00fcr\u00fctmektedir. \u00a0 <strong><img loading=\"lazy\" decoding=\"async\" class=\"aligncenter size-large wp-image-234\" title=\"MT 042\" src=\"http:\/\/www.muzaffertekin.com.tr\/wp-content\/uploads\/2011\/02\/MT-042-744x1024.jpg\" alt=\"\" width=\"744\" height=\"1024\" srcset=\"https:\/\/www.muzaffertekin.com.tr\/wp-content\/uploads\/2011\/02\/MT-042-744x1024.jpg 744w, https:\/\/www.muzaffertekin.com.tr\/wp-content\/uploads\/2011\/02\/MT-042-218x300.jpg 218w\" sizes=\"auto, (max-width: 744px) 100vw, 744px\" \/><\/strong> \u00a0 <strong>2- <\/strong>Ordu pazarlar\u0131na giri\u015f kart\u0131mda ismim ?<strong>Zafer<\/strong>? olarak ge\u00e7mektedir. Kart\u0131n verildi\u011fi tarih 1966, savc\u0131 herhalde o tarihte \u00f6rg\u00fctsel faaliyette bulundu\u011fumu iddia edemez. <a href=\"http:\/\/www.muzaffertekin.com.tr\/wp-content\/uploads\/2011\/02\/MT-044.jpg\"><img loading=\"lazy\" decoding=\"async\" class=\"aligncenter size-large wp-image-238\" title=\"MT 044\" src=\"http:\/\/www.muzaffertekin.com.tr\/wp-content\/uploads\/2011\/02\/MT-044-1024x744.jpg\" alt=\"\" width=\"1024\" height=\"744\" srcset=\"https:\/\/www.muzaffertekin.com.tr\/wp-content\/uploads\/2011\/02\/MT-044-1024x744.jpg 1024w, https:\/\/www.muzaffertekin.com.tr\/wp-content\/uploads\/2011\/02\/MT-044-300x218.jpg 300w\" sizes=\"auto, (max-width: 1024px) 100vw, 1024px\" \/><\/a><\/p>\n<h1 style=\"text-align: center;\">EK-8<\/h1>\n<p><strong><span style=\"text-decoration: underline;\">127. ve 129. CELSELERDEK\u0130 TALEPLER\u0130M<\/span>:<\/strong> <strong>1- <\/strong>Savc\u0131lar \u0131srarla ?<strong>Su\u00e7 ve Su\u00e7lu<\/strong>? yaratmak istiyorlar beyan\u0131m\u0131n ne kadar tutarl\u0131 ve hakl\u0131 oldu\u011funu tutanaklardaki \u00f6rnekler a\u00e7\u0131klamaya yeter zann\u0131mca. <strong>2- <\/strong>Bizlere zorla ?<strong>Su\u00e7<\/strong>? isnad\u0131nda bulunma gayretinde olan iddia makam\u0131n\u0131n, menfur Dan\u0131\u015ftay Suikast\u0131 sald\u0131rgan\u0131 Osman YILDIRIM?\u0131 aklama konusundaki \u00e7abalar\u0131n\u0131 somut olarak g\u00f6rebilirsiniz.<\/p>\n<p style=\"text-align: center;\"><strong>13. A\u011eIR CEZA MAHKEME BA\u015eKANLI\u011eI?NA<\/strong><\/p>\n<p style=\"text-align: center;\"><strong>Be\u015fikta\u015f ? \u0130stanbul<\/strong><\/p>\n<p>Say\u0131n Ba\u015fkan, De\u011ferli \u00dcyeler Osman Y\u0131ld\u0131r\u0131m?\u0131n huzurda sadece san\u0131k olarak ifadesinin al\u0131naca\u011f\u0131n\u0131 belirtmenizden sonra, sizin bulunmad\u0131\u011f\u0131n\u0131z duru\u015fmada Osman Y\u0131ld\u0131r\u0131m s\u00f6ze talimat\u0131 Veli K\u00fc\u00e7\u00fck?ten, bombalar\u0131 da Muzaffer Tekin?den ald\u0131m atf\u0131 c\u00fcr\u00fcmleri ile ba\u015flad\u0131. Bir g\u00fcn \u00f6nce sadece savunma yapt\u0131m diyerek, savunmas\u0131n\u0131 bitirmesine ra\u011fmen herhalde inisiyatif kullanarak tan\u0131k durumuna da b\u00f6ylece ge\u00e7mi\u015f oldu! Y\u0131ld\u0131r\u0131m, esas\u0131nda do\u011frusunu da yapt\u0131. Zira tan\u0131k ifadeleri olmasa Dan\u0131\u015ftay davas\u0131 ile Ergenekon soru\u015fturmas\u0131 nas\u0131l ki birle\u015ftirilmeyecekse, onun tan\u0131k, hatta gizli tan\u0131k olarak ta dinlenilmedi\u011fi m\u00fcddet\u00e7e bu iftiralar yuma\u011f\u0131 \u00e7\u00f6z\u00fcme kavu\u015famaz. Savc\u0131lar\u0131n Osman?\u0131m diye hitap ettikleri, kendisinin ise olay, yer, zaman belirterek gerek tan\u0131k, gerekse gizli tan\u0131k ifadeleri ile birebir \u00f6rt\u00fc\u015fen beyanlar\u0131ndan sonra, menfur sald\u0131r\u0131 ile bizleri irtibatland\u0131rmaya g\u00f6revli ba\u015fka bir Osman Y\u0131ld\u0131r\u0131m kar\u015f\u0131m\u0131za bu saatten sonra \u00e7\u0131kar\u0131lamayaca\u011f\u0131na g\u00f6re, bu trajikomik duruma son vermek i\u00e7in de mahkemenizin gere\u011fini yaparak, art\u0131k hi\u00e7bir \u015fekilde gizlenemeyen bu gizli tan\u0131k (9)?u da yok saymas\u0131n\u0131n zaman\u0131n\u0131n \u00e7oktan ge\u00e7ti\u011fini d\u00fc\u015f\u00fcn\u00fcyorum. San\u0131k ve tan\u0131k olarak ifade veren Osman Y\u0131ld\u0131r\u0131m \u0131srarla s\u00f6zde Ergenekon ter\u00f6r \u00f6rg\u00fct\u00fc \u00fcyesi olmad\u0131\u011f\u0131n\u0131 s\u00f6ylemektedir. \u0130ki davay\u0131 birle\u015ftirmek i\u00e7in \u00f6rg\u00fct \u00fcyesi oldu\u011funu s\u00f6yleyen Osman Y\u0131ld\u0131r\u0131m?\u0131n yaln\u0131zca bu beyan\u0131 bile T.C.K?n\u0131n 267. maddesinden hakk\u0131nda i\u015flem yap\u0131lmas\u0131n\u0131 gerektirir. \u00c7\u00f6ken bu davay\u0131 gizli tan\u0131k (9)?un atf\u0131 c\u00fcr\u00fcmleri ile devam ettirmek d\u00fc\u015f\u00fcncesinde oldu\u011funuzu hi\u00e7 zannetmiyorum. Gizli tan\u0131k (9) konusunda heyetinizin bir karara varmas\u0131, onu da bizlerin bilmesi en do\u011fal hakk\u0131m\u0131zd\u0131r. Bu karar\u0131n\u0131z, baz\u0131lar\u0131n\u0131 hayali senaryolar ile karalama e\u011filiminden vazge\u00e7irecektir. Aksi taktirde itiraf\u00e7\u0131 olan iftirac\u0131lar\u0131n \u00f6n\u00fcn\u00fc alamazs\u0131n\u0131z! Ata\u015fehir de iddia edildi\u011fi gibi bir toplant\u0131 olmad\u0131\u011f\u0131 baz istasyon raporlar\u0131, Alparslan Arslan?\u0131n beyanlar\u0131, Erhan Timuro\u011flu, \u0130smail Sa\u011f\u0131r ve Tekin \u0130r\u015fi?nin ifadeleri ile de \u00e7\u00f6km\u00fc\u015ft\u00fcr! Victor Hugo; Az yalan s\u00f6ylenmez, yalan s\u00f6yleyen her yalan\u0131 s\u00f6yler demi\u015ftir. Ben ise; yalan?\u0131n ilki vard\u0131r sonu yoktur diyorum! Osman Y\u0131ld\u0131r\u0131m, olmayan toplant\u0131 ile ilgili, ilk g\u00fcnden itibaren verdi\u011fi her beyan kendisini i\u00e7inden \u00e7\u0131k\u0131lmaz bir hale sokmu\u015ftur. \u015e\u00f6yle ki; 1-\u00a0\u00a0\u00a0 12.03.2008 tarihinde savc\u0131 Zekeriya \u00d6z ve savc\u0131 M.Ali Pekg\u00fczel?e vermi\u015f oldu\u011fu tan\u0131k ifadesinde; <em>\u0130zmir den d\u00f6nd\u00fckten sonra \u00dcmraniye G\u00fcll\u00fco\u011flu pastanesinde Alparslan Arslan ile bulu\u015ftum. Kendisi bana harekete ge\u00e7ece\u011fiz, yar\u0131n bulu\u015fal\u0131m, Ata\u015fehir de tam Migros?un \u00f6n\u00fcne gel, bir arkada\u015f seni gelip alacak dedi. Ben bir g\u00fcn sonra ak\u015fam Migros?un \u00f6n\u00fcne gittim. Beni Alparslan Arslan?\u0131n arabas\u0131yla ismini bilmedi\u011fim gen\u00e7 bir arkada\u015f gelerek ald\u0131<\/em>? demektedir. Baz istasyon raporlar\u0131 Osman Y\u0131ld\u0131r\u0131m?\u0131n 30.04.2006 saat 15.00 sular\u0131nda \u0130zmir?den d\u00f6nd\u00fc\u011f\u00fcn\u00fc ve Dudullu da oldu\u011funu g\u00f6stermektedir, o halde bahse konu toplant\u0131n\u0131n tarihi 01.05.2006 tarihidir. <em>2- <\/em><span style=\"text-decoration: underline;\">10.11.2009 tarih 121.<\/span>celsedeki sorgusunda Osman Y\u0131ld\u0131r\u0131m?a Mahkeme ba\u015fkan\u0131 Say\u0131n <strong>Hasan H\u00fcseyin \u00d6zese;<\/strong> <em>Ata\u015fehir de bir yerden bahsediyorsunuz, orada bir tak\u0131m toplant\u0131 v.b. \u015feylerden bahsediyorsunuz, onu a\u00e7ar m\u0131s\u0131n\u0131z? Yani kimler var, kim ne dedi, kim ne verdi ne zaman yap\u0131ld\u0131, tarihiyle izah eder misiniz?<\/em> <strong>San\u0131k Osman Y\u0131ld\u0131r\u0131m;<\/strong> <em>Nisan ay\u0131nda, Nisan ay\u0131nda<\/em> <strong>Mahkeme Ba\u015fkan\u0131;<\/strong> <em>Ortas\u0131nda m\u0131, ba\u015f\u0131nda m\u0131, sonunda m\u0131?<\/em> <strong>San\u0131k Osman Y\u0131ld\u0131r\u0131m;<\/strong> <em>Orta yani, ortas\u0131, telefon sinyalleri hangi g\u00fcn\u00fc g\u00f6steriyorsa, onu tam hat\u0131rlam\u0131yorum. Onu say\u0131n savc\u0131lara s\u00f6yledim.<\/em> <span style=\"text-decoration: underline;\">O toplant\u0131da oldu\u011funu iddia etti\u011fi isimlerin, telefon baz istasyon kay\u0131tlar\u0131n\u0131 cep telefonu kullanmaya ba\u015flad\u0131klar\u0131 tarihten, g\u00f6zetim?e al\u0131n\u0131p tutukland\u0131\u011f\u0131m\u0131z g\u00fcne kadar inceleyin, bir arada g\u00f6remezsiniz Ata\u015fehir de. <\/span> \u00a0 3-\u00a0\u00a0\u00a0 <span style=\"text-decoration: underline;\">12.11.2009 tarih 122. Celse, sayfa 14 <\/span> <strong>C.Savc\u0131s\u0131<\/strong> <strong>Mehmet Ali Pekg\u00fczel, Osman Y\u0131ld\u0131r\u0131m?a soruyor;<\/strong> <em>\u0130stanbul?a geli\u015f saatiniz 30.04.2006 saat 14.54.01 de Dudullu Orsandan telefonunuz baz veriyor, do\u011frumudur? 30 Nisan g\u00fcn\u00fc \u00f6\u011fle saatlerinde mi d\u00f6nd\u00fcn\u00fcz \u0130zmir?den?<\/em> <strong>San\u0131k Osman Y\u0131ld\u0131r\u0131m;<\/strong> <em>Yani hangi tarihte d\u00f6nd\u00fc\u011f\u00fcm\u00fc tam olarak bilmiyorum. Yani i\u015fte bu ayn\u0131 g\u00fcn, bu sayd\u0131\u011f\u0131n\u0131z \u015feylerden sonra oradan ge\u00e7mi\u015ftim evet.<\/em> \u00a0 <span style=\"text-decoration: underline;\">Ayn\u0131 celse, sayfa 15 <\/span> <strong>C.Savc\u0131s\u0131 Mehmet Ali Pekg\u00fczel;<\/strong><em> Bu \u0130zmir?den d\u00f6nd\u00fckten ne kadar s\u00fcre sonra \u00dcmraniye G\u00fcll\u00fco\u011flu Pastanesinde bulu\u015ftunuz, yan\u0131n\u0131zda kimler vard\u0131? Do\u011fu\u015f Faktoring?ten kimler vard\u0131?<\/em> <strong>San\u0131k Osman Y\u0131ld\u0131r\u0131m;<\/strong> <em>D\u00f6n\u00fc\u015fte Erhan Timuro\u011flu?nu evine b\u0131rakt\u0131m, ondan sonra evime gittim, uyudum, istirahat ettim. Ertesi g\u00fcn olmal\u0131 ya da Erhan?\u0131 b\u0131rakmadan, birlikte G\u00fcll\u00fco\u011flu Pastanesine gittik.<\/em> 30 Nisan 2006 da \u0130zmir?den d\u00f6n\u00fcyor, <strong>G\u00fcll\u00fco\u011flu Pastanesinde 30 Nisan 2006 tarihinde toplan\u0131yorlar veya 01 May\u0131s 2006 da toplan\u0131yorlar! <\/strong>Yukar\u0131daki beyan\u0131na g\u00f6re yan\u0131nda Erhan oldu\u011funa g\u00f6re 30 Nisan 2006 <span style=\"text-decoration: underline;\">Ayn\u0131 celse sayfa 16<\/span> <strong>C.Savc\u0131s\u0131 Mehmet Ali Pekg\u00fczel;<\/strong> <em>Siz Migros?un \u00f6n\u00fcne bu G\u00fcll\u00fco\u011flu Pastanesindeki g\u00f6r\u00fc\u015fmeden ne kadar sonra gittiniz?<\/em> <strong>San\u0131k Osman Y\u0131ld\u0131r\u0131m;<\/strong> <em>G\u00fcll\u00fco\u011flu Pastanesinde g\u00fcnd\u00fcz g\u00f6r\u00fc\u015ft\u00fck. Migros?un \u00f6n\u00fcne gitmem ise geceydi.<\/em> <strong>C.Savc\u0131s\u0131 Mehmet Ali Pekg\u00fczel;<\/strong> <em>Ayn\u0131 g\u00fcn gecemi yoksa?<\/em> <strong>San\u0131k Osman Y\u0131ld\u0131r\u0131m;<\/strong> <em>Onu tam hat\u0131rlam\u0131yorum<\/em> Bu ifadelerden Ata\u015fehir de yap\u0131ld\u0131\u011f\u0131 iddia edilen toplant\u0131n\u0131n tarihinin 30 Nisan 2006 ya da 01 May\u0131s 2006 oldu\u011fu anla\u015f\u0131l\u0131yor. <span style=\"text-decoration: underline;\">Yine ayn\u0131 celse sayfa 22<\/span> <strong>C.Savc\u0131s\u0131 Mehmet Ali Pekg\u00fczel;<\/strong> <em>Tarih belirttiler mi, hangi tarihte at\u0131lacak dediler?<\/em> <strong>San\u0131k Osman Y\u0131ld\u0131r\u0131m;<\/strong> <em>Tarih o gece, yani o gece<\/em> <strong>C.Savc\u0131s\u0131 Mehmet Ali Pekg\u00fczel; <\/strong><em>Hemen ald\u0131\u011f\u0131n\u0131z g\u00fcn att\u0131n\u0131z m\u0131 bombalar\u0131? Att\u0131rd\u0131n\u0131z m\u0131?<\/em> <strong>San\u0131k Osman Y\u0131ld\u0131r\u0131m; <span style=\"text-decoration: underline;\">Yoo, ald\u0131\u011f\u0131m g\u00fcn\u00fcn ertesi g\u00fcn!&#8230;<\/span><\/strong> <strong>BU HESABA G\u00d6RE DE EN GE\u00c7 02 MAYIS 2006 DA BOMBALARIN ATILMASI GEREK\u0130R. BU GER\u00c7EKLE\u015eMED\u0130\u011e\u0130NE G\u00d6RE SONU\u00c7, \u0130DD\u0130A ED\u0130LEN TOPLANTININ YAPILMADI\u011eININ KANITIDIR! <span style=\"text-decoration: underline;\">TERT\u0130P, \u0130LK BOMBANIN 05 MAYIS 2006 DA ATILMI\u015e OLMASI \u0130LE BOZULMAKTADIR! <\/span><\/strong> <span style=\"text-decoration: underline;\">Osman Y\u0131ld\u0131r\u0131m 20.05.2006 tarihinde T.E.M. \u015eubede vermi\u015f oldu\u011fu ifadesinde; 03.05.2006 tarihinde Alparslan Arslan ile \u00dcsk\u00fcdar da bir \u00e7ay bah\u00e7esinde bulu\u015ftuklar\u0131n\u0131 ?<em>el bombas\u0131 ile eylem ger\u00e7ekle\u015ftirme karar\u0131 ald\u0131ktan sonra, el bombalar\u0131n\u0131n temini konusunda konu\u015ftu\u011fumuzda Alparslan kendisinde el bombas\u0131 bulundu\u011funu s\u00f6yledi.<\/em>? \u015eeklindeki ifadesi de iddia etti\u011fi gibi Ata\u015fehir de olmayan toplant\u0131da, olmayan bombalar\u0131 da benden ald\u0131\u011f\u0131 iftiras\u0131n\u0131 \u00e7\u00fcr\u00fctmektedir. \u00c7\u00fcnk\u00fc 03.05. 2006 da kendisine el bombas\u0131 verilmemi\u015f olup Alparslan Arslan?a nereden temin edece\u011fiz diye sormaktad\u0131r.<\/span> 10.11.2009 tarih, 121.celse, sayfa 23?te, Osman Y\u0131ld\u0131r\u0131m sorgu esnas\u0131nda fark\u0131nda olmadan ger\u00e7e\u011fi ikrar etmi\u015ftir. ?<em>\u0130lk bomba at\u0131lmadan bir g\u00fcn \u00f6nce<\/em> (04.05.2006 tarihini kastediyor) <em>patlamayan bombaya pimi tak\u0131ld\u0131<\/em>? ifadesi bu tertibin bir kez daha \u00e7\u00f6kt\u00fc\u011f\u00fcn\u00fcn resmidir! Huzurunuzda soruyorum, patlamayan el bombas\u0131na ?<strong>pim takmak<\/strong>? ne demektir? A\u00e7\u0131klas\u0131n! Bomba e\u011fitimlerinde, ?<strong>pim \u00e7ek, bomba at<\/strong>? vard\u0131r da ?<strong>bomba at, pim tak<\/strong>? e\u011fitimi yoktur! M\u00fcmk\u00fcn de de\u011fildir! At\u0131l\u0131p infilak etmeyen bombalar, bulunduklar\u0131 yerde tahrip uzmanlar\u0131 taraf\u0131ndan etkisiz hale getirilirler. Sadece e\u011fitim yard\u0131mc\u0131 malzemesi olarak kullan\u0131lan bombalarda patlay\u0131c\u0131 \u00f6zelli\u011fi olmad\u0131\u011f\u0131 i\u00e7in bu m\u00fcmk\u00fcn olabilir. Osman Y\u0131ld\u0131r\u0131m?\u0131n pim takt\u0131mdan kast\u0131, bomban\u0131n g\u00f6vdesine ba\u015fl\u0131k k\u0131sm\u0131n\u0131n monte edilmesidir. Sorgusun da, bomba tam par\u00e7am\u0131? Yoksa \u00e7ok par\u00e7al\u0131m\u0131 olarak verildi \u015feklindeki sorumun p\u00fcf noktas\u0131 budur. Hi\u00e7bir profesyonel asker, el bombas\u0131n\u0131 monte edilmi\u015f \u015fekilde ta\u015f\u0131maz, transfer etmez, o \u015fekilde de bir ba\u015fkas\u0131na vermez! Bu en basit bir emniyet kural\u0131d\u0131r. Ate\u015f ile barut nas\u0131l ki yan yana bulundurulmaz ise, el bombalar\u0131 da kesinlikle monte edilmi\u015f formda ne istiflenir ne saklan\u0131r ne de ta\u015f\u0131n\u0131r! Savc\u0131 Mehmet Ali Pekg\u00fczel sorguda Osman Y\u0131ld\u0131r\u0131m?a bomban\u0131n g\u00f6vdesindeki grav\u00fcr TNT?yi siz mi bo\u015faltt\u0131n\u0131z sorusunu y\u00f6neltti\u011finde Osman Y\u0131ld\u0131r\u0131m insiyaki olarak, o uzmanl\u0131k i\u015fi yan\u0131t\u0131n\u0131 verdi. H\u00e2lbuki askerlik yapan erden en y\u00fcksek r\u00fctbelisine kadar herkes bilir ki bu bomba e\u011fitiminin ilklerinden biridir. K\u00f6r tapan\u0131n a\u00e7\u0131lmas\u0131 ve ba\u015fl\u0131k k\u0131sm\u0131n\u0131n monte i\u015fidir. Ultra uzmanl\u0131k risk ve cesaret isteyen ise patlamayan bombaya pim takmakt\u0131r. Bir \u015fartla bomban\u0131n i\u00e7inde TNT olmad\u0131\u011f\u0131n\u0131 biliyorsan\u0131z o riskinizi minimize edebilir. \u015e\u00f6yle ki g\u00f6vdede TNT var iken bu i\u015fe kalkar iseniz param par\u00e7a olursunuz. \u0130\u00e7i bo\u015falt\u0131lm\u0131\u015f veya barut koymu\u015fsan\u0131z bir iki parma\u011f\u0131n\u0131z veya g\u00f6z\u00fcn\u00fcz\u00fc kaybederek hayat\u0131n\u0131z\u0131n geri kalan k\u0131sm\u0131n\u0131 da o \u015fekilde ya\u015famaya mahk\u00fbm olursunuz. De\u011ferli heyet ilk g\u00fcnden beri iddianameyi haz\u0131rlayan savc\u0131lar g\u00f6revlerini k\u00f6t\u00fcye kullanmaktad\u0131rlar. Ger\u00e7ek hukuk i\u015fledi\u011finde benim yerimde onlar olacak diyorum. Evet, benim \u00f6zg\u00fcrl\u00fc\u011f\u00fcm\u00fc \u00e7alanlar\u0131n ger\u00e7ek y\u00fcz\u00fcn\u00fc burada arz ediyorum! 18.11.2008 tarihinde 15. celsede sorgumda ge\u00e7en baz\u0131 konu\u015fmalar\u0131 tutanaklardan arz edece\u011fim. <strong>C.Savc\u0131s\u0131 Mehmet Ali Pekg\u00fczel;<\/strong> <em>Alparslan ile ka\u00e7 defa y\u00fcz y\u00fcze veya telefonla g\u00f6r\u00fc\u015ft\u00fcn\u00fcz hat\u0131rl\u0131yor musunuz?<\/em> <strong>San\u0131k Muzaffer Tekin;<\/strong> <em>Alparslan ile 3-4 defa ki olay tarihinden geriye d\u00f6n\u00fck bir bu\u00e7uk sene g\u00f6r\u00fc\u015fmedim hi\u00e7 g\u00f6r\u00fc\u015fmedim ondan \u00f6nce avukat kimli\u011fiyle kar\u015f\u0131mda bir avukat b\u00fcrosu vard\u0131. Oraya gelen arkada\u015flar\u0131yla bir abi olarak merak etmi\u015f ismimi duymu\u015f \u00e7ay\u0131m\u0131 i\u00e7mi\u015ftir. Herkesin huzurunda yap\u0131lan toplant\u0131lard\u0131r. Bunun d\u0131\u015f\u0131nda olay tarihinden geriye d\u00f6n\u00fck bir bu\u00e7uk sene kendisi alt\u0131 yedi diyor hay\u0131r asgari bir bu\u00e7uk sene g\u00f6r\u00fc\u015fmedim ba\u015fkan\u0131m.<\/em> <em> Telefonlarda siz bir yerde 35 diyorsunuz bir yerde 30 diyorsunuz bir yerde 27 diyorsunuz total alm\u0131\u015fs\u0131n\u0131z son bir senede tek g\u00f6r\u00fc\u015fmem var ha son g\u00fcne kadar da g\u00f6r\u00fc\u015febilirim ba\u015fkan\u0131m bu su\u00e7a i\u015ftirak anlam\u0131na gelmez!<\/em> <strong>C.Savc\u0131s\u0131 Mehmet Ali Pekg\u00fczel;<\/strong> <em>Yanl\u0131\u015f anlamad\u0131ysam \u00fc\u00e7-d\u00f6rt defa y\u00fcz y\u00fcze g\u00f6r\u00fc\u015ft\u00fcn\u00fcz, telefonla birka\u00e7 defa m\u0131 g\u00f6r\u00fc\u015ft\u00fcn\u00fcz?<\/em> <strong>San\u0131k Muzaffer Tekin;<\/strong> <em>Birka\u00e7 defa de\u011fil sizin ifadelerinizle total 35 baz\u0131 yerde 30 diyorsunuz<\/em>. <strong>C.Savc\u0131s\u0131 Mehmet Ali Pekg\u00fczel;<\/strong> <em>Siz ne diyorsunuz?<\/em> <strong>San\u0131k Muzaffer Tekin;<\/strong> <em>Do\u011frudur g\u00f6r\u00fc\u015fm\u00fc\u015f\u00fcmd\u00fcr, \u015fimdi adet oldu tebrik kartlar\u0131 kalkt\u0131, bayramda mesaj \u00e7ekiyorsunuz, y\u0131lba\u015f\u0131nda mesaj \u00e7ekiyorsunuz onlar kandil mi? telefon mu? mesaj m\u0131? teknik incelemesi yap\u0131larak ay\u0131rt edilebilir<\/em> <strong>C.Savc\u0131s\u0131 Mehmet Ali Pekg\u00fczel<\/strong>; <em>13 Mart 2004 tarihinden 16.11.2005 tarihine kadar 31 adet g\u00f6r\u00fc\u015fmeniz var, bu g\u00f6r\u00fc\u015fmelerinizin s\u00fcreleri burada var. Yani en son g\u00f6r\u00fc\u015fme tarihiniz 16.11.2005 olarak T\u0130B ba\u015fkanl\u0131\u011f\u0131ndan gelen cevabi yaz\u0131da b\u00f6yle s\u00f6yleniyor.<\/em> <strong>San\u0131k Muzaffer Tekin;<\/strong> <em>Olaydan ne kadar \u00f6nce say\u0131n savc\u0131?<\/em> <strong>C.Savc\u0131s\u0131 Mehmet Ali Pekg\u00fczel<\/strong>; <em>Olay 2006?n\u0131n 17 May\u0131s?\u0131nda ger\u00e7ekle\u015fti<\/em> <strong>San\u0131k Muzaffer Tekin;<\/strong> <em>Ka\u00e7 ay olmu\u015f efendim?<\/em> <strong>C.Savc\u0131s\u0131 Mehmet Ali Pekg\u00fczel<\/strong>; <em>16 Kas\u0131m 2005 tarihinde<\/em> <strong>San\u0131k Muzaffer Tekin;<\/strong> <em>Yedi ay \u00f6ncemi?<\/em> <strong>C.Savc\u0131s\u0131 Mehmet Ali Pekg\u00fczel<\/strong>; <em>Alt\u0131 ay gibi bir s\u00fcre<\/em> <strong>San\u0131k Muzaffer Tekin;<\/strong> <em>\u00d6nemli de\u011fil son g\u00fcn g\u00f6r\u00fc\u015fsem ne demek savc\u0131 bey<\/em> <strong>C.Savc\u0131s\u0131 Mehmet Ali Pekg\u00fczel<\/strong>; <em>Yani bu ki\u015fiyle irtibat\u0131n\u0131z\u0131 yani b\u00f6yle gizlemekteki amac\u0131n\u0131z ne onu diyorum.<\/em> <strong>San\u0131k Muzaffer Tekin<\/strong>; <em>Hay\u0131r, gizlemedim irtibat\u0131m yok kesinlikle irtibat\u0131m yok niye gizleyeyim?<\/em> Say\u0131n ba\u015fkan\u0131m, de\u011ferli \u00fcyelerim, Sizler bu konu\u015fma metninde bir \u015feyler gizledi\u011fim d\u00fc\u015f\u00fcncesine sahip oldunuz mu? M\u00fcmk\u00fcn de\u011fil! ancak konunun muhatab\u0131 Alparslan Arslan s\u00f6ylediklerim d\u0131\u015f\u0131nda bir \u015fey s\u00f6yler ki onu da maddi deliller ile takviye etmek gerekir. B\u00f6yle bir \u015fey de yok Arslan?da ifadelerinde beni tan\u0131d\u0131\u011f\u0131n\u0131 yo\u011fun bir samimiyeti olmad\u0131\u011f\u0131n\u0131 benim siyasal ve toplumsal g\u00f6r\u00fc\u015flerimin kendisine yak\u0131n olmad\u0131\u011f\u0131n\u0131 nas\u0131l ve kimin arac\u0131l\u0131\u011f\u0131yla tan\u0131\u015ft\u0131\u011f\u0131m\u0131 hat\u0131rlamad\u0131\u011f\u0131n\u0131 avukat oldu\u011fu i\u00e7in i\u015f ili\u015fkileri \u00e7er\u00e7evesinde tan\u0131m\u0131\u015f olabilece\u011fini beni alt\u0131 yedi ayd\u0131r g\u00f6rmedi\u011fini dile getirmi\u015ftir. Ben t\u00fcm taleplerim ve sunumlar\u0131mda Osman Y\u0131ld\u0131r\u0131m?\u0131n bana iftira att\u0131\u011f\u0131n\u0131 hayk\u0131rd\u0131m. Fakat sorgusunda dikkatinizi belki \u00e7ekmi\u015ftir bir kez kendisine \u015fu tarihte bu ifadeyi vermi\u015fsin \u015fu tarihte verdi\u011fin farkl\u0131 ni\u00e7in yalan beyanda bulunuyorsun demedim. \u00c7\u00fcnk\u00fc o sorguda benim ona hakk\u0131m yok. Ben \u00e7eli\u015fkileri ortaya koyar\u0131m takdir y\u00fcce mahkemenindir. Benim sorular\u0131m\u0131n i\u00e7inde zaten cevaplar\u0131 da vard\u0131. \u0130ddianamede su\u00e7 ve su\u00e7lu yaratabilmek ad\u0131na her t\u00fcrl\u00fc yola ba\u015fvuran iddia makam\u0131 bu ki\u015fiyle irtibat\u0131n\u0131z\u0131 yani b\u00f6yle gizlemekteki amac\u0131n\u0131z ne ifadeleriyle taraf oldu\u011funu a\u00e7\u0131k\u00e7a bir kez daha ortaya koyuyordu. Oysaki bana bu soruyu y\u00f6nelten savc\u0131 Mehmet Ali Pekg\u00fczel, Osman Y\u0131ld\u0131r\u0131m?a S\u00fcleyman Esen?i tan\u0131y\u0131p tan\u0131mad\u0131\u011f\u0131 sorusunu soruyor. Hay\u0131r, yan\u0131t\u0131n\u0131 al\u0131nca 11 kez telefon g\u00f6r\u00fc\u015fmesinin S\u00fcleyman Esen?in bu soruya verdi\u011fi cevab\u0131n Osman Y\u0131ld\u0131r\u0131m?\u0131 tan\u0131mad\u0131\u011f\u0131 Arslan?\u0131n kendi telefonundan zaman zaman ba\u015fkalar\u0131n\u0131 arad\u0131\u011f\u0131 cevab\u0131n\u0131 kendisine dikte ettirip Osman Y\u0131ld\u0131r\u0131m?dan da ayn\u0131 cevab\u0131 tutanaklara ge\u00e7irme gayreti g\u00f6steriyordu. H\u00e2lbuki bu on bir telefon g\u00f6r\u00fc\u015fmesinin her \u00fc\u00e7 bomba at\u0131lma zaman\u0131na bir g\u00fcn \u00f6nce bir g\u00fcn sonra veya ayn\u0131 g\u00fcne denk gelmesini sorgulasa idi bu daha inand\u0131r\u0131c\u0131 ve verimli olurdu. \u0130ddia makam\u0131ndaki savc\u0131lar\u0131n nas\u0131l \u00f6n yarg\u0131l\u0131 olduklar\u0131n\u0131 kelimeler ile oynayarak nas\u0131l kendilerine delil yaratabilirimizin bir di\u011fer \u00f6rne\u011fini savc\u0131 Nihat Ta\u015fk\u0131n?\u0131n sorgusundan aktaraca\u011f\u0131m <strong>C.Savc\u0131s\u0131 Nihat Ta\u015fk\u0131n;<\/strong> <em>Savunman\u0131zda yanl\u0131\u015f anla\u015f\u0131lmad\u0131 ise Alparslan Arslan?\u0131n s\u00fcrekli olarak H\u00fcseyin G\u00f6r\u00fcm?\u00fcn yan\u0131nda g\u00f6rd\u00fc\u011f\u00fcn\u00fcz\u00fc hatta kendisine ne diye bu adam\u0131 \u00e7anta gibi dola\u015ft\u0131r\u0131yorsun dedi\u011fimi<\/em> <strong>San\u0131k Muzaffer Tekin;<\/strong> <em>O \u0130brahim \u00d6zcan yanl\u0131\u015f anlam\u0131\u015fs\u0131n\u0131z savc\u0131 bey<\/em> <strong>C.Savc\u0131s\u0131 Nihat Ta\u015fk\u0131n;<\/strong> <em>Dedi\u011finizi tutanaklar elimize gelmedi\u011fi i\u00e7in ald\u0131\u011f\u0131m notlar kontrolde edilebilir vermi\u015f oldu\u011funuz<\/em> <strong>San\u0131k Muzaffer Tekin;<\/strong> <em>\u0130brahim \u00d6zcan?dan bahsettim Alparslan Arslan?dan de\u011fil!<\/em> <strong>Mahkeme ba\u015fkan\u0131;<\/strong> <em>D\u00fczeltebilirsiniz siz soruyu sorun. Yani bir dil s\u00fcr\u00e7mesi olabilir yanl\u0131\u015f anla\u015f\u0131lm\u0131\u015f olabilir uzatmay\u0131n ana konuya girin diyor say\u0131n savc\u0131 Ta\u015fk\u0131n?a ba\u015fkan.<\/em> <strong>San\u0131k Muzaffer Tekin;<\/strong> <em>\u00d6yle a\u011fz\u0131mdan \u00e7\u0131kt\u0131ysa efendim \u0130brahim \u00d6zcan diyor ki, abi benim okumam yazmam yok bu diyor e\u011fitimli s\u00f6ylediklerimi yazar dedi ondan bahsettim dememe ra\u011fmen ba\u015fkan\u0131n ikaz\u0131na ra\u011fmen savc\u0131 Ta\u015fk\u0131n \u0131srar\u0131ndan vazge\u00e7miyor. Ancak ben not ald\u0131m o \u015fekilde not alm\u0131\u015f\u0131m kontrol ederiz onunda benim okuma yazmam eksik bana yard\u0131mc\u0131 olsun diye yan\u0131mda gezdiriyorum dedi\u011finizi s\u00f6ylediniz<\/em> <strong>San\u0131k Muzaffer Tekin;<\/strong> <em>Evet, \u0130brahim \u00d6zcan yanl\u0131\u015f demek ki \u015fey yap\u0131lm\u0131\u015f. \u0130brahim \u00d6zcan bu kadar net. \u0130brahim \u00d6zcan dememe ra\u011fmen savc\u0131 Nihat Ta\u015fk\u0131n <span style=\"text-decoration: underline;\">ifadenizden H\u00fcseyin G\u00f6r\u00fcm ile Alparslan Arslan?\u0131n \u00e7ok s\u0131k\u0131 ili\u015fkide bulundu\u011funuzu ifade etmek istedi\u011finiz anla\u015f\u0131lmaktad\u0131r, ayr\u0131ca bu beyandan dolay\u0131s\u0131yla H\u00fcseyin G\u00f6r\u00fcm ile Alparslan Arslan?\u0131 \u00e7ok s\u0131k g\u00f6rd\u00fc\u011f\u00fcn\u00fcz de anla\u015f\u0131lmaktad\u0131r. \u00c7anta olarak g\u00f6rd\u00fc\u011f\u00fcn\u00fcz\u00fc s\u00f6yledi\u011finize g\u00f6re m\u00fcdafiiniz ise Osman Y\u0131ld\u0131r\u0131m?\u0131n ifadesindeki \u00e7eli\u015fkileri anlat\u0131rken hi\u00e7 dosyada olmamas\u0131na kar\u015f\u0131n bir ifadesinde bombalar\u0131 H\u00fcseyin G\u00f6r\u00fcm?den ald\u0131\u011f\u0131n\u0131 s\u00f6yledi\u011fini beyan ederek bu \u00e7eli\u015fkileri,<\/span> ben hemen m\u00fcdahale ederek Rasim G\u00f6r\u00fcm diyecekti efendim diyerek d\u00fczeltiyorum. Savc\u0131l\u0131k yapm\u0131\u015f, otuz y\u0131ll\u0131k bir hukuk\u00e7unun bile demek ki dili s\u00fcr\u00e7ebiliyor.<\/em> Mant\u0131ken bir avukat\u0131n H\u00fcseyin G\u00f6r\u00fcm?\u00fcn yan\u0131nda \u00e7anta gibi dola\u015famayaca\u011f\u0131 ortada iken savc\u0131 Nihat Ta\u015fk\u0131n?\u0131n bu anlams\u0131z \u0131srar\u0131n\u0131 tutanaklar da tekzip ediyor. Zira 18 Kas\u0131m 2008 tarihli sorgumda, savc\u0131 Mehmet Ali Pekg\u00fczel bana y\u00f6neltmi\u015f oldu\u011fu ikinci sorusunda,<em> \u015f\u00fcpheli \u0130brahim \u00d6zcan al\u0131nan ifadesinde Alparslan Arslan?\u0131 sizin ofisinizde g\u00f6rd\u00fc\u011f\u00fcn\u00fc vatansever kuvvetler g\u00fc\u00e7 birli\u011fi hareketi iyili\u011fi konusunda g\u00f6r\u00fc\u015ft\u00fc\u011f\u00fcn\u00fcz\u00fc bizzat beyan etti. O ifadesi avukat huzurunda al\u0131nan bir ifadedir dedi.<\/em> <strong>San\u0131k Muzaffer Tekin;<\/strong> <em>Arz edeyim say\u0131n ba\u015fkan\u0131m, \u0130brahim \u00d6zcan en son g\u00f6zalt\u0131na al\u0131nan grupta olmas\u0131na ra\u011fmen hi\u00e7bir zanl\u0131n\u0131n ifadeleri bu iddianameye girmemi\u015ftir. \u0130brahim \u00d6zcan?\u0131n girmi\u015ftir bunu \u00f6zellikle dikkatinize sunuyorum. \u0130brahim \u00d6zcan?\u0131n verdi\u011fi ifadeler yaland\u0131r! \u0130brahim \u00d6zcan, H\u00fcseyin G\u00f6r\u00fcm ile hi\u00e7bir zaman ayr\u0131lmam\u0131\u015f hep beraber benim yan\u0131ma gelmi\u015flerdir. S\u0131n\u0131rl\u0131d\u0131r. H\u00fcseyin G\u00f6r\u00fcm?\u00fcn de bu konuda beyanlar\u0131na ba\u015fvurulabilir. Tamamen yalan red ediyorum.<\/em> Bu cevab\u0131 savc\u0131 Ta\u015fk\u0131n?dan \u00f6nce savc\u0131 Pekg\u00fczel?e verdi\u011fimi bir kez daha hat\u0131rlatmak isterim. Yine sorgum s\u0131ras\u0131nda savc\u0131 Ta\u015fk\u0131n, Mete Yalazangil ve Semih Tufan G\u00fclaltay?\u0131n beni yalanlad\u0131\u011f\u0131n\u0131 ifade ederken, terbiye ve nezaket s\u0131n\u0131rlar\u0131 i\u00e7erisinde kendisinin anlayamad\u0131\u011f\u0131 konuyu izaha \u00e7al\u0131\u015ft\u0131m. Mahkemenizin bu konuda ikna oldu\u011funu tatmin oldu\u011funu d\u00fc\u015f\u00fcn\u00fcyorum. Lakin savc\u0131 Ta\u015fk\u0131n?\u0131n hala anlay\u0131p anlamad\u0131\u011f\u0131 konusunda teredd\u00fct i\u00e7inde oldu\u011fumu bu vesile arz etmek istiyorum. Ni\u00e7in mi? Avukat Mehmet Ener?in 6 \u015eubat 2008 tarihinde Osman Y\u0131ld\u0131r\u0131m ile g\u00f6r\u00fc\u015fmesindeki 27 Nisan da Ata\u015fehir de yap\u0131lan toplant\u0131da Veli K\u00fc\u00e7\u00fck?\u00fcn el bombalar\u0131n\u0131 Alparslan Arslan?a verdi\u011fini mahkemede s\u00f6ylesem mi ifadesini huzurda tamamen tahrif ederek Muzaffer Tekin?den ald\u0131\u011f\u0131ma d\u00f6n\u00fc\u015ft\u00fcrd\u00fc\u011f\u00fcne salon \u015fahit, tutanaklar delil oldu. \u0130n\u015fallah bir tahrip etme de\u011fil, yanl\u0131\u015f alg\u0131lama veya her insan\u0131n yapabilece\u011fi dil s\u00fcr\u00e7mesidir. Bu \u00f6nemli hususu d\u00fczeltme gere\u011fi duymamas\u0131 da manidard\u0131r. Say\u0131n savc\u0131lar\u0131n kelimelerle oynayarak ifadelerin anlamlar\u0131n\u0131 de\u011fi\u015ftirme \u00e7abalar\u0131 s\u00f6ylemedi\u011fimiz hususlar\u0131 tutanaklara ge\u00e7irme \u00e7abalar\u0131 iddianamedeki \u00e7ok de\u011ferli kurgu ve yorum metotlar\u0131na sorguda da devam etmelerine izahta zorlan\u0131yorum. Dan\u0131\u015ftay davas\u0131n\u0131n Ergenekon soru\u015fturmas\u0131na birle\u015ftirmesinde verdirtilen ifadeler ile kilit rol oynayan Osman Y\u0131ld\u0131r\u0131m?\u0131n yerine bir an i\u00e7in kendimi koydum. S\u00fcleyman Esen?in telefonundan on bir kez, hem de bomba at\u0131lma olaylar\u0131 \u00f6ncesi ve sonras\u0131 arand\u0131\u011f\u0131m\u0131 hayal ettim. Burada \u00f6rg\u00fct tarikat ba\u011f\u0131n\u0131 yok etmek i\u00e7in \u00e7aba g\u00f6steren savc\u0131lar bana neler sorarlar\u0131n cevab\u0131n\u0131 arad\u0131m. &#8211;\u00a0\u00a0\u00a0\u00a0\u00a0 Alparslan Arslan sizi kendi telefonu varken ni\u00e7in ba\u015fkas\u0131n\u0131n telefonundan arad\u0131? &#8211;\u00a0\u00a0\u00a0\u00a0\u00a0 Daha \u00f6nceleri de ba\u015fkalar\u0131n\u0131n telefonundan sizi arad\u0131 m\u0131? &#8211;\u00a0\u00a0\u00a0\u00a0\u00a0 Bombalar\u0131n at\u0131lma s\u00fcrecinde uygunsuz saatlerde \u00fcstelik bir g\u00fcnde be\u015f kez ayn\u0131 numaran\u0131n aramas\u0131 sizin dikkatinizi \u00e7ekmedi mi? &#8211;\u00a0\u00a0\u00a0\u00a0\u00a0 Sinan Berbero\u011flu?nu bir kez tan\u0131mad\u0131\u011f\u0131 numara aram\u0131\u015f, hemen Turkcell den o numaran\u0131n sahibini \u00f6\u011frenmek istemi\u015f. Senin akl\u0131na b\u00f6yle bir \u015fey gelmedi mi? &#8211;\u00a0\u00a0\u00a0\u00a0\u00a0 Alparslan Arslan, bombalar\u0131 S\u00fcleyman Esen?den ald\u0131m diyor bombalar\u0131n at\u0131ld\u0131\u011f\u0131 tarihler g\u00f6z \u00f6n\u00fcne al\u0131n\u0131rsa ayn\u0131 g\u00fcnlerde, gecenin ilerleyen saatlerinde g\u00f6r\u00fc\u015fmeleri sizce normal midir? &#8211;\u00a0\u00a0\u00a0\u00a0\u00a0 Madem tan\u0131m\u0131yorsunuz ni\u00e7in Alparslan Arslan?\u0131n arkas\u0131nda S\u00fcleyman Esen ve \u00d6zel Harpte ki akrabas\u0131 var diye iftira att\u0131n\u0131z? &#8211;\u00a0\u00a0\u00a0\u00a0\u00a0 Israrla bug\u00fcnde, ni\u00e7in S\u00fcleyman Esen?i aklamaya \u00e7al\u0131\u015f\u0131yorsun? Su\u00e7suz oldu\u011funu s\u00f6yl\u00fcyorsun? &#8211;\u00a0\u00a0\u00a0\u00a0\u00a0 Tan\u0131mad\u0131\u011f\u0131n halde S\u00fcleyman Esen?in avukat\u0131 ni\u00e7in seninle irtibata ge\u00e7ti. Avukat Mehmet Ener?i nereden tan\u0131yorsun? Ona anlatt\u0131\u011f\u0131n konular\u0131 ni\u00e7in kendi avukatlar\u0131na anlatmad\u0131n? &#8211;\u00a0\u00a0\u00a0\u00a0\u00a0 Bunun d\u0131\u015f\u0131nda \u00f6n\u00fcn\u00fczdeki bilgisayar ekran\u0131na bakarak, T.\u0130.B? den GSM baz istasyon kay\u0131tlar\u0131n\u0131z geldi, an\u0131lan g\u00fcn ve saatlerde Alparslan Arslan ve S\u00fcleyman Esen farkl\u0131 b\u00f6lgelerde g\u00f6r\u00fcl\u00fcyorlar. &#8211;\u00a0\u00a0\u00a0\u00a0\u00a0 Son olarak da ISRARLA TANIMADI\u011eINIZI S\u00d6YLEYEREK N\u0130\u00c7\u0130N \u0130L\u0130\u015eK\u0130N\u0130Z\u0130 G\u0130ZL\u0130YORSUNUZ? itham\u0131 ile muhatap olurdum. <span style=\"text-decoration: underline;\">Say\u0131n Ba\u015fkan\u0131m, 12.11.2009 tarihli 122. celse sayfa 3<\/span> <strong>Mahkeme Ba\u015fkan\u0131;<\/strong> <em>Gelen kay\u0131tlarda Selvi otelde kalan ki\u015filer olarak ikisi g\u00f6steriliyor ikinizin kayd\u0131 yok Selvi otelde!<\/em> <strong>San\u0131k Osman Y\u0131ld\u0131r\u0131m;<\/strong> <em>Hangimizin kayd\u0131 yok?<\/em> <strong>Mahkeme Ba\u015fkan\u0131;<\/strong> <em>\u0130kinizin Alparslan ile senin kayd\u0131n yok!<\/em> <strong>San\u0131k Osman Y\u0131ld\u0131r\u0131m;<\/strong> <em>Kayd\u0131m\u0131z yok!<\/em> <strong>Mahkeme Ba\u015fkan\u0131;<\/strong> <em>Evet gelen kay\u0131tlar \u00f6yle diyor!<\/em> <strong>San\u0131k Osman Y\u0131ld\u0131r\u0131m;<\/strong> <em>Gelen kay\u0131tlar yalan konu\u015fuyor!<\/em> <strong>Mahkeme Ba\u015fkan\u0131;<\/strong> <em>Bilmiyoruz. Onu \u00e7\u00f6zece\u011fiz art\u0131k. Yalan do\u011fru<\/em>. Bu cevaptan hukuk ile aldatanlar\u0131n ibret almas\u0131 laz\u0131m. \u0130tham yok a\u015fa\u011f\u0131lama yok! Dayanak belge. <span style=\"text-decoration: underline;\">Ayn\u0131 celsenin devam\u0131nda sayfa 44<\/span> Cumhuriyet savc\u0131s\u0131 Nihat Ta\u015fk\u0131n; Ferit Serkan Erkan isimli otel g\u00f6revlisinin mahkemede verdi\u011fi ifadesi k\u0131smen sizi do\u011frulayacak nitelikte do\u011fru. Osman Y\u0131ld\u0131r\u0131m?a hitaben ancak emniyet ifadesindeki \u00e7eli\u015fkiler kendisine sorulamam\u0131\u015f ve bu \u00e7eli\u015fki de giderilemeden dava karara \u00e7\u0131km\u0131\u015f g\u00f6z\u00fck\u00fcyor. <span style=\"text-decoration: underline;\">Yani diyor ki savc\u0131; Osman Y\u0131ld\u0131r\u0131m, ba\u015fkan kay\u0131tlardan bahsetti stres yapma 11. A\u011f\u0131r Ceza Mahkemesi senin s\u00f6vd\u00fc\u011f\u00fcn kadar var. Eksik soru\u015fturma ile sana haks\u0131z ceza vermi\u015f!<\/span> <span style=\"text-decoration: underline;\">Bu skandal?d\u0131r say\u0131n heyet, skandal!<\/span> \u00a0 Say\u0131n ba\u015fkan\u0131m de\u011ferli \u00fcyeler burada bir konuya dikkatinizi \u00e7ekmek istiyorum. Osman Y\u0131ld\u0131r\u0131m daha \u00f6nceki verdi\u011fi dilek\u00e7elerde Do\u011fu\u015f Faktoring den kimseyi tan\u0131mad\u0131\u011f\u0131n\u0131 belirtiyor. Sorgusunda ise zaten tan\u0131mad\u0131\u011f\u0131 netle\u015fti. Savc\u0131 Pekg\u00fczel \u0131srarla Do\u011fu\u015f Faktoring den kimler var diyerek 2003 y\u0131l\u0131nda faaliyet durmu\u015f m\u00fcteakiben kapanm\u0131\u015f bir \u015firketi bu menfur sald\u0131r\u0131 ile irtibatland\u0131rmak istiyor. Benim hi\u00e7bir d\u00f6nem y\u00f6netim kurulu \u00fcyesi olmad\u0131\u011f\u0131m hukuken tescil edilmesine ra\u011fmen o \u015firketin y\u00f6netim kurul ba\u015fkan\u0131 ve \u00fcyeleri o halde ni\u00e7in burada de\u011filler. \u00d6n\u00fcnde Do\u011fu\u015f Faktoring?in dosyas\u0131 var ben sundum acaba ismi telaffuz edilen insanlar ge\u00e7mi\u015fte o \u015firket ile hi\u00e7 irtibat kurmu\u015flar m\u0131? Sene 2009 hala Do\u011fu\u015f Faktoring, ileriki b\u00f6l\u00fcmde bu konuya belge \u00fczerinden a\u00e7\u0131kl\u0131k getirece\u011fim, zira savc\u0131lar\u0131n ya belge okuma al\u0131\u015fkanl\u0131klar\u0131 yok, ya da belgeler onlar i\u00e7in bir \u015fey ifade etmiyor! <span style=\"text-decoration: underline;\">12.11.2009 tarih 122. Celse, sayfa 16<\/span> <strong>C.Savc\u0131s\u0131 Mehmet Ali Pekg\u00fczel;<\/strong> <em>Ne diyordu bu \u015fah\u0131slar. Nas\u0131l harekete ge\u00e7ilecek diye neden bahsediyorlard\u0131?<\/em> <strong>San\u0131k Osman Y\u0131ld\u0131r\u0131m;<\/strong> <em>Onlar demek benle tan\u0131\u015fmak istemedi. Bende onlarla tan\u0131\u015fmak istemedim.<\/em> <strong>C.Savc\u0131s\u0131 Mehmet Ali Pekg\u00fczel;<\/strong> <em>Alparslan onlar\u0131n yan\u0131nda rahat m\u0131 konu\u015fuyordu?<\/em> <strong>San\u0131k Osman Y\u0131ld\u0131r\u0131m;<\/strong> <em>Yan masaya yan\u0131ma geldi, devam\u0131nda<\/em> <strong>San\u0131k Osman Y\u0131ld\u0131r\u0131m;<\/strong> <em>Erhan?\u0131 buraya \u00e7a\u011f\u0131rmaman laz\u0131md\u0131 dedi, Alparslan<\/em> Savc\u0131 M.Ali Pekg\u00fczel kelimeler ile oynayarak hala tertibi y\u00fcr\u00fctme \u00e7abas\u0131 g\u00f6steriyor. Osman Y\u0131ld\u0131r\u0131m, \u0130zmir?den d\u00f6nd\u00fckten sonra Alparslan Arslan ile \u00dcmraniye?de G\u00fcll\u00fco\u011flu Pastanesinde bulu\u015ftum kendisi harekete ge\u00e7ece\u011fiz yar\u0131n bulu\u015fal\u0131m ifadesini ?<em>ne diyordu bu \u015fah\u0131slar nas\u0131l harekete ge\u00e7ilecek diye neden bahsediyorlard\u0131?<\/em> diye tahrif ediyor. Ni\u00e7in bunu yap\u0131yor, \u00e7aresizlikten. O esnada Alparslan?\u0131n yan\u0131nda bulunan insanlar\u0131 sanki bir toplant\u0131 i\u00e7erisindeymi\u015f gibi g\u00f6sterip onlar\u0131n bihaber olduklar\u0131 bir sald\u0131r\u0131 ile de yakla\u015f\u0131k 3,5 y\u0131l sonra irtibatland\u0131rmak istiyor. Osman Y\u0131ld\u0131r\u0131m?\u0131n ise hi\u00e7bir s\u00f6yledi\u011finin mant\u0131\u011f\u0131 olmad\u0131\u011f\u0131 gibi o ortam\u0131 gizli bir bulu\u015fma ortam\u0131na d\u00f6n\u00fc\u015ft\u00fcrmek gizem yaratmak i\u00e7in Alparslan?\u0131n Erhan?\u0131n oraya \u00e7\u0131kmamas\u0131n\u0131 s\u00f6yledi\u011fini burada ifade ediyor. Madem Erhan orada olmayacakt\u0131 ni\u00e7in o \u00e7ocu\u011fu bu olaylar\u0131n i\u00e7ine soktun. Say\u0131n Ba\u015fkan\u0131m de\u011ferli \u00fcyeler <span style=\"text-decoration: underline;\">12.11.2009 tarihli 122. celse sayfa 9<\/span>?dan bir sorgulama metni arz edece\u011fim. Duru\u015fmalar\u0131n ba\u015flang\u0131c\u0131ndan itibaren dikkat ve sabr\u0131n\u0131z\u0131 her vesileyle dile getirdim burada bu dikkatlerinizi azami noktada sunaca\u011f\u0131m hususlara teksif etmenizi hassaten istirham ediyorum. C.Savc\u0131s\u0131 Mehmet Ali Pekg\u00fczel, Osman Y\u0131ld\u0131r\u0131m?a kulland\u0131\u011f\u0131 telefonlar\u0131 soruyor. <em>0533 743 88 43 size mi ait? <\/em> <strong>San\u0131k Osman Y\u0131ld\u0131r\u0131m;<\/strong> <em>Bana ait savc\u0131m.<\/em> <strong>C.Savc\u0131s\u0131 Mehmet Ali Pekg\u00fczel;<\/strong> <em>0 538 756 72 68 size mi ait?<\/em> <strong>San\u0131k Osman Y\u0131ld\u0131r\u0131m;<\/strong> <em>0 500<\/em> <strong>C.Savc\u0131s\u0131 Mehmet Ali Pekg\u00fczel;<\/strong> <em>38 756 72 68<\/em> <strong>San\u0131k Osman Y\u0131ld\u0131r\u0131m;<\/strong> <em>\u00d6yle bir hatt\u0131m vard\u0131 evet ama tam numaralar\u0131n\u0131 net hat\u0131rlam\u0131yorum!<\/em> Devam\u0131nda savc\u0131 Mehmet Ali Pekg\u00fczel \u00e7e\u015fitli numaralar soruyor <em>0 537 644 76 57?<\/em> <strong>San\u0131k Osman Y\u0131ld\u0131r\u0131m;<\/strong> <em>\u00d6yle bir hatt\u0131m vard\u0131!<\/em> Bunun \u00fczerine say\u0131n ba\u015fkan devreye siz giriyorsunuz; Burada hemen benimdir diyorsun o kadar ezberinde var m\u0131 bunlar? ikaz\u0131ndan sonra savc\u0131 Mehmet Ali Pekg\u00fczel?e bir kez daha l\u00fctfen ba\u015ftan bir okur musunuz? <strong>C.Savc\u0131s\u0131 Mehmet Ali Pekg\u00fczel;<\/strong> <em>0533 743 88 43<\/em> <strong>San\u0131k Osman Y\u0131ld\u0131r\u0131m;<\/strong> <em>Bu benimdi evet!<\/em> <strong>C.Savc\u0131s\u0131 Mehmet Ali Pekg\u00fczel;<\/strong> <em>0 538 756 72 68<\/em> <strong>San\u0131k Osman Y\u0131ld\u0131r\u0131m;<\/strong> <em>Ba\u015f\u0131n\u0131 hat\u0131rl\u0131yorum sonunu hat\u0131rlam\u0131yorum!<\/em> <strong>C.Savc\u0131s\u0131 Mehmet Ali Pekg\u00fczel;<\/strong> <em>Ankara TEM? de hangi numaray\u0131 kulland\u0131\u011f\u0131n\u0131z\u0131 sorduklar\u0131nda bu numaray\u0131 vermi\u015fsiniz.<\/em> <strong>San\u0131k Osman Y\u0131ld\u0131r\u0131m;<\/strong> <em>T\u00fcm numaralar\u0131 hat\u0131rlam\u0131yorum, unutmu\u015fum!<\/em> Yukar\u0131daki numaralar\u0131 g\u00f6z \u00f6n\u00fcne alarak kendim Cumhuriyet e sald\u0131r\u0131 \u00f6ncesi ve sald\u0131r\u0131 g\u00fcn\u00fc olmak \u00fczere belli irtibatlar\u0131n\u0131 ortaya \u00e7\u0131karmak ad\u0131na bir gayret i\u00e7erisine girdim. <span style=\"text-decoration: underline;\">Dikkatimi \u00e7eken 0 538 756 72 68 numaral\u0131 bir telefon numaras\u0131na hi\u00e7 rastlamamam oldu.<\/span> Ayr\u0131ca 11 May\u0131s 2006 g\u00fcn\u00fc Cumhuriyet gazetesine bomba at\u0131ld\u0131\u011f\u0131 g\u00fcn Osman Y\u0131ld\u0131r\u0131m?\u0131n devaml\u0131 kulland\u0131\u011f\u0131 0533 743 83 43 numaral\u0131 telefon ile Alparslan Arslan ile 11.30:01?de bir kez g\u00f6r\u00fc\u015fmesi \u015f\u00fcphelerimi daha da art\u0131rd\u0131. Benim, dedi\u011fi 0537 644 76 57 numaral\u0131 telefon ise bir kez 10 May\u0131s 2006 tarihinde saat 20.06:16?da Arslan?\u0131n 0532 671 34 39 numaral\u0131 telefonundan aran\u0131yor. Ba\u015fka da bir g\u00f6r\u00fc\u015fme yok! <span style=\"text-decoration: underline;\">Sonu\u00e7ta, savc\u0131 Mehmet Ali Pekg\u00fczel?in Osman Y\u0131ld\u0131r\u0131m?a \u00fc\u00e7 kez sordu\u011fu Osman Y\u0131ld\u0131r\u0131m?\u0131n hat\u0131rlamakta zorluk \u00e7ekti\u011fi 0 538 756 72 68 numaral\u0131 telefonun \u00fc\u00e7\u00fcnc\u00fc bomban\u0131n at\u0131ld\u0131\u011f\u0131 g\u00fcn Alparslan Arslan ile 12 kez g\u00f6r\u00fc\u015fen 0 538 456 72 68 numaral\u0131 telefon oldu\u011funu Osman Y\u0131ld\u0131r\u0131m?\u0131n Ankara TEM? de verdi\u011fi telefon numaras\u0131yla kar\u015f\u0131la\u015ft\u0131rarak kesinle\u015ftirdim.<\/span> Bir yerde iyi niyetle belki savc\u0131 beyin g\u00f6z rahats\u0131zl\u0131\u011f\u0131 vard\u0131r \u00f6zellikle astigmat hastalar\u0131 s\u0131k s\u0131k numaralar\u0131 kar\u0131\u015ft\u0131r\u0131rlar bir hata olabilir fakat g\u00f6zl\u00fck takt\u0131\u011f\u0131na g\u00f6re bu ihtimal de d\u00fc\u015f\u00fckt\u00fcr diye d\u00fc\u015f\u00fcnd\u00fcm. Yine savc\u0131 beye haks\u0131zl\u0131k etmemek i\u00e7in herhalde g\u00f6z bozukluk derecesi ilerledi g\u00f6zl\u00fck yetersiz kalm\u0131\u015ft\u0131r dedim. Her hal\u00fckarda kuvvetli su\u00e7 \u015f\u00fcphesini ya\u015fam bi\u00e7imi haline getirmi\u015f savc\u0131m\u0131z\u0131n \u00f6n\u00fcndeki baz\u0131 bulgular ve istatistikler vard\u0131r. Bu hata yine telafi edilecektir diye ummak en do\u011fal hakk\u0131m\u0131z. \u00c7\u00fcnk\u00fc benim bug\u00fcn ula\u015ft\u0131\u011f\u0131m veriler o g\u00fcn savc\u0131m\u0131z\u0131n \u00f6n\u00fcnde mutlak olmal\u0131yd\u0131. \u015e\u00f6yle ki; Osman Y\u0131ld\u0131r\u0131m 3 May\u0131s 2006?da bu hattan be\u015f kez, 11 May\u0131s 2006?da 12 kez Arslan ile g\u00f6r\u00fc\u015fme yap\u0131yor. Osman Y\u0131ld\u0131r\u0131m 11 May\u0131s 2006?da 0 535 985 68 13 numaral\u0131 telefon ile 14 kez g\u00f6r\u00fc\u015f\u00fcyor. Osman Y\u0131ld\u0131r\u0131m 3-11 May\u0131s 2006 tarihlerinde toplam 31 kez bu telefon ile g\u00f6r\u00fc\u015fme yap\u0131yor. Savc\u0131 Mehmet Ali Pekg\u00fczel bir kez g\u00f6r\u00fc\u015fme yapt\u0131\u011f\u0131n\u0131z 0 537 644 76 57 numaral\u0131 telefonu hat\u0131rl\u0131yorsun da ni\u00e7in bir g\u00fcnde 26 kez kulland\u0131\u011f\u0131n telefonu hat\u0131rlamad\u0131n diyebilirdi. Osman Y\u0131ld\u0131r\u0131m da gerek\u00e7e olarak efendim benim numaram 0538 456 72 68 olarak d\u00fczeltebilirdi. <span style=\"text-decoration: underline;\">Say\u0131n ba\u015fkan\u0131n m\u00fcdahale edip, ?hemen benimdir diyorsun? ikaz\u0131 her iki tarafa da verilen bir mesaj idi ama anlayana!<\/span> <span style=\"text-decoration: underline;\">Savc\u0131 Mehmet Ali Pekg\u00fczel bomba atma s\u00fcrecine kat\u0131lan ve telefon baz istasyon kay\u0131tlar\u0131yla bu sabit olan Osman Y\u0131ld\u0131r\u0131m?a anla\u015fmalar\u0131 bozulmas\u0131n diye b\u00f6yle bir yol izlemi\u015ftir. Hukuk ile aldatmaya \u00e7al\u0131\u015fm\u0131\u015ft\u0131r.<\/span> Hani burada ger\u00e7e\u011fin ortaya \u00e7\u0131kar\u0131lmas\u0131na \u00e7al\u0131\u015f\u0131l\u0131yordu? 11 May\u0131s 2006 saat 16.10 Osman Y\u0131ld\u0131r\u0131m?\u0131n kullanm\u0131\u015f oldu\u011fu 0 538 456 72 68 nolu GSM hatt\u0131 \u0130st. Ak\u0131nc\u0131bay\u0131r\u0131?ndan sinyal veriyor. Saat 16.10:32?de 0535 9856813 nolu Erhan Timuro\u011flu?nu ar\u0131yor. Baz istasyonu Ak\u0131nc\u0131bay\u0131r\u0131, 16.09?da Alparslan Arslan?\u0131n telefonu \u00e7al\u0131yor o da Ak\u0131nc\u0131bay\u0131r\u0131. Osman 16.12:46?da ikinci kez ar\u0131yor Erhan?\u0131 Ak\u0131nc\u0131bay\u0131r\u0131nda. Osman 16.14?de tekrar ar\u0131yor Erhan?\u0131 Selahattin P\u0131nar?da ki baz istasyon. Yine Osman 16.15?de ar\u0131yor Erhan?\u0131 \u0130stanbul Selahattin P\u0131nar, yine Osman ar\u0131yor Erhan?\u0131 16.16 Ak\u0131nc\u0131bay\u0131r\u0131. Osman ar\u0131yor Erhan?\u0131 16.17 Ak\u0131nc\u0131bay\u0131r\u0131 en son b\u00f6lgede 16.41?de arad\u0131\u011f\u0131 \u015ei\u015fli \u00c7ukuro b\u00f6lgesi Cumhuriyet gazetesine en yak\u0131n nokta, gazeteye bomba at\u0131lm\u0131\u015f, halen orada. Bunu benim \u00e7\u0131karmam de\u011fil bu soruyu iddia makam\u0131ndaki savc\u0131lar\u0131n sizin huzurunuza koymas\u0131 gerekirdi. <span style=\"text-decoration: underline;\">12.11.2009 tarihli 122. celsenin 51. sayfas\u0131<\/span> Cumhuriyet savc\u0131s\u0131 Mehmet Ali Pekg\u00fczel?in sordu\u011fu soruyu san\u0131k Y\u0131ld\u0131r\u0131m?a ben daha \u00f6nce g\u00fcndeme getirmi\u015ftim. Say\u0131n savc\u0131; ?<em>Nusret Aras Ankara ter\u00f6rle m\u00fccadele \u015fubesinde verdi\u011fi 20 May\u0131s 2000 tarihli ifadesinde \u00f6zet olarak Osman Y\u0131ld\u0131r\u0131m 17 May\u0131s 2006 g\u00fcn\u00fc saat 9.30?da beni telefonla arad\u0131. Sesi tuhaf geliyordu. Neredesin diye sordum. Yenido\u011fan da kahveye gel dedi. Gitti\u011fimde yoktu ben kendisini arad\u0131m ancak ula\u015famad\u0131m demi\u015ftir<\/em>? <em>Siz de bu saatlerde eylem saatinde uyudu\u011funuzu s\u00f6yl\u00fcyorsunuz Nusret Aras saat 09.30 gibi arad\u0131 m\u0131 17 May\u0131s g\u00fcn\u00fc?<\/em> Osman Y\u0131ld\u0131r\u0131m bu beyan\u0131 yalanlad\u0131ktan sonra say\u0131n savc\u0131 Pekg\u00fczel; <em>Telefon kay\u0131tlar\u0131n\u0131za bakt\u0131\u011f\u0131m\u0131zda da 16 May\u0131s tarihinde de ben b\u00f6yle bir kayd\u0131 g\u00f6rmedim zaten. Mevzu bahis olan 17 May\u0131s 09.30 g\u00f6r\u00fc\u015fmenizi g\u00f6rmedim. Ancak 17 May\u0131s g\u00fcn\u00fc Nusret Aras ile saat 12.53 ve 12.56?da iki tane 1.44 saniyelik bir de 33 saniyelik olmak \u00fczere sizin arad\u0131\u011f\u0131n\u0131z telefon g\u00f6r\u00fc\u015fmesi var, a\u00e7\u0131klamas\u0131n\u0131 yap\u0131yor.<\/em> <span style=\"text-decoration: underline;\">Hem savc\u0131 hem de avukat!<\/span> Osman Y\u0131ld\u0131r\u0131m 16 May\u0131s g\u00fcn\u00fc 11.00, 12.00?ye do\u011fru Nusret Aras?\u0131 otele \u00e7a\u011f\u0131rd\u0131\u011f\u0131n\u0131 otomatik olarak da \u00e7ayc\u0131y\u0131 \u015fahit g\u00f6steriyor. \u0130lk akla gelecek en basit soru bilinmeyen bir telefondan m\u0131 arad\u0131n. Peki, 16 May\u0131sta da Nusret Aras ile bir telefon g\u00f6r\u00fc\u015fmen g\u00f6z\u00fckm\u00fcyor. Otele \u00e7a\u011f\u0131rd\u0131\u011f\u0131n\u0131 s\u00f6yl\u00fcyorsun. Hangi numaradan arad\u0131n? Maalesef sorulmuyor! \u0130\u015fte de\u011ferli ba\u015fkan\u0131m ve \u00fcyelerim her nedense en basit sorular\u0131 bile ki \u00e7ok kritik davan\u0131n seyrini de\u011fi\u015ftirecek sorular\u0131 savc\u0131lar soram\u0131yorlar. Ni\u00e7in mi? \u00c7\u00fcnk\u00fc bu kadar mesnetsiz, yalan, iftira ile kurgulad\u0131klar\u0131 iddianamenin tek tan\u0131\u011f\u0131n\u0131n eline esas el bombas\u0131n\u0131 siz verdiniz. Pimi \u00e7ekti\u011finde de ilk sizler berhava olacaks\u0131n\u0131z! Osman Y\u0131ld\u0131r\u0131m?a savc\u0131lar seni y\u00f6nlendirdik mi sorusu iddia makam\u0131n\u0131n savunmaya ge\u00e7ti\u011finin en b\u00fcy\u00fck kan\u0131t\u0131d\u0131r. O sorunuzun cevab\u0131n\u0131 Osman Y\u0131ld\u0131r\u0131m?a de\u011fil kendi vicdan\u0131n\u0131za ve tutanaklara sorunuz! Osman Y\u0131ld\u0131r\u0131m bu davada yarg\u0131lanan hi\u00e7 kimseyi tehdit edemez ba\u015fkan\u0131m. Adaletin kabesi olan bu salonda mahkemeye olan sayg\u0131m\u0131zdan susmay\u0131 erdem biliyoruz. Y\u00fcce T\u00fcrk adaletinin ba\u011f\u0131ms\u0131z mahkemeleri de tehditlere boyun e\u011fmez. Kuru g\u00fcr\u00fclt\u00fcye pabu\u00e7 b\u0131rakmaz. B\u0131rakmad\u0131\u011f\u0131n\u0131n \u00f6rne\u011fi de her ne kadar savc\u0131lar benimsemese de Ankara 11. A\u011f\u0131r ceza mahkemesinin karar\u0131d\u0131r. Osman Y\u0131ld\u0131r\u0131m ilk g\u00fcnden itibaren alaca\u011f\u0131 cezadan kurtulmak i\u00e7in her yolu denemi\u015f hi\u00e7 tan\u0131mad\u0131\u011f\u0131 insanlar\u0131 karalam\u0131\u015ft\u0131r. Ayn\u0131 davadan yarg\u0131lanan arkada\u015flar\u0131 huzurda evli oldu\u011fu, \u00e7ocu\u011funun oldu\u011fu i\u00e7in kendisini korumalar\u0131 y\u00f6n\u00fcndekini taleplerini burada dile getirdiler. \u015eimdi Ankara 11. A\u011f\u0131r ceza mahkemesi onlarca dilek\u00e7eyle gazete, medya, kulaktan dolma bilgilerle yap\u0131lan atf\u0131 c\u00fcr\u00fcmleri kaale mi almal\u0131yd\u0131. O zaman su\u00e7lay\u0131p da bug\u00fcn vazge\u00e7ti\u011fi insanlar ve tamam\u0131n\u0131n ma\u011fduriyetleri nas\u0131l \u00f6denecekti? Ama gelin g\u00f6r\u00fcn ki san\u0131k hi\u00e7 \u00fczerine vazife olmayan konularda bile iddianamedeki iftirac\u0131lar\u0131n da atf\u0131 c\u00fcr\u00fcmlerini hi\u00e7bir dayana\u011f\u0131 olmadan burada tekrarlayarak kendince cephe b\u00fcy\u00fct\u00fcyor. Savc\u0131lar da maalesef bunlar itibar ediyorlar. \u00d6rnek mi? ; <strong>C.Savc\u0131s\u0131 Nihat Ta\u015fk\u0131n;<\/strong> <em>13.11.2009 g\u00fcn 123. celse sayfa 13, ?Esra Feride G\u00f6k\u00e7imen?in ifadesi var. Siz de buna savunman\u0131zda de\u011findiniz. O ifadede ge\u00e7en konular\u0131n do\u011fru oldu\u011funu bildi\u011finizi hatta Semih Tufan?\u0131n yan\u0131ndaki g\u00f6r\u00fc\u015ft\u00fc\u011f\u00fcn\u00fcz ki\u015filer arac\u0131l\u0131\u011f\u0131 ile bildi\u011finizi s\u00f6ylediniz.<\/em> Bu tav\u0131r bile gizli bir ittifak\u0131n oldu\u011funun a\u00e7\u0131k kan\u0131t\u0131d\u0131r! H\u00e2lbuki iddia makam\u0131ndaki savc\u0131lar \u0130stanbul 12. A\u011f\u0131r Ceza Mahkemesinin 2007\/361 esasl\u0131 dosya 5. celse zab\u0131tlar\u0131nda <span style=\"text-decoration: underline;\">Esra Feride G\u00f6k\u00e7imen, kocas\u0131 Muzaffer G\u00f6k\u00e7imen?in bask\u0131s\u0131yla iftira att\u0131\u011f\u0131n\u0131 kabul etmi\u015f mahkeme de bunun \u00fczerine Muzaffer G\u00f6k\u00e7imen hakk\u0131nda tutuklama karar\u0131 \u00e7\u0131kartm\u0131\u015ft\u0131r.<\/span> Bu evrakta 2008 Aral\u0131k ay\u0131nda mahkemenize sunulmu\u015ftur. <span style=\"text-decoration: underline;\">12.11.2009 g\u00fcn, celse 122, sayfa 20<\/span> <strong>C.Savc\u0131s\u0131 Mehmet Ali Pekg\u00fczel; <\/strong><em>\u00c7ok bu kadar yak\u0131n de\u011filsiniz, kendisine bu g\u00fcveni nas\u0131l temin ettiniz yani size bomba verip yapt\u0131rmas\u0131n\u0131 nas\u0131l izah ediyorsunuz?<\/em> <strong>San\u0131k Osman Y\u0131ld\u0131r\u0131m;<\/strong> <em>Onu, kendisine sormak laz\u0131m. Ba\u015fka bir tan\u0131k mektup yazm\u0131\u015f Ba\u015fbakanl\u0131\u011fa, kendisine nas\u0131l teklif etti\u011fini.<\/em> <strong>C.Savc\u0131s\u0131 Mehmet Ali Pekg\u00fczel; <\/strong><em>Ne teklif etti\u011fini? <\/em> <strong>San\u0131k Osman Y\u0131ld\u0131r\u0131m;<\/strong> <em>Onu, kendisine sormak laz\u0131m.<\/em> <span style=\"text-decoration: underline;\">Osman Y\u0131ld\u0131r\u0131m yorum yapma, sen sordu\u011fum soruya net cevap ver diyemiyor savc\u0131 Pekg\u00fczel! Somut bilgi alma gayreti yok!<\/span> Ben cevab\u0131n\u0131 veriyorum say\u0131n heyet. T\u00fcrkiye de ger\u00e7ek hukuk adamlar\u0131 var. Be\u015fikta\u015f?ta da var. Albay Dursun \u00c7i\u00e7ek?in t\u00fcm bask\u0131lara ra\u011fmen ikinci kez tutuklanmas\u0131n\u0131 oy birli\u011fiyle ret eden mahkeme bunun bir \u00f6rne\u011fi. Be\u015fikta\u015f dukal\u0131\u011f\u0131n\u0131 karpuz gibi \u00e7atlatt\u0131, ortadan ikiye b\u00f6ld\u00fc. Bir di\u011feri mi? Cumhuriyet savc\u0131s\u0131 Nazmi Okumu\u015f, soru\u015fturma no 2006\/1021, karar no 2006\/480, soru\u015fturma evrak\u0131 incelendi: Osman Y\u0131ld\u0131r\u0131m?\u0131n biraz \u00f6nce muamma yaratt\u0131\u011f\u0131 sorunun savc\u0131l\u0131k karar\u0131n\u0131 arz ediyorum yani Engin Ba\u011fbars?\u0131n benim hakk\u0131mdaki ithamlar\u0131na verilen yan\u0131t\u0131. <em>?Ankara da yarg\u0131lanan emekli Binba\u015f\u0131 Muzaffer Tekin?in kendisini \u00e7a\u011f\u0131rarak Engin Ba\u011fbars?\u0131 silah cephane temin edece\u011fimi ve baz\u0131 \u015fah\u0131slar\u0131n \u00f6ld\u00fcr\u00fclmesi gerekti\u011fini belirtti\u011fimi bu nedenle Al\u00e2eddin \u00c7ak\u0131c\u0131, K\u00fcr\u015fat Y\u0131lmaz, Sedat Peker gibi \u015fah\u0131slarla ilgisinin bulundu\u011funu beyan ederek bu \u015fah\u0131slar hakk\u0131nda yasal i\u015flem yap\u0131lmas\u0131n\u0131 istedi\u011fi anla\u015f\u0131lm\u0131\u015ft\u0131r.?<\/em> <strong><em>?Yap\u0131lan soru\u015fturma neticesinde \u015f\u00fcphelinin bahsetti\u011fi olaylar\u0131n abart\u0131l\u0131 oldu\u011fu ve yine yap\u0131lan ara\u015ft\u0131rmada m\u00fc\u015ftekinin yak\u0131n\u0131 olan Erol G\u00fcrsoy?un beyan\u0131nda \u015f\u00fcphelinin olaylar\u0131 abartarak kendisini ucuz yoldan kahraman yapmak istedi\u011fini bu nedenle at\u0131l\u0131 su\u00e7lardan dolay\u0131 herhangi bir bilgisinin ve g\u00f6rg\u00fcs\u00fcn\u00fcn olmad\u0131\u011f\u0131n\u0131 beyan etmi\u015ftir. \u015eahs\u0131n abart\u0131l\u0131 beyanlar\u0131 ciddi bulunamamas\u0131 nedeniyle yap\u0131lan ara\u015ft\u0131rmalar neticesinde olaylar\u0131n somut ve m\u00fc\u015fahhas bilgi ve belgelere dayanmad\u0131\u011f\u0131ndan CMK 172\/1 maddesi gere\u011fince olaylar\u0131n takibine mahal olmad\u0131\u011f\u0131.?<\/em><\/strong> O iftirac\u0131n\u0131n Osman Y\u0131ld\u0131r\u0131m?dan ne fark\u0131 var? Format ve malzeme ayn\u0131, silah verecek, cephane verecek baz\u0131 \u015fah\u0131slar\u0131 \u00f6ld\u00fcrtecek. Kim? Muzaffer Tekin. \u0130yi ki sizlerin eline d\u00fc\u015fmemi\u015f Engin Ba\u011fbars. Ger\u00e7i daha sonra, savc\u0131 Zekeriya \u00d6z kendisini dev\u015firmek i\u00e7in gayret sarf ediyor ama Cumhuriyet savc\u0131s\u0131n\u0131n takipsizlik karar\u0131ndan sonra herhalde \u00e7ark edip ben b\u00f6yle bir \u015fey s\u00f6ylemedim diyen Engin Ba\u011fbars bir kez daha yalan s\u00f6ylemeye cesaret edemiyor. Ama ne yaz\u0131k ki say\u0131n ba\u015fkan\u0131m iddianamede bu iftirac\u0131n\u0131n ve onun telaffuz etti\u011fi isimler ile de irtibatland\u0131r\u0131lmam devam ediyor. Gelin g\u00f6r\u00fcn ki bu g\u00fcn de o iftirac\u0131n\u0131n iftiralar\u0131ndan medet umanlar yine bir iftirac\u0131 ve onun arkas\u0131ndaki tertip heyeti. 2 Mart 2007 tarihinde bir gazete ?gizli g\u00f6revlinin s\u0131r ifadesi? ba\u015fl\u0131\u011f\u0131yla Engin Ba\u011fbars?\u0131n on bir saatlik ifadesini sorguyu yapan, ifadeleri okuyanlar\u0131n d\u0131\u015f\u0131nda bilen yok. Yaz\u0131\u015fmalar ise hep gizli olarak ger\u00e7ekle\u015fmi\u015f \u015feklinde g\u00fcndeme ta\u015f\u0131yordu. Engin Ba\u011fbars, ifadesinin al\u0131nmas\u0131 i\u00e7in de ?<em>Dan\u0131\u015ftay bask\u0131n\u0131 s\u0131ras\u0131nda Alparslan Arslan?\u0131n kulland\u0131\u011f\u0131 Glock marka silah\u0131n, evimden \u00e7al\u0131nan silah olabilece\u011fini ad\u0131 ge\u00e7en ki\u015filerle ilgili \u00e7ok \u00f6nemli a\u00e7\u0131klamalar yapaca\u011f\u0131m<\/em>? diyerek kendince yeni bir \u00e7\u0131k\u0131\u015f kap\u0131s\u0131 ar\u0131yordu. H\u00e2lbuki Say\u0131n Cumhuriyet savc\u0131s\u0131 Nazmi Okumu\u015f?un 15.11.2006 tarihindeki kovu\u015fturmaya yer olmad\u0131\u011f\u0131 karar\u0131ndan \u00f6nce de 11.09.2006 tarihinde \u0130stanbul Organize Su\u00e7lar ile M\u00fccadele \u015eube M\u00fcd\u00fcrl\u00fc\u011f\u00fc bir rapor haz\u0131rl\u0131yor, raporun alt\u0131ndaki imza Mutlu Ekizo\u011flu?na ait. O d\u00f6nem 3. s\u0131n\u0131f emniyet m\u00fcd\u00fcr\u00fc, raporun i\u00e7eri\u011fi ise \u015f\u00f6yle; ?<em><span style=\"text-decoration: underline;\">\u015eahs\u0131n bir\u00e7ok olay ve \u015fah\u0131stan bahsetmesine ra\u011fmen \u015fah\u0131slar ve olaylar hakk\u0131nda somut bir bilgi vermedi\u011fi bir\u00e7ok kamu personelini \u00e7e\u015fitli olu\u015fumun i\u00e7erisinde oldu\u011funu iddia etti\u011fi ancak ayn\u0131 \u015fekilde ifadelerini tutarl\u0131 bilgiler i\u00e7ermedi\u011fi \u015fahs\u0131n g\u00fcndemdeki olaylar\u0131 kendisiyle ili\u015fkilendirerek abartt\u0131\u011f\u0131 anla\u015f\u0131lm\u0131\u015f olaylarda ad\u0131 ge\u00e7en \u015fahs\u0131n ili\u015fkisi tespit edilememi\u015ftir<\/span><\/em>? Ba\u015flang\u0131\u00e7ta da belirtti\u011fim gibi hala hi\u00e7bir g\u00fcvenilirli\u011fi ve tutarl\u0131l\u0131\u011f\u0131 olmayan bu adam\u0131, uyduruk Ergenekon operasyonuna malzeme yapmaya \u00e7al\u0131\u015fanlar bulunuyordu. Tertip heyeti, taktik bir hata yapm\u0131\u015f. O da tahmin ediyorum AKP?nin kapatma davas\u0131ndan \u00f6nce iddianamenin haz\u0131rlanmas\u0131, yeti\u015ftirilmesi tela\u015f\u0131ndan olsa gerek. \u00c7\u00fcnk\u00fc menfur Dan\u0131\u015ftay sald\u0131r\u0131s\u0131 buradaki masum insanlara yaman\u0131p Anayasa Mahkemesinde g\u00f6r\u00fc\u015f\u00fclmekte olan dava da AKP?nin azmettiricilikten aklanma hesaplar\u0131 kurgunun temelini olu\u015fturuyor. <strong>Kurgu var, iddialar var ama somut bir \u015fey yok. Hi\u00e7bir iddian\u0131n alt\u0131n\u0131 dolduram\u0131yorlar!<\/strong> H\u00e2lbuki t\u00fcm iftirac\u0131lar\u0131 bir araya getirip birbirlerinin atf\u0131 c\u00fcr\u00fcmlerini takviye edici bir tertip i\u00e7ine girselerdi bizleri biraz daha yorarlard\u0131. Yoksa iki sene ge\u00e7mi\u015f iddianameden bug\u00fcn burada t\u00fcm iftirac\u0131lar\u0131n s\u00f6ylemlerini baz alarak onlar ile savunma yapmak hi\u00e7 inand\u0131r\u0131c\u0131 olmuyor! Say\u0131n ba\u015fkan\u0131m de\u011ferli \u00fcyeler, burada Ankara Cumhuriyet savc\u0131l\u0131\u011f\u0131nda ya\u015fad\u0131\u011f\u0131m bir anekdot?u arz etmek istiyorum; Dan\u0131\u015ftay?a yap\u0131lan menfur sald\u0131r\u0131dan sonra tertip heyetinin aleyhime ifade vermeye zorlad\u0131\u011f\u0131 beklenti i\u00e7erisinde olan her iftirac\u0131 gibi Engin Ba\u011fbars?\u0131n da b\u00f6yle bir d\u00fc\u015f\u00fcnceyle hareket etti\u011fi bizzat mahkemenize sundu\u011fum kendi el yaz\u0131s\u0131 ve dilek\u00e7e mektuplar\u0131 ile tescil edilmi\u015ftir. ?<em>Cumhuriyet savc\u0131l\u0131\u011f\u0131nda sorgum bitmi\u015f, ifadelerimi imzalamak \u00fczere iken savc\u0131 beyin makam\u0131na tela\u015fl\u0131 bir \u015fekilde TEM? de sorgum esnas\u0131nda g\u00f6rd\u00fc\u011f\u00fcm bir emniyet g\u00f6revlisi girdi. Sar\u0131 bir zarf\u0131, savc\u0131 beye uzatt\u0131ktan sonra kula\u011f\u0131na e\u011filerek gizemli bir \u015feyler f\u0131s\u0131ldad\u0131. Savc\u0131 bey i\u00e7eri\u011fini okuduktan sonra bana \u015fu soruyu y\u00f6nelttiler; <span style=\"text-decoration: underline;\">Tekirda\u011f?dan ald\u0131\u011f\u0131m\u0131z bir ihbar mektubu sizin hapishanelerde insan besledi\u011finiz bunlara silah, cephane vererek h\u00fck\u00fcmeti devirece\u011finizi ihbar ediyor<\/span>. Ben ise insiyaki olarak olduk\u00e7a da \u00f6fkelenerek soytar\u0131 cevab\u0131n\u0131 verdim.<\/em>? <strong><em>T\u00fcrkiye Cumhuriyeti Ba\u015fbakan\u0131n\u0131n ilk g\u00fcn ilk saatlerde Dan\u0131\u015ftay sald\u0131r\u0131s\u0131ndan sonra bu i\u015f ba\u015f\u00f6rt\u00fcs\u00fcyle ili\u015fkili de\u011fil Susurluk, K\u00fcre, Sauna ba\u011flant\u0131lar\u0131 var iktidar\u0131m\u0131za y\u00f6neliktir ifadesini kullan\u0131rken,<\/em><\/strong> <strong><em>Spordan sorumlu Devlet Bakan\u0131 Mehmet Ali \u015eahin s\u00fcrprizlere haz\u0131rl\u0131kl\u0131 olun. Bekleyin, \u00e7ok k\u0131sa zamanda bu olay\u0131n neden yap\u0131ld\u0131\u011f\u0131 ve arkas\u0131nda kimlerin oldu\u011fu ortaya \u00e7\u0131kar\u0131lacakt\u0131r beyanat\u0131n\u0131 vermi\u015flerdi.<\/em><\/strong> <strong><em>D\u00f6nemin D\u0131\u015fi\u015fleri Bakan\u0131 Abdullah G\u00fcl ise, 19 May\u0131s 2006 g\u00fcn\u00fc sabah\u0131 Dan\u0131\u015ftay?a silahl\u0131 sald\u0131r\u0131 d\u00fczenleyen Alparslan?\u0131 y\u00f6nlendiren \u00e7etenin eleba\u015f\u0131n\u0131n 12 Eyl\u00fcl \u00f6ncesi y\u00fczba\u015f\u0131 iken ordudan at\u0131lan ve ekip i\u00e7inde ?Albay Muzaffer? diye tan\u0131nan Muzaffer Tekin oldu\u011fu nu ifade etmi\u015fti.<\/em><\/strong> Serbest b\u0131rak\u0131ld\u0131\u011f\u0131m g\u00fcn ise Ba\u015fbakan hukuk devletine olan ba\u011fl\u0131l\u0131\u011f\u0131ndan olsa gerek <strong>?<em>Y\u00fczba\u015f\u0131n\u0131n b\u0131rak\u0131lm\u0131\u015f olmas\u0131 su\u00e7suz oldu\u011fu anlam\u0131na gelmez<\/em>?<\/strong> diyebiliyordu! <strong>\u0130ktidar\u0131n s\u00f6ylemlerinin en b\u00fcy\u00fck kan\u0131t\u0131 ald\u0131\u011f\u0131 cezalardan kurtulmak i\u00e7in tertip heyetine malzeme olmu\u015f Engin Ba\u011fbars?\u0131n iftiralar\u0131 idi. <\/strong> Vah benim \u00e7ileke\u015f halk\u0131m bak seni kimler y\u00f6netiyor! Say\u0131n heyet bir gazetenin bombalanmas\u0131 olay\u0131n\u0131 iki ayr\u0131 ki\u015fiye vermenin, talimat\u0131 bir ba\u015fka ki\u015fiden, para ve bombalar\u0131 bir di\u011fer ki\u015fiden ald\u0131m demenin bir mant\u0131\u011f\u0131 var m\u0131d\u0131r? Osman Y\u0131ld\u0131r\u0131m \u00e7\u0131kar ama\u00e7l\u0131 i\u015f ald\u0131\u011f\u0131n\u0131 iddia ediyor. Bomba atma gerek\u00e7esini ona dayand\u0131r\u0131yor. Peki, Alparslan Arslan?a ni\u00e7in bomba verilmi\u015f, ne ama\u00e7la bu ona soruldu mu? <strong>\u00c7\u0131kar ama\u00e7l\u0131 da olsa 15-20 ki\u015finin huzurunda, de\u011fil bomba en k\u00fc\u00e7\u00fck bir su\u00e7 aletinin verilmesi sizce normal midir? Kesinlikle hay\u0131r. Ter\u00f6r ama\u00e7l\u0131 ise bu kadar kalabal\u0131k i\u00e7erisinde verilmesi anormalin \u00f6tesinde ahmakl\u0131k, salakl\u0131kt\u0131r!<\/strong> \u0130\u015fte tertibin p\u00fcf noktalar\u0131 burada yatmaktad\u0131r. Zira Osman Y\u0131ld\u0131r\u0131m ceza alana kadar gerek Cumhuriyet gazetesine bomba at\u0131lmas\u0131, gerekse menfur Dan\u0131\u015ftay sald\u0131r\u0131s\u0131n\u0131n i\u00e7inde olmad\u0131\u011f\u0131n\u0131 iddia etmi\u015f, bu su\u00e7lamalar\u0131 devaml\u0131 reddetmi\u015ftir. <span style=\"text-decoration: underline;\">Ankara da g\u00f6r\u00fclmekte olan Dan\u0131\u015ftay davas\u0131 ve \u00dcmraniye de ele ge\u00e7irilen el bombalar\u0131 sonras\u0131 tutuklanan insanlar\u0131 irtibatland\u0131rmak i\u00e7in siyasi iktidar\u0131 elinde bulunduranlar ile olu\u015fturduklar\u0131 yanda\u015f medyan\u0131n ne kadar b\u00fcy\u00fck bir gayret g\u00f6sterdiklerini \u00e7ok iyi bilmekteyiz.<\/span> <span style=\"text-decoration: underline;\">Savc\u0131 Zekeriya \u00d6z bu iki davan\u0131n birle\u015ftirilmesi i\u00e7in b\u00fcy\u00fck gayret sarf etmi\u015f olup en az \u00fc\u00e7 d\u00f6rt celse Ankara da g\u00f6r\u00fclmekte olan davan\u0131n nihai karar\u0131n\u0131n al\u0131nmas\u0131n\u0131 engellemek ad\u0131na ve delil toplamak de\u011fil, olu\u015fturmak gerek\u00e7esiyle irtibat tesis edecek evraklar\u0131 ilgili mahkemeye g\u00f6ndermemi\u015ftir. M\u00fcteakiben iftirac\u0131lar\u0131n hi\u00e7bir somut belge ve bilgiye dayanmayan beyanlar\u0131ndan olu\u015fturdu\u011fu \u00e7akma delil klas\u00f6r\u00fcn\u00fc Ankara 11. A\u011f\u0131r ceza mahkemesine g\u00f6ndermek mecburiyetinde kalm\u0131\u015f mahkeme de bunlar\u0131 kale almam\u0131\u015ft\u0131r. Yani delil olu\u015fturulmas\u0131 ger\u00e7ekle\u015fmemi\u015ftir.<\/span> Avukat Mehmet Ener ge\u00e7mi\u015fte Erbakan?\u0131n avukatl\u0131\u011f\u0131n\u0131 yapm\u0131\u015f olup, Tayyip Erdo\u011fan ile de dostlu\u011fu bilinmektedir. Bug\u00fcn de Zaman gazetesi ba\u015fta olmak \u00fczere yanda\u015f medya da bu soru\u015fturmay\u0131 y\u00f6nlendirmeyi ama\u00e7l\u0131 beyanatlar\u0131 yer almaktad\u0131r. 13 \u015eubat 2008 tarihinde Dan\u0131\u015ftay davas\u0131n\u0131n nihai karar\u0131 arifesinde son bir atak ile bu din eksenli sald\u0131r\u0131n\u0131n \u00f6n\u00fcn\u00fc nas\u0131l kesip ulusalc\u0131lara yamar\u0131z gayretine giren avukat Mehmet Ener 6 \u015eubat 2008 tarihinde Osman Y\u0131ld\u0131r\u0131m?\u0131 cezaevinde ziyaret eder. Osman Y\u0131ld\u0131r\u0131m?\u0131n 27 Nisan da Ata\u015fehir de yap\u0131lan toplant\u0131da bombalar\u0131 Veli K\u00fc\u00e7\u00fck?\u00fcn Alparslan Arslan?a verdi\u011fini mahkemede s\u00f6ylesem mi ifadesini ayn\u0131 g\u00fcn gazeteci \u015eamil Tayyar?a nakleder. Bu ifadede s\u0131r kelimeler <span style=\"text-decoration: underline;\">Bombalar\u0131n Alparslan?a verilmesidir<\/span>. \u00c7\u00fcnk\u00fc mahkeme sonu\u00e7lanmam\u0131\u015f Osman Y\u0131ld\u0131r\u0131m ise t\u00fcm su\u00e7lamalar\u0131 reddetmektedir. Onun i\u00e7indir ki sadece g\u00fcya tan\u0131k oldu\u011fu bir olay\u0131 nakletmekte b\u00f6ylece bombalar ile direkt hi\u00e7bir ba\u011f\u0131 olmamaktad\u0131r. <span style=\"text-decoration: underline;\">\u015eamil Tayyar tertip heyetinin bas\u0131n kadrosunun bir eleman\u0131 oldu\u011fu i\u00e7in kendisinin imal etmi\u015f oldu\u011fu ihtimali \u00e7ok y\u00fcksek olan bu hi\u00e7 ger\u00e7ekle\u015fmemi\u015f iftiray\u0131 bas\u0131na ta\u015f\u0131r. <\/span>Kendince haberle\u015ftirir. Cumhuriyet savc\u0131lar\u0131 da bunu ihbar kabul ederek harekete ge\u00e7erler. T\u00fcrkiye de insan hayat\u0131 ne kadar de\u011fersiz bir vazifeliye iftira att\u0131r onu da ihbar kabul et insanlar\u0131 at i\u00e7eriye. <span style=\"text-decoration: underline;\">\u0130ddianame de bana k\u00f6pr\u00fc g\u00f6revi veren savc\u0131lar\u0131n ger\u00e7ek k\u00f6pr\u00fcleri avukat Mehmet Ener as\u0131l Ergenekon un da medya g\u00f6revlilerinden biri \u015eamil Tayyar?d\u0131r<\/span>. Zorla \u00f6rg\u00fct yaratmak zihniyetinde olanlar, uyduruk Ergenekon operasyonu kurgulayabilmek ad\u0131na, ba\u015flang\u0131\u00e7ta Osman Y\u0131ld\u0131r\u0131m?a \u00f6rg\u00fct \u00fcyesi profili \u00e7izmi\u015f, onun verdi\u011fi bilgilerle de s\u00f6zde \u00f6rg\u00fct\u00fc \u00e7\u00f6kertmi\u015flerdir. Bug\u00fcn ise Osman Y\u0131ld\u0131r\u0131m \u00f6rg\u00fct \u00fcyeli\u011finden sarf\u0131 nazar etmektedir. \u015eimdi ne olacak? Olmayan \u00f6rg\u00fct\u00fcn \u00fcyesi mi olur? Bunu tertip\u00e7iler ilk g\u00fcnden itibaren \u00e7ok iyi bilmektedir! <span style=\"text-decoration: underline;\">Onun i\u00e7indir ki be\u015feri ili\u015fkiler \u00e7er\u00e7evesinde, ayn\u0131 foto\u011fraf karesine giren insanlar\u0131 \u00f6rg\u00fct toplant\u0131s\u0131ndaym\u0131\u015f \u015feklinde lanse edip, burada olmas\u0131 gerekenler ise olmayan toplant\u0131 evinde varm\u0131\u015f gibi senaryoya dahil edilerek birer birer tutuklanmalar\u0131 sa\u011flanm\u0131\u015ft\u0131r.<\/span> Osman Y\u0131ld\u0131r\u0131m, ben \u00e7\u0131kar ama\u00e7l\u0131 i\u015f ald\u0131m, Muzaffer Tekin kimsenin olmad\u0131\u011f\u0131 ve g\u00f6rmedi\u011fi bir ortamda bana bomba verdi deseydi daha inand\u0131r\u0131c\u0131 olabilirdi. Fakat o zaman da \u00f6rg\u00fcte, ne ara\u00e7 su\u00e7 bulunabilir, ne bu kadar insan \u00f6rg\u00fct \u00fcyesi diye derdest edilebilir ne de iki dava birle\u015ftirilebilirdi. <strong>Osman Y\u0131ld\u0131r\u0131m neden iki y\u0131l boyunca reddetti\u011fi su\u00e7lamalar\u0131 bug\u00fcn sadece ben Cumhuriyet gazetesine patlamayan iki bomba att\u0131rd\u0131m?a d\u00f6n\u00fc\u015ft\u00fcrm\u00fc\u015f, patlayan \u00fc\u00e7\u00fcnc\u00fc bomban\u0131n at\u0131lmas\u0131 ve Dan\u0131\u015ftay sald\u0131r\u0131s\u0131 i\u00e7erisinde olmad\u0131\u011f\u0131n\u0131 iddia etmektedir?<\/strong> Bu kadar masum insan\u0131n karalanmas\u0131, iftira at\u0131lmas\u0131, \u00f6zg\u00fcrl\u00fcklerinin ellerinden al\u0131nmas\u0131 b\u00fcy\u00fck projenin k\u0131sa metrajl\u0131 bir kesitidir. \u0130ftirac\u0131lar\u0131n da b\u00f6ylesine b\u00fcy\u00fck bir vebal alt\u0131na girmeleri, kendi ba\u015flar\u0131na karar verip uygulamalar\u0131, bu i\u015flere cesaret etmeleri \u00f6zg\u00fcr iradeleri ile ger\u00e7ekle\u015femez! Osman Y\u0131ld\u0131r\u0131m tutukland\u0131ktan sonra, Engin Ba\u011fbars \u00f6rne\u011finde oldu\u011fu gibi medyadan kendisine malzemeler toplam\u0131\u015f, haber de\u011feri niteli\u011fi dahi bulunmayan dedikodular\u0131 kendi ki\u015fisel yorumlar\u0131 ile s\u00fcsleyerek cezadan kurtulmak amac\u0131 ile cezaevinden onlarca dilek\u00e7e vererek masum insanlar\u0131 zan alt\u0131nda b\u0131rakm\u0131\u015ft\u0131r. <span style=\"text-decoration: underline;\">Tertip heyeti de Osman Y\u0131ld\u0131r\u0131m gibi bir fig\u00fcr\u00fc gayet etkili de\u011ferlendirmi\u015f, patlamayan iki el bombas\u0131n\u0131 \u00fcstlenerek di\u011fer sald\u0131r\u0131lardan kendisini aklayaca\u011f\u0131na inand\u0131rm\u0131\u015ft\u0131r.<\/span> \u0130ddia makam\u0131n\u0131n Osman Y\u0131ld\u0131r\u0131m?\u0131n aklanmas\u0131 konusunda ne kadar b\u00fcy\u00fck bir performans g\u00f6sterdi\u011fine hepimiz \u015fahit olduk. Tarikat ba\u011f\u0131n\u0131 koparmak i\u00e7in S\u00fcleyman Esen?le ilgili noktalar\u0131 kendilerinin sorup yine kendilerinin cevaplad\u0131\u011f\u0131n\u0131, \u00fc\u00e7\u00fcnc\u00fc bombalama olay\u0131ndan Osman Y\u0131ld\u0131r\u0131m?\u0131 aklamak i\u00e7in aleyhine olan delilleri karart\u0131p telefon numaras\u0131n\u0131 gizledi\u011fine, otelde yatt\u0131\u011f\u0131n\u0131 ink\u00e2r, 11.A\u011f\u0131r Ceza Mahkemesinin eksik soru\u015fturma yapm\u0131\u015f oldu\u011funu iddia edebilecek kadar da i\u015fi ileriye g\u00f6t\u00fcrebilmi\u015flerdir. Osman Y\u0131ld\u0131r\u0131m?\u0131n \u00fc\u00e7\u00fcnc\u00fc bombalama olay\u0131nda ki rol\u00fcn\u00fc deliller ile ortaya koydu\u011fumda mahcubiyet ya\u015famad\u0131lar m\u0131? Hi\u00e7 mi utanmad\u0131lar? Osman Y\u0131ld\u0131r\u0131m benim d\u00fc\u015fman\u0131m de\u011fil. Bana iftira atmasayd\u0131 neden soru y\u00f6nelteyim? Onu sistem bu hale getirmi\u015f. Olay\u0131n ac\u0131 taraf\u0131, Cumhuriyet savc\u0131lar\u0131n\u0131n d\u00fc\u015ft\u00fckleri durumdur! Osman Y\u0131ld\u0131r\u0131m?\u0131n yerinde as\u0131l yarg\u0131lananlar onlard\u0131r! Alparslan Arslan inanm\u0131\u015f ben laik d\u00fczeni y\u0131kaca\u011f\u0131m diyor. Fakat \u015fiddete ba\u015fvurarak yanl\u0131\u015f bir yol izlemi\u015ftir. Sald\u0131r\u0131lar\u0131n \u00f6ncesi, ger\u00e7ekle\u015fmesi ve sonras\u0131nda en az be\u015f ya da alt\u0131 avukat\u0131n Arslan?\u0131n ismi etraf\u0131nda yer almas\u0131 dikkat \u00e7ekicidir. Bu zihniyetin mensuplar\u0131 yasal yollardan k\u00fcrs\u00fcleri i\u015fgal etse idi hem kans\u0131z, hem de daha kolay yoldan bu cumhuriyeti y\u0131kabilirlerdi. Esas tehlike bug\u00fcn rengini belli etmeyenler olsa gerek. Ge\u00e7ti\u011fimiz g\u00fcnlerde bas\u0131nda yer alan, duru\u015fma esnas\u0131nda ge\u00e7en anekdot enteresan. \u0130kinci iddianamede yer alan san\u0131klardan birisine, savc\u0131n\u0131n darbe ile ilgili soru y\u00f6neltmesi \u00fczerine, mahkeme ba\u015fkan\u0131 kibarca uyar\u0131yor. Savc\u0131 ise bu davan\u0131n \u00f6z\u00fc darbe iddialar\u0131 \u015feklinde cevap veriyor. Mahkeme heyetine siz bu dava dosyas\u0131n\u0131n i\u00e7eri\u011finden bihabersiniz diyor a\u00e7\u0131k\u00e7a savc\u0131. Fethullah G\u00fclen \u00f6rg\u00fct\u00fcn\u00fc 20 Ekim 2009 tarihinde huzurda a\u00e7\u0131klarken, sahte belgeler, CD?ler ile has\u0131mlar\u0131na nas\u0131l tertip kurduklar\u0131n\u0131 ifade etmeye \u00e7al\u0131\u015fm\u0131\u015ft\u0131m. Bu konuyu teyit eden bir not, yarg\u0131land\u0131\u011f\u0131m\u0131z davan\u0131n san\u0131klar\u0131ndan olan Behi\u00e7 G\u00fcrcihan da bulunmu\u015ftur. Notta, R\u0131dvan G\u00fcne adl\u0131 \u015fah\u0131s taraf\u0131ndan, Muzaffer Tekin?in ismi etraf\u0131nda yurtd\u0131\u015f\u0131 ziyaretler \u00e7er\u00e7evesinde, i\u00e7eri\u011finde uyu\u015fturucu ticareti olan baz\u0131 iddialar\u0131n g\u00fcndeme getirilebilece\u011fi, G\u00fclen odakl\u0131 bir yerlerde delil imal edildi\u011fi ve dikkatli olmas\u0131 konusunda uyar\u0131lmas\u0131 bilgisi iddianamenin 616.sayfas\u0131nda yer alm\u0131\u015ft\u0131r. Dini siyasete, ticarete alet eden ahlaks\u0131z g\u00fcruh \u00e7aresizlik i\u00e7erisinde y\u00fcr\u00fct\u00fclmekte olan uyduruk Ergenekon soru\u015fturmas\u0131n\u0131 y\u00f6nlendirmek, halk\u0131n kafas\u0131n\u0131 kar\u0131\u015ft\u0131rmak ve s\u00f6zde \u00f6rg\u00fct\u00fcn liderini de gizemli g\u00f6stermek i\u00e7in tuvalet ka\u011f\u0131d\u0131 kadar de\u011fer ifade etmeyen bir ka\u011f\u0131t par\u00e7as\u0131n\u0131 ?Akt\u00fcel? isimli bir \u00e7ukura ?Ergenekon un uyu\u015fturucu trafi\u011fini Alman istihbarat\u0131 \u00e7\u00f6zd\u00fc? ba\u015fl\u0131kl\u0131 i\u011fren\u00e7 bir yaz\u0131 kaleme ald\u0131r\u0131yordu. \u0130ddia makam\u0131ndaki savc\u0131lar o sipari\u015f metinleri iddianame eklerine koymadan ad\u0131 ge\u00e7en insanlar\u0131n o tarihlerde yurt i\u00e7i ve yurt d\u0131\u015f\u0131 seyahatlerini ara\u015ft\u0131rsalar bu ahlaks\u0131zca kurgular ba\u015flamadan bitebilirdi. Lakin soru\u015fturma gizlili\u011finin oldu\u011fu d\u00f6nemlerde besleme bas\u0131nda bu haberlerin yer almas\u0131n\u0131n ama\u00e7lar\u0131n\u0131 ve kimler taraf\u0131ndan pi\u015firilip sofraya s\u00fcr\u00fcld\u00fc\u011f\u00fcn\u00fc bug\u00fcn \u00e7ok net bilmekteyiz. Tutukland\u0131\u011f\u0131m ilk yedi ayl\u0131k d\u00f6nemde Ergenekon operasyonu hi\u00e7 telaffuz edilmiyordu. Ama tutukluluk s\u00fcrecimi uzatmak toplum nezdinde k\u00fc\u00e7\u00fck d\u00fc\u015f\u00fcr\u00fclmem karalanmam ad\u0131na her t\u00fcrl\u00fc gayr\u0131 ahlaki yollara ba\u015fvuruluyordu. Malum medyada Muzaffer Tekin alman ajan\u0131, uyu\u015fturucu baronu iftiralar\u0131 da s\u0131k\u00e7a tekrarlan\u0131yordu. 12.09.2007 tarihinde Federal Kriminal Dairesi (BKA) \u0130stanbul irtibat b\u00fcrosu, Ankara KOM Daire Ba\u015fkanl\u0131\u011f\u0131na Muzaffer Tekin?in herhangi bir d\u00f6nemde muhbir olarak g\u00f6rev almad\u0131\u011f\u0131, muhbir olmad\u0131\u011f\u0131 anla\u015f\u0131lm\u0131\u015ft\u0131r \u015feklinde faks mesaj\u0131 ge\u00e7iyordu. 1972 Palu do\u011fumlu ayn\u0131 isimli ba\u015fka bir Muzaffer Tekin?in uyu\u015fturucu kanununa muhalefet etti\u011fi hakk\u0131nda 2002 y\u0131l\u0131nda tahkikat y\u00fcr\u00fct\u00fcld\u00fc\u011f\u00fcn\u00fc, bahse konu tahkikat 2007 y\u0131l\u0131nda T\u00fcrkiye?de bir gazeteye konu edilecek kadar \u00f6neme sahip de\u011fildir bilgisine yer veriyordu. Bu \u00e7irkin karalamalar \u00fczerine Say\u0131n avukat Kemal Kerin\u00e7siz?in a\u00e7t\u0131\u011f\u0131 esas 2007\/27184 soru\u015fturma no 2007\/17123 ile bir \u015f\u00fcpheli hakk\u0131nda TCK?n\u0131n 267\/1, 53\/1 sevk maddesiyle cezaland\u0131r\u0131lmas\u0131 hakk\u0131nda 5237 say\u0131l\u0131 yasan\u0131n 53\/1 maddesi uyar\u0131nca adli g\u00fcvenlik tedbiri uygulanmas\u0131na, iddias\u0131 ile iddianame haz\u0131rlanm\u0131\u015ft\u0131r. (12.12.2007) B\u00f6yle olmas\u0131na ra\u011fmen iddia makam\u0131 iftiranamesinin hemen hemen her sayfas\u0131nda benim ile ili\u015fkilendirmek istedi\u011fi ki\u015fi hakk\u0131nda uyu\u015fturucu ka\u00e7ak\u00e7\u0131s\u0131 olarak bilinen ifadesini \u0131srarla tekrarlam\u0131\u015f, hukuk\u00e7u kimli\u011fini bir tarafa b\u0131rakarak duyum de\u011fil kendimce yorum yapmay\u0131 ihmal etmemi\u015ftir. Hukuk pozitif bir bilimdir. Duyumlara, dedikodulara dayand\u0131r\u0131lamaz! Israrla su\u00e7 ve su\u00e7lu yaratmak ifadesini kulland\u0131\u011f\u0131m iddia makam\u0131 12.06.2008 g\u00fcn ve 2007\/1536 say\u0131l\u0131 yaz\u0131s\u0131 ve 18.06.2008 g\u00fcn ve B.05,1.EGM.4.34.00.17.10.2008\/2081-15948 say\u0131l\u0131 yaz\u0131 ile \u0130\u00e7i\u015fleri Bakanl\u0131\u011f\u0131, Emniyet Genel M\u00fcd\u00fcrl\u00fc\u011f\u00fc?nden bilgi talebinde bulunuyordu. 24.06.2008 tarihinde say\u0131: B.05.I.EGM.0.09.05.03.IHB. 16909-164127-111510 cevab\u0131 yaz\u0131da; ?<em>Daire ba\u015fkanl\u0131\u011f\u0131m\u0131z\u0131n ar\u015fiv kay\u0131tlar\u0131n\u0131n tetkiki neticesinde tan\u0131k beyan\u0131nda ve g\u00f6r\u00fc\u015fme i\u00e7eriklerinde ge\u00e7en, uyu\u015fturucu ticaretine ili\u015fkin T\u00fcrkiye genelinde herhangi bir soru\u015fturma veya adli i\u015flem yap\u0131lmad\u0131\u011f\u0131 Almanya yetkili makamlar\u0131 ile bu konuda irtibata ge\u00e7ilmedi\u011fi anla\u015f\u0131lm\u0131\u015ft\u0131r<\/em>? diyordu. Haberin i\u00e7eri\u011fini do\u011frulu\u011fu \u00f6nemli de\u011fil, \u00e7amur at izi kals\u0131n, g\u00fcndem olu\u015ftural\u0131m. Bunun b\u00f6yle oldu\u011funu Osman Y\u0131ld\u0131r\u0131m?\u0131n sorgusunda bizzat ya\u015fad\u0131k. <span style=\"text-decoration: underline;\">12.11.2009 tarihli 122. Celse, sayfa 32 <\/span> <strong>C.Savc\u0131s\u0131 Nihat Ta\u015fk\u0131n;<\/strong> <em>Sizin S\u00fcleyman Esen?in avukat\u0131 Mehmet Ener?e cezaevindeyken Cumhuriyet gazetesine at\u0131lan al bombalar\u0131n\u0131 Ata\u015fehir de Muzaffer Tekin?den ald\u0131\u011f\u0131n\u0131z\u0131 s\u00f6yledi\u011finizin bas\u0131nda yer almas\u0131 \u00fczerine gerekli izinler al\u0131narak cezaevinde ifadeniz al\u0131nd\u0131.<\/em> Veli K\u00fc\u00e7\u00fck?\u00fcn bombalar\u0131 Alparslan Arslan?\u0131n verdi\u011fini s\u00f6ylesem mi ifadesi bak\u0131n nas\u0131l evrim de\u011fi\u015ftirdi! Ama\u00e7 i\u00e7erik de\u011fil. Bunu bir kez daha vurgulamak istiyorum. \u00d6nemli olan tertibin ger\u00e7ekle\u015fmesi ha Ali ha Veli savc\u0131lar i\u00e7in hi\u00e7 fark etmiyor. Onlar birinci s\u0131n\u0131f Cumhuriyet savc\u0131lar\u0131d\u0131r. Her s\u00f6yledikleri do\u011fru ve tart\u0131\u015f\u0131lmazd\u0131r. \u00dcstelik Ankara da savc\u0131 yoktur. Yarg\u0131\u00e7 yoktur. Mahkeme yoktur. \u00dcf\u00fcr\u00fckten tayyarenin bu sa\u00e7ma sapan iftiralar\u0131n\u0131 da zaten iftiralar\u0131na o yarg\u0131\u00e7lar itibar etmezler. Tekrar, Emniyet Genel M\u00fcd\u00fcrl\u00fc\u011f\u00fcnden g\u00f6nderilen bilgi yaz\u0131s\u0131na d\u00f6necek olur isek orada tan\u0131k olarak ge\u00e7en ki\u015fi yani al\u00e7ak\u00e7a iftiran\u0131n sahibi <strong>Talip Do\u011fan Karl\u0131bel<\/strong> adl\u0131 \u015fah\u0131st\u0131r. <strong>Savunmamda hi\u00e7 tan\u0131mad\u0131\u011f\u0131m bu soysuz i\u00e7in yalan \u00fcretme merkezlerine hizmet eden bir ajand\u0131r ifadesini kulland\u0131m.<\/strong> Bunlar\u0131n bizlerin aleyhine kullananlar\u0131nda as\u0131l Ergenekonlar oldu\u011funu hayk\u0131rd\u0131m. Bu tespitimde de hi\u00e7 yan\u0131lmad\u0131\u011f\u0131m bug\u00fcn \u00e7ok net ortada. Yine, Emniyet Genel M\u00fcd\u00fcrl\u00fc\u011f\u00fcn\u00fcn cevabi yaz\u0131s\u0131nda Federal Kriminal Daire (BKA) \u015fu tespiti yap\u0131yor; ?<em>Kendisiyle 1997 y\u0131l\u0131na kadar \u00e7al\u0131\u015fma yap\u0131ld\u0131\u011f\u0131n\u0131 ancak \u00e7al\u0131\u015fma konular\u0131n\u0131n ayr\u0131nt\u0131lar\u0131n\u0131n a\u00e7\u0131klanmas\u0131na izin verilmedi\u011fini<\/em>? bildiriyor. Menfur Dan\u0131\u015ftay sald\u0131r\u0131s\u0131 ve uyduruk Ergenekon operasyonunda ba\u015frol oyuncular\u0131 iddia makam\u0131n\u0131n itibarl\u0131 iftirac\u0131lar\u0131n\u0131n hepsinin istihbarat birimlerine angaje olmalar\u0131 sizce tesad\u00fcfm\u00fcd\u00fcr? Kesinlikle hay\u0131r zira <strong>bu operasyon k\u00fcresel g\u00fcc\u00fcn, k\u00fcresel sermaye emrindeki ajanlar ve yerli i\u015fbirlik\u00e7ileri ile ger\u00e7ekle\u015ftirmek istedi\u011fi T\u00fcrkiye Cumhuriyeti rejimine y\u00f6nelik bir alt\u0131n vuru\u015f operasyonudur.<\/strong> Bunun i\u00e7in de t\u00fcm olanaklar seferber edilmi\u015ftir! 10 Kas\u0131m 2009 Sal\u0131 g\u00fcn\u00fc H\u00fcrriyet gazetesinde \u00e7\u0131kan bir haber dikkatimi \u00e7ekmi\u015ftir. Albay Dursun \u00c7i\u00e7ek ?<em>Haz\u0131rlamad\u0131\u011f\u0131m bir plan ve atmad\u0131\u011f\u0131m bir imzan\u0131n hesab\u0131n\u0131n benden sorulmaya kalk\u0131lmas\u0131 hukuk sisteminin y\u00fcz karas\u0131d\u0131r. Yarg\u0131s\u0131z infaz i\u00e7in medya ve siyaset kullan\u0131ld\u0131\u011f\u0131 ve adaletin ayaklar alt\u0131na al\u0131nd\u0131\u011f\u0131 \u00f6rnek benim durumum olmal\u0131 ve ders olarak okutulmal\u0131d\u0131r<\/em>? demektedir. N\u00fcrnberg mahkemelerinde s\u0131ra din adamlar\u0131na geldi\u011finde ?<strong>Bakt\u0131k ki bizi savunacak kimse kalmam\u0131\u015ft\u0131<\/strong>? diyorlar. <span style=\"text-decoration: underline;\">Albay \u00c7i\u00e7ek d\u00f6rt ayda y\u0131pranm\u0131\u015f, a\u015f\u0131nm\u0131\u015f. 3,5 y\u0131ld\u0131r Ergenekon soru\u015fturmas\u0131 kapsam\u0131nda tutuklu bulunan insanlar\u0131n, ailelerinin, \u00e7evrelerinin neler ya\u015fad\u0131\u011f\u0131n\u0131n fark\u0131nda m\u0131d\u0131r acaba? Hele hele Dan\u0131\u015ftay?a yap\u0131lm\u0131\u015f olan menfur sald\u0131r\u0131 s\u00fcrecinden bug\u00fcne kadar, bug\u00fcn de \u00e7irkin tertipler ile ma\u011fdur edilen insanlar\u0131n ya\u015fad\u0131klar\u0131n\u0131 kendi ma\u011fduriyetine kadar hi\u00e7 d\u00fc\u015f\u00fcnd\u00fc m\u00fc? Yoksa o da buradaki masum insanlar\u0131 potansiyel su\u00e7lu olarak m\u0131 de\u011ferlendirdi? Tutuklanm\u0131\u015f olduklar\u0131na g\u00f6re, ate\u015f olmayan yerden duman \u00e7\u0131kmaz m\u0131 dedi?<\/span> Bu ne benim, ne Say\u0131n Sevgi Erenerol?un, ne Say\u0131n Kemal Kerin\u00e7siz?in, ne Say\u0131n Veli K\u00fc\u00e7\u00fck?\u00fcn, ne Say\u0131n Do\u011fu Perin\u00e7ek?in ve\u00a0 ne de ismini sayamad\u0131\u011f\u0131m t\u00fcm tutuklu ve tutuksuz san\u0131klar\u0131n davas\u0131 de\u011fildir! Dava T\u00fcrkiye Cumhuriyeti?nin var olma davas\u0131d\u0131r! Bu dava sonunda daha g\u00fcvenli, \u00e7a\u011fda\u015f, ulusal ba\u011f\u0131ms\u0131zl\u0131\u011f\u0131n\u0131 per\u00e7inlemi\u015f, yarg\u0131s\u0131, ordusu, \u00fcniversitelerinin k\u0131r\u0131lan onur tamir edilmi\u015f, t\u00fcm kurumlar\u0131 geri kalm\u0131\u015f, \u00f6r\u00fcmcekli zihniyetlerden ar\u0131nm\u0131\u015f olarak in\u015fa edilecektir. Bundan kimsenin \u015f\u00fcphesi olmas\u0131n! Say\u0131n ba\u015fkan\u0131m, de\u011ferli \u00fcyeler; \u0130ddianamede savc\u0131lar \u00f6rg\u00fct \u00fcyesi veya \u00f6rg\u00fct y\u00f6neticisi olmam konusunda ikilemde kalm\u0131\u015flar. Nihayetinde de hi\u00e7bir yasal \u00f6rg\u00fct i\u00e7erisinde yer almam\u0131\u015f olmam kendilerini beni nereye koyacaklar\u0131 konusunda zorlam\u0131\u015f olacak ki ?<em>\u00f6rg\u00fct kurmak ve y\u00f6netmek<\/em>? de\u011fil, ?<em>\u00f6rg\u00fct y\u00f6neticisi<\/em>? olmam konusunda karar k\u0131lm\u0131\u015flard\u0131r. Olmayan \u00f6rg\u00fct?\u00fcn y\u00f6neticisi nas\u0131l olunuyor, onun da mant\u0131\u011f\u0131n\u0131 bir t\u00fcrl\u00fc \u00e7\u00f6zemedim! Say\u0131n ba\u015fkan\u0131m, tahliye gerek\u00e7elerinde yan\u0131lm\u0131yorsam, yat\u0131lan s\u00fcre, su\u00e7un vasf\u0131n\u0131n de\u011fi\u015fmesi, isnat edilen su\u00e7 gibi kriterler baz al\u0131n\u0131yor. B\u00f6yle olunca da gemi batarken en son kaptanlar terk eder mant\u0131\u011f\u0131ndan hareketle \u00f6rg\u00fct y\u00f6neticilerinin de, her ne kadar hi\u00e7 tutuklanmayanlar olsa da, \u00fcyelerinin serbest kalmadan, yatt\u0131klar\u0131 s\u00fcre ne olursa olsun serbest b\u0131rak\u0131lacaklar\u0131n\u0131 d\u00fc\u015f\u00fcnm\u00fcyorum. Akl\u0131ma hemen \u015fu d\u00f6rtl\u00fck geliyor;<\/p>\n<p style=\"text-align: center;\"><strong><em>Yemen yolu \u00e7amurdand\u0131r<\/em><\/strong><\/p>\n<p style=\"text-align: center;\"><strong><em>Sefertas\u0131 bak\u0131rdand\u0131r<\/em><\/strong><\/p>\n<p style=\"text-align: center;\"><strong><em>Zenginimiz bedel \u00f6der<\/em><\/strong><\/p>\n<p style=\"text-align: center;\"><strong><em>Askerimiz fakirdendir<\/em><\/strong><\/p>\n<p style=\"text-align: left;\">Emekli de olsak, asker olmam\u0131z\u0131n bu operasyonda fazlas\u0131yla bedelini \u00f6dedik, halende \u00f6d\u00fcyoruz. Feda olsun?<\/p>\n<p>Bug\u00fcn \u00e7ok mutlu ve huzurluyum. Adalet liman\u0131na s\u0131\u011f\u0131nd\u0131\u011f\u0131m g\u00fcnden bug\u00fcne kadar \u00f6zg\u00fcrce kendimi ifade etmeme olanak sa\u011flad\u0131n\u0131z. \u00d6ncelikle e\u015fim, k\u0131z\u0131m, \u00e7evrem ve ge\u00e7mi\u015fte ait oldu\u011fum kurumum i\u00e7in onur m\u00fccadelesi verdim. <strong><span style=\"text-decoration: underline;\">Adalet?in tecellisi gecikse de tarihe not olarak ge\u00e7ecek belgeler, tutanaklar Muzaffer Tekin?i menfur sald\u0131r\u0131lar ile hi\u00e7bir zaman \u00f6zde\u015ftiremeyece\u011fi gibi, iddia makam\u0131n\u0131n t\u00fcm iddialar\u0131n\u0131n da ne kadar mesnetsiz oldu\u011funa \u015fahit olacaklard\u0131r.<\/span><\/strong> Ba\u015f\u0131nda Cumhuriyet s\u0131fat\u0131 olan savc\u0131lar\u0131n ne kadar politize olduklar\u0131n\u0131, hukuk\u00e7u kimliklerini y\u00fcr\u00fctmenin emrine verdiklerine, san\u0131k aleyhine olan delil?leri yok etmek i\u00e7in nas\u0131l \u00e7aba sarf ettiklerine mahkeme salonunda bulunan herkes tan\u0131k olmu\u015ftur. Belgeler ise tarihe tan\u0131kl\u0131k edeceklerdir! \u00d6nceki sunumlar\u0131m\u0131n birinde menfur Dan\u0131\u015ftay sald\u0131r\u0131s\u0131n\u0131n ger\u00e7ek azmettiricilerini s\u00f6ylem ve davran\u0131\u015flar\u0131 ile bilinmesine ra\u011fmen bir kez daha huzur da dile getirmi\u015ftim. Huylu huyundan vazge\u00e7miyor. Dan\u0131\u015ftay?\u0131n katsay\u0131 karar\u0131ndan sonra, bu karar ideolojiktir diyenler anla\u015f\u0131l\u0131yor ki ge\u00e7mi\u015fte bu \u00fclkeye ya\u015fatt\u0131klar\u0131ndan da ders almam\u0131\u015f. Ger\u00e7ek azmettiriciler ellerini kollar\u0131n\u0131 sallayarak dola\u015f\u0131rlarken, iftira atanlar, gizli tan\u0131k olanlar, tahliye veya tahliye istemleri ile taltif edilip, bu \u00e7irkin, ahlak d\u0131\u015f\u0131 davran\u0131\u015flar \u00f6zendirilip te\u015fvik edilirken, onurlu insanlar\u0131n ya\u015fad\u0131klar\u0131 ma\u011fduriyetler ve bunu g\u00f6rmezden gelen yarg\u0131\u00e7lar\u0131 anlamakta zorluk \u00e7ekiyorum. Son olarak da; <strong>Menfur Dan\u0131\u015ftay sald\u0131r\u0131s\u0131 kene olsa bana yap\u0131\u015fmaz, say\u0131n heyet!<\/strong> Sayg\u0131lar\u0131mla?<\/p>\n<p style=\"text-align: right;\"><strong> <strong>Muzaffer Tekin<\/strong><\/strong><\/p>\n<p style=\"text-align: right;\"><strong> 29.12.2009<\/strong><\/p>\n<h1 style=\"text-align: center;\">EK-9<\/h1>\n<p><strong>1-\u00a0\u00a0 <span style=\"text-decoration: underline;\">\u015eAHSIM ALEYH\u0130NE, TAL\u0130P DO\u011eAN KARLIBEL \u0130S\u0130ML\u0130, M\u00dcFTER\u0130YE \u00a0MASA BA\u015eINDA \u00dcRETT\u0130R\u0130LM\u0130\u015e SAHTE MET\u0130NLER:<\/span><\/strong><strong><img loading=\"lazy\" decoding=\"async\" class=\"aligncenter size-large wp-image-242\" title=\"MT 045\" src=\"http:\/\/www.muzaffertekin.com.tr\/wp-content\/uploads\/2011\/02\/MT-045-743x1024.jpg\" alt=\"\" width=\"743\" height=\"1024\" srcset=\"https:\/\/www.muzaffertekin.com.tr\/wp-content\/uploads\/2011\/02\/MT-045-743x1024.jpg 743w, https:\/\/www.muzaffertekin.com.tr\/wp-content\/uploads\/2011\/02\/MT-045-217x300.jpg 217w\" sizes=\"auto, (max-width: 743px) 100vw, 743px\" \/><\/strong><strong><img loading=\"lazy\" decoding=\"async\" class=\"aligncenter size-large wp-image-244\" title=\"MT 046\" src=\"http:\/\/www.muzaffertekin.com.tr\/wp-content\/uploads\/2011\/02\/MT-046-744x1024.jpg\" alt=\"\" width=\"744\" height=\"1024\" srcset=\"https:\/\/www.muzaffertekin.com.tr\/wp-content\/uploads\/2011\/02\/MT-046-744x1024.jpg 744w, https:\/\/www.muzaffertekin.com.tr\/wp-content\/uploads\/2011\/02\/MT-046-218x300.jpg 218w\" sizes=\"auto, (max-width: 744px) 100vw, 744px\" \/><\/strong><strong><img loading=\"lazy\" decoding=\"async\" class=\"aligncenter size-large wp-image-245\" title=\"MT 047\" src=\"http:\/\/www.muzaffertekin.com.tr\/wp-content\/uploads\/2011\/02\/MT-047-744x1024.jpg\" alt=\"\" width=\"744\" height=\"1024\" srcset=\"https:\/\/www.muzaffertekin.com.tr\/wp-content\/uploads\/2011\/02\/MT-047-744x1024.jpg 744w, https:\/\/www.muzaffertekin.com.tr\/wp-content\/uploads\/2011\/02\/MT-047-218x300.jpg 218w\" sizes=\"auto, (max-width: 744px) 100vw, 744px\" \/><\/strong><strong><img loading=\"lazy\" decoding=\"async\" class=\"aligncenter size-large wp-image-246\" title=\"MT 048\" src=\"http:\/\/www.muzaffertekin.com.tr\/wp-content\/uploads\/2011\/02\/MT-048-743x1024.jpg\" alt=\"\" width=\"743\" height=\"1024\" srcset=\"https:\/\/www.muzaffertekin.com.tr\/wp-content\/uploads\/2011\/02\/MT-048-743x1024.jpg 743w, https:\/\/www.muzaffertekin.com.tr\/wp-content\/uploads\/2011\/02\/MT-048-217x300.jpg 217w\" sizes=\"auto, (max-width: 743px) 100vw, 743px\" \/><\/strong> \u00a0 <a href=\"http:\/\/www.muzaffertekin.com.tr\/wp-content\/uploads\/2011\/02\/MT-0492.jpg\"><img loading=\"lazy\" decoding=\"async\" class=\"aligncenter size-large wp-image-290\" title=\"MT 049\" src=\"http:\/\/www.muzaffertekin.com.tr\/wp-content\/uploads\/2011\/02\/MT-0492-744x1024.jpg\" alt=\"\" width=\"744\" height=\"1024\" srcset=\"https:\/\/www.muzaffertekin.com.tr\/wp-content\/uploads\/2011\/02\/MT-0492-744x1024.jpg 744w, https:\/\/www.muzaffertekin.com.tr\/wp-content\/uploads\/2011\/02\/MT-0492-218x300.jpg 218w\" sizes=\"auto, (max-width: 744px) 100vw, 744px\" \/><\/a> \u00a0 <a href=\"http:\/\/www.muzaffertekin.com.tr\/wp-content\/uploads\/2011\/02\/MT-0502.jpg\"><img loading=\"lazy\" decoding=\"async\" class=\"aligncenter size-large wp-image-291\" title=\"MT 050\" src=\"http:\/\/www.muzaffertekin.com.tr\/wp-content\/uploads\/2011\/02\/MT-0502-744x1024.jpg\" alt=\"\" width=\"744\" height=\"1024\" srcset=\"https:\/\/www.muzaffertekin.com.tr\/wp-content\/uploads\/2011\/02\/MT-0502-744x1024.jpg 744w, https:\/\/www.muzaffertekin.com.tr\/wp-content\/uploads\/2011\/02\/MT-0502-218x300.jpg 218w\" sizes=\"auto, (max-width: 744px) 100vw, 744px\" \/><\/a> <strong><img loading=\"lazy\" decoding=\"async\" class=\"aligncenter size-large wp-image-249\" title=\"MT 051\" src=\"http:\/\/www.muzaffertekin.com.tr\/wp-content\/uploads\/2011\/02\/MT-051-744x1024.jpg\" alt=\"\" width=\"744\" height=\"1024\" srcset=\"https:\/\/www.muzaffertekin.com.tr\/wp-content\/uploads\/2011\/02\/MT-051-744x1024.jpg 744w, https:\/\/www.muzaffertekin.com.tr\/wp-content\/uploads\/2011\/02\/MT-051-218x300.jpg 218w\" sizes=\"auto, (max-width: 744px) 100vw, 744px\" \/><\/strong> <strong>2-\u00a0\u00a0 <span style=\"text-decoration: underline;\">RESM\u0130 YAZI\u015eMALAR \u0130LE TAL\u0130P DO\u011eAN KARLIBEL&#8217;\u0130N \u0130FT\u0130RALARININ \u00c7\u00dcR\u00dcT\u00dcLMES\u0130<\/span>:<\/strong> \u00a0 Bilindi\u011fi \u00fczere, Talip Do\u011fan Karl\u0131bel adl\u0131 m\u00fcfteri Muzaffer Tekin hakk\u0131nda \u00e7e\u015fitli iddialar da bulunmu\u015f ve bu iddialar\u0131n\u0131 da \u00a0Alman devletinden elde etti\u011fini belirtti\u011fi s\u00f6zde bir tak\u0131m \u00a0resmi evraklarla ispatlamaya \u00e7al\u0131\u015fm\u0131\u015ft\u0131r. F tipi bas\u0131n yay\u0131n organlar\u0131 da kap\u0131lar\u0131n\u0131 ard\u0131na kadar bu \u015fah\u0131s&#8217;a a\u00e7m\u0131\u015f, yapm\u0131\u015f olduklar\u0131 programlarda hep birlikte haysiyet cellatl\u0131\u011f\u0131na soyunarak Muzaffer Tekin aleyhinde \u00a0son derece a\u011f\u0131r ithamlarda bulunmu\u015flard\u0131r. \u0130ddialar\u0131n sahibinin ge\u00e7mi\u015fi ve s\u00f6z konusu belgelerin do\u011frulu\u011fu ara\u015ft\u0131r\u0131lmadan hadiseye mal bulmu\u015f ma\u011fribi gibi atlayan misyon gazetecileri en ufak bir vicdani kayg\u0131 duymadan itibar infazlar\u0131n\u0131 milyonlarca izleyici kar\u015f\u0131s\u0131nda icra etmi\u015flerdir. Defalarca yapm\u0131\u015f oldu\u011fumuz ba\u015fvurular neticesinde, 13.A\u011f\u0131r Ceza Mahkemesinin talebi do\u011frultusunda Almanya, Hannover Savc\u0131l\u0131\u011f\u0131 Karl\u0131bel&#8217;in ileri s\u00fcrd\u00fc\u011f\u00fc iddia ve belgelere yan\u0131t vermi\u015f ve hen\u00fcz taraf\u0131m\u0131za ula\u015fm\u0131\u015ft\u0131r. Fazla s\u00f6z\u00fc uzatmadan a\u015fa\u011f\u0131da Muzaffer Tekin&#8217;in mahkemede konu ile ilgili yapt\u0131\u011f\u0131 konu\u015fma ve s\u00f6z konusu resmi belgeleri yay\u0131nl\u0131yor, takdiri y\u00fcce T\u00fcrk milletine b\u0131rak\u0131yoruz.<\/p>\n<p style=\"text-align: center;\"><strong>13.A\u011f\u0131r Ceza Mahkeme Ba\u015fkanl\u0131\u011f\u0131na \/ Silivri<\/strong><\/p>\n<p>Say\u0131n Ba\u015fkan\u0131m, De\u011ferli \u00dcyeler; Duru\u015fmalar\u0131n ba\u015flad\u0131\u011f\u0131 ilk g\u00fcnden bu g\u00fcne kadar, bana kimse ger\u00e7ek bir hukuk devletinde, de\u011fil ter\u00f6rist muamelesi yapmak, bir g\u00fcn bile \u00f6zg\u00fcrl\u00fc\u011f\u00fcm\u00fc elimden alamaz diye hayk\u0131r\u0131yorum. Ama ne yaz\u0131k ki! 3,5 y\u0131l\u0131 bulan yarg\u0131lama s\u00fcrecinde de g\u00f6zetime al\u0131n\u0131p \u015f\u00fcpheli yap\u0131ld\u0131\u011f\u0131m\u0131z d\u00f6nemlerde ki bir k\u0131s\u0131m siyasilerin, bir k\u0131s\u0131m b\u00fcrokratlar\u0131n ve g\u00f6revli medyada yazar \u00e7izer diye tan\u0131mlanan ge\u00e7mi\u015fi ve bug\u00fcn\u00fc karanl\u0131k ki\u015filerin atf-\u0131 c\u00fcr\u00fcmleri aynen devam etmi\u015f, bu g\u00fcnlerde ise anla\u015f\u0131lmaz bir ivme kazanm\u0131\u015ft\u0131r. Malum medya organlar\u0131ndaki ibret tablosu \u015fudur; Savunmalar\u0131m\u0131z g\u00f6z ard\u0131 edilerek menfur Dan\u0131\u015ftay sald\u0131r\u0131s\u0131n\u0131n nihai karar\u0131 verilmi\u015f ve bizlerinde infazlar\u0131 yap\u0131lm\u0131\u015ft\u0131r! O halde mahkemenizin i\u015flevi nedir? Yapt\u0131\u011f\u0131n\u0131z yarg\u0131lama g\u00f6stermelik ve bir anlam ifade etmiyor mu? Yoksa sizlerde medya operasyonlar\u0131 ile \u00f6zg\u00fcrl\u00fckleri ellerinden al\u0131n\u0131p, iddianame format\u0131nda yazd\u0131r\u0131lan kitaplar ile \u00f6nceden haklar\u0131nda sevk maddeleri yaz\u0131l\u0131p iddianamelerde de bire bir bunlara sad\u0131k kal\u0131narak haklar\u0131nda y\u0131llard\u0131r kuvvetli su\u00e7 \u015f\u00fcphesi yarat\u0131lan insanlar\u0131 bug\u00fcnlerde ayn\u0131 merkezlerden gelen mesajlar ile mi su\u00e7lu ilan edip infaz kararlar\u0131n\u0131 vermek niyetinde misiniz? De\u011filse, art\u0131k bunlara hadlerini bildiriniz! Muzaffer Tekin ger\u00e7e\u011fini beni tan\u0131yanlar \u00e7ok iyi biliyorlar. Hakk\u0131mda kuvvetli su\u00e7 \u015f\u00fcphesi olu\u015fturmak ad\u0131na g\u00f6revlendirilenlerin ger\u00e7ek kimliklerini de ben bu s\u00fcre\u00e7te ya\u015fayarak \u00f6\u011frendim. As\u0131l \u00f6rg\u00fct g\u00f6revlilerinin bizler hakk\u0131nda yapm\u0131\u015f olduklar\u0131 yo\u011fun bilgi kirlili\u011finden ne yaz\u0131k ki baz\u0131 hukuk adamlar\u0131n\u0131n da yan\u0131lg\u0131 i\u00e7erisine itildiklerini, alg\u0131lar\u0131nda pe\u015finen su\u00e7lu profilleri yarat\u0131ld\u0131\u011f\u0131n\u0131 d\u00fc\u015f\u00fcn\u00fcyorum. Savunma ama\u00e7l\u0131 sunum ve taleplerimde, kovu\u015fturma s\u00fcreci ve \u00f6ncesi benim \u015feref ve onuruma ahlaks\u0131zca sald\u0131ranlara hi\u00e7bir hukuki yapt\u0131r\u0131m uygulanmad\u0131\u011f\u0131 i\u00e7in ben bireysel m\u00fccadelemi veriyorum. Bu ajan provokat\u00f6rler hakk\u0131ndaki tespitlerimde hi\u00e7 yan\u0131lmad\u0131\u011f\u0131m bug\u00fcn net olarak ortaya \u00e7\u0131km\u0131\u015ft\u0131r! Kendi meslekta\u015flar\u0131 dahi bunlar\u0131n gazeteci olarak an\u0131lmalar\u0131ndan utand\u0131klar\u0131n\u0131 s\u0131k\u00e7a dile getirirlerken rant payla\u015f\u0131m sava\u015f\u0131nda birbirine d\u00fc\u015fen kiral\u0131k kalemler seviyesiz tart\u0131\u015fmalar\u0131nda muhbirlik ve ajanl\u0131k ithamlar\u0131 ile kendi ipliklerini pazara \u00e7\u0131karm\u0131\u015flard\u0131r! Namuslu, onurlu bir insan\u0131 ahlaks\u0131z ve iffetsiz olaylara malzeme yapamazs\u0131n\u0131z. Ama ar damar\u0131 \u00e7atlam\u0131\u015f bir insanda onur, namus ve \u015feref gibi mevhumlar olmad\u0131\u011f\u0131ndan onlar her t\u00fcrl\u00fc tertibin arac\u0131 olurlar. Hem de en kutsal de\u011ferler \u00fczerine huzurda yemin ederler, g\u00f6z\u00fcn\u00fcz\u00fcn i\u00e7ine baka baka yalan s\u00f6ylerler, iftira atarlar. Bundan da nebze olsun utanmazlar. \u00c7\u00fcnk\u00fc \u00f6yle bir duygular\u0131 kalmam\u0131\u015ft\u0131r! Bunun \u00f6rneklerini bu mahkeme huzurunda ya\u015fad\u0131k. Son \u00f6rne\u011fi de Talip Do\u011fan Karl\u0131bel?dir. Tan\u0131k ifadesinden sonra da kanal kanal dola\u015farak atf-\u0131 c\u00fcr\u00fcmlerini halen s\u00fcrd\u00fcrmektedir. Karl\u0131bel?in yalanc\u0131, sahte evrak d\u00fczenleyicisi ve iftirac\u0131 oldu\u011fu iddianame haz\u0131rlanmadan yap\u0131lan resmi yaz\u0131\u015fmalar ile somutla\u015fmas\u0131na ra\u011fmen hakk\u0131nda yasal i\u015flem yap\u0131lmamas\u0131, bir nevi dokunulmazl\u0131k z\u0131rh\u0131na b\u00fcr\u00fcnd\u00fcr\u00fclmesi c\u00fcretkarl\u0131\u011f\u0131n\u0131 artt\u0131rmaktad\u0131r. <strong>Yalan:\u00a0<\/strong>Aldatmak amac\u0131yla bilerek ve ger\u00e7e\u011fe ayk\u0131r\u0131 s\u00f6ylenen s\u00f6zd\u00fcr. <strong>\u0130ftira:\u00a0<\/strong>Birine asl\u0131 olmayan bir su\u00e7 y\u00fcklemedir. Hukuki yapt\u0131r\u0131m\u0131 oldu\u011fu gibi dinimizce de bir insan \u00f6ld\u00fcrmekten daha b\u00fcy\u00fck vebali vard\u0131r. Talip Do\u011fan Karl\u0131bel kadar, onu pazarlayanlar\u0131nda hem hukuki hem de vicdani sorumluluklar\u0131n\u0131n \u00e7ok b\u00fcy\u00fck oldu\u011funu hat\u0131rlatmak isterim. 2007 y\u0131l\u0131nda Karl\u0131bel?e yazd\u0131r\u0131lan pa\u00e7avra kitap ile \u015fahs\u0131ma i\u011fren\u00e7 iftiralar att\u0131r\u0131ld\u0131. As\u0131l \u00f6rg\u00fct\u00fcn medya aya\u011f\u0131nda ki ajan provokat\u00f6rleri ise bunlar\u0131 gazete ve dergilerinde do\u011frulu\u011funu ara\u015ft\u0131rma gere\u011fi duymadan b\u00fcy\u00fck bir \u015fehvetle yay\u0131nlad\u0131lar. Zaten ara\u015ft\u0131rmac\u0131 bir yazar veya gazeteci b\u00f6yle bir ahlaks\u0131zl\u0131\u011f\u0131n taraf\u0131 olmaz! Talip Do\u011fan Karl\u0131bel?in 20 Ocak 2012 tarihli 210.celsedeki tan\u0131k sorgusunda, \u00fcye hakim Sedat Ha\u015filo\u011flu Taraf ve Sabah gazetelerinde \u00e7\u0131kan bu haberleri kendisine sordu\u011funda da utanmadan ayn\u0131 iftiralar\u0131n\u0131 yinelemi\u015ftir. \u00dcye hakim Ha\u015f\u0131lo\u011flu?nun dava dosyas\u0131na vak\u0131f oldu\u011funu, konu ile ilgili yaz\u0131\u015fmalardan bu \u015fahs\u0131n iftira att\u0131\u011f\u0131n\u0131 gayet iyi bildi\u011fini, m\u00fcfterinin atf-\u0131 c\u00fcr\u00fcmlerinin bir kez daha tescil edilmesi ad\u0131na sorgulama yapt\u0131\u011f\u0131n\u0131 d\u00fc\u015f\u00fcn\u00fcyorum. Tertip heyeti Talip Do\u011fan Karl\u0131bel?e 2007 de yazd\u0131rd\u0131\u011f\u0131 kitap ile \u015fahs\u0131m\u0131 itibars\u0131zla\u015ft\u0131rmak istemi\u015f, bir \u00f6rg\u00fct y\u00f6neticisine uygun son derece kirli bir profil \u00e7izmeyi ama\u00e7lam\u0131\u015f, lakin Alman resmi makamlar\u0131ndan gelen belgeler oyunlar\u0131n\u0131 bozmu\u015ftur! \u0130nsan olma erdemini tadamayanlar\u0131n ahlakl\u0131 olmalar\u0131 d\u00fc\u015f\u00fcn\u00fclemez. Bunun i\u00e7indir ki bu kez, sahte belgeler koltu\u011funun alt\u0131na s\u0131k\u0131\u015ft\u0131r\u0131lan Talip Do\u011fan Karl\u0131bel \u00a011 May\u0131s 2008 g\u00fcn\u00fc \u0130stanbul \u00d6zel Yetkili Cumhuriyet Savc\u0131l\u0131\u011f\u0131na g\u00f6nderilerek, \u015fahs\u0131m ve ayn\u0131 davada yarg\u0131land\u0131\u011f\u0131m\u0131z bir k\u0131s\u0131m insanlar karalanmak istenmi\u015ftir. Bu sahte belgeler iddianame haz\u0131rlanmadan bas\u0131nda, \u00f6zellikle de ?Akt\u00fcel? isimli bir dergide ?Ergenekon?un Uyu\u015fturucu Trafi\u011fini Alman \u0130stihbarat\u0131 \u00c7\u00f6zd\u00fc? ba\u015fl\u0131\u011f\u0131 ile yay\u0131nlanm\u0131\u015f, i\u00e7eri\u011finde kendi bulan\u0131k ve kirli ge\u00e7mi\u015flerine yak\u0131\u015facak iftiralar ile Muzaffer Tekin rencide edilmek istenmi\u015f, iddianame eklerine konarak da bug\u00fcne kadar mahkemeniz me\u015fgul edilmi\u015ftir. Bu davan\u0131n g\u00f6r\u00fclmeye ba\u015fland\u0131\u011f\u0131 ilk g\u00fcnlerde Sn. Savc\u0131 M. Ali Pekg\u00fczel; ?<em>Biz, soru\u015fturma gizlili\u011fine dikkat ettik demi\u015flerdi<\/em>? O halde, bu sahte evraklar ile size gelebilme cesareti g\u00f6steren Karl\u0131bel ve onun arkas\u0131ndakileri ara\u015ft\u0131r\u0131rsan\u0131z, bunlar\u0131 bas\u0131na s\u0131zd\u0131ranlara da, as\u0131l \u00f6rg\u00fct?e de ula\u015f\u0131rs\u0131n\u0131z. Benim, kendimden en k\u00fc\u00e7\u00fck bir \u015f\u00fcphem olmad\u0131\u011f\u0131n\u0131 s\u0131k\u00e7a ifade ediyorum. Mahkemenizin de Muzaffer Tekin hakk\u0131nda en k\u00fc\u00e7\u00fck bir \u015f\u00fcphe duymamas\u0131 ad\u0131na ?\u0130ddia makam\u0131, iddias\u0131n\u0131 ispat ile m\u00fckelleftir? kolayc\u0131l\u0131\u011f\u0131na ka\u00e7mayarak, \u015fahs\u0131m ile ilgili t\u00fcm iddialar\u0131n ara\u015ft\u0131r\u0131lmas\u0131 i\u00e7in taleplerde bulunuyorum. Talip Do\u011fan Karl\u0131bel?in m\u00fcfteri oldu\u011funun tescil?i i\u00e7in mahkemeniz vas\u0131tas\u0131 ile hakk\u0131mdaki atf-\u0131 c\u00fcr\u00fcmlerin ara\u015ft\u0131r\u0131lmas\u0131 maksad\u0131 ile yetkili Alman makamlar\u0131na 04 Ocak 2012 tarihinde g\u00f6ndermi\u015f oldu\u011funuz yaz\u0131n\u0131z\u0131n cevab\u0131n\u0131n 07 Mart 2012 tarihinde mahkemenize ula\u015ft\u0131\u011f\u0131n\u0131 \u00f6\u011frenmi\u015f bulunuyorum. T.C. Adalet Bakanl\u0131\u011f\u0131, Almanya yetkili makamlar\u0131n\u0131n g\u00f6ndermi\u015f oldu\u011fu Almanca orijinal belgeler i\u00e7in ?Resmi olmayan terc\u00fcme? ibaresi ile \u015fahs\u0131m\u0131 ilgilendiren hususta a\u015fa\u011f\u0131daki bilgileri vermi\u015ftir; ?\u0130stanbul 13.A\u011f\u0131r Ceza Mahkemesi ek talebinde yaln\u0131z Y\u0131lmaz Tavuk\u00e7uo\u011flu ve Muzaffer Tekin aras\u0131ndaki telefon konu\u015fma kay\u0131tlar\u0131n\u0131n ve di\u011fer belgelerin g\u00f6nderilmesini talep etti\u011fi i\u00e7in, talep yetkili Niedersachsen Eyalet Adalet Dairesine g\u00f6nderilmi\u015ftir. Talebin ve \u00f6zellikle talebe ekli Niedersachsen Eyalet Kriminal Dairesinin 20 Kas\u0131m 2003 tarihli notunun incelenmesinde s\u00f6z konusu notta bir ?<strong>Yanl\u0131\u015fl\u0131k, tahrifat<\/strong>? oldu\u011fu tespit edilmi\u015ftir. Yap\u0131lan incelemenin di\u011fer ayr\u0131nt\u0131lar\u0131 konusunda Hannover Savc\u0131l\u0131\u011f\u0131n\u0131n 15.09.2011 tarihli rapor suretine bak\u0131labilir. \u0130stenilen evrak mevcut olmad\u0131\u011f\u0131 i\u00e7in talep yerine getirilememi\u015ftir!&#8230; (Getirilememektedir) Say\u0131n heyet; sizce bu a\u00e7\u0131klama yeterlimi bilmiyorum. Orijinal Almanca metinlerin tamam\u0131n\u0131 terc\u00fcme ettirip inceleyebildiniz mi? Talip Do\u011fan Karl\u0131bel?in savc\u0131l\u0131k makam\u0131na sundu\u011fu belgeler i\u00e7in ?yanl\u0131\u015fl\u0131k?, ?tahrifat? ifadelerinin \u00e7ok masum kalaca\u011f\u0131n\u0131 d\u00fc\u015f\u00fcnd\u00fc\u011f\u00fcmden ve bu s\u00fcre\u00e7te g\u00fcven duygular\u0131m \u00e7ok zedelendi\u011finden\u00a0<strong>Noter yetkili, Yeminli Terc\u00fcme B\u00fcrosuna<\/strong>\u00a0Almanya yetkili makamlar\u0131ndan gelen belgelerin T\u00fcrk\u00e7e \u00e7evirisini yapt\u0131rtt\u0131m. Netice beni yan\u0131ltmad\u0131. Bunu \u015fimdi dikkatinize sunuyorum; 1-Alman Federal Hukuk M\u00fcd\u00fcrl\u00fc\u011f\u00fcn\u00fcn, T.C. B\u00fcy\u00fckel\u00e7ili\u011fi Rungestr 9 10179 Berlin-Mitte adresine g\u00f6nderdi\u011fi resmi yaz\u0131. 2- Hannover savc\u0131l\u0131\u011f\u0131 (Y\u00f6netici Y\u00fcksek Savc\u0131l\u0131k) A\u015fa\u011f\u0131 Saksonya Adalet Bakanl\u0131\u011f\u0131n\u0131n, Federal Hukuk B\u00fcrosuna g\u00f6nderdi\u011fi resmi yaz\u0131. 3-A\u015fa\u011f\u0131 Saksonya Eyalet A\u011f\u0131r Ceza Dairesinin Raporu. Arz etti\u011fim resmi belgelerden anla\u015f\u0131laca\u011f\u0131 \u00fczere, Alman \u0130stihbarat\u0131,<strong>\u00a0Olmayan Bir \u00d6rg\u00fct?\u00fcn Uyu\u015fturucu Trafi\u011fini \u00c7\u00f6zmek Gibi Bir Gafletin \u0130\u00e7erisinde Olmam\u0131\u015ft\u0131r!<\/strong> Fakat Almanya Adli Mercileri, maddi deliller ile asr\u0131n davas\u0131 denilen lakin asr\u0131n en b\u00fcy\u00fck komplosunun tan\u0131\u011f\u0131\u00a0<strong>Talip Do\u011fan Karl\u0131bel?in,<\/strong>\u00a0<strong>s&#8230;r\u00a0<\/strong>ve\u00a0<strong>m\u00fcfteri<\/strong>\u00a0oldu\u011funu mahkemenize bildirmi\u015ftir. \u0130ddianamenin bir\u00e7ok yerinde bu sahtek\u00e2r\u0131n tan\u0131k ifadesi ile beni karalamak yan\u0131lg\u0131s\u0131na d\u00fc\u015fen iddia makam\u0131, bu iddialar\u0131n\u0131 vicdani ve mesleki sorumluluklar\u0131 gere\u011fi \u00e7ekmek mecburiyetindedir. <strong>Sonu\u00e7 ve Talebim<\/strong> Talip Do\u011fan Karl\u0131bel hakk\u0131nda 214.celsede yapm\u0131\u015f oldu\u011fum talebim bu resmi yaz\u0131 ile kar\u015f\u0131lanm\u0131\u015f, Sn. Savc\u0131 Mehmet Ali Pekg\u00fczel?e sahte belge vermi\u015f oldu\u011fu gibi huzurunuzda da iftira att\u0131\u011f\u0131 tescil edilmi\u015ftir.<\/p>\n<ul>\n<li>Yalan Tan\u0131kl\u0131k T.C.K. Md. 272<\/li>\n<li>Yalan Yere Yemin Etme T.C.K. Md. 277<\/li>\n<li>Resmi Belgede Sahtecilik T.C.K. Md. 204<\/li>\n<li>Resmi Belgeyi Bozmak T.C.K. Md. 205<\/li>\n<li>\u0130ftira T.C.K. Md. 276<\/li>\n<\/ul>\n<p>Su\u00e7lar\u0131n\u0131 i\u015fledi\u011fi resmi belgeler ile somutla\u015fan, Talip Do\u011fan Karl\u0131bel hakk\u0131nda iddia makam\u0131 ve mahkemenizin gere\u011fini yapmak, \u015fahsi ve mesleki onurunuz oldu\u011funu d\u00fc\u015f\u00fcn\u00fcyorum. Bug\u00fcn ben her zaman ifade etti\u011fim gibi, yaln\u0131zca do\u011fruyu ve ger\u00e7e\u011fi s\u00f6yledi\u011fimi ispat etmi\u015f olman\u0131n huzur ve onurunu ya\u015f\u0131yorum. Sayg\u0131lar\u0131mla<\/p>\n<p align=\"right\"><strong>Muzaffer Tekin<\/strong><\/p>\n<p><strong>Ekler<\/strong> Ek-1\u00a0 Almanya Federal Hukuk M\u00fcd\u00fcrl\u00fc\u011f\u00fcn\u00fcn resmi yaz\u0131s\u0131 Ek-2\u00a0 A\u015fa\u011f\u0131 Saksonya Adalet Bakanl\u0131\u011f\u0131n\u0131n resmi yaz\u0131s\u0131 Ek-3\u00a0 A\u015fa\u011f\u0131 Saksonya Eyalet A\u011f\u0131r Ceza Dairesinin raporu <img loading=\"lazy\" decoding=\"async\" title=\"1\" src=\"http:\/\/www.muzaffertekin.com.tr\/wp-content\/uploads\/2012\/03\/1-634x1024.jpg\" alt=\"\" width=\"634\" height=\"1024\" \/> <img loading=\"lazy\" decoding=\"async\" title=\"2\" src=\"http:\/\/www.muzaffertekin.com.tr\/wp-content\/uploads\/2012\/03\/2-666x1024.jpg\" alt=\"\" width=\"666\" height=\"1024\" \/> <img loading=\"lazy\" decoding=\"async\" title=\"3\" src=\"http:\/\/www.muzaffertekin.com.tr\/wp-content\/uploads\/2012\/03\/3-654x1024.jpg\" alt=\"\" width=\"654\" height=\"1024\" \/><\/p>\n<p align=\"center\"><span style=\"text-decoration: underline;\"><strong>28.05.2012 TAR\u0130HL\u0130 238.CELSEDE KONU \u0130LE \u0130LG\u0130L\u0130 YAPMI\u015e OLDU\u011eU KONU\u015eMA VE TALEB\u0130N\u0130N METN\u0130<\/strong><\/span><\/p>\n<p align=\"center\"><strong>13.A\u011f\u0131r Ceza Mahkeme Ba\u015fkanl\u0131\u011f\u0131?na \/ Silivri<\/strong><\/p>\n<p>Say\u0131n Ba\u015fkan\u0131m, De\u011ferli \u00fcyeler; 19.y\u00fczy\u0131l Avrupas\u0131nda d\u00fczmece haber yapmak ve su\u00e7 yaymak, sahte belge d\u00fczenlemek, komplo kurmak, su\u00e7 ve su\u00e7lu imal etmek, hayali d\u00fc\u015fmanlar yaratmak, Umberto ECO?nun ?Prag Mezarl\u0131\u011f\u0131? isimli roman\u0131nda Simone S\u0130MON\u0130N\u0130 adl\u0131 bir karakter ile \u00f6zde\u015fle\u015ftirilmi\u015ftir. S\u0130MON\u0130N\u0130? nin uzmanl\u0131k alan\u0131 sahteciliktir. Menfaat kar\u015f\u0131l\u0131\u011f\u0131 her t\u00fcrl\u00fc belgeyi d\u00fczenleyebilir. Ger\u00e7ekte olmayan bir noter s\u00f6zle\u015fmesi, yaz\u0131lmam\u0131\u015f bir mektup, bir vasiyetname ya da bir itirafnameyi profesyonelce yazabilir! ?<em>Birilerinin mahv\u0131na yol a\u00e7abilecek bir belge yaratmak \u00e7ok g\u00fczeldir. Sanat?\u0131n g\u00fcc\u00fc<\/em>? der S\u0130MON\u0130N\u0130. \u015eeytani yetene\u011fiyle gizli servislere hizmet eden S\u0130MON\u0130N\u0130 ?<em>H\u00fck\u00fcmet ajanlar\u0131n\u0131n kafas\u0131n\u0131 fazla bilgiyle doldurmak gereksizdi. Onlar sadece siyah ve beyaz, iyi ve k\u00f6t\u00fc gibi a\u00e7\u0131k ve yal\u0131n fikirler isterlerdi ve k\u00f6t\u00fc yaln\u0131zca bir tane olmal\u0131yd\u0131<\/em>? demektedir. Simone S\u0130MON\u0130N\u0130? nin en muhte\u015fem eseri Yahudiler i\u00e7in kutsal kabul edilen Prag Mezarl\u0131\u011f\u0131nda yap\u0131lan ?Gizli Toplant\u0131?d\u0131r. Y\u00fczba\u015f\u0131 Dreyfus?un bir casus olarak tutuklanarak \u015eeytan adas\u0131na g\u00f6nderilmesine neden olan me\u015fhur mektubu da yine S\u0130MON\u0130N\u0130 haz\u0131rlam\u0131\u015ft\u0131r. Ona hi\u00e7 dokunulmaz! Onun dokunduklar\u0131 ise ya hapislere at\u0131l\u0131r ya da \u00f6ld\u00fcr\u00fcl\u00fcrler. \u00c7\u00fcnk\u00fc o sistemin \u00f6nemli bir akt\u00f6r\u00fcd\u00fcr! \u0130\u00e7inde bulundu\u011fumuz y\u00fczy\u0131l\u0131n Simone S\u0130MON\u0130N\u0130? si de Talip Do\u011fan KARLIBEL dir. Yalan s\u00f6yler, sahte belge tanzim eder, iftira atar, tescilli a&#8230;n ve d&#8230;d\u0131r\u0131c\u0131d\u0131r! Hakk\u0131nda a\u00e7\u0131lan davalardan zaman a\u015f\u0131m\u0131 v.b. nedenlerle bir \u015fekilde s\u0131yr\u0131lmas\u0131n\u0131 bilir. S\u0130MON\u0130N\u0130, Y\u00fczba\u015f\u0131 Dreyfus?un \u015eeytan adas\u0131na g\u00f6nderilmesine sebep olmu\u015ftur. KARLIBEL ise E.Yzb. Muzaffer Tekin?in tutuklulu\u011funun devam ettirilmesi i\u00e7in, iddia edilen \u00f6rg\u00fct liderine kirli bir profil yaratmak maksad\u0131yla \u00e7ete, mafya ve cemaat d\u00fczeninin en \u00f6nemli akt\u00f6r\u00fcd\u00fcr. 27 Nisan 2012 tarih, 225.celsede kendisi hakk\u0131nda, Alman yetkili adli mercilerden mahkemenize gelen resmi yaz\u0131\u015fmalar neticesi yasal i\u015flem yap\u0131lmas\u0131n\u0131 talep ettim. Ara karar\u0131n\u0131zda talebimin h\u00fck\u00fcmle birlikte de\u011ferlendirilece\u011fini ifade ettiniz. Ben ise 30 Nisan 2012 tarihinde Silivri C.Ba\u015f Savc\u0131l\u0131\u011f\u0131na Talip Do\u011fan KARLIBEL?e\u00a0 ?Hakaret? su\u00e7 \u015f\u00fcphesi ile ifade verdim. Hakk\u0131mdaki soru\u015fturman\u0131n mahkemeniz su\u00e7 duyurusu ile olmad\u0131\u011f\u0131n\u0131 belirtmek istiyorum. Simonini Karl\u0131bel?e sorgusunda sarf etti\u011fim s\u00f6zleri nesnel olarak destekledi\u011fimi kabul ederek bu konuda adil davrand\u0131n\u0131z. Silivri C.Ba\u015f Savc\u0131l\u0131\u011f\u0131n\u0131n soru\u015fturmay\u0131 res?en ba\u015flatt\u0131\u011f\u0131n\u0131 ifade vermeye gitti\u011fimde \u00f6\u011frendim. Kamu g\u00f6revi yapan tan\u0131klar\u0131n a\u011f\u0131zlar\u0131ndan \u00e7\u0131kan her kelime son derece \u00f6nem arz etti\u011finden ve beyanlar\u0131 insan hayat\u0131 ile ilgili oldu\u011fundan, g\u00fcvenilir olmalar\u0131 \u015fartt\u0131r. Ayr\u0131ca maddi ger\u00e7e\u011fe ula\u015fabilmek i\u00e7in do\u011fru ifade vermeleri gerekti\u011fi kendilerine hat\u0131rlat\u0131l\u0131r. Bunun i\u00e7in de ?Bildi\u011fimi dosdo\u011fru s\u00f6yleyece\u011fime namusum ve vicdan\u0131m \u00fczerine yemin ederim? diyerek tan\u0131kl\u0131klar\u0131na ba\u015fvurulur. Ger\u00e7ek bir hukuk devletinde ve adil yarg\u0131lamada Talip Do\u011fan KARLIBEL bu duru\u015fma salonunda tan\u0131k olmak yerine, sahte belge d\u00fczenlemek, iftira atmak, y\u00fcr\u00fct\u00fclen bir soru\u015fturmada iddia makam\u0131n\u0131 yanl\u0131\u015f y\u00f6nlendirmek gibi fiillerden tutuklan\u0131rd\u0131 diye d\u00fc\u015f\u00fcn\u00fcyorum. 19 Ocak 2012 tarih, 209.celse ve 20 Ocak 2012 tarih, 210. Celsede iki g\u00fcn huzurda tan\u0131k olarak dinlenen Talip Do\u011fan KARLIBEL, Muzaffer TEK\u0130N?e y\u00f6nelik iftiralar\u0131na devam etmi\u015f, iddia makam\u0131na sundu\u011fu sahte belgelerin inatla ger\u00e7ek oldu\u011funu savunmu\u015f yalan beyanda bulunmu\u015ftur. Tan\u0131k ayr\u0131cal\u0131\u011f\u0131 ile sayg\u0131nl\u0131\u011f\u0131 korunurken, yalan s\u00f6ylerken de san\u0131k haklar\u0131ndan yararland\u0131r\u0131lm\u0131\u015ft\u0131r. Say\u0131n heyet; KARLIBEL hakk\u0131ndaki karar\u0131n\u0131z\u0131n vicdani ve hukuki olmad\u0131\u011f\u0131n\u0131 d\u00fc\u015f\u00fcn\u00fcyorum. Bu dokunulmazl\u0131k z\u0131rh?\u0131 onun ahlaki ve vicdani olmayan s\u00f6ylem ve eylemlerini tetiklemektedir. Maddi deliller ile i\u015fledi\u011fi su\u00e7 sabit olan KARLIBEL i\u00e7in bug\u00fcne kadar cezai m\u00fceyyide uygulanmamas\u0131 adaletin geciktirilmesidir. Talebimi h\u00fck\u00fcm a\u015famas\u0131na ta\u015f\u0131man\u0131z ise bunu katmerle\u015ftirecektir. Oysa geciken adaletin, adalet olmad\u0131\u011f\u0131n\u0131 en iyi bilen sizlersiniz. Bizlere de ya\u015fatarak \u00f6\u011frettiniz! Talip Do\u011fan KARLIBEL hakk\u0131nda 225.celse, 27 Nisan 2012 tarihinde yapm\u0131\u015f oldu\u011fum su\u00e7 duyurumu bir kez daha yineliyorum. Savc\u0131 Mehmet Ali Pekg\u00fczel?in bu hususta isteksiz oldu\u011fu netle\u015fmi\u015ftir. Tan\u0131k kamu ad\u0131na g\u00f6rev yapmaktad\u0131r ve savc\u0131 da kamu ad\u0131na m\u00fctalaa da bulunmaktad\u0131r. Fakat mahkemelerin ?T\u00fcrk Milleti? ad\u0131na karar verdi\u011fini bilebiliyorum. \u015eu ifade san\u0131k avukatlar\u0131na ait de\u011fildir. \u0130lk g\u00fcnlerde operasyonlara destek veren gazeteci Ali Bayramo\u011flu; ?<em>Emniyet ve yarg\u0131 i\u00e7erisindeki \u00f6zerk bir yap\u0131 ku\u015fkulu deliller \u00fcreterek bu davan\u0131n y\u00f6n\u00fcn\u00fc tayin etmektedir<\/em>? Ben sizlere as\u0131l \u00f6rg\u00fct\u00fcn medyadaki \u00e7ok \u00f6nemli bir adam\u0131n\u0131 if\u015fa ettim. Kuyru\u011fundan yakalamad\u0131m, g\u00f6vdesini te\u015fhir ettim. \u0130z s\u00fcrd\u00fc\u011f\u00fcn\u00fcz takdirde Bayramo\u011flu?nun i\u015faret etti\u011fi \u00f6zerk yap\u0131y\u0131 dolay\u0131s\u0131 ile de as\u0131l \u00f6rg\u00fct\u00fc de\u015fifre edebilirsiniz. Say\u0131n heyet; \u015fimdi sizlere, beni hayret ve teess\u00fcre iten bu davalar\u0131n ilk g\u00fcn\u00fcnden itibaren m\u00fc\u015fteki oldu\u011fumuz, hukuk adamlar\u0131n\u0131n mesleklerine olan ilgisizli\u011fi, vurdumduymazl\u0131\u011f\u0131, en \u00f6nemlisi de T\u00fcrkiye Cumhuriyeti mahkemelerini hafife ald\u0131klar\u0131n\u0131n \u00e7ok \u00f6nemli bir belgesini arz edece\u011fim. Medyada yer alan ?<em>Polis fezlekesi iddianameye d\u00f6n\u00fc\u015f\u00fcyor<\/em>?, ?<em>Savc\u0131 de\u011fil, Sav\u0131c\u0131<\/em>? ifadelerinin de \u00a0hi\u00e7te haks\u0131z s\u00f6ylenmedi\u011fi, maalesef bir tak\u0131m hukuk adamlar\u0131n\u0131n g\u00f6rev ve yetkilerini polise ihale ettiklerini arz edece\u011fim yaz\u0131\u015fmalar net olarak ortaya koymaktad\u0131r. Talip Do\u011fan KARLIBEL?in atf-\u0131 c\u00fcr\u00fcmleri hen\u00fcz iddianame haz\u0131rlanmadan KOM DA\u0130RE BA\u015eKANLI\u011eI?na, \u0130stanbul Kriminal \u0130rtibat B\u00fcrosu, Almanya 12.09.2007 Faks mesaj\u0131 ve Emniyet Genel M\u00fcd\u00fcrl\u00fc\u011f\u00fcn\u00fcn \u0130stanbul \u00d6zel Yetkili C.Ba\u015f Savc\u0131l\u0131\u011f\u0131?na 24.06.2008 tarihli ?Bilgilendirme Yaz\u0131s\u0131? ile tescil olunmas\u0131na ra\u011fmen, iddianamede, onun \u015fahs\u0131m hakk\u0131ndaki \u00e7irkin ithamlar\u0131n\u0131 iddia makam\u0131 imzal\u0131, polis derlemeli metinler halinde g\u00f6rd\u00fck. 209 ve 210. Celseler de ?Kamu tan\u0131\u011f\u0131? olarak dinlenen Talip Do\u011fan KARLIBEL?in resmi yaz\u0131\u015fmalar\u0131 yok sayarak, pi\u015fkin pi\u015fkin yalan ve iftiralar\u0131na devam etmesi \u00fczerine, 27 Ocak 2012 tarih 214.celsede Alman Adli Mercilerinden ara\u015ft\u0131r\u0131lmak \u00fczere ayr\u0131nt\u0131l\u0131 bir talep metnini mahkemenize arz ederek, KARLIBEL?in ger\u00e7ek y\u00fcz\u00fcn\u00fcn bir kez daha ortaya \u00e7\u0131kmas\u0131n\u0131 ama\u00e7lad\u0131m. EK-3, EK-4, EK-5, EK-6 do\u011frudan, Alman Yetkili Adli Mercilerinden istenen hususlar\u0131 i\u00e7ermekle beraber, EK-7 deki talebim ise direkt iddia makam\u0131na sorulmak \u00fczere mahkemenize arz edilmi\u015ftir. Mahkemeniz 17.02.2012 tarih ve 2012\/116 De\u011fi\u015fik \u0130\u015f Karar\u0131n\u0131z\u0131n (1-B-ff) No?lu ARA KARARINA, \u0130st. \u00d6zel Yetkili C.Ba\u015f Savc\u0131l\u0131\u011f\u0131n\u0131n takip etti\u011fi i\u015flem ve y\u00f6ntem, mahkemenize verdi\u011fi cevap trajikomik oldu\u011fu kadar, g\u00f6revi savsatmaz insan akl\u0131 ile de adeta alay etmektedir. 11 Haziran 2008 tarihinde Savc\u0131 Mehmet Ali Pekg\u00fczel?e tan\u0131k olarak ifade veren Talip Do\u011fan KARLIBEL ?Ancak ben kesin olarak ibraz etmi\u015f oldu\u011fum telefon g\u00f6r\u00fc\u015fmelerinin Raci o\u011flu Muzaffer TEK\u0130N taraf\u0131ndan yap\u0131ld\u0131\u011f\u0131n\u0131 kesin olarak biliyorum. \u00c7\u00fcnk\u00fc o tarihte Muzaffer TEK\u0130N?in ismi ge\u00e7ti\u011finde ?T\u00dcRK\u0130YE TEMS\u0130LC\u0130L\u0130\u011e\u0130? arac\u0131l\u0131\u011f\u0131 ile kendisi teyid edilmi\u015ftir. Yakla\u015f\u0131k 600 sayfa telefon dinleme tutanaklar\u0131 mevcuttur. O kay\u0131tlar\u0131 da istedi\u011finiz taktirde Federal Savc\u0131l\u0131ktan talep ederseniz, elde edebilirsiniz? demektedir. Ben 27 Ocak 2012 tarih 214.celse de mahkemeniz arac\u0131l\u0131\u011f\u0131 ile, hen\u00fcz iddianame mahkemeye sunulmadan savc\u0131l\u0131k makam\u0131 taraf\u0131ndan Talip Do\u011fan KARLIBEL?in yukar\u0131daki ifadeleri ara\u015ft\u0131r\u0131ld\u0131 m\u0131, insan onuru ve hayat\u0131 ile ilgili b\u00f6ylesine \u00f6nemli iddialar ara\u015ft\u0131r\u0131lmadan iddianame eklerine nas\u0131l konabilir d\u00fc\u015f\u00fcncem ile bu hususun netlik kazanmas\u0131n\u0131 mahkemenizden talep ettim. \u0130st. \u00d6zel Yetkili C.Ba\u015f Savc\u0131l\u0131\u011f\u0131ndan savc\u0131 Cihan KANSIZ imzal\u0131 25.04.2012 tarihli cevabi yaz\u0131, kendisinin g\u00f6rev ve yetkisinde olan konunun Ter\u00f6rle M\u00fccadele \u015eube M\u00fcd\u00fcrl\u00fc\u011f\u00fc?ne havale edildi\u011finin kan\u0131t\u0131d\u0131r. \u0130lgili savc\u0131l\u0131\u011f\u0131n ?Evet? veya ?Hay\u0131r? olarak verece\u011fi cevap, Ter\u00f6rle M\u00fccadele \u015eube M\u00fcd\u00fcrl\u00fc\u011f\u00fc?n\u00fcn bas\u0131ndan toplad\u0131\u011f\u0131 magazinel haberler, iddianame eklerindeki dosyalardan elde edilen evraklar, hatta ad\u0131ma faaliyet g\u00f6steren siteden elde edilen bilgiler ile mahkemenizin kay\u0131tlar\u0131n\u0131, m\u00fckerrer ve maddi olgu ta\u015f\u0131mayan evrak \u00e7\u00f6pl\u00fc\u011f\u00fcne d\u00f6n\u00fc\u015ft\u00fcrm\u00fc\u015ft\u00fcr. 18.04.2012 tarihli Ter\u00f6rle M\u00fccadele \u015eube M\u00fcd\u00fcrl\u00fc\u011f\u00fc?n\u00fcn, \u015eube m\u00fcd\u00fcr\u00fc \u00d6mer K\u00f6se imzal\u0131, \u0130st. C.Ba\u015f Savc\u0131l\u0131\u011f\u0131na g\u00f6nderdi\u011fi yaz\u0131da, ?Talip Do\u011fan KARLIBEL? in beyanlar\u0131 ile ilgili olarak yap\u0131lan \u00e7al\u0131\u015fmalarda 2008\/968 Esas No?lu iddianamesinin Ek Klas\u00f6rlerinde yer alan belgelerde ve a\u00e7\u0131k kaynaklarda \u015fahs\u0131n ifadeleri dayanak g\u00f6sterilerek Muzaffer TEK\u0130N?in Alman \u0130stihbarat\u0131 ad\u0131na muhbirlik yapt\u0131\u011f\u0131yla ilgili bilgi ve belgeler ile 11.02.2003 ve 19.11.2003 tarihine ait oldu\u011fu iddia edilen telefon g\u00f6r\u00fc\u015fmelerinin oldu\u011fu g\u00f6r\u00fclm\u00fc\u015f olup ba\u015fkaca bir bilgi ve belgeye rastlan\u0131lmam\u0131\u015ft\u0131r.? denilmektedir. Mahkemenizin kendisine sordu\u011fu soruyu, Ter\u00f6rle M\u00fccadele \u015eube M\u00fcd\u00fcrl\u00fc\u011f\u00fc?ne havale eden savc\u0131 Cihan KANSIZ polis raporlar\u0131n\u0131 aynen mahkemenize iletmi\u015f fakat Talip Do\u011fan KARLIBEL ?in atf-\u0131 c\u00fcr\u00fcmlerini ortaya \u00e7\u0131karan resmi yaz\u0131\u015fmalar\u0131n tamam\u0131n\u0131 yok saym\u0131\u015ft\u0131r. Ter\u00f6rle M\u00fccadele \u015eube M\u00fcd\u00fcrl\u00fc\u011f\u00fcn\u00fcn lehime olan resmi yaz\u0131\u015fmalar\u0131 g\u00f6rmezden gelmesinin mant\u0131\u011f\u0131n\u0131 anlayabilirim. Lakin Cumhuriyet Savc\u0131s\u0131n\u0131n bunu yapmaya hakk\u0131 yoktur! Bunu kas\u0131tl\u0131 yapmad\u0131 ise bu davaya ne kadar yabanc\u0131 oldu\u011fu ortaya \u00e7\u0131kar ki bununda taktirini sizlere b\u0131rak\u0131yorum! \u015eimdi mahkemenize TEM \u015eube M\u00fcd\u00fcrl\u00fc\u011f\u00fc?n\u00fcn ve savc\u0131 Cihan KANSIZ?\u0131n ?Ba\u015fkaca bir yaz\u0131\u015fma ve evrak bulunmamaktad\u0131r? diyerek mahkemenize g\u00f6ndermekten imtina etti\u011fi resmi belgeleri arz ediyorum. Zaten ilgili makamlar zaman\u0131nda bu evraklar\u0131 g\u00f6rebilselerdi(!) daha \u00f6nce arz etti\u011fim gibi Talip Do\u011fan KARLIBEL bu mahkeme huzuruna \u00e7\u0131kar\u0131lmadan ?Sahtecilik? ve ?\u0130ftira? su\u00e7lar\u0131ndan tutuklan\u0131rd\u0131. TEM \u015eube M\u00fcd\u00fcrl\u00fc\u011f\u00fc ile savc\u0131 Cihan KANSIZ?\u0131n 13.A\u011f\u0131r Ceza Mahkemesinden gizledi\u011fi resmi yaz\u0131\u015fma evraklar; 1-\u00a0\u00a0\u00a0\u00a0 Federal Kriminal Dairesi (BKA) \u0130stanbul \u0130rtibat B\u00fcrosunun, Ankara KOM Daire Ba\u015fkanl\u0131\u011f\u0131?na 12.09.2007 tarihinde g\u00f6ndermi\u015f oldu\u011fu faks mesaj\u0131. 2-\u00a0\u00a0\u00a0\u00a0 \u0130\u00e7i\u015fleri Bakanl\u0131\u011f\u0131 Emniyet Genel M\u00fcd\u00fcrl\u00fc\u011f\u00fc?n\u00fcn \u0130stanbul Cumhuriyet Ba\u015f Savc\u0131l\u0131\u011f\u0131na 24.06.2008 tarih, Say\u0131: B.05.1.EGM.0.09.05.03 11113.16909-164127-111510, Konu: Bilgi Talebi Yaz\u0131s\u0131 3-\u00a0\u00a0\u00a0\u00a0 Berlin B\u00fcy\u00fckel\u00e7ili\u011finin T.C. Adalet Bakanl\u0131\u011f\u0131?na g\u00f6ndermi\u015f oldu\u011fu, Tarih:08.02.2012 Say\u0131:164.10\/511-91 (ERG) \/ 2012 \/ BERL \/ 964896 yaz\u0131s\u0131. \u00a0 \u00a0 Sayg\u0131lar\u0131mla<\/p>\n<p align=\"right\">28 May\u0131s 2012<\/p>\n<p align=\"right\">Celse: 238<\/p>\n<p style=\"text-align: right;\" align=\"right\">Muzaffer TEK\u0130N<\/p>\n<p style=\"text-align: right;\" align=\"right\"><strong>\u00a0 \u00a0 \u00a0 \u00a0 \u00a0 \u00a0 \u00a0<\/strong><\/p>\n<p>\u00a0 <strong>3-\u00a0\u00a0<span style=\"text-decoration: underline;\">BASINDA YER ALAN KONU \u0130LE \u0130LG\u0130L\u0130 HABERLER<\/span>:<\/strong> <a href=\"http:\/\/www.muzaffertekin.com.tr\/wp-content\/uploads\/2011\/02\/MT-062.jpg\"><img loading=\"lazy\" decoding=\"async\" class=\"aligncenter size-large wp-image-262\" title=\"MT 062\" src=\"http:\/\/www.muzaffertekin.com.tr\/wp-content\/uploads\/2011\/02\/MT-062-1024x744.jpg\" alt=\"\" width=\"1024\" height=\"744\" srcset=\"https:\/\/www.muzaffertekin.com.tr\/wp-content\/uploads\/2011\/02\/MT-062-1024x744.jpg 1024w, https:\/\/www.muzaffertekin.com.tr\/wp-content\/uploads\/2011\/02\/MT-062-300x218.jpg 300w\" sizes=\"auto, (max-width: 1024px) 100vw, 1024px\" \/><\/a> <a href=\"http:\/\/www.muzaffertekin.com.tr\/wp-content\/uploads\/2011\/02\/MT-0631.jpg\"><img loading=\"lazy\" decoding=\"async\" class=\"aligncenter size-large wp-image-265\" title=\"MT 063\" src=\"http:\/\/www.muzaffertekin.com.tr\/wp-content\/uploads\/2011\/02\/MT-0631-1024x744.jpg\" alt=\"\" width=\"1024\" height=\"744\" srcset=\"https:\/\/www.muzaffertekin.com.tr\/wp-content\/uploads\/2011\/02\/MT-0631-1024x744.jpg 1024w, https:\/\/www.muzaffertekin.com.tr\/wp-content\/uploads\/2011\/02\/MT-0631-300x218.jpg 300w\" sizes=\"auto, (max-width: 1024px) 100vw, 1024px\" \/><\/a> <a href=\"http:\/\/www.muzaffertekin.com.tr\/wp-content\/uploads\/2011\/02\/MT-064.jpg\"><img loading=\"lazy\" decoding=\"async\" class=\"aligncenter size-large wp-image-267\" title=\"MT 064\" src=\"http:\/\/www.muzaffertekin.com.tr\/wp-content\/uploads\/2011\/02\/MT-064-744x1024.jpg\" alt=\"\" width=\"744\" height=\"1024\" srcset=\"https:\/\/www.muzaffertekin.com.tr\/wp-content\/uploads\/2011\/02\/MT-064-744x1024.jpg 744w, https:\/\/www.muzaffertekin.com.tr\/wp-content\/uploads\/2011\/02\/MT-064-218x300.jpg 218w\" sizes=\"auto, (max-width: 744px) 100vw, 744px\" \/><\/a> <a href=\"http:\/\/www.muzaffertekin.com.tr\/wp-content\/uploads\/2011\/02\/MT-065.jpg\"><img loading=\"lazy\" decoding=\"async\" class=\"aligncenter size-large wp-image-268\" title=\"MT 065\" src=\"http:\/\/www.muzaffertekin.com.tr\/wp-content\/uploads\/2011\/02\/MT-065-744x1024.jpg\" alt=\"\" width=\"744\" height=\"1024\" srcset=\"https:\/\/www.muzaffertekin.com.tr\/wp-content\/uploads\/2011\/02\/MT-065-744x1024.jpg 744w, https:\/\/www.muzaffertekin.com.tr\/wp-content\/uploads\/2011\/02\/MT-065-218x300.jpg 218w\" sizes=\"auto, (max-width: 744px) 100vw, 744px\" \/><\/a> <a href=\"http:\/\/www.muzaffertekin.com.tr\/wp-content\/uploads\/2011\/02\/MT-066.jpg\"><img loading=\"lazy\" decoding=\"async\" class=\"aligncenter size-large wp-image-269\" title=\"MT 066\" src=\"http:\/\/www.muzaffertekin.com.tr\/wp-content\/uploads\/2011\/02\/MT-066-744x1024.jpg\" alt=\"\" width=\"744\" height=\"1024\" srcset=\"https:\/\/www.muzaffertekin.com.tr\/wp-content\/uploads\/2011\/02\/MT-066-744x1024.jpg 744w, https:\/\/www.muzaffertekin.com.tr\/wp-content\/uploads\/2011\/02\/MT-066-218x300.jpg 218w\" sizes=\"auto, (max-width: 744px) 100vw, 744px\" \/><\/a> <a href=\"http:\/\/www.muzaffertekin.com.tr\/wp-content\/uploads\/2011\/02\/MT-067.jpg\"><img loading=\"lazy\" decoding=\"async\" class=\"aligncenter size-large wp-image-270\" title=\"MT 067\" src=\"http:\/\/www.muzaffertekin.com.tr\/wp-content\/uploads\/2011\/02\/MT-067-744x1024.jpg\" alt=\"\" width=\"744\" height=\"1024\" srcset=\"https:\/\/www.muzaffertekin.com.tr\/wp-content\/uploads\/2011\/02\/MT-067-744x1024.jpg 744w, https:\/\/www.muzaffertekin.com.tr\/wp-content\/uploads\/2011\/02\/MT-067-218x300.jpg 218w\" sizes=\"auto, (max-width: 744px) 100vw, 744px\" \/><\/a> <a href=\"http:\/\/www.muzaffertekin.com.tr\/wp-content\/uploads\/2011\/02\/MT-068.jpg\"><img loading=\"lazy\" decoding=\"async\" class=\"aligncenter size-large wp-image-271\" title=\"MT 068\" src=\"http:\/\/www.muzaffertekin.com.tr\/wp-content\/uploads\/2011\/02\/MT-068-744x1024.jpg\" alt=\"\" width=\"744\" height=\"1024\" srcset=\"https:\/\/www.muzaffertekin.com.tr\/wp-content\/uploads\/2011\/02\/MT-068-744x1024.jpg 744w, https:\/\/www.muzaffertekin.com.tr\/wp-content\/uploads\/2011\/02\/MT-068-218x300.jpg 218w\" sizes=\"auto, (max-width: 744px) 100vw, 744px\" \/><\/a> <a href=\"http:\/\/www.muzaffertekin.com.tr\/wp-content\/uploads\/2011\/02\/MT-069.jpg\"><img loading=\"lazy\" decoding=\"async\" class=\"aligncenter size-large wp-image-272\" title=\"MT 069\" src=\"http:\/\/www.muzaffertekin.com.tr\/wp-content\/uploads\/2011\/02\/MT-069-744x1024.jpg\" alt=\"\" width=\"744\" height=\"1024\" srcset=\"https:\/\/www.muzaffertekin.com.tr\/wp-content\/uploads\/2011\/02\/MT-069-744x1024.jpg 744w, https:\/\/www.muzaffertekin.com.tr\/wp-content\/uploads\/2011\/02\/MT-069-218x300.jpg 218w\" sizes=\"auto, (max-width: 744px) 100vw, 744px\" \/><\/a><a href=\"http:\/\/www.muzaffertekin.com.tr\/wp-content\/uploads\/2011\/02\/MT-070.jpg\"><img loading=\"lazy\" decoding=\"async\" class=\"aligncenter size-large wp-image-273\" title=\"MT 070\" src=\"http:\/\/www.muzaffertekin.com.tr\/wp-content\/uploads\/2011\/02\/MT-070-744x1024.jpg\" alt=\"\" width=\"744\" height=\"1024\" srcset=\"https:\/\/www.muzaffertekin.com.tr\/wp-content\/uploads\/2011\/02\/MT-070-744x1024.jpg 744w, https:\/\/www.muzaffertekin.com.tr\/wp-content\/uploads\/2011\/02\/MT-070-218x300.jpg 218w\" sizes=\"auto, (max-width: 744px) 100vw, 744px\" \/><\/a> <a href=\"http:\/\/www.muzaffertekin.com.tr\/wp-content\/uploads\/2011\/02\/MT-072.jpg\"><img loading=\"lazy\" decoding=\"async\" class=\"aligncenter size-large wp-image-274\" title=\"MT 072\" src=\"http:\/\/www.muzaffertekin.com.tr\/wp-content\/uploads\/2011\/02\/MT-072-1024x744.jpg\" alt=\"\" width=\"1024\" height=\"744\" srcset=\"https:\/\/www.muzaffertekin.com.tr\/wp-content\/uploads\/2011\/02\/MT-072-1024x744.jpg 1024w, https:\/\/www.muzaffertekin.com.tr\/wp-content\/uploads\/2011\/02\/MT-072-300x218.jpg 300w\" sizes=\"auto, (max-width: 1024px) 100vw, 1024px\" \/><\/a> \u00a0 \u00a0 <a href=\"http:\/\/www.muzaffertekin.com.tr\/wp-content\/uploads\/2011\/02\/MT-071.jpg\"><img loading=\"lazy\" decoding=\"async\" class=\"aligncenter size-large wp-image-279\" title=\"MT 071\" src=\"http:\/\/www.muzaffertekin.com.tr\/wp-content\/uploads\/2011\/02\/MT-071-744x1024.jpg\" alt=\"\" width=\"744\" height=\"1024\" srcset=\"https:\/\/www.muzaffertekin.com.tr\/wp-content\/uploads\/2011\/02\/MT-071-744x1024.jpg 744w, https:\/\/www.muzaffertekin.com.tr\/wp-content\/uploads\/2011\/02\/MT-071-218x300.jpg 218w\" sizes=\"auto, (max-width: 744px) 100vw, 744px\" \/><\/a><\/p>\n<h1 style=\"text-align: center;\">EK-10<\/h1>\n<p><strong><span style=\"text-decoration: underline;\">ISRARLA, B\u0130R CUMHUR\u0130YET SAVCISI B\u00d6YLE B\u0130R \u0130DD\u0130ANAMEYE \u0130MZA ATMAZ S\u00d6ZLER\u0130MDE NE KADAR HAKLI OLDU\u011eUMUN DEL\u0130L\u0130: <\/span><\/strong> <strong><span style=\"text-decoration: underline;\">\u0130DD\u0130ANAME SAYFA: 89 VE SAYFA 1046 DA YER ALAN &#8220;\u015eUBE M\u00dcD\u00dcRL\u00dc\u011e\u00dcM\u00dcZCE&#8221; \u0130FADELER\u0130, \u0130DD\u0130ANAMEY\u0130 K\u0130MLER\u0130N HAZIRLADI\u011eI VE SAVCILARIN DA OKUMADI\u011eININ EN BEL\u0130RG\u0130N \u00d6RNE\u011e\u0130D\u0130R!<\/span><\/strong> <a href=\"http:\/\/www.muzaffertekin.com.tr\/wp-content\/uploads\/2011\/02\/MT-073.jpg\"><img loading=\"lazy\" decoding=\"async\" class=\"aligncenter size-large wp-image-280\" title=\"MT 073\" src=\"http:\/\/www.muzaffertekin.com.tr\/wp-content\/uploads\/2011\/02\/MT-073-744x1024.jpg\" alt=\"\" width=\"744\" height=\"1024\" srcset=\"https:\/\/www.muzaffertekin.com.tr\/wp-content\/uploads\/2011\/02\/MT-073-744x1024.jpg 744w, https:\/\/www.muzaffertekin.com.tr\/wp-content\/uploads\/2011\/02\/MT-073-218x300.jpg 218w\" sizes=\"auto, (max-width: 744px) 100vw, 744px\" \/><\/a> <a href=\"http:\/\/www.muzaffertekin.com.tr\/wp-content\/uploads\/2011\/02\/MT-074.jpg\"><img loading=\"lazy\" decoding=\"async\" class=\"aligncenter size-large wp-image-281\" title=\"MT 074\" src=\"http:\/\/www.muzaffertekin.com.tr\/wp-content\/uploads\/2011\/02\/MT-074-744x1024.jpg\" alt=\"\" width=\"744\" height=\"1024\" srcset=\"https:\/\/www.muzaffertekin.com.tr\/wp-content\/uploads\/2011\/02\/MT-074-744x1024.jpg 744w, https:\/\/www.muzaffertekin.com.tr\/wp-content\/uploads\/2011\/02\/MT-074-218x300.jpg 218w\" sizes=\"auto, (max-width: 744px) 100vw, 744px\" \/><\/a><\/p>\n<h1 style=\"text-align: center;\">EK-11<\/h1>\n<p><strong><span style=\"text-decoration: underline;\">S\u0130YAS\u0130LER\u0130N, BA\u011eIMSIZ YARGIYA M\u00dcDAHALELER\u0130NDEN B\u0130R KA\u00c7 \u00d6RNEK:<\/span><\/strong> <a href=\"http:\/\/www.muzaffertekin.com.tr\/wp-content\/uploads\/2011\/02\/MT-075.jpg\"><img loading=\"lazy\" decoding=\"async\" class=\"aligncenter size-large wp-image-282\" title=\"MT 075\" src=\"http:\/\/www.muzaffertekin.com.tr\/wp-content\/uploads\/2011\/02\/MT-075-744x1024.jpg\" alt=\"\" width=\"744\" height=\"1024\" srcset=\"https:\/\/www.muzaffertekin.com.tr\/wp-content\/uploads\/2011\/02\/MT-075-744x1024.jpg 744w, https:\/\/www.muzaffertekin.com.tr\/wp-content\/uploads\/2011\/02\/MT-075-218x300.jpg 218w\" sizes=\"auto, (max-width: 744px) 100vw, 744px\" \/><\/a> \u00a0 <a href=\"http:\/\/www.muzaffertekin.com.tr\/wp-content\/uploads\/2011\/02\/MT-076.jpg\"><img loading=\"lazy\" decoding=\"async\" class=\"aligncenter size-large wp-image-283\" title=\"MT 076\" src=\"http:\/\/www.muzaffertekin.com.tr\/wp-content\/uploads\/2011\/02\/MT-076-744x1024.jpg\" alt=\"\" width=\"744\" height=\"1024\" srcset=\"https:\/\/www.muzaffertekin.com.tr\/wp-content\/uploads\/2011\/02\/MT-076-744x1024.jpg 744w, https:\/\/www.muzaffertekin.com.tr\/wp-content\/uploads\/2011\/02\/MT-076-218x300.jpg 218w\" sizes=\"auto, (max-width: 744px) 100vw, 744px\" \/><\/a> <a href=\"http:\/\/www.muzaffertekin.com.tr\/wp-content\/uploads\/2011\/02\/MT-077.jpg\"><img loading=\"lazy\" decoding=\"async\" class=\"aligncenter size-large wp-image-284\" title=\"MT 077\" src=\"http:\/\/www.muzaffertekin.com.tr\/wp-content\/uploads\/2011\/02\/MT-077-744x1024.jpg\" alt=\"\" width=\"744\" height=\"1024\" srcset=\"https:\/\/www.muzaffertekin.com.tr\/wp-content\/uploads\/2011\/02\/MT-077-744x1024.jpg 744w, https:\/\/www.muzaffertekin.com.tr\/wp-content\/uploads\/2011\/02\/MT-077-218x300.jpg 218w\" sizes=\"auto, (max-width: 744px) 100vw, 744px\" \/><\/a> \u00a0 <a href=\"http:\/\/www.muzaffertekin.com.tr\/wp-content\/uploads\/2011\/02\/MT-078.jpg\"><img loading=\"lazy\" decoding=\"async\" class=\"aligncenter size-large wp-image-285\" title=\"MT 078\" src=\"http:\/\/www.muzaffertekin.com.tr\/wp-content\/uploads\/2011\/02\/MT-078-1024x744.jpg\" alt=\"\" width=\"1024\" height=\"744\" srcset=\"https:\/\/www.muzaffertekin.com.tr\/wp-content\/uploads\/2011\/02\/MT-078-1024x744.jpg 1024w, https:\/\/www.muzaffertekin.com.tr\/wp-content\/uploads\/2011\/02\/MT-078-300x218.jpg 300w\" sizes=\"auto, (max-width: 1024px) 100vw, 1024px\" \/><\/a><\/p>\n<h1 style=\"text-align: center;\">EK-12<\/h1>\n<p><strong><span style=\"text-decoration: underline;\">SAVCILAR?IN \u00d6ZEL HAYATIN G\u0130ZL\u0130L\u0130\u011e\u0130 VE K\u0130\u015e\u0130L\u0130K HAKLARINA SAYGI G\u00d6STERMED\u0130KLER\u0130 VE \u0130HLALLER\u0130N\u0130N KANITLARI<\/span>:<\/strong> \u00a0 <strong>1-\u00a0\u00a0Savc\u0131lar\u0131n \u015fahs\u0131na g\u00f6ndermi\u015f oldu\u011fum mektuplar, soru\u015fturma gizlili\u011fi olmas\u0131na ra\u011fmen tahrif edilerek bas\u0131na servis edilmi\u015ftir. Buradaki ama\u00e7 \u015fahs\u0131m\u0131n bas\u0131n yoluyla rencide edilmesidir.<\/strong> <strong>2-\u00a0Savc\u0131lar\u0131n, ki\u015filik haklar\u0131n\u0131 ihlali mahkeme karar\u0131 ile tescil edilmi\u015ftir!<\/strong><\/p>\n<h1 style=\"text-align: center;\">EK-13<\/h1>\n<p><strong><span style=\"text-decoration: underline;\">TAKD\u0130RMANES\u0130 B\u0130LE SAHTE!<\/span><\/strong> <strong>1- Savc\u0131, asl\u0131 bende olan takdirnameyi bir ba\u015fka san\u0131ktan ele ge\u00e7irdi\u011fini ileri s\u00fcrerek bunun ger\u00e7ek olup olmad\u0131\u011f\u0131n\u0131 ara\u015ft\u0131rm\u0131\u015ft\u0131r. Halbuki konu \u015fahs\u0131m\u0131 direkt ilgilendirmesine ra\u011fmen bana bu konuda tek bir soru dahi sormam\u0131\u015ft\u0131r.<\/strong> <strong>2- Bas\u0131nda yer ald\u0131\u011f\u0131 \u015fekliyle Alay Komutan\u0131n\u0131n ismi Halim K\u00d6K olarak ifade edilmi\u015ftir. Ger\u00e7ekte ise, takdirnameyi veren Alay Komutan\u0131n\u0131n ismi Mahir K\u00d6K? t\u00fcr.<\/strong> <strong>3- Bu konunun ger\u00e7ek y\u00fcz\u00fcn\u00fcn ortaya \u00e7\u0131kmas\u0131 i\u00e7in ilgili makamlara m\u00fcracaatlarda bulundum. Benim b\u00f6yle bir belge d\u00fczenlemeyece\u011fimi beni tan\u0131yanlar bilir ve ihtiyac\u0131mda yoktur!<\/strong> <strong>T\u00fcrk Silahl\u0131 Kuvvetlerinde her kul?a nasip olmayan en \u00fcst\u00fcn <\/strong><strong>ni\u015fan?a Te\u011fmen r\u00fctbesinde hak kazanm\u0131\u015f bir subay olmak \u015fahs\u0131m i\u00e7in onurlar\u0131n en b\u00fcy\u00fc\u011f\u00fcd\u00fcr!<\/strong> <a href=\"http:\/\/www.muzaffertekin.com.tr\/wp-content\/uploads\/2011\/02\/MT-0886.jpg\"><img loading=\"lazy\" decoding=\"async\" class=\"aligncenter size-large wp-image-311\" title=\"MT 088\" src=\"http:\/\/www.muzaffertekin.com.tr\/wp-content\/uploads\/2011\/02\/MT-0886-744x1024.jpg\" alt=\"\" width=\"744\" height=\"1024\" srcset=\"https:\/\/www.muzaffertekin.com.tr\/wp-content\/uploads\/2011\/02\/MT-0886-744x1024.jpg 744w, https:\/\/www.muzaffertekin.com.tr\/wp-content\/uploads\/2011\/02\/MT-0886-218x300.jpg 218w\" sizes=\"auto, (max-width: 744px) 100vw, 744px\" \/><\/a><a href=\"http:\/\/www.muzaffertekin.com.tr\/wp-content\/uploads\/2011\/02\/MT-089.jpg\"><img loading=\"lazy\" decoding=\"async\" class=\"aligncenter size-large wp-image-312\" title=\"MT 089\" src=\"http:\/\/www.muzaffertekin.com.tr\/wp-content\/uploads\/2011\/02\/MT-089-744x1024.jpg\" alt=\"\" width=\"744\" height=\"1024\" srcset=\"https:\/\/www.muzaffertekin.com.tr\/wp-content\/uploads\/2011\/02\/MT-089-744x1024.jpg 744w, https:\/\/www.muzaffertekin.com.tr\/wp-content\/uploads\/2011\/02\/MT-089-218x300.jpg 218w\" sizes=\"auto, (max-width: 744px) 100vw, 744px\" \/><\/a> <a href=\"http:\/\/www.muzaffertekin.com.tr\/wp-content\/uploads\/2011\/02\/MT-090.jpg\"><img loading=\"lazy\" decoding=\"async\" class=\"aligncenter size-large wp-image-313\" title=\"MT 090\" src=\"http:\/\/www.muzaffertekin.com.tr\/wp-content\/uploads\/2011\/02\/MT-090-744x1024.jpg\" alt=\"\" width=\"744\" height=\"1024\" srcset=\"https:\/\/www.muzaffertekin.com.tr\/wp-content\/uploads\/2011\/02\/MT-090-744x1024.jpg 744w, https:\/\/www.muzaffertekin.com.tr\/wp-content\/uploads\/2011\/02\/MT-090-218x300.jpg 218w\" sizes=\"auto, (max-width: 744px) 100vw, 744px\" \/><\/a> \u00a0 <a href=\"http:\/\/www.muzaffertekin.com.tr\/wp-content\/uploads\/2011\/02\/MT-091.jpg\"><img loading=\"lazy\" decoding=\"async\" class=\"aligncenter size-large wp-image-314\" title=\"MT 091\" src=\"http:\/\/www.muzaffertekin.com.tr\/wp-content\/uploads\/2011\/02\/MT-091-744x1024.jpg\" alt=\"\" width=\"744\" height=\"1024\" srcset=\"https:\/\/www.muzaffertekin.com.tr\/wp-content\/uploads\/2011\/02\/MT-091-744x1024.jpg 744w, https:\/\/www.muzaffertekin.com.tr\/wp-content\/uploads\/2011\/02\/MT-091-218x300.jpg 218w\" sizes=\"auto, (max-width: 744px) 100vw, 744px\" \/><\/a> <a href=\"http:\/\/www.muzaffertekin.com.tr\/wp-content\/uploads\/2011\/02\/MT-092.jpg\"><img loading=\"lazy\" decoding=\"async\" class=\"aligncenter size-large wp-image-315\" title=\"MT 092\" src=\"http:\/\/www.muzaffertekin.com.tr\/wp-content\/uploads\/2011\/02\/MT-092-744x1024.jpg\" alt=\"\" width=\"744\" height=\"1024\" srcset=\"https:\/\/www.muzaffertekin.com.tr\/wp-content\/uploads\/2011\/02\/MT-092-744x1024.jpg 744w, https:\/\/www.muzaffertekin.com.tr\/wp-content\/uploads\/2011\/02\/MT-092-218x300.jpg 218w\" sizes=\"auto, (max-width: 744px) 100vw, 744px\" \/><\/a> <a href=\"http:\/\/www.muzaffertekin.com.tr\/wp-content\/uploads\/2011\/02\/MT-093.jpg\"><img loading=\"lazy\" decoding=\"async\" class=\"aligncenter size-large wp-image-316\" title=\"MT 093\" src=\"http:\/\/www.muzaffertekin.com.tr\/wp-content\/uploads\/2011\/02\/MT-093-744x1024.jpg\" alt=\"\" width=\"744\" height=\"1024\" srcset=\"https:\/\/www.muzaffertekin.com.tr\/wp-content\/uploads\/2011\/02\/MT-093-744x1024.jpg 744w, https:\/\/www.muzaffertekin.com.tr\/wp-content\/uploads\/2011\/02\/MT-093-218x300.jpg 218w\" sizes=\"auto, (max-width: 744px) 100vw, 744px\" \/><\/a> \u00a0 <a href=\"http:\/\/www.muzaffertekin.com.tr\/wp-content\/uploads\/2011\/02\/MT-094.jpg\"><img loading=\"lazy\" decoding=\"async\" class=\"aligncenter size-large wp-image-317\" title=\"MT 094\" src=\"http:\/\/www.muzaffertekin.com.tr\/wp-content\/uploads\/2011\/02\/MT-094-1024x744.jpg\" alt=\"\" width=\"1024\" height=\"744\" srcset=\"https:\/\/www.muzaffertekin.com.tr\/wp-content\/uploads\/2011\/02\/MT-094-1024x744.jpg 1024w, https:\/\/www.muzaffertekin.com.tr\/wp-content\/uploads\/2011\/02\/MT-094-300x218.jpg 300w\" sizes=\"auto, (max-width: 1024px) 100vw, 1024px\" \/><\/a> \u00a0 <a href=\"http:\/\/www.muzaffertekin.com.tr\/wp-content\/uploads\/2011\/02\/MT-095.jpg\"><img loading=\"lazy\" decoding=\"async\" class=\"aligncenter size-large wp-image-318\" title=\"MT 095\" src=\"http:\/\/www.muzaffertekin.com.tr\/wp-content\/uploads\/2011\/02\/MT-095-744x1024.jpg\" alt=\"\" width=\"744\" height=\"1024\" srcset=\"https:\/\/www.muzaffertekin.com.tr\/wp-content\/uploads\/2011\/02\/MT-095-744x1024.jpg 744w, https:\/\/www.muzaffertekin.com.tr\/wp-content\/uploads\/2011\/02\/MT-095-218x300.jpg 218w\" sizes=\"auto, (max-width: 744px) 100vw, 744px\" \/><\/a> \u00a0 <a href=\"http:\/\/www.muzaffertekin.com.tr\/wp-content\/uploads\/2011\/02\/MT-0981.jpg\"><img loading=\"lazy\" decoding=\"async\" class=\"aligncenter size-large wp-image-320\" title=\"MT 098\" src=\"http:\/\/www.muzaffertekin.com.tr\/wp-content\/uploads\/2011\/02\/MT-0981-744x1024.jpg\" alt=\"\" width=\"744\" height=\"1024\" srcset=\"https:\/\/www.muzaffertekin.com.tr\/wp-content\/uploads\/2011\/02\/MT-0981-744x1024.jpg 744w, https:\/\/www.muzaffertekin.com.tr\/wp-content\/uploads\/2011\/02\/MT-0981-218x300.jpg 218w\" sizes=\"auto, (max-width: 744px) 100vw, 744px\" \/><\/a> <a href=\"http:\/\/www.muzaffertekin.com.tr\/wp-content\/uploads\/2011\/02\/MT-096.jpg\"><img loading=\"lazy\" decoding=\"async\" class=\"aligncenter size-large wp-image-321\" title=\"MT 096\" src=\"http:\/\/www.muzaffertekin.com.tr\/wp-content\/uploads\/2011\/02\/MT-096-744x1024.jpg\" alt=\"\" width=\"744\" height=\"1024\" srcset=\"https:\/\/www.muzaffertekin.com.tr\/wp-content\/uploads\/2011\/02\/MT-096-744x1024.jpg 744w, https:\/\/www.muzaffertekin.com.tr\/wp-content\/uploads\/2011\/02\/MT-096-218x300.jpg 218w\" sizes=\"auto, (max-width: 744px) 100vw, 744px\" \/><\/a> <a href=\"http:\/\/www.muzaffertekin.com.tr\/wp-content\/uploads\/2011\/02\/MT-097.jpg\"><img loading=\"lazy\" decoding=\"async\" class=\"aligncenter size-large wp-image-322\" title=\"MT 097\" src=\"http:\/\/www.muzaffertekin.com.tr\/wp-content\/uploads\/2011\/02\/MT-097-744x1024.jpg\" alt=\"\" width=\"744\" height=\"1024\" srcset=\"https:\/\/www.muzaffertekin.com.tr\/wp-content\/uploads\/2011\/02\/MT-097-744x1024.jpg 744w, https:\/\/www.muzaffertekin.com.tr\/wp-content\/uploads\/2011\/02\/MT-097-218x300.jpg 218w\" sizes=\"auto, (max-width: 744px) 100vw, 744px\" \/><\/a> <a href=\"http:\/\/www.muzaffertekin.com.tr\/wp-content\/uploads\/2011\/02\/MT-099.jpg\"><img loading=\"lazy\" decoding=\"async\" class=\"aligncenter size-large wp-image-323\" title=\"MT 099\" src=\"http:\/\/www.muzaffertekin.com.tr\/wp-content\/uploads\/2011\/02\/MT-099-1024x744.jpg\" alt=\"\" width=\"1024\" height=\"744\" srcset=\"https:\/\/www.muzaffertekin.com.tr\/wp-content\/uploads\/2011\/02\/MT-099-1024x744.jpg 1024w, https:\/\/www.muzaffertekin.com.tr\/wp-content\/uploads\/2011\/02\/MT-099-300x218.jpg 300w\" sizes=\"auto, (max-width: 1024px) 100vw, 1024px\" \/><\/a> <a href=\"http:\/\/www.muzaffertekin.com.tr\/wp-content\/uploads\/2011\/02\/MT-100.jpg\"><img loading=\"lazy\" decoding=\"async\" class=\"aligncenter size-large wp-image-324\" title=\"MT 100\" src=\"http:\/\/www.muzaffertekin.com.tr\/wp-content\/uploads\/2011\/02\/MT-100-1024x744.jpg\" alt=\"\" width=\"1024\" height=\"744\" srcset=\"https:\/\/www.muzaffertekin.com.tr\/wp-content\/uploads\/2011\/02\/MT-100-1024x744.jpg 1024w, https:\/\/www.muzaffertekin.com.tr\/wp-content\/uploads\/2011\/02\/MT-100-300x218.jpg 300w\" sizes=\"auto, (max-width: 1024px) 100vw, 1024px\" \/><\/a><\/p>\n<p align=\"center\"><strong>B\u0130R CUMHUR\u0130YET SAVCISININ, SU\u00c7LU YARATAB\u0130LMEK ADINA SANI\u011eA A\u0130T \u0130FADELER\u0130, NASIL TAHR\u0130F ETT\u0130\u011e\u0130N\u0130N VE \u00a0DE\u011e\u0130\u015eT\u0130RD\u0130\u011e\u0130N\u0130N DEL\u0130LLER\u0130D\u0130R!<\/strong><\/p>\n<p><strong>\u00a0<\/strong> <strong>1-)\u00a0<\/strong>Muzaffer Tekin?in el bombalar\u0131 ile ilgili Oktay Y\u0131ld\u0131r\u0131m?\u0131 savunmaya y\u00f6nelik olarak medyada, bombalar\u0131n hurda oldu\u011funu, \u00e7al\u0131\u015fmad\u0131\u011f\u0131n\u0131 ve \u00e7\u00f6pl\u00fckten Oktay Y\u0131ld\u0131r\u0131m taraf\u0131ndan toplanm\u0131\u015f olabilece\u011fini beyan etmesi \u00fczerine; (\u0130ddianame sayfa:34, paragraf:2) <strong><span style=\"text-decoration: underline;\">Do\u011frusu:<\/span><\/strong> Posta gazetesinde \u00e7\u0131km\u0131\u015f olan ilgili haber de yer alan foto\u011frafta, Oktay Y\u0131ld\u0131r\u0131m?a ait oldu\u011fu iddia edilen el bombalar\u0131n\u0131n f\u00fcnyesiz, pasl\u0131 ve kirli oldu\u011funun g\u00f6r\u00fcld\u00fc\u011f\u00fcn\u00fc benimle r\u00f6portaj yapan muhabir?e g\u00f6stererek bu foto\u011frafta g\u00f6r\u00fclen bombalar\u0131n patlay\u0131c\u0131 \u00f6zelli\u011finin olamayaca\u011f\u0131n\u0131 ifade ettim. Zira bir el bombas\u0131n\u0131n i\u00e7erisinde tahrip maddesi ve ba\u015fl\u0131k k\u0131sm\u0131 yani f\u00fcnye tertibat\u0131 yoksa yaln\u0131zca demir y\u0131\u011f\u0131n\u0131ndan ibarettir! ?<em>T\u00fcrkiye Cumhuriyeti?nin ge\u00e7irmekte oldu\u011fu bu zor d\u00f6nemde, kurumlar\u0131n y\u0131prat\u0131lmas\u0131na a\u00e7\u0131k bir ortamda \u00e7\u00f6pl\u00fckten buldu\u011fu bu say\u0131da bombaya sahip olabilece\u011fine, i\u00e7tenlikle s\u00f6yl\u00fcyorum kesinlikle d\u00fc\u015f\u00fcnmedim?<\/em>? (\u0130.E.M. Ter\u00f6rle M\u00fccadele \u015eube M\u00fcd\u00fcrl\u00fc\u011f\u00fc 18.06.2007 tarihin de al\u0131nan ifadem, sayfa:5, paragraf:1) <strong><span style=\"text-decoration: underline;\">Sonu\u00e7:<\/span><\/strong> <strong>Savc\u0131 kendi yazd\u0131\u011f\u0131 ger\u00e7ek d\u0131\u015f\u0131 beyan ile tutuklanmama gerek\u00e7e g\u00f6steriyor. Yaz\u0131k, hemde \u00e7ok yaz\u0131k!<\/strong> \u00a0 <strong>2-)\u00a0<\/strong>Muzaffer Tekin?in ikamet ve i\u015f yerinde yap\u0131lan aramalar sonucunda i\u015f yerinde masan\u0131n \u00fczerinde ?<em>Devletin Yeniden Yap\u0131lanmas\u0131 \u0130\u00e7in \u00d6neriler (Master Plan \u00d6n \u00c7al\u0131\u015fmas\u0131)<\/em>? \u0130bareli kitap kapa\u011f\u0131 \u015feklinde dizayn edilmi\u015f dok\u00fcman bulunmu\u015ftur. (\u0130ddianame sayfa:34, paragraf:3) <strong><span style=\"text-decoration: underline;\">Do\u011frusu:<\/span><\/strong> ? ?<strong>\u00a0<\/strong><em>Kuddusi Okk\u0131r?\u0131n bana tetkik etmem i\u00e7in vermi\u015f oldu\u011fu d\u00f6k\u00fcman\u0131n i\u00e7eri\u011fidir; ancak ben bunlar\u0131 tetkik etmi\u015f ve okumu\u015f de\u011filim?<\/em>? (\u0130.E.M. Ter\u00f6rle M\u00fccadele \u015eube M\u00fcd\u00fcrl\u00fc\u011f\u00fc 18.06.2007 tarihin de al\u0131nan ifadem, sayfa:12, paragraf:6, sat\u0131r:10) ? ?\u00a0<em>Kuddusi Okk\u0131r kendi \u00e7al\u0131\u015fmam dedi\u011fi ve i\u015fyerimde yap\u0131lan aramada bulunan kendi g\u00f6r\u00fc\u015flerini ihtiva eden Master Plan \u00e7al\u0131\u015fmas\u0131 ba\u015fl\u0131kl\u0131 yaz\u0131y\u0131 bana getirdi, incelememi istedi. Bende usulen bakt\u0131m, \u00e7ok \u00f6nemli de\u011ferlendirmedi\u011fim i\u00e7in b\u00fcromun bir k\u00f6\u015fesinde kalm\u0131\u015f?<\/em>? (Savc\u0131l\u0131kta 19.06.2007 tarihinde verdi\u011fim ifadem, sayfa:3, paragraf:3, sat\u0131r:11-12-13-14<\/p>\n<h2 style=\"text-align: center;\"><strong><span style=\"text-decoration: underline;\"><br clear=\"all\" \/> <\/span><\/strong><\/h2>\n<p><strong><span style=\"text-decoration: underline;\">Sonu\u00e7:<\/span><\/strong> <strong>Savc\u0131, s\u00f6z konusu d\u00f6k\u00fcman\u0131n, do\u011fru olmamas\u0131na ra\u011fmen, masam\u0131n \u00fczerinde bulundu\u011fu iddias\u0131n\u0131 bilin\u00e7li olarak iddianameye sokmu\u015ftur! <\/strong> <strong>Bu suretle, i\u00e7eri\u011finden bihaber oldu\u011fum bu \u00e7al\u0131\u015fmay\u0131, g\u00fcndemde tuttu\u011fum, insanlarla payla\u015ft\u0131\u011f\u0131m veya yayd\u0131\u011f\u0131m amac\u0131na ula\u015fmak istemi\u015ftir.<\/strong> <strong>\u00a0<\/strong> <strong>3-)\u00a0<\/strong>Muzaffer Tekin?in bilgisayar\u0131nda ?Ergenekon-Lobi? dok\u00fcman\u0131n\u0131n bulundu\u011fu anla\u015f\u0131lm\u0131\u015ft\u0131r. (\u0130ddianame sayfa:34, paragraf:3) <strong><span style=\"text-decoration: underline;\">Do\u011frusu:<\/span><\/strong> Bilgisayar\u0131mda ?Ergenekon-Lobi? dok\u00fcman\u0131 bulundu\u011fu ifadesi maksatl\u0131 kullan\u0131lm\u0131\u015ft\u0131r. ALO-\u0130HBAR web sitesine giren herkes bu dok\u00fcmana ula\u015fabilir. M\u0130T 09.05.2008 tarihinde \u0130stanbul Cumhuriyet Savc\u0131l\u0131\u011f\u0131na g\u00f6ndermi\u015f oldu\u011fu yaz\u0131da ?Ergenekon-Lobi \u00e7al\u0131\u015fmalar\u0131 ile ilgili metnin 12.07.2006 tarihinde\u00a0 ?Alo \u0130hbar Org? adl\u0131 web sitesinde ?P.Kur.Yrb. *** imzal\u0131 ?Lobi ba\u015fl\u0131kl\u0131 tasar\u0131? konulu mektup ekinde ?\u00c7ok Gizli? resmi belgelerle ?Ergenekon ve Lobi?, ?Demokrasi ve Halk?a Kar\u015f\u0131?, ?Sivil Kontra Hareketi? ba\u015fl\u0131\u011f\u0131 ile yay\u0131nlad\u0131\u011f\u0131 tespit edilmi\u015ftir. Ben an\u0131lan web sitesine girdim ?Lobi? dok\u00fcman\u0131n\u0131 a\u00e7t\u0131m, bir sayfa okumadan kapatt\u0131m. <strong><span style=\"text-decoration: underline;\">Sonu\u00e7:<\/span><\/strong> <strong>\u0130ddia makam\u0131 beni \u00f6rg\u00fct y\u00f6neticisi yapmay\u0131 \u00e7ok \u00f6nceden planlad\u0131\u011f\u0131 i\u00e7in bu belgenin bende oldu\u011fu y\u00f6n\u00fcnde ger\u00e7ek d\u0131\u015f\u0131 iddia da bulunmu\u015ftur! \u0130ddianamenin bir\u00e7ok yerinde ?Ergenekon-Lobi? belgesinin bende olup olmad\u0131\u011f\u0131na bir t\u00fcrl\u00fc karar verememi\u015f, kendi i\u00e7erisinde de \u00e7eli\u015fki ya\u015fam\u0131\u015ft\u0131r. \u00d6rnek; 34 sayfada bende Ergenekon-Lobi dok\u00fcman\u0131n\u0131n oldu\u011funu iddia ederken, 55.sayfa da bu dok\u00fcman\u0131n sadece Veli K\u00fc\u00e7\u00fck, Do\u011fu Perin\u00e7ek ve Tuncay G\u00fcney de ele ge\u00e7irildi\u011fini belirtmi\u015f, 64. sayfa da ise sadece bende ?Lobi? dok\u00fcman\u0131 oldu\u011funu ileri s\u00fcrm\u00fc\u015ft\u00fcr.<\/strong> \u00a0 <strong>4-)\u00a0<\/strong>Muzaffer Tekin?in Mehmet Fikri Karada\u011f?\u0131, H\u00fcseyin G\u00f6r\u00fcm, su\u00e7 \u00f6rg\u00fct\u00fc liderleri Sedat Peker, Semih Tufan G\u00fclaltay ve uyu\u015fturucu ka\u00e7ak\u00e7\u0131s\u0131 olarak bilinen Ertu\u011frul Y\u0131lmaz ile tan\u0131\u015ft\u0131rd\u0131\u011f\u0131 tespit edilmi\u015ftir. (\u0130ddianame sayfa:89, paragraf:4, sat\u0131r: 4-5-6) <strong><span style=\"text-decoration: underline;\">Do\u011frusu:<\/span><\/strong> H\u00fcseyin G\u00f6r\u00fcm, Emniyet M\u00fcd\u00fcrl\u00fc\u011f\u00fcnde verdi\u011fi ifadesinde ki bu ifade, iddianame sayfa 2113, paragraf 4?te yer almaktad\u0131r. ?<em>Mehmet Fikri Karada\u011f ve Muzaffer Tekin ile eski cezaevi arkada\u015f\u0131 olan \u0130brahim Cingi vas\u0131tas\u0131 ile tan\u0131\u015ft\u0131\u011f\u0131n\u0131<\/em>? a\u00e7\u0131k\u00e7a beyan etmi\u015ftir. Ayr\u0131ca savc\u0131, Ertu\u011frul Y\u0131lmaz i\u00e7in ?uyu\u015fturucu ka\u00e7ak\u00e7\u0131s\u0131 olarak bilinen? ifadesini kullanarak hukuk adam\u0131 kimli\u011fini bir tarafa itmi\u015f ve insanlar\u0131 m\u0131\u015f, mu\u015f, cek, cak larla karalama yoluna gitmi\u015ftir. H\u00e2lbuki bu iddianameyi haz\u0131rlayan savc\u0131 i\u00e7inde \u00c7ine savc\u0131s\u0131 iken \u00e7ok a\u011f\u0131r ithamlar ortaya at\u0131lm\u0131\u015ft\u0131r. Do\u011fru veya de\u011fildir, lakin bu tip karalamalardan hi\u00e7 rahats\u0131zl\u0131k duymamakta m\u0131d\u0131r? \u0130\u00e7i\u015fleri Bakanl\u0131\u011f\u0131 Emniyet Genel M\u00fcd\u00fcrl\u00fc\u011f\u00fcn\u00fcn 24.06.2008 tarihinde \u0130stanbul Cumhuriyet Savc\u0131l\u0131\u011f\u0131na yazm\u0131\u015f oldu\u011fu cevabi yaz\u0131da; ?<em>Daire Ba\u015fkanl\u0131\u011f\u0131m\u0131z ar\u015fiv kay\u0131tlar\u0131nda, tan\u0131k beyan\u0131nda ve g\u00f6r\u00fc\u015fme i\u00e7eriklerinde ge\u00e7en uyu\u015fturucu ticaretine ili\u015fkin, T\u00fcrkiye genelinde herhangi bir soru\u015fturma veya adli i\u015flem yap\u0131lmad\u0131\u011f\u0131, Almanya yetkili adli makamlar\u0131yla bu konuda irtibata ge\u00e7ilmedi\u011fi anla\u015f\u0131lm\u0131\u015ft\u0131r?\u00a0<\/em>ifadesi ile Ertu\u011frul Y\u0131lmaz?\u0131 da aklam\u0131\u015ft\u0131r. Sedat Peker ile Mehmet Fikri Karada\u011f?\u0131 benim tan\u0131\u015ft\u0131rmad\u0131\u011f\u0131m, Mehmet Uysal isimli \u015fahs\u0131n tan\u0131\u015ft\u0131rd\u0131\u011f\u0131 gerek Mehmet Fikri Karada\u011f, gerekse Sedat Peker?in savunmalar\u0131 esnas\u0131ndaki beyanlar\u0131nda ortaya \u00e7\u0131km\u0131\u015ft\u0131r. <strong><span style=\"text-decoration: underline;\">Sonu\u00e7:<\/span><\/strong> Savc\u0131 benim be\u015feri ili\u015fkilerimi \u00f6rg\u00fct ili\u015fkisine d\u00f6n\u00fc\u015ft\u00fcrebilmek i\u00e7in azami gayret sarfetmektedir. Sosyal ya\u015famda insan ili\u015fkilerini sevgi, sayg\u0131 ve menfaat olmadan birlikteli\u011fi anlayabilmek i\u00e7in tarikat k\u00fclt\u00fcr\u00fcnden gelmemek bence yeterlidir. Biat gelene\u011finden gelenler bunu anlayamazlar. Ayr\u0131ca, Ertu\u011frul Y\u0131lmaz?\u0131 hi\u00e7bir hukuki gerek\u00e7e g\u00f6stermeden uyu\u015fturucu ka\u00e7ak\u00e7\u0131s\u0131 olarak bilinen \u015feklinde niteleyerek \u015fahs\u0131m\u0131 k\u00fc\u00e7\u00fck d\u00fc\u015f\u00fcrmeyi ama\u00e7lam\u0131\u015ft\u0131r. Burada k\u00fc\u00e7\u00fck d\u00fc\u015fen kendisi ve maalesef T\u00fcrk hukuk sistemidir. <strong>5-)\u00a0<\/strong>Dan\u0131\u015ftay olay\u0131ndan sonra intihara te\u015febb\u00fcs etti\u011finde bizzat Mehmet Zekeriya \u00d6zt\u00fcrk taraf\u0131ndan hastaneye g\u00f6t\u00fcr\u00fclm\u00fc\u015f ve ayn\u0131 ki\u015fi taraf\u0131ndan olay bas\u0131na duyurularak kamuoyu olu\u015fturulmaya \u00e7al\u0131\u015f\u0131lm\u0131\u015ft\u0131r. (\u0130ddianame sayfa:100, paragraf:7) <strong><span style=\"text-decoration: underline;\">Do\u011frusu:<\/span><\/strong> Mehmet Zekeriya \u00d6zt\u00fcrk?\u00fcn Dan\u0131\u015ftay olay\u0131ndan sonra 25.05.2006 tarihinde Ankara TEM \u015fubede vermi\u015f oldu\u011fu ifadesinin 10.sayfas\u0131nda bu konu a\u00e7\u0131klanm\u0131\u015ft\u0131r. Burada istenen ama\u00e7, \u015fahs\u0131ma yap\u0131lm\u0131\u015f olan komployu bozmak ve ortaya \u00e7\u0131karmakt\u0131r. Yazm\u0131\u015f oldu\u011fum notlar, bu tertibi ortaya koymak ve intihar\u0131mdan kimsenin sorumlu tutulmamas\u0131 i\u00e7indir. Savc\u0131, objektif bir bak\u0131\u015f a\u00e7\u0131s\u0131 ile olaylara bakm\u0131\u015f olsa idi bu ger\u00e7e\u011fi g\u00f6rebilirdi. O notlar neden iddianameye konulmam\u0131\u015ft\u0131r? <strong style=\"text-align: center;\"><span style=\"text-decoration: underline;\">Sonu\u00e7:<\/span><\/strong> <strong>Savc\u0131, Dan\u0131\u015ftay sald\u0131r\u0131s\u0131ndan aklanmam\u0131 hazmedemeyen odaklar ile yeni bir Dan\u0131\u015ftay dosyas\u0131 olu\u015fturmak maksad\u0131yla hukuk\u00e7u kimli\u011fini y\u00fcr\u00fctmenin emrine vermi\u015f ve ?Ben yazd\u0131m oldu? mant\u0131\u011f\u0131 ile sorumsuzca akl\u0131na geleni kaleme alm\u0131\u015ft\u0131r.<\/strong> \u00a0 <strong>6-)\u00a0<\/strong>Alparslan Arslan?\u0131n uzun y\u0131llar Muzaffer Tekin?le tan\u0131\u015ft\u0131\u011f\u0131, s\u0131k\u0131 bir ili\u015fki i\u00e7erisinde oldu\u011fu, hatta bir d\u00f6nem Muzaffer Tekin?in, uyu\u015fturucu ka\u00e7ak\u00e7\u0131s\u0131 olarak bilinen Ertu\u011frul Y\u0131lmaz ile ortak olarak factoring \u015firket i\u015fletirken bu \u015firketin avukatl\u0131\u011f\u0131n\u0131 Alparslan Arslan?\u0131n yapt\u0131\u011f\u0131 (\u0130ddianame sayfa:100, paragraf:9, sat\u0131r:5,6,7) <strong><span style=\"text-decoration: underline;\">Do\u011frusu:<\/span><\/strong> Muzaffer Tekin?in uzun y\u0131llar Alparslan Arslan ile tan\u0131\u015ft\u0131\u011f\u0131 ve s\u0131k\u0131 bir ili\u015fkide oldu\u011fu savc\u0131n\u0131n kafas\u0131ndaki kurgusunu ger\u00e7ekle\u015ftirmek i\u00e7in belgesiz, delilsiz ve hatta lehime olan delilleri yok sayarak bilin\u00e7li olarak yapt\u0131\u011f\u0131 bir dezenformasyon ve tahrifat?t\u0131r! <strong>Ben ilk g\u00fcnden itibaren Dan\u0131\u015ftay sald\u0131r\u0131s\u0131ndan geriye d\u00f6n\u00fck Alparslan Arslan ile \u015fahsen 1-1,5 y\u0131l hi\u00e7 g\u00f6r\u00fc\u015fmedi\u011fimi beyan ettim. Son 6-7 ay i\u00e7erisinde ise telefon ile \u00f6zel bir g\u00fcnde (bayram ya da kandil) 1 kez kendisi taraf\u0131ndan arand\u0131\u011f\u0131m telefon kay\u0131tlar\u0131 ile tespit edilmi\u015ftir.<\/strong> Yine, Mehmet Zekeriya \u00d6zt\u00fcrk Dan\u0131\u015ftay sald\u0131r\u0131s\u0131ndan sonra Ankara TEM \u015fube de 25.05.2006 tarihinde vermi\u015f oldu\u011fu ifadenin 8.sayfas\u0131nda 1.paragrafta benim Alparslan Arslan ile 1-1,5 y\u0131ld\u0131r g\u00f6r\u00fc\u015fmedi\u011fimi ifade etmi\u015ftir. Alparslan Arslan 21.05.2006 tarihli savc\u0131l\u0131k ifadesinde benimle yo\u011fun bir samimiyeti olmad\u0131\u011f\u0131n\u0131, yakla\u015f\u0131k 2 ya da 3 y\u0131ld\u0131r tan\u0131\u015ft\u0131\u011f\u0131n\u0131 belirtmi\u015ftir. Ertu\u011frul Y\u0131lmaz ile hayat\u0131m\u0131n hi\u00e7bir d\u00f6neminde ortakl\u0131k yapmad\u0131m! <strong><span style=\"text-decoration: underline;\">Sonu\u00e7:<\/span><\/strong> Savc\u0131, yukar\u0131da da belirtmi\u015f oldu\u011fum gibi Dan\u0131\u015ftay davas\u0131n\u0131 \u0130stanbul?a ta\u015f\u0131mak i\u00e7in her t\u00fcrl\u00fc hukuksuzlu\u011fu yapm\u0131\u015ft\u0131r. \u00d6zellikle de Ankara da ki ifadeleri red ederek g\u00f6rmemezlikten gelmi\u015ftir. <strong>7-)\u00a0<\/strong>Zafer (Kod) Muzaffer Tekin?in ?<strong>Zafer<\/strong>? kod ad\u0131n\u0131 kulland\u0131\u011f\u0131! (\u0130ddianame sayfa:111, paragraf:2, sat\u0131r:19-20) <strong style=\"text-align: center;\"><span style=\"text-decoration: underline;\">Do\u011frusu:<\/span><\/strong> Bu tespit, maksatl\u0131 ve hayal mahsul\u00fcdur. T\u00fcm ailem e\u015fim, k\u0131z\u0131m, karde\u015flerim, annem, babam ve yak\u0131n arkada\u015flar\u0131m kendimi bildim bileli bana Zafer diye hitap etmi\u015flerdir. Hatta nikah davetiyem de bile ismim Zafer olarak yaz\u0131lm\u0131\u015ft\u0131r. <strong><span style=\"text-decoration: underline;\">Sonu\u00e7:<\/span><\/strong> Savc\u0131, hayali \u00f6rg\u00fct yaratabilmek i\u00e7in her yola ba\u015fvurmu\u015ftur.\u00a0<strong>Kod ad\u0131 ba\u015fl\u0131 ba\u015f\u0131na \u00f6rg\u00fct \u00fcyeli\u011finin tescilidir. Lakin kod adlar\u0131 \u00f6zellikle kimliklerin gizlenmesi amac\u0131na matuftur.<\/strong>\u00a0Hem Muzaffer hem Zafer. Hangi gerek\u00e7e ile bu kan\u0131ya var\u0131yorsun? Gerek\u00e7e yok, \u00f6nyarg\u0131 var! Ben mutlaka bir \u00f6rg\u00fct yarataca\u011f\u0131m diyerek yaratamazs\u0131n! Savc\u0131l\u0131\u011f\u0131m\u0131za ihbar yoluyla gelen mektup ve ekindeki foto\u011fraflar da \u00f6rg\u00fct\u00fcn \u00fcyelerinin T\u00fcrk Ortodoks Kilisesinde ayinlere kat\u0131ld\u0131klar\u0131, ilk kuruculu\u011funu Zafer (Kod) Muzaffer Tekin, Milli Irgat (Kod) soru\u015fturma kapsam\u0131nda \u00f6len Kuddusi Okk\u0131r ve Taner \u00dcnal?\u0131n yapt\u0131klar\u0131 (\u0130ddianame sayfa:112, paragraf:2) <strong><span style=\"text-decoration: underline;\">Do\u011frusu:<\/span><\/strong> Ben VKGBH ni kurmad\u0131\u011f\u0131m gibi organik olarak da bu dernek ile hi\u00e7bir ba\u011f\u0131m olmam\u0131\u015ft\u0131r. 2,5-3 ay izledim ve tamamen bu hareket vas\u0131tas\u0131 ile tan\u0131d\u0131\u011f\u0131m H\u00fcseyin G\u00f6r\u00fcm ve \u0130brahim \u00d6zcan isimli \u015fah\u0131slarla olan ili\u015fkimi sonland\u0131rd\u0131m. VKGBH? nin bizzat kurulu\u015funda bulundu\u011fum iddias\u0131 do\u011fru de\u011fildir! Lakin iddianame sayfa 115 de bu yalan tekrarlanmaktad\u0131r. Halbuki iddianamenin 177.sayfas\u0131nda ?<em>Vatansever Kuvvetler G\u00fc\u00e7 Birli\u011fi Hareketi Derne\u011finin 15.11.2005 de kuruldu\u011fu, kurucular\u0131n\u0131n emekli General Hasan Kundak\u00e7\u0131, Taner \u00dcnal, Levent G\u00fcrkan ve di\u011fer \u015fah\u0131slar\u0131n oldu\u011fu derne\u011fin genel ba\u015fkanl\u0131\u011f\u0131n\u0131 Taner \u00dcnal?\u0131n yapt\u0131\u011f\u0131n\u0131. Taner \u00dcnal?\u0131n Muzaffer Tekin ve Fikri Karada\u011f ile ili\u015fki i\u00e7erisinde oldu\u011fu, hatta bu derne\u011fin kurulu\u015funda Muzaffer Tekin ve Fikri karada\u011f?\u0131nda bulundu\u011fu, baz\u0131 mitinglerde talimat\u0131 Do\u011fu Perin\u00e7ek?ten ald\u0131\u011f\u0131, derne\u011fi Veli K\u00fc\u00e7\u00fck?\u00fcn talimatlar\u0131 ile kurdu\u011fu<\/em>? <strong>Yukar\u0131da yer alan ifadeler ba\u015ftan a\u015fa\u011f\u0131 \u00e7eli\u015fki ile doludur. Hukuki bir metin olmad\u0131\u011f\u0131 ve hi\u00e7bir belge, bilgi, delile dayanmad\u0131\u011f\u0131 apa\u00e7\u0131k ortad\u0131r!<\/strong> <strong><span style=\"text-decoration: underline;\">Sonu\u00e7:<\/span><\/strong> Savc\u0131 ger\u00e7ekten sorumlu bir hukuk adam\u0131 gibi davransa idi, kayna\u011f\u0131 \u015f\u00fcpheli ihbar mektuplar\u0131na, gizli tan\u0131klara itibar etmez belgeler \u00fczerinden hareket ederdi. En basit olarak, ticaret sicil gazetesinden bu derne\u011fin kurucular\u0131n\u0131n kim oldu\u011funu kolayl\u0131kla belgeleyebilirdi. Fakat ama\u00e7 \u00fcz\u00fcm yemek de\u011fil ba\u011fc\u0131y\u0131 d\u00f6vmektir. Savc\u0131 ger\u00e7ekleri ortaya \u00e7\u0131karmak istemiyor ki. \u00d6nemli olan uydurulan sanal \u00f6rg\u00fctle, siyasal iktidar\u0131n icraatlar\u0131n\u0131 me\u015fru k\u0131lmak. <strong>9-)\u00a0<\/strong>Soru\u015fturma a\u015famas\u0131nda \u00f6len, \u015f\u00fcpheli Kuddusi Okk\u0131r?\u0131n da her iki derne\u011fin kurulu\u015f \u00e7al\u0131\u015fmalar\u0131na (Zafer kod) Muzaffer Tekin ile birlikte kat\u0131l\u0131p \u00f6rg\u00fctlenmelerine yard\u0131mc\u0131 oldu\u011fu (\u0130ddianame sayfa:113, paragraf:3, sat\u0131r: 3-4-5) <strong><span style=\"text-decoration: underline;\">Do\u011frusu:<\/span><\/strong> Bahse konu her iki Kuvay-i Milliye derne\u011fi ile hi\u00e7bir ili\u015fkim olmam\u0131\u015ft\u0131r. Bekir \u00d6zt\u00fcrk?\u00fc Silivri de tan\u0131d\u0131m. Fikri Karada\u011f ile VKGBH ?ni izledi\u011fim d\u00f6nemden sonra irtibat\u0131m kesilmi\u015ftir. Savc\u0131 \u00e7alakalem akl\u0131na geleni iddianameye koymu\u015f. Bunlar\u0131 yazmak i\u00e7in hukuk\u00e7u olmaya l\u00fczum da bulunmamaktad\u0131r. \u00c7\u00fcnk\u00fc nas\u0131l olsa kimse belge, bilgi, delil sormuyor. Ha, dizi senaryosu yaz, ha hayali ter\u00f6r \u00f6rg\u00fct\u00fc iddianamesi! \u00dcsluplar\u0131 aras\u0131nda en ufak fark yok! <strong><span style=\"text-decoration: underline;\">Sonu\u00e7:<\/span><\/strong> Savc\u0131, zorla su\u00e7 ve su\u00e7lu yaratma gayretlerine hi\u00e7bir hukuki mesnedi olmadan devam ediyor. Bu kurgu ile de her iki Kuvay-i Milliye derne\u011fini olmayan hayali \u00f6rg\u00fct ile irtibatland\u0131r\u0131yor. <strong>10-)\u00a0<\/strong>\u015e\u00fcpheli Muzaffer Tekin ifadesinde \u00f6zetle; ?- VKGBH?den ayr\u0131lan arkada\u015flar\u0131n\u0131n yeni bir olu\u015fum meydana getirerek kendisinin lider olmas\u0131n\u0131 teklif ettiklerini, bu ama\u00e7la H\u00fcseyin G\u00f6r\u00fcm, \u0130brahim \u00d6zcan, Kuddusi Okk\u0131r ve bir \u00e7ok ki\u015fi ile tan\u0131\u015f\u0131p birlikte T\u00fcrkiyenin \u00e7e\u015fitli yerlerine gittiklerini, VKGBH ba\u015fkan\u0131n\u0131n Taner \u00dcnal oldu\u011funu?? (\u0130ddianame sayfa:183, paragraf:10) <strong><span style=\"text-decoration: underline;\">Do\u011frusu:<\/span><\/strong> ? Kendim \u015fahsen hi\u00e7bir siyasi parti ve sivil toplum olu\u015fumu i\u00e7inde yer almad\u0131m. Ancak VKGBH ile ilgilenmemden sonra benim ayr\u0131lmam \u00fczerine benimle birlikte ayr\u0131lan arkada\u015flar\u0131m zaman zaman bana yeni bir legal olu\u015fum meydana getirip \u00a0bununda liderli\u011fini benim yapmam gerekti\u011fini ifade etmi\u015flerdir. (\u00d6zellikle Zekeriya \u00d6zt\u00fcrk bu konuda son derece \u0131srarl\u0131 davranm\u0131\u015ft\u0131r) O d\u00f6nem de bir\u00e7ok insanla tan\u0131\u015ft\u0131m, Kuddusi Okk\u0131r, H\u00fcseyin G\u00f6r\u00fcm ve \u0130brahim \u00d6zcan ile de bu s\u00fcre\u00e7te tan\u0131\u015ft\u0131m. (19.06.2007 tarihli savc\u0131l\u0131k ifadem sayfa:3, paragraf:3) Hani yukar\u0131da ki insanlarla T\u00fcrkiyenin \u00e7e\u015fitli yerlerine gitti\u011fim ifadesi. \u0130ddianame de\u011fil, yalanname! <strong><span style=\"text-decoration: underline;\">Sonu\u00e7:<\/span><\/strong> Burada da savc\u0131 b\u0131rak\u0131n hukuki, hi\u00e7bir ahlaki ve vicdani normlara da uymuyor. O ilave ger\u00e7ek d\u0131\u015f\u0131 metin ile g\u00fcya benim T\u00fcrkiye genelinde \u00f6rg\u00fctsel faaliyetlerde bulundu\u011fum imaj\u0131n\u0131 vermek istiyor. <strong>11-)\u00a0<\/strong>Veli K\u00fc\u00e7\u00fck, Do\u011fu Perin\u00e7ek, Erkut Ersoy, Muzaffer Tekin ve Oktay Y\u0131ld\u0131r\u0131m dan ele ge\u00e7irilen Lobi \u00c7ok Gizli Aral\u0131k 1999\/\u0130stanbul \u0130\u00e7indekiler ba\u015fl\u0131kl\u0131 dok\u00fcman (\u0130ddianame sayfa:219, paragraf:6) <strong><span style=\"text-decoration: underline;\">Do\u011frusu:<\/span><\/strong> Bahse konu d\u00f6k\u00fcmandan bir tek sayfa \u00f6n\u00fcme koysunlar, yok! Bir savc\u0131 bu kadar tarafl\u0131 ve \u00f6nyarg\u0131l\u0131 olamaz! <strong><span style=\"text-decoration: underline;\">Sonu\u00e7:<\/span><\/strong> ?Lobi? belgesinin bende oldu\u011fu y\u00f6n\u00fcndeki ger\u00e7ek d\u0131\u015f\u0131 iddian\u0131n, \u0131srarla i\u015flenmesinin tek sebebi, benim \u00f6rg\u00fctsel ba\u011f\u0131m oldu\u011fu ve \u00f6rg\u00fct y\u00f6neticisi konumuna oturtulmam i\u00e7indir. \u0130nsan hayat\u0131, ancak bu kadar hafife al\u0131nabilir. T\u00fcrk adaleti ad\u0131na b\u00f6yle bir savc\u0131n\u0131n bu kadar \u00f6nemli bir g\u00f6revde olmas\u0131ndan son derece rahats\u0131zl\u0131k duyuyorum! <strong>12-)\u00a0<\/strong>Yap\u0131lan soru\u015fturma \u00e7er\u00e7evesinde Ergenekon Ter\u00f6r \u00d6rg\u00fct\u00fc y\u00f6neticilerinden Veli K\u00fc\u00e7\u00fck, Muzaffer Tekin, Mehmet Zekeriya \u00d6zt\u00fcrk ve Mehmet Fikri Karada\u011f?\u0131n bir \u00e7ok \u00e7\u0131kar ama\u00e7l\u0131 su\u00e7 \u00f6rg\u00fct\u00fc ile ili\u015fki i\u00e7erisinde olduklar\u0131 tespit edilmi\u015ftir. (\u0130ddianame sayfa:236, son paragraf, sayfa 237, ilk paragraf) <strong><span style=\"text-decoration: underline;\">Do\u011frusu:<\/span><\/strong> Savc\u0131, hangi \u00e7\u0131kar ama\u00e7l\u0131 su\u00e7 \u00f6rg\u00fct\u00fc ile ili\u015fkim oldu\u011funu belgelendirsin! Sedat Peker ile olan tan\u0131\u015f\u0131kl\u0131\u011f\u0131m\u0131 ve s\u0131n\u0131rl\u0131 be\u015feri ili\u015fkimi kast ediyor ise Ba\u015fbakan Recep Tayyip Erdo\u011fan?\u0131nda Sedat Peker?in yak\u0131n dostu oldu\u011funu biliyor mu? Ayr\u0131ca Mehmet Zekeriya \u00d6zt\u00fcrk?\u00fc r\u00fctbe tenzili ile \u00f6rg\u00fct y\u00f6neticili\u011finden \u00f6rg\u00fct \u00fcyeli\u011fine neden indirmi\u015ftir? \u0130zah edebilirmi? Ergenekon \u015femas\u0131 gibi de\u011fi\u015fen \u015fart ve durumlara g\u00f6re savc\u0131n\u0131n da g\u00f6revlendirmesi de\u011fi\u015fmektedir. Nas\u0131l olsa arkas\u0131nda T\u00fcrkiye Ba\u015fsavc\u0131s\u0131 var!? Keyfilikte s\u0131n\u0131r tan\u0131nm\u0131yor! <strong><span style=\"text-decoration: underline;\">Sonu\u00e7:<\/span><\/strong> Yukar\u0131daki metin bile bu iddianamenin gayriciddili\u011finin en b\u00fcy\u00fck delilidir. <strong>13-)\u00a0<\/strong>Semih Tufan G\u00fclaltay?\u0131n Ak\u0131n Birdal?\u0131n yaralanmas\u0131 olay\u0131 ile ilgili tutuklu bulundu\u011fu d\u00f6nemde, Muzaffer Tekin?in bizzat kendisi ve ailesi ile ilgilendi\u011fi ve her t\u00fcrl\u00fc deste\u011fi sa\u011flad\u0131\u011f\u0131 bilinmektedir. (\u0130ddianame sayfa:238, paragraf:9) <strong><span style=\"text-decoration: underline;\">Do\u011frusu:<\/span><\/strong> Savc\u0131n\u0131n iddanamenin genelinde yapm\u0131\u015f oldu\u011fu \u00e7arp\u0131tma ve dezenformasyonlar\u0131n\u0131n bir \u00f6rne\u011fi de yukar\u0131da ki metindir. Semih Tufan G\u00fclaltay?\u0131n o d\u00f6nemde ailesini tan\u0131m\u0131yordum. Bu tespitin gerek\u00e7esi nedir? Tek bir kez Kastamonu cezaevine ayn\u0131 hadiseden tutuklu bulunan s\u0131n\u0131f arkada\u015f\u0131m E.Bnb.Nam\u0131k Zihni Ozansoy?u ziyaret i\u00e7in gittim. <strong><span style=\"text-decoration: underline;\">Sonu\u00e7:<\/span><\/strong> Savc\u0131 hayali \u00f6rg\u00fct\u00fc kurabilmek ad\u0131na elindeki uyduruk \u015femay\u0131 doldurmak istemektedir. Maalesef, hesap soracak kimse olmad\u0131\u011f\u0131 i\u00e7in, su\u00e7laman\u0131n da s\u0131n\u0131r\u0131 bulunmamaktad\u0131r! <strong>14-)\u00a0<\/strong>Bu dok\u00fcman (Lobi) \u015f\u00fcpheliler Muzaffer Tekin, Sevgi Erenerol, Oktay Y\u0131ld\u0131r\u0131m, Erkut Ersoy, Do\u011fu Perin\u00e7ek, \u00dcmit O\u011fuztan? dan ele ge\u00e7irilmi\u015ftir. (\u0130ddianame sayfa:344,paragraf:3) <strong><span style=\"text-decoration: underline;\">Do\u011frusu:<\/span><\/strong> Savc\u0131 iddianame sayfa 219?da bu d\u00f6k\u00fcman\u0131n Veli K\u00fc\u00e7\u00fck, Do\u011fu Perin\u00e7ek, Erkut Ersoy, Muzaffer Tekin ve Oktay Y\u0131ld\u0131r\u0131m?dan ele ge\u00e7ildi\u011fini iddia ediyordu. Bu sayfa da Veli K\u00fc\u00e7\u00fck?ten vaz ge\u00e7mi\u015f olup Sevgi Erenerol ve \u00dcmit O\u011fuztan?\u0131 ilave etmi\u015ftir. Bir karar verebilse, hangisi do\u011fru!.. <strong><span style=\"text-decoration: underline;\">Sonu\u00e7:<\/span><\/strong> S\u0131k s\u0131k mesnetsiz tekrarlar ile beyinlere bu insanlar\u0131n \u00f6rg\u00fctsel ba\u011f i\u00e7erisinde olduklar\u0131 fikrini sokmak. <strong>15-)\u00a0<\/strong>Ayr\u0131ca Oktay Y\u0131ld\u0131r\u0131m?\u0131n manavda oldu\u011fu bir g\u00fcn yaz\u0131l\u0131 ve g\u00f6rsel bas\u0131nda ismini Zafer (kod isimli) Muzaffer Tekin olarak \u00f6\u011frendi\u011fi \u015fahs\u0131n siyah bir Mercedes otomobil ile Mehmet day\u0131s\u0131n\u0131n manav\u0131na gelip \u00f6n\u00fcnde durdu\u011funu, ancak bu ara\u00e7tan kimse a\u015fa\u011f\u0131ya inmeden arac\u0131n yoluna devam etti\u011fini.. (\u0130ddianame sayfa:424, paragraf:4) <strong><span style=\"text-decoration: underline;\">Do\u011frusu:<\/span><\/strong> Ali Yi\u011fit kolluk ifadesinde benim araban\u0131n arkas\u0131nda oturdu\u011fumu beyan etmi\u015fti. Bir \u00e7ok telefon g\u00f6r\u00fc\u015fmem ve mektuplar\u0131mda bunun yalan ve d\u00fczmece oldu\u011funu belirtirken, hayat\u0131mda araban\u0131n arkas\u0131nda oturma al\u0131\u015fkanl\u0131\u011f\u0131m hi\u00e7 olmad\u0131 demi\u015ftim. Herhalde bunun i\u00e7indir ki ifade kes yap\u0131\u015ft\u0131r y\u00f6ntemi ile yeniden d\u00fczenlenmi\u015f. <strong><span style=\"text-decoration: underline;\">Sonu\u00e7:<\/span><\/strong> Savc\u0131 soru\u015fturma gizlili\u011fi ve k\u0131s\u0131tlama karar\u0131n\u0131 maalesef \u015f\u00fcpheliler aleyhine istedi\u011fi gibi kullanm\u0131\u015f, bundan istifade ile her t\u00fcrl\u00fc usuls\u00fczl\u00fc\u011f\u00fc yapm\u0131\u015ft\u0131r. <strong>16-)\u00a0<\/strong>Zafer (kod isimli) Muzaffer Tekin?in \u00c7avu\u015fba\u015f\u0131ndaki evinde arama olmu\u015f, evde gizli zulalarda silahlar varm\u0131\u015f, ancak aramalarda bulamam\u0131\u015flar. (\u0130ddianame sayfa:425, paragraf: 6, sat\u0131r:4-5-6) <strong><span style=\"text-decoration: underline;\">Do\u011frusu:<\/span><\/strong> Benim \u00c7avu\u015fba\u015f\u0131n da bir m2 arazim olmad\u0131\u011f\u0131n\u0131 savc\u0131 \u00e7ok iyi bilmektedir. Elindeki yetki ile devlet imkanlar\u0131n\u0131 sonsuz kullanan savc\u0131 tapu dairesinden de bunu kolayca belgelendirebilir. Fakat bunu yapm\u0131yor. Ni\u00e7in? Mehmet Demirta\u015f?\u0131n Ali Yi\u011fit?e b\u00f6yle bir \u015fey s\u00f6ylemedi\u011fini \u00e7ok iyi bilmesine ra\u011fmen, olmayan \u00f6rg\u00fct\u00fc yaratabilmek, toplumun zihnini buland\u0131rmak ve bizleri \u015faibeli duruma sokmak i\u00e7in ayr\u0131ca da medya?ya malzeme sunmak ad\u0131na bu \u00e7irkin tertibin taraf\u0131 oluyor. <strong><span style=\"text-decoration: underline;\">Sonu\u00e7:<\/span><\/strong> Savc\u0131 bilerek ve isteyerek bu yalanlara itibar etmi\u015ftir. Ama\u00e7 masum insanlar\u0131 karalamakt\u0131r. Ama\u00e7 siyasi iktidar\u0131n icraatlar\u0131n\u0131 perdelemektir. Ama\u00e7 T\u00fcrk halk\u0131n\u0131 cambaz?a bakt\u0131rmakt\u0131r! <strong>17-)\u00a0<\/strong>Cumhuriyet gazetesine at\u0131lan bomban\u0131n kafile numaras\u0131n\u0131n \u00dcmraniye il\u00e7esinde ele ge\u00e7enler ile ayn\u0131 olmas\u0131. (\u0130ddianame sayfa:445, paragraf: 3) <strong><span style=\"text-decoration: underline;\">Do\u011frusu:<\/span><\/strong> \u00dcmraniye de ele ge\u00e7irilen el bombalar\u0131n\u0131n kafile numaras\u0131: M 204 A2 KF-MKE-169-5-85 Cumhuriyet gazetesine at\u0131lan el bombalar\u0131n\u0131n kafile numaras\u0131: M 204 A2 KF-MKE-173-9-85 <strong><span style=\"text-decoration: underline;\">Sonu\u00e7:<\/span><\/strong> Savc\u0131 burada, do\u011fru olmayan ifadeler ile insanlar\u0131 karalamak istemi\u015ftir! Ger\u00e7ekd\u0131\u015f\u0131 bu iddia ile masum insanlar\u0131 Cumhuriyet gazetesi bombalanmas\u0131 ve Dan\u0131\u015ftay sald\u0131r\u0131s\u0131 ile irtibatland\u0131rm\u0131\u015ft\u0131r! \u00a0Yanda\u015f medya ya bolca malzeme vermi\u015ftir.. <strong>18-)\u00a0<\/strong>T\u00fcrkiyenin bu kadar \u00f6nemli d\u00f6neme\u00e7lerden ge\u00e7ti\u011fi zor d\u00f6nemlerde\u00a0 ve kurumlar\u0131n y\u0131prat\u0131lmas\u0131na a\u00e7\u0131k bir ortamda \u00e7\u00f6pl\u00fckten buldu\u011fu bu say\u0131da bombaya sahip olabilece\u011fini i\u00e7tenlikle s\u00f6yledi\u011fini, kesinlikle d\u00fc\u015f\u00fcnmedi\u011fini (iddianame sayfa:545, paragraf: 2, sat\u0131r: 14-15-16) <strong><span style=\"text-decoration: underline;\">Do\u011frusu:<\/span><\/strong> T\u00fcrkiyenin bu kadar \u00f6nemli d\u00f6neme\u00e7lerden ge\u00e7ti\u011fi zor d\u00f6nemlerde ve kurumlar\u0131n y\u0131prat\u0131lmas\u0131na a\u00e7\u0131k bir ortamda, \u00e7\u00f6pl\u00fckten buldu\u011fu bu say\u0131da bombaya sahip olabilece\u011fini i\u00e7tenlikle s\u00f6yl\u00fcyorum, kesinlikle d\u00fc\u015f\u00fcnmedim. (\u0130stanbul TEM \u015fubedeki ifadem, sayfa:5, sat\u0131r: 12-13-14) ?\u0130\u00e7tenlikle s\u00f6yl\u00fcyorum? ifadem, iddianamede i\u00e7tenlikle s\u00f6yledi\u011fini \u015feklinde vicdans\u0131zca de\u011fi\u015ftirilerek, ifademin b\u00fct\u00fcn\u00fcndeki anlam de\u011fi\u015ftirilmek istenmi\u015ftir. Bu da Muzaffer Tekin, Oktay Y\u0131ld\u0131r\u0131m bombalar\u0131 \u00e7\u00f6pl\u00fckten buldu \u015feklinde ifade edilmi\u015ftir. <strong><span style=\"text-decoration: underline;\">Sonu\u00e7:<\/span><\/strong> Savc\u0131 iddianamenin bir \u00e7ok yerinde oldu\u011fu gibi, kelimeler ile oynayarak ifadelere ba\u015fka anlamlar y\u00fckleme gayreti i\u00e7erisinde olmu\u015ftur. Bir Cumhuriyet savc\u0131s\u0131n\u0131n art niyetli bu tutumu ve g\u00f6revini k\u00f6t\u00fcye kullan\u0131m\u0131 Cumhuriyet tarihinde belki de g\u00f6r\u00fclmeyen bir durumdur. <strong>19-)\u00a0<\/strong>Tuzla Piyade Okul Komutan\u0131 olan M.Zekeriya \u00d6zt\u00fcrk isimli pa\u015fan\u0131n Zafer (kod) Muzaffer Tekin?e \u00f6d\u00fcl veya plaket verirken \u00e7ekilmi\u015f resimlerinin postayla savc\u0131l\u0131\u011f\u0131m\u0131za g\u00f6nderildi\u011fi. (\u0130ddianame sayfa:575, paragraf: 5, sat\u0131r: 9-10-11) <strong><span style=\"text-decoration: underline;\">Do\u011frusu:<\/span><\/strong> Bahse konu foto\u011fraflar masam\u0131n \u00fczerindeki ajandam\u0131n i\u00e7erisinde idi. Savc\u0131 yine yalan s\u00f6yl\u00fcyor! \u0130ddia etti\u011fi gibi nereden postalanm\u0131\u015f ise zarf\u0131n\u0131 ve g\u00f6nderenin en az\u0131ndan bir beyan\u0131 vard\u0131r onu ibraz etsin! Yoksa buda m\u0131 kimli\u011fi me\u00e7hul bir \u015fah\u0131s? Ayr\u0131ca askerler i\u00e7in Cumhuriyet tarihinde pa\u015fa gibi s\u0131fatlar kullan\u0131lmamaktad\u0131r. Bunu kaleme alan\u0131n askere bak\u0131\u015f\u0131 ve fikrini bu ifade yeterince anlatmaktad\u0131r. <strong><span style=\"text-decoration: underline;\">Sonu\u00e7:<\/span><\/strong> Silahl\u0131 Kuvvetler personelini uyduruk Ergenekon \u00f6rg\u00fct\u00fc ile ili\u015fkilendirmek i\u00e7in savc\u0131 bir nezaket ziyaretinde \u00e7ekilmi\u015f olan foto\u011fraf ve o g\u00fcn\u00fcn an\u0131s\u0131na verilen hediyeyi plaket ve \u00f6d\u00fcl olarak yorumlam\u0131\u015ft\u0131r. Bu bilin\u00e7li olarak yap\u0131lan bir \u00e7arp\u0131tmad\u0131r. Bu foto\u011fraf\u0131 yanda\u015f medya da servis etmeyi ihmal etmemi\u015f, \u015ferefli bir generali bu operasyonda kirletmeye \u00e7al\u0131\u015fm\u0131\u015ft\u0131r. \u00c7ok \u00fcz\u00fcc\u00fcd\u00fcr! <strong>20-)\u00a0<\/strong>Yurtd\u0131\u015f\u0131na 3-4 defa gitti\u011fini beyan etmi\u015f Zafer (kod) Muzaffer Tekin?in yurtd\u0131\u015f\u0131 giri\u015f \u00e7\u0131k\u0131\u015f kay\u0131tlar\u0131 incelendi\u011finde 9 defa yurtd\u0131\u015f\u0131na \u00e7\u0131kt\u0131\u011f\u0131, 9 defa da muhtelif tarihlerde girdi\u011fi anla\u015f\u0131lm\u0131\u015ft\u0131r. (\u0130ddianame sayfa:575, paragraf:6, Sat\u0131r:3-4-5-6) <strong><span style=\"text-decoration: underline;\">Do\u011frusu:<\/span><\/strong> 1999 tarihinde Fas?a gidi\u015f-d\u00f6n\u00fc\u015f. 2001 tarihinde Almanya?ya gidi\u015f-d\u00f6n\u00fc\u015f. 2002 tarihinde Fas?a gidi\u015f-Almanya \u00fczerinden d\u00f6n\u00fc\u015f. G\u00f6r\u00fcld\u00fc\u011f\u00fc \u00fczere toplam 3 yurtd\u0131\u015f\u0131 \u00e7\u0131k\u0131\u015f ve giri\u015fi 1994-2004-2005-2006 y\u0131llar\u0131nda ise KKTC? ye gidi\u015f ve d\u00f6n\u00fc\u015f. Bu seyahatler n\u00fcfus ka\u011f\u0131d\u0131 ile yap\u0131ld\u0131\u011f\u0131ndan yurtd\u0131\u015f\u0131 seyahati olarak arz etmedim. Fakat ben tutuklu iken bile ABD dahil, yurtd\u0131\u015f\u0131 ve yurti\u00e7i seyahat yapt\u0131\u011f\u0131m iddias\u0131n\u0131 iddianame eklerine koyan savc\u0131\u00a0 yalan s\u00f6yledi\u011fimi ima etmi\u015ftir. Menfur Dan\u0131\u015ftay sald\u0131r\u0131s\u0131 ile bir kez daha beni irtibatland\u0131rmak isteyenlere ve savc\u0131lar\u0131n Osmanc\u0131\u011f\u0131na a\u015fa\u011f\u0131daki ifadeler ile cevap vermek istiyorum. 17 May\u0131s 2009 g\u00fcn\u00fc, Dan\u0131\u015ftay?a yap\u0131lan al\u00e7ak\u00e7a sald\u0131r\u0131n\u0131n \u00fc\u00e7\u00fcnc\u00fc y\u0131l d\u00f6n\u00fcm\u00fcnde, yarg\u0131 \u015fehidimiz merhum yarg\u0131\u00e7 Mustafa Y\u00fccel \u00d6zbilgin?i anma toplant\u0131s\u0131nda, Dan\u0131\u015ftay 5. Daire Ba\u015fkan\u0131 Yarg\u0131\u00e7 Sn. Salih ER?in yapm\u0131\u015f oldu\u011fu konu\u015fma, ilk g\u00fcnden itibaren bu davay\u0131 amac\u0131ndan sapt\u0131rmak isteyen siyasilere ve yanda\u015f medya?ya \u00f6yle bir ders?tir ki, bunu anlamamak i\u00e7in art niyetli olmak gerekmektedir. Nitekim o g\u00fcn, yanda\u015f medyan\u0131n bu anma toplant\u0131s\u0131na bir c\u00fcmle yer vermemi\u015f olmas\u0131 ne kadar utanmaz olduklar\u0131n\u0131n g\u00f6stergesidir! Sn. Yarg\u0131\u00e7 Salih ER diyor ki; ?<em>T\u00fcrkiye de t\u00fcrban sorunu yok iken, bu konuyu ka\u015f\u0131ya ka\u015f\u0131ya g\u00fcn\u00fcm\u00fcze ta\u015f\u0131yanlar, bu sald\u0131r\u0131 kar\u015f\u0131s\u0131nda bug\u00fcn de d\u00fc\u015f\u00fcnmelidirler.<\/em> <em>\u00a0\u00a0\u00a0\u00a0\u00a0\u00a0\u00a0\u00a0 Yarg\u0131 mensuplar\u0131 yerine ulemay\u0131 koyanlar, onlara dan\u0131\u015farak hareket edenler, bulundu\u011fu makam\u0131n a\u011f\u0131rl\u0131\u011f\u0131n\u0131, sorumlulu\u011funu duymaktan uzak olanlar bug\u00fcn yeniden d\u00fc\u015f\u00fcnmelidirler!<\/em> <em>\u00a0\u00a0\u00a0\u00a0\u00a0\u00a0\u00a0\u00a0 Toplumda sars\u0131lan, siyasi emeller do\u011frultusunda korku sal\u0131narak y\u00f6nlendirilmek, eritilmek istenen adalet duygusunun, mutlak yerini alaca\u011f\u0131na inan\u0131yorum&#8230;<\/em>? \u00a0 Yarg\u0131 camias\u0131n\u0131n i\u00e7inde ve en \u00fcst mevkilerinde g\u00f6rev yapan Sn. Salih Er ger\u00e7ek azmettiricilerin y\u00fczlerine hayk\u0131r\u0131yor. Ben de canh\u0131ra\u015f ayn\u0131 \u015feyleri dile getiriyorum. Y\u00fcce mahkemeniz de, bu ger\u00e7e\u011fe en k\u0131sa zamanda ula\u015facakt\u0131r! Ondan da hi\u00e7bir endi\u015fem bulunmamaktad\u0131r! Ankara 11.A\u011f\u0131r Ceza Mahkemesinin birle\u015ftirilme karar\u0131n\u0131n g\u00f6r\u00fc\u015f\u00fcld\u00fc\u011f\u00fc son celse de Osman Y\u0131ld\u0131r\u0131m?\u0131n iddia makam\u0131ndaki savc\u0131lara methiyeler d\u00fczmesi manidard\u0131r! \u0130ddia makam\u0131 Osman Y\u0131ld\u0131r\u0131m?\u0131n iltifatlar\u0131na mazhar olma talihsizli\u011fi ya\u015fayaca\u011f\u0131na, ke\u015fke burada san\u0131k sandalyesinde onur m\u00fccadelesi veren insanlar\u0131n takdirlerine mazhar olabilse idi! Sayg\u0131lar\u0131mla arz ederim \u00a0 \u00a0 \u00a0 \u00a0 \u00a0 \u00a0 \u00a0 \u00a0 \u00a0 \u00a0 \u00a0 \u00a0 \u00a0 \u00a0 \u00a0 \u00a0 \u00a0 \u00a0 \u00a0 \u00a0 \u00a0 \u00a0 \u00a0 \u00a0 \u00a0 \u00a0 \u00a0 \u00a0 \u00a0 \u00a0 \u00a0 \u00a0 \u00a0 \u00a0 \u00a0 \u00a0 \u00a0 \u00a0 \u00a0 \u00a0 \u00a0 \u00a0 \u00a0 \u00a0 \u00a0 \u00a0 \u00a0 \u00a0 \u00a0 \u00a0 \u00a0 \u00a0 \u00a0 \u00a0 \u00a0 \u00a0 \u00a0 \u00a0 \u00a0 \u00a0 \u00a0 \u00a0 \u00a0 \u00a0 \u00a0 \u00a0 \u00a0 \u00a0 \u00a0 \u00a0 \u00a0 \u00a0 \u00a0 \u00a0 \u00a0 \u00a0 \u00a0 \u00a0 \u00a0 \u00a0 \u00a0 \u00a0<strong style=\"text-align: center;\">Muzaffer TEK\u0130N<\/strong><\/p>\n","protected":false},"excerpt":{"rendered":"<p>EK-1 Osman YILDIRIM, 30 Mart 2007 tarihinde Ankara 11.A\u011f\u0131r Ceza Mahkemesine kendi el yaz\u0131s\u0131 ile verdi\u011fi dilek\u00e7ede &#8220;Ben MUZAFFER TEK\u0130N&#8217;i TANIMIYORUM&#8221;\u00a0demesine ra\u011fmen, ald\u0131\u011f\u0131 cezadan kurtulmak i\u00e7in\u00a0 yapm\u0131\u015f oldu\u011fu ATF-I C\u00dcR\u00dcMLER\u0130, iddia makam\u0131 hi\u00e7 sorgulamadan, b\u00fcy\u00fck bir acelecilikle,\u00a0 bizleri potansiyel su\u00e7lu ilan etmi\u015ftir! EK-2 1-) EL BOMBALARI EL KOYMA VE \u0130MHA KARARI: Asr\u0131n davas\u0131n\u0131n en \u00f6nemli [&hellip;]<\/p>\n","protected":false},"author":1,"featured_media":0,"parent":0,"menu_order":0,"comment_status":"open","ping_status":"open","template":"","meta":{"ngg_post_thumbnail":0,"footnotes":""},"class_list":["post-151","page","type-page","status-publish","hentry"],"aioseo_notices":[],"_links":{"self":[{"href":"https:\/\/www.muzaffertekin.com.tr\/index.php?rest_route=\/wp\/v2\/pages\/151","targetHints":{"allow":["GET"]}}],"collection":[{"href":"https:\/\/www.muzaffertekin.com.tr\/index.php?rest_route=\/wp\/v2\/pages"}],"about":[{"href":"https:\/\/www.muzaffertekin.com.tr\/index.php?rest_route=\/wp\/v2\/types\/page"}],"author":[{"embeddable":true,"href":"https:\/\/www.muzaffertekin.com.tr\/index.php?rest_route=\/wp\/v2\/users\/1"}],"replies":[{"embeddable":true,"href":"https:\/\/www.muzaffertekin.com.tr\/index.php?rest_route=%2Fwp%2Fv2%2Fcomments&post=151"}],"version-history":[{"count":79,"href":"https:\/\/www.muzaffertekin.com.tr\/index.php?rest_route=\/wp\/v2\/pages\/151\/revisions"}],"predecessor-version":[{"id":2979,"href":"https:\/\/www.muzaffertekin.com.tr\/index.php?rest_route=\/wp\/v2\/pages\/151\/revisions\/2979"}],"wp:attachment":[{"href":"https:\/\/www.muzaffertekin.com.tr\/index.php?rest_route=%2Fwp%2Fv2%2Fmedia&parent=151"}],"curies":[{"name":"wp","href":"https:\/\/api.w.org\/{rel}","templated":true}]}}